{"id":9408,"date":"2018-08-26T12:08:01","date_gmt":"2018-08-26T10:08:01","guid":{"rendered":"https:\/\/alternativer-wohngipfel.de\/2018\/?page_id=9408"},"modified":"2018-10-09T15:50:13","modified_gmt":"2018-10-09T13:50:13","slug":"unterstuetzende","status":"publish","type":"page","link":"http:\/\/alternativer-wohngipfel.de\/2018\/aufruf\/unterstuetzende\/","title":{"rendered":"Liste der Unterst\u00fctzenden"},"content":{"rendered":"<h1 style=\"text-align: center;\">Liste der Unterst\u00fctzenden<\/h1>\n<p>Hier sind alle Organisationen, Initiativen und Personen des \u00f6ffentlichen Lebens gelistet, die unseren Aufruf gegen den Wohngipfel von Seehofer und Merkel unterst\u00fctzen. Es sind derzeit\u00a0<strong>228<\/strong> <strong>Gruppen<\/strong>,\u00a0die sich zu einem breiten gesellschaftlichen Zusammenschluss gegen die Politik der Bundesregierung formiert haben. In der <a href=\"http:\/\/alternativer-wohngipfel.de\/2018\/unterstuetzer-ihre-aktionen-gegen-den-mietenwahnsinn-in-ganz-deutschland-uebersichtskarte\/\" target=\"_blank\" rel=\"noopener\"><strong>\u00dcbersichtskarte<\/strong><\/a>\u00a0zeigt sich eindrucksvoll, dass die Unterst\u00fctzung des Protestes aus <a href=\"http:\/\/alternativer-wohngipfel.de\/2018\/unterstuetzer-ihre-aktionen-gegen-den-mietenwahnsinn-in-ganz-deutschland-uebersichtskarte\/\" target=\"_blank\" rel=\"noopener\">vielen St\u00e4dten im gesamten Bundesgebiet<\/a> kommt. Schlie\u00dft euch auch an und unterst\u00fctzt die Forderung nach einer Politik, die Wohnraum f\u00fcr ALLE schafft.<\/p>\n<hr \/>\n<div class=\"offset alpha\"><a href=\"http:\/\/alternativer-wohngipfel.de\/2018\/aufruf\/unterstuetzende\/\" class=\"sel\">Alle<\/a><a href=\"?letter=A\">A<\/a><a href=\"?letter=B\">B<\/a><a href=\"?letter=C\">C<\/a><a href=\"?letter=D\">D<\/a><a href=\"?letter=E\">E<\/a><a href=\"?letter=F\">F<\/a><a href=\"?letter=G\">G<\/a><a href=\"?letter=H\">H<\/a><a href=\"?letter=I\">I<\/a><a href=\"?letter=J\">J<\/a><a href=\"?letter=K\">K<\/a><a href=\"?letter=L\">L<\/a><a href=\"?letter=M\">M<\/a><a href=\"?letter=N\">N<\/a><a href=\"?letter=O\">O<\/a><a href=\"?letter=P\">P<\/a><a href=\"?letter=R\">R<\/a><a href=\"?letter=S\">S<\/a><a href=\"?letter=T\">T<\/a><a href=\"?letter=U\">U<\/a><a href=\"?letter=V\">V<\/a><a href=\"?letter=W\">W<\/a><a href=\"?letter=Z\">Z<\/a><\/div><hr \/><div class=\"list tribe_organizer-list layout-excerpt\"><article id=\"post-9912\" class=\"tribe_organizer single-item has-thumbnail\"><div class=\"post-thumb\"><a href=\"http:\/\/www.abriss-berlin.de\" target=\"_blank\"><img loading=\"lazy\" decoding=\"async\" width=\"271\" height=\"300\" src=\"http:\/\/alternativer-wohngipfel.de\/2018\/wp-content\/uploads\/sites\/3\/2018\/09\/ab-ghost-avatar-271x300.png\" class=\"attachment-medium size-medium wp-post-image\" alt=\"\" srcset=\"http:\/\/alternativer-wohngipfel.de\/2018\/wp-content\/uploads\/sites\/3\/2018\/09\/ab-ghost-avatar-271x300.png 271w, http:\/\/alternativer-wohngipfel.de\/2018\/wp-content\/uploads\/sites\/3\/2018\/09\/ab-ghost-avatar.png 400w\" sizes=\"auto, (max-width: 271px) 100vw, 271px\" \/><\/a><\/div><div class=\"post-content\"><header class=\"entry-header\"><h1 class=\"post-title\"><a href=\"http:\/\/www.abriss-berlin.de\" target=\"_blank\">ABRISSBERLIN<\/a><\/h1><\/header><div class=\"entry-content\"><p>ABRISSBERLIN vernetzt Menschen und Initiativen gegen Abrisspolitik und Privatisierung \u2013 f\u00fcr Aufbruch und Ausbr\u00fcche! Gegen Stadtlifting. F\u00fcr den Mut zur Unordnung am Sehnsuchtsort Berlin. <\/p>\n<p class=\"more-link\"><a href=\"http:\/\/www.abriss-berlin.de\" target=\"_blank\">http:\/\/www.abriss-berlin.de <span class=\"meta-nav\">&rarr;<\/span><\/a><\/p>\n<\/div><\/div><div class=\"clear\"><\/div><\/article><article id=\"post-9874\" class=\"tribe_organizer single-item has-thumbnail\"><div class=\"post-thumb\"><a href=\"http:\/\/www.amma65.de\" target=\"_blank\"><img loading=\"lazy\" decoding=\"async\" width=\"292\" height=\"300\" src=\"http:\/\/alternativer-wohngipfel.de\/2018\/wp-content\/uploads\/sites\/3\/2018\/08\/logo-292x300.jpeg\" class=\"attachment-medium size-medium wp-post-image\" alt=\"\" srcset=\"http:\/\/alternativer-wohngipfel.de\/2018\/wp-content\/uploads\/sites\/3\/2018\/08\/logo-292x300.jpeg 292w, http:\/\/alternativer-wohngipfel.de\/2018\/wp-content\/uploads\/sites\/3\/2018\/08\/logo-768x790.jpeg 768w, http:\/\/alternativer-wohngipfel.de\/2018\/wp-content\/uploads\/sites\/3\/2018\/08\/logo-996x1024.jpeg 996w, http:\/\/alternativer-wohngipfel.de\/2018\/wp-content\/uploads\/sites\/3\/2018\/08\/logo-624x642.jpeg 624w, http:\/\/alternativer-wohngipfel.de\/2018\/wp-content\/uploads\/sites\/3\/2018\/08\/logo.jpeg 1172w\" sizes=\"auto, (max-width: 292px) 100vw, 292px\" \/><\/a><\/div><div class=\"post-content\"><header class=\"entry-header\"><h1 class=\"post-title\"><a href=\"http:\/\/www.amma65.de\" target=\"_blank\">AmMa65 e. V.<\/a><\/h1><\/header><div class=\"entry-content\"><p>Hausgemeinschaft im Widerstand <\/p>\n<p class=\"more-link\"><a href=\"http:\/\/www.amma65.de\" target=\"_blank\">http:\/\/www.amma65.de <span class=\"meta-nav\">&rarr;<\/span><\/a><\/p>\n<div class=\"event-list\"><h4>Veranstaltungen der Gruppe<\/h4><ul><li><a href=\"http:\/\/alternativer-wohngipfel.de\/2018\/aktionen\/meile-der-verdraengung\/\">1. January 1970: Meile der Verdr\u00e4ngung<\/a><\/li><\/ul><\/div><\/div><\/div><div class=\"clear\"><\/div><\/article><article id=\"post-10091\" class=\"tribe_organizer single-item has-thumbnail\"><div class=\"post-thumb\"><a href=\"http:\/\/mieter-verbraucherschutz.berlin\/\" target=\"_blank\"><img loading=\"lazy\" decoding=\"async\" width=\"180\" height=\"180\" src=\"http:\/\/alternativer-wohngipfel.de\/2018\/wp-content\/uploads\/sites\/3\/2018\/09\/amv.jpg\" class=\"attachment-medium size-medium wp-post-image\" alt=\"\" srcset=\"http:\/\/alternativer-wohngipfel.de\/2018\/wp-content\/uploads\/sites\/3\/2018\/09\/amv.jpg 180w, http:\/\/alternativer-wohngipfel.de\/2018\/wp-content\/uploads\/sites\/3\/2018\/09\/amv-150x150.jpg 150w\" sizes=\"auto, (max-width: 180px) 100vw, 180px\" \/><\/a><\/div><div class=\"post-content\"><header class=\"entry-header\"><h1 class=\"post-title\"><a href=\"http:\/\/mieter-verbraucherschutz.berlin\/\" target=\"_blank\">AMV &#8211; Alternativer Mieter- und Verbraucherschutzbund e.V.<\/a><\/h1><\/header><div class=\"entry-content\"><p>Mieter- und Verbraucherschutzverein <\/p>\n<p class=\"more-link\"><a href=\"http:\/\/mieter-verbraucherschutz.berlin\/\" target=\"_blank\">http:\/\/mieter-verbraucherschutz.berlin\/ <span class=\"meta-nav\">&rarr;<\/span><\/a><\/p>\n<\/div><\/div><div class=\"clear\"><\/div><\/article><article id=\"post-9994\" class=\"tribe_organizer single-item has-thumbnail\"><div class=\"post-thumb\"><a href=\"https:\/\/antikorruptionsvereinberlin.de\/\" target=\"_blank\"><img loading=\"lazy\" decoding=\"async\" width=\"300\" height=\"81\" src=\"http:\/\/alternativer-wohngipfel.de\/2018\/wp-content\/uploads\/sites\/3\/2018\/09\/akv-logo-rgb-300x81.png\" class=\"attachment-medium size-medium wp-post-image\" alt=\"\" srcset=\"http:\/\/alternativer-wohngipfel.de\/2018\/wp-content\/uploads\/sites\/3\/2018\/09\/akv-logo-rgb-300x81.png 300w, http:\/\/alternativer-wohngipfel.de\/2018\/wp-content\/uploads\/sites\/3\/2018\/09\/akv-logo-rgb-624x169.png 624w, http:\/\/alternativer-wohngipfel.de\/2018\/wp-content\/uploads\/sites\/3\/2018\/09\/akv-logo-rgb.png 661w\" sizes=\"auto, (max-width: 300px) 100vw, 300px\" \/><\/a><\/div><div class=\"post-content\"><header class=\"entry-header\"><h1 class=\"post-title\"><a href=\"https:\/\/antikorruptionsvereinberlin.de\/\" target=\"_blank\">Antikorruptionsverein Berlin e.V.<\/a><\/h1><\/header><div class=\"entry-content\"><p>F\u00fcr wirksame Korruptionsbek\u00e4mpfung in Berlin <\/p>\n<p class=\"more-link\"><a href=\"https:\/\/antikorruptionsvereinberlin.de\/\" target=\"_blank\">https:\/\/antikorruptionsvereinberlin.de\/ <span class=\"meta-nav\">&rarr;<\/span><\/a><\/p>\n<\/div><\/div><div class=\"clear\"><\/div><\/article><article id=\"post-9816\" class=\"tribe_organizer single-item has-thumbnail\"><div class=\"post-thumb\"><a href=\"http:\/\/www.gruene-fraktion-berlin.de\" target=\"_blank\"><img loading=\"lazy\" decoding=\"async\" width=\"300\" height=\"300\" src=\"http:\/\/alternativer-wohngipfel.de\/2018\/wp-content\/uploads\/sites\/3\/2018\/08\/18-heiter-kapek-72dpi-300x300.jpg\" class=\"attachment-medium size-medium wp-post-image\" alt=\"\" srcset=\"http:\/\/alternativer-wohngipfel.de\/2018\/wp-content\/uploads\/sites\/3\/2018\/08\/18-heiter-kapek-72dpi-300x300.jpg 300w, http:\/\/alternativer-wohngipfel.de\/2018\/wp-content\/uploads\/sites\/3\/2018\/08\/18-heiter-kapek-72dpi-150x150.jpg 150w, http:\/\/alternativer-wohngipfel.de\/2018\/wp-content\/uploads\/sites\/3\/2018\/08\/18-heiter-kapek-72dpi.jpg 566w\" sizes=\"auto, (max-width: 300px) 100vw, 300px\" \/><\/a><\/div><div class=\"post-content\"><header class=\"entry-header\"><h1 class=\"post-title\"><a href=\"http:\/\/www.gruene-fraktion-berlin.de\" target=\"_blank\">Antje Kapek, Fraktionsvorsitzende B\u00fcndnis90\/Gr\u00fcne Berlin<\/a><\/h1><\/header><div class=\"entry-content\"><p>Fraktion B\u00fcndnis 90\/Gr\u00fcne im Berliner Abgeordnetenhaus <\/p>\n<p class=\"more-link\"><a href=\"http:\/\/www.gruene-fraktion-berlin.de\" target=\"_blank\">http:\/\/www.gruene-fraktion-berlin.de <span class=\"meta-nav\">&rarr;<\/span><\/a><\/p>\n<\/div><\/div><div class=\"clear\"><\/div><\/article><article id=\"post-9926\" class=\"tribe_organizer single-item has-thumbnail\"><div class=\"post-thumb\"><a href=\"http:\/\/www.ai-thaelmannpark.de\" target=\"_blank\"><img loading=\"lazy\" decoding=\"async\" width=\"200\" height=\"200\" src=\"http:\/\/alternativer-wohngipfel.de\/2018\/wp-content\/uploads\/sites\/3\/2018\/09\/teddyzweinull-logo-ai-etp.png\" class=\"attachment-medium size-medium wp-post-image\" alt=\"\" srcset=\"http:\/\/alternativer-wohngipfel.de\/2018\/wp-content\/uploads\/sites\/3\/2018\/09\/teddyzweinull-logo-ai-etp.png 200w, http:\/\/alternativer-wohngipfel.de\/2018\/wp-content\/uploads\/sites\/3\/2018\/09\/teddyzweinull-logo-ai-etp-150x150.png 150w\" sizes=\"auto, (max-width: 200px) 100vw, 200px\" \/><\/a><\/div><div class=\"post-content\"><header class=\"entry-header\"><h1 class=\"post-title\"><a href=\"http:\/\/www.ai-thaelmannpark.de\" target=\"_blank\">Anwohnerinitiative Ernst-Th\u00e4lmann-Park<\/a><\/h1><\/header><div class=\"entry-content\"><p>Bezahlbarer Wohnraum, mehr soziale Infrastruktur und mehr Gr\u00fcn f\u00fcr Alle im Ernst-Th\u00e4lmann-Park (in Berlin) <\/p>\n<p class=\"more-link\"><a href=\"http:\/\/www.ai-thaelmannpark.de\" target=\"_blank\">http:\/\/www.ai-thaelmannpark.de <span class=\"meta-nav\">&rarr;<\/span><\/a><\/p>\n<\/div><\/div><div class=\"clear\"><\/div><\/article><article id=\"post-10324\" class=\"tribe_organizer single-item has-thumbnail\"><div class=\"post-thumb\"><a href=\"http:\/\/bmgev.de\" target=\"_blank\"><img loading=\"lazy\" decoding=\"async\" width=\"225\" height=\"225\" src=\"http:\/\/alternativer-wohngipfel.de\/2018\/wp-content\/uploads\/sites\/3\/2018\/09\/bmg.png\" class=\"attachment-medium size-medium wp-post-image\" alt=\"\" srcset=\"http:\/\/alternativer-wohngipfel.de\/2018\/wp-content\/uploads\/sites\/3\/2018\/09\/bmg.png 225w, http:\/\/alternativer-wohngipfel.de\/2018\/wp-content\/uploads\/sites\/3\/2018\/09\/bmg-150x150.png 150w\" sizes=\"auto, (max-width: 225px) 100vw, 225px\" \/><\/a><\/div><div class=\"post-content\"><header class=\"entry-header\"><h1 class=\"post-title\"><a href=\"http:\/\/bmgev.de\" target=\"_blank\">Arbeitsgruppe Alternative Wirtschaftspolitik, Haus der Demokratie und Menschenrechte, Berliner MieterGemeinschaft<\/a><\/h1><\/header><div class=\"entry-content\"><p> <\/p>\n<p class=\"more-link\"><a href=\"http:\/\/bmgev.de\" target=\"_blank\">http:\/\/bmgev.de <span class=\"meta-nav\">&rarr;<\/span><\/a><\/p>\n<\/div><\/div><div class=\"clear\"><\/div><\/article><article id=\"post-10210\" class=\"tribe_organizer single-item has-thumbnail\"><div class=\"post-thumb\"><a href=\"https:\/\/www.ak-wohnungsnot.de\/\" target=\"_blank\"><img loading=\"lazy\" decoding=\"async\" width=\"300\" height=\"170\" src=\"http:\/\/alternativer-wohngipfel.de\/2018\/wp-content\/uploads\/sites\/3\/2018\/09\/logo-whg-not-4c-300x170.jpg\" class=\"attachment-medium size-medium wp-post-image\" alt=\"\" srcset=\"http:\/\/alternativer-wohngipfel.de\/2018\/wp-content\/uploads\/sites\/3\/2018\/09\/logo-whg-not-4c-300x170.jpg 300w, http:\/\/alternativer-wohngipfel.de\/2018\/wp-content\/uploads\/sites\/3\/2018\/09\/logo-whg-not-4c-624x354.jpg 624w, http:\/\/alternativer-wohngipfel.de\/2018\/wp-content\/uploads\/sites\/3\/2018\/09\/logo-whg-not-4c.jpg 631w\" sizes=\"auto, (max-width: 300px) 100vw, 300px\" \/><\/a><\/div><div class=\"post-content\"><header class=\"entry-header\"><h1 class=\"post-title\"><a href=\"https:\/\/www.ak-wohnungsnot.de\/\" target=\"_blank\">Arbeitskreis Wohnungsnot<\/a><\/h1><\/header><div class=\"entry-content\"><p>Der AK Wohnungsnot ist ein Vernetzungsgremium der Berliner Wohnungslosenhilfe uns setzt sich f\u00fcr die Belange von Wohnungslosen ein. <\/p>\n<p class=\"more-link\"><a href=\"https:\/\/www.ak-wohnungsnot.de\/\" target=\"_blank\">https:\/\/www.ak-wohnungsnot.de\/ <span class=\"meta-nav\">&rarr;<\/span><\/a><\/p>\n<div class=\"event-list\"><h4>Veranstaltungen der Gruppe<\/h4><ul><li><a href=\"http:\/\/alternativer-wohngipfel.de\/2018\/aktionen\/housing-first-abend-mit-einer-lesung-vom-dominik-bloh-unter-palmen-aus-stahl-lovelite\/\">1. January 1970: Housing First Abend mit einer Lesung vom Dominik Bloh \"Unter Palmen aus Stahl\" - Lovelite<\/a><\/li><li><a href=\"http:\/\/alternativer-wohngipfel.de\/2018\/aktionen\/30-jahre-arbeitskreis-wohnungsnot-grund-zum-feiern\/\">1. January 1970: 30 Jahre Arbeitskreis Wohnungsnot  - Grund zum Feiern?<\/a><\/li><\/ul><\/div><\/div><\/div><div class=\"clear\"><\/div><\/article><article id=\"post-10379\" class=\"tribe_organizer single-item has-thumbnail\"><div class=\"post-thumb\"><a href=\"http:\/\/www.ratibor14.de\" target=\"_blank\"><img loading=\"lazy\" decoding=\"async\" width=\"300\" height=\"300\" src=\"http:\/\/alternativer-wohngipfel.de\/2018\/wp-content\/uploads\/sites\/3\/2018\/09\/logoratibor14-300x300.png\" class=\"attachment-medium size-medium wp-post-image\" alt=\"\" srcset=\"http:\/\/alternativer-wohngipfel.de\/2018\/wp-content\/uploads\/sites\/3\/2018\/09\/logoratibor14-300x300.png 300w, http:\/\/alternativer-wohngipfel.de\/2018\/wp-content\/uploads\/sites\/3\/2018\/09\/logoratibor14-150x150.png 150w, http:\/\/alternativer-wohngipfel.de\/2018\/wp-content\/uploads\/sites\/3\/2018\/09\/logoratibor14-768x768.png 768w, http:\/\/alternativer-wohngipfel.de\/2018\/wp-content\/uploads\/sites\/3\/2018\/09\/logoratibor14-1024x1024.png 1024w, http:\/\/alternativer-wohngipfel.de\/2018\/wp-content\/uploads\/sites\/3\/2018\/09\/logoratibor14-624x624.png 624w, http:\/\/alternativer-wohngipfel.de\/2018\/wp-content\/uploads\/sites\/3\/2018\/09\/logoratibor14.png 1271w\" sizes=\"auto, (max-width: 300px) 100vw, 300px\" \/><\/a><\/div><div class=\"post-content\"><header class=\"entry-header\"><h1 class=\"post-title\"><a href=\"http:\/\/www.ratibor14.de\" target=\"_blank\">Areal Ratiborstra\u00dfe 14<\/a><\/h1><\/header><div class=\"entry-content\"><p>NutzerInnen-Verein (i.G) zum Erhalt und gemeinn\u00fctzigen Ausbau der Kleingewerbe-, Kita-, Kultur-, Wagenplatz- und Gr\u00fcnfl\u00e4chen in der Ratiborstra\u00dfe 14, Berlin-Kreuzberg. <\/p>\n<p class=\"more-link\"><a href=\"http:\/\/www.ratibor14.de\" target=\"_blank\">http:\/\/www.ratibor14.de <span class=\"meta-nav\">&rarr;<\/span><\/a><\/p>\n<\/div><\/div><div class=\"clear\"><\/div><\/article><article id=\"post-10691\" class=\"tribe_organizer single-item has-thumbnail\"><div class=\"post-thumb\"><a href=\"https:\/\/www.aufstehen.de\/\" target=\"_blank\"><img loading=\"lazy\" decoding=\"async\" width=\"300\" height=\"300\" src=\"http:\/\/alternativer-wohngipfel.de\/2018\/wp-content\/uploads\/sites\/3\/2018\/08\/link-button-300x300.png\" class=\"attachment-medium size-medium wp-post-image\" alt=\"\" srcset=\"http:\/\/alternativer-wohngipfel.de\/2018\/wp-content\/uploads\/sites\/3\/2018\/08\/link-button-300x300.png 300w, http:\/\/alternativer-wohngipfel.de\/2018\/wp-content\/uploads\/sites\/3\/2018\/08\/link-button-150x150.png 150w, http:\/\/alternativer-wohngipfel.de\/2018\/wp-content\/uploads\/sites\/3\/2018\/08\/link-button.png 400w\" sizes=\"auto, (max-width: 300px) 100vw, 300px\" \/><\/a><\/div><div class=\"post-content\"><header class=\"entry-header\"><h1 class=\"post-title\"><a href=\"https:\/\/www.aufstehen.de\/\" target=\"_blank\">Aufstehen Berlin<\/a><\/h1><\/header><div class=\"entry-content\"><p>Berliner Gruppe von Aufstehen.de <\/p>\n<p class=\"more-link\"><a href=\"https:\/\/www.aufstehen.de\/\" target=\"_blank\">https:\/\/www.aufstehen.de\/ <span class=\"meta-nav\">&rarr;<\/span><\/a><\/p>\n<\/div><\/div><div class=\"clear\"><\/div><\/article><article id=\"post-10072\" class=\"tribe_organizer single-item has-thumbnail\"><div class=\"post-thumb\"><a href=\"http:\/\/www.baiz.info\" target=\"_blank\"><img loading=\"lazy\" decoding=\"async\" width=\"300\" height=\"300\" src=\"http:\/\/alternativer-wohngipfel.de\/2018\/wp-content\/uploads\/sites\/3\/2018\/09\/baiz.jpg\" class=\"attachment-medium size-medium wp-post-image\" alt=\"\" srcset=\"http:\/\/alternativer-wohngipfel.de\/2018\/wp-content\/uploads\/sites\/3\/2018\/09\/baiz.jpg 300w, http:\/\/alternativer-wohngipfel.de\/2018\/wp-content\/uploads\/sites\/3\/2018\/09\/baiz-150x150.jpg 150w\" sizes=\"auto, (max-width: 300px) 100vw, 300px\" \/><\/a><\/div><div class=\"post-content\"><header class=\"entry-header\"><h1 class=\"post-title\"><a href=\"http:\/\/www.baiz.info\" target=\"_blank\">BAIZ<\/a><\/h1><\/header><div class=\"entry-content\"><p>Kultur- und Schankwirtschaft <\/p>\n<p class=\"more-link\"><a href=\"http:\/\/www.baiz.info\" target=\"_blank\">http:\/\/www.baiz.info <span class=\"meta-nav\">&rarr;<\/span><\/a><\/p>\n<\/div><\/div><div class=\"clear\"><\/div><\/article><article id=\"post-10648\" class=\"tribe_organizer single-item has-thumbnail\"><div class=\"post-thumb\"><a href=\"https:\/\/www.wemgehoertdiestadt.org\/\" target=\"_blank\"><img loading=\"lazy\" decoding=\"async\" width=\"300\" height=\"65\" src=\"http:\/\/alternativer-wohngipfel.de\/2018\/wp-content\/uploads\/sites\/3\/2018\/09\/bauverein-logo-300x65.jpg\" class=\"attachment-medium size-medium wp-post-image\" alt=\"\" srcset=\"http:\/\/alternativer-wohngipfel.de\/2018\/wp-content\/uploads\/sites\/3\/2018\/09\/bauverein-logo-300x65.jpg 300w, http:\/\/alternativer-wohngipfel.de\/2018\/wp-content\/uploads\/sites\/3\/2018\/09\/bauverein-logo-768x166.jpg 768w, http:\/\/alternativer-wohngipfel.de\/2018\/wp-content\/uploads\/sites\/3\/2018\/09\/bauverein-logo-624x135.jpg 624w, http:\/\/alternativer-wohngipfel.de\/2018\/wp-content\/uploads\/sites\/3\/2018\/09\/bauverein-logo.jpg 775w\" sizes=\"auto, (max-width: 300px) 100vw, 300px\" \/><\/a><\/div><div class=\"post-content\"><header class=\"entry-header\"><h1 class=\"post-title\"><a href=\"https:\/\/www.wemgehoertdiestadt.org\/\" target=\"_blank\">Bauverein &#8222;Wem geh\u00f6rt die Stadt?&#8220; e.V. Freiburg<\/a><\/h1><\/header><div class=\"entry-content\"><p>F\u00fcr eine andere Wohnungspolitik t\u00e4tig in Freiburg, eine Initiative aus dem Mietsh\u00e4user Syndikat <\/p>\n<p class=\"more-link\"><a href=\"https:\/\/www.wemgehoertdiestadt.org\/\" target=\"_blank\">https:\/\/www.wemgehoertdiestadt.org\/ <span class=\"meta-nav\">&rarr;<\/span><\/a><\/p>\n<\/div><\/div><div class=\"clear\"><\/div><\/article><article id=\"post-10167\" class=\"tribe_organizer single-item has-thumbnail\"><div class=\"post-thumb\"><a href=\"https:\/\/www.facebook.com\/beneighbours\/\" target=\"_blank\"><img loading=\"lazy\" decoding=\"async\" width=\"300\" height=\"300\" src=\"http:\/\/alternativer-wohngipfel.de\/2018\/wp-content\/uploads\/sites\/3\/2018\/09\/logo-neighbours-300x300.jpg\" class=\"attachment-medium size-medium wp-post-image\" alt=\"\" srcset=\"http:\/\/alternativer-wohngipfel.de\/2018\/wp-content\/uploads\/sites\/3\/2018\/09\/logo-neighbours-300x300.jpg 300w, http:\/\/alternativer-wohngipfel.de\/2018\/wp-content\/uploads\/sites\/3\/2018\/09\/logo-neighbours-150x150.jpg 150w, http:\/\/alternativer-wohngipfel.de\/2018\/wp-content\/uploads\/sites\/3\/2018\/09\/logo-neighbours-624x624.jpg 624w, http:\/\/alternativer-wohngipfel.de\/2018\/wp-content\/uploads\/sites\/3\/2018\/09\/logo-neighbours.jpg 640w\" sizes=\"auto, (max-width: 300px) 100vw, 300px\" \/><\/a><\/div><div class=\"post-content\"><header class=\"entry-header\"><h1 class=\"post-title\"><a href=\"https:\/\/www.facebook.com\/beneighbours\/\" target=\"_blank\">Be Neighbours Duisburg<\/a><\/h1><\/header><div class=\"entry-content\"><p>soziokulturelle Stadtteilarbeit <\/p>\n<p class=\"more-link\"><a href=\"https:\/\/www.facebook.com\/beneighbours\/\" target=\"_blank\">https:\/\/www.facebook.com\/beneighbours\/ <span class=\"meta-nav\">&rarr;<\/span><\/a><\/p>\n<\/div><\/div><div class=\"clear\"><\/div><\/article><article id=\"post-9974\" class=\"tribe_organizer single-item has-thumbnail\"><div class=\"post-thumb\"><a href=\"http:\/\/www.bergpartei.de\" target=\"_blank\"><img loading=\"lazy\" decoding=\"async\" width=\"300\" height=\"300\" src=\"http:\/\/alternativer-wohngipfel.de\/2018\/wp-content\/uploads\/sites\/3\/2018\/08\/link-button-300x300.png\" class=\"attachment-medium size-medium wp-post-image\" alt=\"\" srcset=\"http:\/\/alternativer-wohngipfel.de\/2018\/wp-content\/uploads\/sites\/3\/2018\/08\/link-button-300x300.png 300w, http:\/\/alternativer-wohngipfel.de\/2018\/wp-content\/uploads\/sites\/3\/2018\/08\/link-button-150x150.png 150w, http:\/\/alternativer-wohngipfel.de\/2018\/wp-content\/uploads\/sites\/3\/2018\/08\/link-button.png 400w\" sizes=\"auto, (max-width: 300px) 100vw, 300px\" \/><\/a><\/div><div class=\"post-content\"><header class=\"entry-header\"><h1 class=\"post-title\"><a href=\"http:\/\/www.bergpartei.de\" target=\"_blank\">bergpartei, die \u00fcberpartei<\/a><\/h1><\/header><div class=\"entry-content\"><p>\u00f6koanarchistisch &#8211; realdadaistisches sammelbecken <\/p>\n<p class=\"more-link\"><a href=\"http:\/\/www.bergpartei.de\" target=\"_blank\">http:\/\/www.bergpartei.de <span class=\"meta-nav\">&rarr;<\/span><\/a><\/p>\n<\/div><\/div><div class=\"clear\"><\/div><\/article><article id=\"post-10361\" class=\"tribe_organizer single-item has-thumbnail\"><div class=\"post-thumb\"><a href=\"http:\/\/berlin-werbefrei.de\" target=\"_blank\"><img loading=\"lazy\" decoding=\"async\" width=\"300\" height=\"249\" src=\"http:\/\/alternativer-wohngipfel.de\/2018\/wp-content\/uploads\/sites\/3\/2018\/09\/logo-2-300x249.jpg\" class=\"attachment-medium size-medium wp-post-image\" alt=\"\" srcset=\"http:\/\/alternativer-wohngipfel.de\/2018\/wp-content\/uploads\/sites\/3\/2018\/09\/logo-2-300x249.jpg 300w, http:\/\/alternativer-wohngipfel.de\/2018\/wp-content\/uploads\/sites\/3\/2018\/09\/logo-2-624x517.jpg 624w, http:\/\/alternativer-wohngipfel.de\/2018\/wp-content\/uploads\/sites\/3\/2018\/09\/logo-2.jpg 724w\" sizes=\"auto, (max-width: 300px) 100vw, 300px\" \/><\/a><\/div><div class=\"post-content\"><header class=\"entry-header\"><h1 class=\"post-title\"><a href=\"http:\/\/berlin-werbefrei.de\" target=\"_blank\">Berlin Werbefrei<\/a><\/h1><\/header><div class=\"entry-content\"><p>Volksbegehren gegen die Kommerzialisierung \u00f6ffentlicher R\u00e4ume <\/p>\n<p class=\"more-link\"><a href=\"http:\/\/berlin-werbefrei.de\" target=\"_blank\">http:\/\/berlin-werbefrei.de <span class=\"meta-nav\">&rarr;<\/span><\/a><\/p>\n<\/div><\/div><div class=\"clear\"><\/div><\/article><article id=\"post-9910\" class=\"tribe_organizer single-item has-thumbnail\"><div class=\"post-thumb\"><a href=\"https:\/\/www.berliner-arbeitslosenzentrum.de\" target=\"_blank\"><img loading=\"lazy\" decoding=\"async\" width=\"146\" height=\"141\" src=\"http:\/\/alternativer-wohngipfel.de\/2018\/wp-content\/uploads\/sites\/3\/2018\/09\/balz.jpg\" class=\"attachment-medium size-medium wp-post-image\" alt=\"\" \/><\/a><\/div><div class=\"post-content\"><header class=\"entry-header\"><h1 class=\"post-title\"><a href=\"https:\/\/www.berliner-arbeitslosenzentrum.de\" target=\"_blank\">Berliner Arbeitslosenzentrum evangelischer Kirchenkreise e. V. (BALZ)<\/a><\/h1><\/header><div class=\"entry-content\"><p>Beratung und Hilfen f\u00fcr Arbeitslose und Erwerbst\u00e4tige mit geringem Einkommen <\/p>\n<p class=\"more-link\"><a href=\"https:\/\/www.berliner-arbeitslosenzentrum.de\" target=\"_blank\">https:\/\/www.berliner-arbeitslosenzentrum.de <span class=\"meta-nav\">&rarr;<\/span><\/a><\/p>\n<\/div><\/div><div class=\"clear\"><\/div><\/article><article id=\"post-9519\" class=\"tribe_organizer single-item has-thumbnail\"><div class=\"post-thumb\"><a href=\"http:\/\/www.berliner-mieterverein.de\" target=\"_blank\"><img loading=\"lazy\" decoding=\"async\" width=\"180\" height=\"180\" src=\"http:\/\/alternativer-wohngipfel.de\/2018\/wp-content\/uploads\/sites\/3\/2018\/08\/berliner-mieterverein-e-v-logo-quadrat.jpg\" class=\"attachment-medium size-medium wp-post-image\" alt=\"\" srcset=\"http:\/\/alternativer-wohngipfel.de\/2018\/wp-content\/uploads\/sites\/3\/2018\/08\/berliner-mieterverein-e-v-logo-quadrat.jpg 180w, http:\/\/alternativer-wohngipfel.de\/2018\/wp-content\/uploads\/sites\/3\/2018\/08\/berliner-mieterverein-e-v-logo-quadrat-150x150.jpg 150w\" sizes=\"auto, (max-width: 180px) 100vw, 180px\" \/><\/a><\/div><div class=\"post-content\"><header class=\"entry-header\"><h1 class=\"post-title\"><a href=\"http:\/\/www.berliner-mieterverein.de\" target=\"_blank\">Berliner Mieterverein e. V. (BMV)<\/a><\/h1><\/header><div class=\"entry-content\"><p>Spichernstra\u00dfe 1, 10777 Berlin <\/p>\n<p class=\"more-link\"><a href=\"http:\/\/www.berliner-mieterverein.de\" target=\"_blank\">http:\/\/www.berliner-mieterverein.de <span class=\"meta-nav\">&rarr;<\/span><\/a><\/p>\n<div class=\"event-list\"><h4>Veranstaltungen der Gruppe<\/h4><ul><li><a href=\"http:\/\/alternativer-wohngipfel.de\/2018\/aktionen\/protest-am-kanzleramt\/\">1. January 1970: Protest am Kanzleramt<\/a><\/li><\/ul><\/div><\/div><\/div><div class=\"clear\"><\/div><\/article><article id=\"post-10469\" class=\"tribe_organizer single-item has-thumbnail\"><div class=\"post-thumb\"><a href=\"http:\/\/www.bbk-berlin.de\" target=\"_blank\"><img loading=\"lazy\" decoding=\"async\" width=\"300\" height=\"300\" src=\"http:\/\/alternativer-wohngipfel.de\/2018\/wp-content\/uploads\/sites\/3\/2018\/09\/bbk-berlin-logo-qu18-300x300.jpg\" class=\"attachment-medium size-medium wp-post-image\" alt=\"\" srcset=\"http:\/\/alternativer-wohngipfel.de\/2018\/wp-content\/uploads\/sites\/3\/2018\/09\/bbk-berlin-logo-qu18-300x300.jpg 300w, http:\/\/alternativer-wohngipfel.de\/2018\/wp-content\/uploads\/sites\/3\/2018\/09\/bbk-berlin-logo-qu18-150x150.jpg 150w, http:\/\/alternativer-wohngipfel.de\/2018\/wp-content\/uploads\/sites\/3\/2018\/09\/bbk-berlin-logo-qu18.jpg 472w\" sizes=\"auto, (max-width: 300px) 100vw, 300px\" \/><\/a><\/div><div class=\"post-content\"><header class=\"entry-header\"><h1 class=\"post-title\"><a href=\"http:\/\/www.bbk-berlin.de\" target=\"_blank\">berufsverband bildender k\u00fcnstler*innen berlin &#8211; bbk berlin e.V.<\/a><\/h1><\/header><div class=\"entry-content\"><p>Interessensvertreter bildender K\u00fcnstler*innen in Berlin <\/p>\n<p class=\"more-link\"><a href=\"http:\/\/www.bbk-berlin.de\" target=\"_blank\">http:\/\/www.bbk-berlin.de <span class=\"meta-nav\">&rarr;<\/span><\/a><\/p>\n<\/div><\/div><div class=\"clear\"><\/div><\/article><article id=\"post-10647\" class=\"tribe_organizer single-item has-thumbnail\"><div class=\"post-thumb\"><a href=\"http:\/\/www.bmgev.de\" target=\"_blank\"><img loading=\"lazy\" decoding=\"async\" width=\"225\" height=\"225\" src=\"http:\/\/alternativer-wohngipfel.de\/2018\/wp-content\/uploads\/sites\/3\/2018\/09\/bmg.png\" class=\"attachment-medium size-medium wp-post-image\" alt=\"\" srcset=\"http:\/\/alternativer-wohngipfel.de\/2018\/wp-content\/uploads\/sites\/3\/2018\/09\/bmg.png 225w, http:\/\/alternativer-wohngipfel.de\/2018\/wp-content\/uploads\/sites\/3\/2018\/09\/bmg-150x150.png 150w\" sizes=\"auto, (max-width: 225px) 100vw, 225px\" \/><\/a><\/div><div class=\"post-content\"><header class=\"entry-header\"><h1 class=\"post-title\"><a href=\"http:\/\/www.bmgev.de\" target=\"_blank\">Bezirksgruppe Friedrichshain der Berliner Mietergemeinschaft<\/a><\/h1><\/header><div class=\"entry-content\"><p>Im Kiez aktiv,\u00a0 gegen steigende Mieten und Verdr\u00e4ngung. <\/p>\n<p class=\"more-link\"><a href=\"http:\/\/www.bmgev.de\" target=\"_blank\">http:\/\/www.bmgev.de <span class=\"meta-nav\">&rarr;<\/span><\/a><\/p>\n<\/div><\/div><div class=\"clear\"><\/div><\/article><article id=\"post-10095\" class=\"tribe_organizer single-item has-thumbnail\"><div class=\"post-thumb\"><a href=\"https:\/\/www.bmgev.de\/\" target=\"_blank\"><img loading=\"lazy\" decoding=\"async\" width=\"225\" height=\"225\" src=\"http:\/\/alternativer-wohngipfel.de\/2018\/wp-content\/uploads\/sites\/3\/2018\/09\/bmg.png\" class=\"attachment-medium size-medium wp-post-image\" alt=\"\" srcset=\"http:\/\/alternativer-wohngipfel.de\/2018\/wp-content\/uploads\/sites\/3\/2018\/09\/bmg.png 225w, http:\/\/alternativer-wohngipfel.de\/2018\/wp-content\/uploads\/sites\/3\/2018\/09\/bmg-150x150.png 150w\" sizes=\"auto, (max-width: 225px) 100vw, 225px\" \/><\/a><\/div><div class=\"post-content\"><header class=\"entry-header\"><h1 class=\"post-title\"><a href=\"https:\/\/www.bmgev.de\/\" target=\"_blank\">Bezirksgruppe Lichtenberg der Berliner Mietergemeinschaft<\/a><\/h1><\/header><div class=\"entry-content\"><p>Wir unterst\u00fctzen die BewohnerInnen unseres Bezirks bei der Wahrnehmung ihrer Interessen z. B. durch Veranstaltungen und Infost\u00e4nde. Wir helfen mit bei der Organisation von Hausversammlungen und unterst\u00fctzen die Bildung von Hausgemeinschaften. <\/p>\n<p class=\"more-link\"><a href=\"https:\/\/www.bmgev.de\/\" target=\"_blank\">https:\/\/www.bmgev.de\/ <span class=\"meta-nav\">&rarr;<\/span><\/a><\/p>\n<\/div><\/div><div class=\"clear\"><\/div><\/article><article id=\"post-9962\" class=\"tribe_organizer single-item has-thumbnail\"><div class=\"post-thumb\"><a href=\"https:\/\/www.facebook.com\/Altes-Wasserwerk-Tegel-163335890750307\/\" target=\"_blank\"><img loading=\"lazy\" decoding=\"async\" width=\"300\" height=\"300\" src=\"http:\/\/alternativer-wohngipfel.de\/2018\/wp-content\/uploads\/sites\/3\/2018\/08\/link-button-300x300.png\" class=\"attachment-medium size-medium wp-post-image\" alt=\"\" srcset=\"http:\/\/alternativer-wohngipfel.de\/2018\/wp-content\/uploads\/sites\/3\/2018\/08\/link-button-300x300.png 300w, http:\/\/alternativer-wohngipfel.de\/2018\/wp-content\/uploads\/sites\/3\/2018\/08\/link-button-150x150.png 150w, http:\/\/alternativer-wohngipfel.de\/2018\/wp-content\/uploads\/sites\/3\/2018\/08\/link-button.png 400w\" sizes=\"auto, (max-width: 300px) 100vw, 300px\" \/><\/a><\/div><div class=\"post-content\"><header class=\"entry-header\"><h1 class=\"post-title\"><a href=\"https:\/\/www.facebook.com\/Altes-Wasserwerk-Tegel-163335890750307\/\" target=\"_blank\">BI altes Wasserwerk Tegel<\/a><\/h1><\/header><div class=\"entry-content\"><p>Kampf um den Erhalt des alten Wasserwerks Tegel, Kampf um eine Stadt f\u00fcr alle <\/p>\n<p class=\"more-link\"><a href=\"https:\/\/www.facebook.com\/Altes-Wasserwerk-Tegel-163335890750307\/\" target=\"_blank\">https:\/\/www.facebook.com\/Altes-Wasserwerk-Tegel-163335890750307\/ <span class=\"meta-nav\">&rarr;<\/span><\/a><\/p>\n<\/div><\/div><div class=\"clear\"><\/div><\/article><article id=\"post-10747\" class=\"tribe_organizer single-item has-thumbnail\"><div class=\"post-thumb\"><img loading=\"lazy\" decoding=\"async\" width=\"96\" height=\"94\" src=\"http:\/\/alternativer-wohngipfel.de\/2018\/wp-content\/uploads\/sites\/3\/2018\/09\/bima.jpg\" class=\"attachment-medium size-medium wp-post-image\" alt=\"\" \/><\/div><div class=\"post-content\"><header class=\"entry-header\"><h1 class=\"post-title\">BImA Mieter Berlin<\/h1><\/header><div class=\"entry-content\"><p>gegen Mietenwahnsinn <\/p>\n<\/div><\/div><div class=\"clear\"><\/div><\/article><article id=\"post-9418\" class=\"tribe_organizer single-item has-thumbnail\"><div class=\"post-thumb\"><a href=\"http:\/\/bizim-kiez.de\" target=\"_blank\"><img loading=\"lazy\" decoding=\"async\" width=\"300\" height=\"300\" src=\"http:\/\/alternativer-wohngipfel.de\/2018\/wp-content\/uploads\/sites\/3\/2018\/08\/bizim-kiez-som-profil-icon-300x300.png\" class=\"attachment-medium size-medium wp-post-image\" alt=\"\" srcset=\"http:\/\/alternativer-wohngipfel.de\/2018\/wp-content\/uploads\/sites\/3\/2018\/08\/bizim-kiez-som-profil-icon-300x300.png 300w, http:\/\/alternativer-wohngipfel.de\/2018\/wp-content\/uploads\/sites\/3\/2018\/08\/bizim-kiez-som-profil-icon-150x150.png 150w, http:\/\/alternativer-wohngipfel.de\/2018\/wp-content\/uploads\/sites\/3\/2018\/08\/bizim-kiez-som-profil-icon-768x768.png 768w, http:\/\/alternativer-wohngipfel.de\/2018\/wp-content\/uploads\/sites\/3\/2018\/08\/bizim-kiez-som-profil-icon-1024x1024.png 1024w, http:\/\/alternativer-wohngipfel.de\/2018\/wp-content\/uploads\/sites\/3\/2018\/08\/bizim-kiez-som-profil-icon-624x624.png 624w, http:\/\/alternativer-wohngipfel.de\/2018\/wp-content\/uploads\/sites\/3\/2018\/08\/bizim-kiez-som-profil-icon.png 1200w\" sizes=\"auto, (max-width: 300px) 100vw, 300px\" \/><\/a><\/div><div class=\"post-content\"><header class=\"entry-header\"><h1 class=\"post-title\"><a href=\"http:\/\/bizim-kiez.de\" target=\"_blank\">Bizim Kiez \u2013 Unser Kiez<\/a><\/h1><\/header><div class=\"entry-content\"><p>Nachbarschaftsinitiative zum Erhalt der Kieze, Berlin-Kreuzberg <\/p>\n<p class=\"more-link\"><a href=\"http:\/\/bizim-kiez.de\" target=\"_blank\">http:\/\/bizim-kiez.de <span class=\"meta-nav\">&rarr;<\/span><\/a><\/p>\n<\/div><\/div><div class=\"clear\"><\/div><\/article><article id=\"post-10128\" class=\"tribe_organizer single-item has-thumbnail\"><div class=\"post-thumb\"><a href=\"https:\/\/facebook.com\/OttoSuhrSiedlung\/\" target=\"_blank\"><img loading=\"lazy\" decoding=\"async\" width=\"180\" height=\"180\" src=\"http:\/\/alternativer-wohngipfel.de\/2018\/wp-content\/uploads\/sites\/3\/2018\/09\/herz-oss.jpg\" class=\"attachment-medium size-medium wp-post-image\" alt=\"\" srcset=\"http:\/\/alternativer-wohngipfel.de\/2018\/wp-content\/uploads\/sites\/3\/2018\/09\/herz-oss.jpg 180w, http:\/\/alternativer-wohngipfel.de\/2018\/wp-content\/uploads\/sites\/3\/2018\/09\/herz-oss-150x150.jpg 150w\" sizes=\"auto, (max-width: 180px) 100vw, 180px\" \/><\/a><\/div><div class=\"post-content\"><header class=\"entry-header\"><h1 class=\"post-title\"><a href=\"https:\/\/facebook.com\/OttoSuhrSiedlung\/\" target=\"_blank\">BOSS&amp;U-B\u00fcndnis-Otto-Suhr-Siedlung-und-Umgebung<\/a><\/h1><\/header><div class=\"entry-content\"><p>(Berlin-Kreuzberg) <\/p>\n<p class=\"more-link\"><a href=\"https:\/\/facebook.com\/OttoSuhrSiedlung\/\" target=\"_blank\">https:\/\/facebook.com\/OttoSuhrSiedlung\/ <span class=\"meta-nav\">&rarr;<\/span><\/a><\/p>\n<\/div><\/div><div class=\"clear\"><\/div><\/article><article id=\"post-10641\" class=\"tribe_organizer single-item has-thumbnail\"><div class=\"post-thumb\"><a href=\"https:\/\/www.bsd-nordwest.de\/\" target=\"_blank\"><img loading=\"lazy\" decoding=\"async\" width=\"300\" height=\"191\" src=\"http:\/\/alternativer-wohngipfel.de\/2018\/wp-content\/uploads\/sites\/3\/2018\/09\/image-1-300x191.png\" class=\"attachment-medium size-medium wp-post-image\" alt=\"\" srcset=\"http:\/\/alternativer-wohngipfel.de\/2018\/wp-content\/uploads\/sites\/3\/2018\/09\/image-1-300x191.png 300w, http:\/\/alternativer-wohngipfel.de\/2018\/wp-content\/uploads\/sites\/3\/2018\/09\/image-1.png 314w\" sizes=\"auto, (max-width: 300px) 100vw, 300px\" \/><\/a><\/div><div class=\"post-content\"><header class=\"entry-header\"><h1 class=\"post-title\"><a href=\"https:\/\/www.bsd-nordwest.de\/\" target=\"_blank\">BSD Nordwest<\/a><\/h1><\/header><div class=\"entry-content\"><p>Ambulante Wohnhilfe <\/p>\n<p class=\"more-link\"><a href=\"https:\/\/www.bsd-nordwest.de\/\" target=\"_blank\">https:\/\/www.bsd-nordwest.de\/ <span class=\"meta-nav\">&rarr;<\/span><\/a><\/p>\n<\/div><\/div><div class=\"clear\"><\/div><\/article><article id=\"post-9552\" class=\"tribe_organizer single-item has-thumbnail\"><div class=\"post-thumb\"><a href=\"http:\/\/www.bagw.de\/\" target=\"_blank\"><img loading=\"lazy\" decoding=\"async\" width=\"300\" height=\"296\" src=\"http:\/\/alternativer-wohngipfel.de\/2018\/wp-content\/uploads\/sites\/3\/2018\/08\/bag-logo-300x296.png\" class=\"attachment-medium size-medium wp-post-image\" alt=\"\" srcset=\"http:\/\/alternativer-wohngipfel.de\/2018\/wp-content\/uploads\/sites\/3\/2018\/08\/bag-logo-300x296.png 300w, http:\/\/alternativer-wohngipfel.de\/2018\/wp-content\/uploads\/sites\/3\/2018\/08\/bag-logo-624x616.png 624w, http:\/\/alternativer-wohngipfel.de\/2018\/wp-content\/uploads\/sites\/3\/2018\/08\/bag-logo.png 741w\" sizes=\"auto, (max-width: 300px) 100vw, 300px\" \/><\/a><\/div><div class=\"post-content\"><header class=\"entry-header\"><h1 class=\"post-title\"><a href=\"http:\/\/www.bagw.de\/\" target=\"_blank\">Bundesarbeitsgemeinschaft Wohnungslosenhilfe e.V.<\/a><\/h1><\/header><div class=\"entry-content\"><p> <\/p>\n<p class=\"more-link\"><a href=\"http:\/\/www.bagw.de\/\" target=\"_blank\">http:\/\/www.bagw.de\/ <span class=\"meta-nav\">&rarr;<\/span><\/a><\/p>\n<div class=\"event-list\"><h4>Veranstaltungen der Gruppe<\/h4><ul><li><a href=\"http:\/\/alternativer-wohngipfel.de\/2018\/aktionen\/protest-am-kanzleramt\/\">1. January 1970: Protest am Kanzleramt<\/a><\/li><\/ul><\/div><\/div><\/div><div class=\"clear\"><\/div><\/article><article id=\"post-9725\" class=\"tribe_organizer single-item has-thumbnail\"><div class=\"post-thumb\"><a href=\"https:\/\/gruene-xhain.de\" target=\"_blank\"><img loading=\"lazy\" decoding=\"async\" width=\"291\" height=\"300\" src=\"http:\/\/alternativer-wohngipfel.de\/2018\/wp-content\/uploads\/sites\/3\/2018\/08\/logo-bundnis-neu-4ctransparent-291x300.jpg\" class=\"attachment-medium size-medium wp-post-image\" alt=\"\" srcset=\"http:\/\/alternativer-wohngipfel.de\/2018\/wp-content\/uploads\/sites\/3\/2018\/08\/logo-bundnis-neu-4ctransparent-291x300.jpg 291w, http:\/\/alternativer-wohngipfel.de\/2018\/wp-content\/uploads\/sites\/3\/2018\/08\/logo-bundnis-neu-4ctransparent.jpg 600w\" sizes=\"auto, (max-width: 291px) 100vw, 291px\" \/><\/a><\/div><div class=\"post-content\"><header class=\"entry-header\"><h1 class=\"post-title\"><a href=\"https:\/\/gruene-xhain.de\" target=\"_blank\">B\u00fcndnis 90\/Die Gr\u00fcnen Friedrichshain-Kreuzberg<\/a><\/h1><\/header><div class=\"entry-content\"><p>Der soziale, \u00f6kologisch, basisdemokratische und gewaltfreie Kreisverband <\/p>\n<p class=\"more-link\"><a href=\"https:\/\/gruene-xhain.de\" target=\"_blank\">https:\/\/gruene-xhain.de <span class=\"meta-nav\">&rarr;<\/span><\/a><\/p>\n<\/div><\/div><div class=\"clear\"><\/div><\/article><article id=\"post-9698\" class=\"tribe_organizer single-item has-thumbnail\"><div class=\"post-thumb\"><a href=\"http:\/\/gruene.berlin\" target=\"_blank\"><img loading=\"lazy\" decoding=\"async\" width=\"300\" height=\"300\" src=\"http:\/\/alternativer-wohngipfel.de\/2018\/wp-content\/uploads\/sites\/3\/2018\/08\/lvberlin-aufgruen-rgb-quadrat-300x300.jpg\" class=\"attachment-medium size-medium wp-post-image\" alt=\"\" srcset=\"http:\/\/alternativer-wohngipfel.de\/2018\/wp-content\/uploads\/sites\/3\/2018\/08\/lvberlin-aufgruen-rgb-quadrat-300x300.jpg 300w, http:\/\/alternativer-wohngipfel.de\/2018\/wp-content\/uploads\/sites\/3\/2018\/08\/lvberlin-aufgruen-rgb-quadrat-150x150.jpg 150w, http:\/\/alternativer-wohngipfel.de\/2018\/wp-content\/uploads\/sites\/3\/2018\/08\/lvberlin-aufgruen-rgb-quadrat.jpg 500w\" sizes=\"auto, (max-width: 300px) 100vw, 300px\" \/><\/a><\/div><div class=\"post-content\"><header class=\"entry-header\"><h1 class=\"post-title\"><a href=\"http:\/\/gruene.berlin\" target=\"_blank\">B\u00dcNDNIS 90\/DIE GR\u00dcNEN Landesverband Berlin<\/a><\/h1><\/header><div class=\"entry-content\"><p> <\/p>\n<p class=\"more-link\"><a href=\"http:\/\/gruene.berlin\" target=\"_blank\">http:\/\/gruene.berlin <span class=\"meta-nav\">&rarr;<\/span><\/a><\/p>\n<\/div><\/div><div class=\"clear\"><\/div><\/article><article id=\"post-10423\" class=\"tribe_organizer single-item has-thumbnail\"><div class=\"post-thumb\"><a href=\"http:\/\/www.gruene-neukoelln.de\" target=\"_blank\"><img loading=\"lazy\" decoding=\"async\" width=\"300\" height=\"178\" src=\"http:\/\/alternativer-wohngipfel.de\/2018\/wp-content\/uploads\/sites\/3\/2018\/09\/logo-grune-neukolln-transparent-2-300x178.png\" class=\"attachment-medium size-medium wp-post-image\" alt=\"\" srcset=\"http:\/\/alternativer-wohngipfel.de\/2018\/wp-content\/uploads\/sites\/3\/2018\/09\/logo-grune-neukolln-transparent-2-300x178.png 300w, http:\/\/alternativer-wohngipfel.de\/2018\/wp-content\/uploads\/sites\/3\/2018\/09\/logo-grune-neukolln-transparent-2.png 600w\" sizes=\"auto, (max-width: 300px) 100vw, 300px\" \/><\/a><\/div><div class=\"post-content\"><header class=\"entry-header\"><h1 class=\"post-title\"><a href=\"http:\/\/www.gruene-neukoelln.de\" target=\"_blank\">B\u00fcndnis 90\/Die Gr\u00fcnen Neuk\u00f6lln<\/a><\/h1><\/header><div class=\"entry-content\"><p>Kreisverband der gr\u00fcnen Partei in Neuk\u00f6lln <\/p>\n<p class=\"more-link\"><a href=\"http:\/\/www.gruene-neukoelln.de\" target=\"_blank\">http:\/\/www.gruene-neukoelln.de <span class=\"meta-nav\">&rarr;<\/span><\/a><\/p>\n<\/div><\/div><div class=\"clear\"><\/div><\/article><article id=\"post-9809\" class=\"tribe_organizer single-item has-thumbnail\"><div class=\"post-thumb\"><a href=\"http:\/\/www.mietenbuendnis.de\" target=\"_blank\"><img loading=\"lazy\" decoding=\"async\" width=\"300\" height=\"300\" src=\"http:\/\/alternativer-wohngipfel.de\/2018\/wp-content\/uploads\/sites\/3\/2018\/08\/mbuendnis-neukoelln-1-300x300.jpg\" class=\"attachment-medium size-medium wp-post-image\" alt=\"\" srcset=\"http:\/\/alternativer-wohngipfel.de\/2018\/wp-content\/uploads\/sites\/3\/2018\/08\/mbuendnis-neukoelln-1-300x300.jpg 300w, http:\/\/alternativer-wohngipfel.de\/2018\/wp-content\/uploads\/sites\/3\/2018\/08\/mbuendnis-neukoelln-1-300x300-150x150.jpg 150w\" sizes=\"auto, (max-width: 300px) 100vw, 300px\" \/><\/a><\/div><div class=\"post-content\"><header class=\"entry-header\"><h1 class=\"post-title\"><a href=\"http:\/\/www.mietenbuendnis.de\" target=\"_blank\">B\u00fcndnis Bezahlbare Mieten Neuk\u00f6lln<\/a><\/h1><\/header><div class=\"entry-content\"><p>Wir mobilisieren den Widerstand gegen Mietenexplosion und Verdr\u00e4ngung aus unseren Kiezen und begleiten kritisch die bezirkliche Mietenpolitik in Berlin Neuk\u00f6lln <\/p>\n<p class=\"more-link\"><a href=\"http:\/\/www.mietenbuendnis.de\" target=\"_blank\">http:\/\/www.mietenbuendnis.de <span class=\"meta-nav\">&rarr;<\/span><\/a><\/p>\n<div class=\"event-list\"><h4>Veranstaltungen der Gruppe<\/h4><ul><li><a href=\"http:\/\/alternativer-wohngipfel.de\/2018\/aktionen\/neukoellner-aktion-zur-mobilisierung-fuer-die-demo-zusammen-gegen-mietenwahnsinn-am-washingtonplatz-am-21-9\/\">1. January 1970: Neuk\u00f6llner Aktion zur Mobilisierung f\u00fcr die Demo \"Zusammen gegen #Mietenwahnsinn\" am Washingtonplatz am 21.9.<\/a><\/li><\/ul><\/div><\/div><\/div><div class=\"clear\"><\/div><\/article><article id=\"post-10564\" class=\"tribe_organizer single-item has-thumbnail\"><div class=\"post-thumb\"><a href=\"http:\/\/www.deutsche-wohnen-protest.de\" target=\"_blank\"><img loading=\"lazy\" decoding=\"async\" width=\"300\" height=\"228\" src=\"http:\/\/alternativer-wohngipfel.de\/2018\/wp-content\/uploads\/sites\/3\/2018\/09\/bildschirmfoto-2018-09-18-um-175411-300x228.png\" class=\"attachment-medium size-medium wp-post-image\" alt=\"\" srcset=\"http:\/\/alternativer-wohngipfel.de\/2018\/wp-content\/uploads\/sites\/3\/2018\/09\/bildschirmfoto-2018-09-18-um-175411-300x228.png 300w, http:\/\/alternativer-wohngipfel.de\/2018\/wp-content\/uploads\/sites\/3\/2018\/09\/bildschirmfoto-2018-09-18-um-175411.png 573w\" sizes=\"auto, (max-width: 300px) 100vw, 300px\" \/><\/a><\/div><div class=\"post-content\"><header class=\"entry-header\"><h1 class=\"post-title\"><a href=\"http:\/\/www.deutsche-wohnen-protest.de\" target=\"_blank\">B\u00fcndnis der Deutsche Wohnen MieterInnen Berlin<\/a><\/h1><\/header><div class=\"entry-content\"><p>Das B\u00fcndnis engagiert sich berlinweit auch in der Vernetzung mit Initiven anderer Eigent\u00fcmer und hat eine EnSan-AG, die ebenfalls berlinweit gegen den Missbrauch der &#8222;Energetischen Sanierung&#8220; vorgeht. Hierzu existiert bereits ein gro\u00dfes Archiv, viel Fachwissen und noch mehr Ideen f\u00fcr praktische Umsetzungen gegen den \u00a7559 und den gesamten Sanierunungs- und Modernisierungs-Betrug &#8211; die rechtlich umstrittenen Fragen inclusive. <\/p>\n<p class=\"more-link\"><a href=\"http:\/\/www.deutsche-wohnen-protest.de\" target=\"_blank\">http:\/\/www.deutsche-wohnen-protest.de <span class=\"meta-nav\">&rarr;<\/span><\/a><\/p>\n<\/div><\/div><div class=\"clear\"><\/div><\/article><article id=\"post-10677\" class=\"tribe_organizer single-item has-thumbnail\"><div class=\"post-thumb\"><a href=\"https:\/\/www.facebook.com\/buendnisfuerbedingungslosesbleiberecht\/\" target=\"_blank\"><img loading=\"lazy\" decoding=\"async\" width=\"200\" height=\"200\" src=\"http:\/\/alternativer-wohngipfel.de\/2018\/wp-content\/uploads\/sites\/3\/2018\/09\/bfbb-logo.png\" class=\"attachment-medium size-medium wp-post-image\" alt=\"\" srcset=\"http:\/\/alternativer-wohngipfel.de\/2018\/wp-content\/uploads\/sites\/3\/2018\/09\/bfbb-logo.png 200w, http:\/\/alternativer-wohngipfel.de\/2018\/wp-content\/uploads\/sites\/3\/2018\/09\/bfbb-logo-150x150.png 150w\" sizes=\"auto, (max-width: 200px) 100vw, 200px\" \/><\/a><\/div><div class=\"post-content\"><header class=\"entry-header\"><h1 class=\"post-title\"><a href=\"https:\/\/www.facebook.com\/buendnisfuerbedingungslosesbleiberecht\/\" target=\"_blank\">B\u00fcndnis f\u00fcr bedingungsloses Bleiberecht<\/a><\/h1><\/header><div class=\"entry-content\"><p>Antirassistische Gruppierung im Kampf gegen Abschiebungen &#8211; No Gentrification &#8211; No Deportation &#8211; f\u00fcr das Recht zu bleiben, wo man bleiben will. <\/p>\n<p class=\"more-link\"><a href=\"https:\/\/www.facebook.com\/buendnisfuerbedingungslosesbleiberecht\/\" target=\"_blank\">https:\/\/www.facebook.com\/buendnisfuerbedingungslosesbleiberecht\/ <span class=\"meta-nav\">&rarr;<\/span><\/a><\/p>\n<\/div><\/div><div class=\"clear\"><\/div><\/article><article id=\"post-9847\" class=\"tribe_organizer single-item has-thumbnail\"><div class=\"post-thumb\"><a href=\"https:\/\/bsolidarischestadt.wordpress.com\" target=\"_blank\"><img loading=\"lazy\" decoding=\"async\" width=\"243\" height=\"254\" src=\"http:\/\/alternativer-wohngipfel.de\/2018\/wp-content\/uploads\/sites\/3\/2018\/08\/wir.jpg\" class=\"attachment-medium size-medium wp-post-image\" alt=\"\" \/><\/a><\/div><div class=\"post-content\"><header class=\"entry-header\"><h1 class=\"post-title\"><a href=\"https:\/\/bsolidarischestadt.wordpress.com\" target=\"_blank\">B\u00fcndnis f\u00fcr eine solidarische Stadt<\/a><\/h1><\/header><div class=\"entry-content\"><p>in Berlin solidarisch gegen Gentrifizierung-Verdr\u00e4ngung, Rassismus, AS, Sexismus, Abelismus, Diskriminisierung und Entsolidarisierung<br \/>\n<a href=\"https:\/\/de-de.facebook.com\/BuendnisFuerEineSolidarischeStadt\" target=\"_blank\" rel=\"noopener\">Facebook Seite<\/a> <\/p>\n<p class=\"more-link\"><a href=\"https:\/\/bsolidarischestadt.wordpress.com\" target=\"_blank\">https:\/\/bsolidarischestadt.wordpress.com <span class=\"meta-nav\">&rarr;<\/span><\/a><\/p>\n<\/div><\/div><div class=\"clear\"><\/div><\/article><article id=\"post-9554\" class=\"tribe_organizer single-item has-thumbnail\"><div class=\"post-thumb\"><a href=\"https:\/\/mietenwahnsinn.nostate.net\/\" target=\"_blank\"><img loading=\"lazy\" decoding=\"async\" width=\"300\" height=\"300\" src=\"http:\/\/alternativer-wohngipfel.de\/2018\/wp-content\/uploads\/sites\/3\/2018\/08\/mietenwahnsinn-buendnis-voll-300x300.png\" class=\"attachment-medium size-medium wp-post-image\" alt=\"\" srcset=\"http:\/\/alternativer-wohngipfel.de\/2018\/wp-content\/uploads\/sites\/3\/2018\/08\/mietenwahnsinn-buendnis-voll-300x300.png 300w, http:\/\/alternativer-wohngipfel.de\/2018\/wp-content\/uploads\/sites\/3\/2018\/08\/mietenwahnsinn-buendnis-voll-150x150.png 150w, http:\/\/alternativer-wohngipfel.de\/2018\/wp-content\/uploads\/sites\/3\/2018\/08\/mietenwahnsinn-buendnis-voll-768x768.png 768w, http:\/\/alternativer-wohngipfel.de\/2018\/wp-content\/uploads\/sites\/3\/2018\/08\/mietenwahnsinn-buendnis-voll-624x624.png 624w, http:\/\/alternativer-wohngipfel.de\/2018\/wp-content\/uploads\/sites\/3\/2018\/08\/mietenwahnsinn-buendnis-voll.png 844w\" sizes=\"auto, (max-width: 300px) 100vw, 300px\" \/><\/a><\/div><div class=\"post-content\"><header class=\"entry-header\"><h1 class=\"post-title\"><a href=\"https:\/\/mietenwahnsinn.nostate.net\/\" target=\"_blank\">B\u00fcndnis Gemeinsam gegen Verdr\u00e4ngung und #Mietenwahnsinn<\/a><\/h1><\/header><div class=\"entry-content\"><p>Vernetzung der mieten- und wohnungspolitischen Initiativen in Berlin. <\/p>\n<p class=\"more-link\"><a href=\"https:\/\/mietenwahnsinn.nostate.net\/\" target=\"_blank\">https:\/\/mietenwahnsinn.nostate.net\/ <span class=\"meta-nav\">&rarr;<\/span><\/a><\/p>\n<div class=\"event-list\"><h4>Veranstaltungen der Gruppe<\/h4><ul><li><a href=\"http:\/\/alternativer-wohngipfel.de\/2018\/aktionen\/alternativer-wohngipfel\/\">1. January 1970: Alternativer Wohngipfel<\/a><\/li><li><a href=\"http:\/\/alternativer-wohngipfel.de\/2018\/aktionen\/protest-am-kanzleramt\/\">1. January 1970: Protest am Kanzleramt<\/a><\/li><\/ul><\/div><\/div><\/div><div class=\"clear\"><\/div><\/article><article id=\"post-10070\" class=\"tribe_organizer single-item has-thumbnail\"><div class=\"post-thumb\"><a href=\"http:\/\/www.mietenwahnsinn-stoppen.de\" target=\"_blank\"><img loading=\"lazy\" decoding=\"async\" width=\"212\" height=\"300\" src=\"http:\/\/alternativer-wohngipfel.de\/2018\/wp-content\/uploads\/sites\/3\/2018\/09\/logo-212x300.jpg\" class=\"attachment-medium size-medium wp-post-image\" alt=\"\" srcset=\"http:\/\/alternativer-wohngipfel.de\/2018\/wp-content\/uploads\/sites\/3\/2018\/09\/logo-212x300.jpg 212w, http:\/\/alternativer-wohngipfel.de\/2018\/wp-content\/uploads\/sites\/3\/2018\/09\/logo.jpg 595w\" sizes=\"auto, (max-width: 212px) 100vw, 212px\" \/><\/a><\/div><div class=\"post-content\"><header class=\"entry-header\"><h1 class=\"post-title\"><a href=\"http:\/\/www.mietenwahnsinn-stoppen.de\" target=\"_blank\">B\u00fcndnis Mietenwahnsinn stoppen<\/a><\/h1><\/header><div class=\"entry-content\"><p>bundesweites B\u00fcndnis <\/p>\n<p class=\"more-link\"><a href=\"http:\/\/www.mietenwahnsinn-stoppen.de\" target=\"_blank\">http:\/\/www.mietenwahnsinn-stoppen.de <span class=\"meta-nav\">&rarr;<\/span><\/a><\/p>\n<\/div><\/div><div class=\"clear\"><\/div><\/article><article id=\"post-9884\" class=\"tribe_organizer single-item has-thumbnail\"><div class=\"post-thumb\"><a href=\"https:\/\/www.facebook.com\/mieterprotest.kosmosviertel\/\" target=\"_blank\"><img loading=\"lazy\" decoding=\"async\" width=\"240\" height=\"240\" src=\"http:\/\/alternativer-wohngipfel.de\/2018\/wp-content\/uploads\/sites\/3\/2018\/08\/wirkosmosqh.png\" class=\"attachment-medium size-medium wp-post-image\" alt=\"\" srcset=\"http:\/\/alternativer-wohngipfel.de\/2018\/wp-content\/uploads\/sites\/3\/2018\/08\/wirkosmosqh.png 240w, http:\/\/alternativer-wohngipfel.de\/2018\/wp-content\/uploads\/sites\/3\/2018\/08\/wirkosmosqh-150x150.png 150w\" sizes=\"auto, (max-width: 240px) 100vw, 240px\" \/><\/a><\/div><div class=\"post-content\"><header class=\"entry-header\"><h1 class=\"post-title\"><a href=\"https:\/\/www.facebook.com\/mieterprotest.kosmosviertel\/\" target=\"_blank\">B\u00fcndnis Mieterprotest Kosmosviertel und DGB Kreisvorstand Treptow-K\u00f6penick<\/a><\/h1><\/header><div class=\"entry-content\"><p> <\/p>\n<p class=\"more-link\"><a href=\"https:\/\/www.facebook.com\/mieterprotest.kosmosviertel\/\" target=\"_blank\">https:\/\/www.facebook.com\/mieterprotest.kosmosviertel\/ <span class=\"meta-nav\">&rarr;<\/span><\/a><\/p>\n<div class=\"event-list\"><h4>Veranstaltungen der Gruppe<\/h4><ul><li><a href=\"http:\/\/alternativer-wohngipfel.de\/2018\/aktionen\/mietrebellen-filmabend-und-diskussion\/\">1. January 1970: MIETREBELLEN - Filmabend und Diskussion<\/a><\/li><\/ul><\/div><\/div><\/div><div class=\"clear\"><\/div><\/article><article id=\"post-10130\" class=\"tribe_organizer single-item has-thumbnail\"><div class=\"post-thumb\"><a href=\"http:\/\/www.deutsche-wohnen-protest.de\" target=\"_blank\"><img loading=\"lazy\" decoding=\"async\" width=\"212\" height=\"300\" src=\"http:\/\/alternativer-wohngipfel.de\/2018\/wp-content\/uploads\/sites\/3\/2018\/09\/logo-dw-212x300.png\" class=\"attachment-medium size-medium wp-post-image\" alt=\"\" srcset=\"http:\/\/alternativer-wohngipfel.de\/2018\/wp-content\/uploads\/sites\/3\/2018\/09\/logo-dw-212x300.png 212w, http:\/\/alternativer-wohngipfel.de\/2018\/wp-content\/uploads\/sites\/3\/2018\/09\/logo-dw.png 722w, http:\/\/alternativer-wohngipfel.de\/2018\/wp-content\/uploads\/sites\/3\/2018\/09\/logo-dw-624x885.png 624w\" sizes=\"auto, (max-width: 212px) 100vw, 212px\" \/><\/a><\/div><div class=\"post-content\"><header class=\"entry-header\"><h1 class=\"post-title\"><a href=\"http:\/\/www.deutsche-wohnen-protest.de\" target=\"_blank\">B\u00fcndnis-Deutsche-Wohnen-MieterInnen-Berlin<\/a><\/h1><\/header><div class=\"entry-content\"><p>Zusammenschluss von MieterInnen-Initiativen und Aktiven aus allen 12 Berliner Bezirken gegen die Profitstrategie der Deutsche Wohnen.  <\/p>\n<p class=\"more-link\"><a href=\"http:\/\/www.deutsche-wohnen-protest.de\" target=\"_blank\">http:\/\/www.deutsche-wohnen-protest.de <span class=\"meta-nav\">&rarr;<\/span><\/a><\/p>\n<\/div><\/div><div class=\"clear\"><\/div><\/article><article id=\"post-10076\" class=\"tribe_organizer single-item has-thumbnail\"><div class=\"post-thumb\"><a href=\"http:\/\/www.gruene.de\" target=\"_blank\"><img loading=\"lazy\" decoding=\"async\" width=\"300\" height=\"206\" src=\"http:\/\/alternativer-wohngipfel.de\/2018\/wp-content\/uploads\/sites\/3\/2018\/09\/00galerie-gruene-logo-4c-auftransparent-hellesblau-aufgruen-300x206.jpg\" class=\"attachment-medium size-medium wp-post-image\" alt=\"\" srcset=\"http:\/\/alternativer-wohngipfel.de\/2018\/wp-content\/uploads\/sites\/3\/2018\/09\/00galerie-gruene-logo-4c-auftransparent-hellesblau-aufgruen-300x206.jpg 300w, http:\/\/alternativer-wohngipfel.de\/2018\/wp-content\/uploads\/sites\/3\/2018\/09\/00galerie-gruene-logo-4c-auftransparent-hellesblau-aufgruen.jpg 540w\" sizes=\"auto, (max-width: 300px) 100vw, 300px\" \/><\/a><\/div><div class=\"post-content\"><header class=\"entry-header\"><h1 class=\"post-title\"><a href=\"http:\/\/www.gruene.de\" target=\"_blank\">B\u00dcNDNIS90\/DIE GR\u00dcNEN BUNDESVERBAND<\/a><\/h1><\/header><div class=\"entry-content\"><p>Partei <\/p>\n<p class=\"more-link\"><a href=\"http:\/\/www.gruene.de\" target=\"_blank\">http:\/\/www.gruene.de <span class=\"meta-nav\">&rarr;<\/span><\/a><\/p>\n<\/div><\/div><div class=\"clear\"><\/div><\/article><article id=\"post-10561\" class=\"tribe_organizer single-item has-thumbnail\"><div class=\"post-thumb\"><img loading=\"lazy\" decoding=\"async\" width=\"300\" height=\"300\" src=\"http:\/\/alternativer-wohngipfel.de\/2018\/wp-content\/uploads\/sites\/3\/2018\/09\/buerologoquadrat-kopie-300x300.jpg\" class=\"attachment-medium size-medium wp-post-image\" alt=\"\" srcset=\"http:\/\/alternativer-wohngipfel.de\/2018\/wp-content\/uploads\/sites\/3\/2018\/09\/buerologoquadrat-kopie-300x300.jpg 300w, http:\/\/alternativer-wohngipfel.de\/2018\/wp-content\/uploads\/sites\/3\/2018\/09\/buerologoquadrat-kopie-150x150.jpg 150w, http:\/\/alternativer-wohngipfel.de\/2018\/wp-content\/uploads\/sites\/3\/2018\/09\/buerologoquadrat-kopie.jpg 500w\" sizes=\"auto, (max-width: 300px) 100vw, 300px\" \/><\/div><div class=\"post-content\"><header class=\"entry-header\"><h1 class=\"post-title\">B\u00fcro f\u00fcr ungew\u00f6hnliche Ma\u00dfnahmen<\/h1><\/header><div class=\"entry-content\"><p>Wie Widerstand im Haifischbecken sinnvoll organisieren, dem Mietenwahnsinn die Z\u00e4hne zeigen und Lachen bis der Sieg kommt. <\/p>\n<\/div><\/div><div class=\"clear\"><\/div><\/article><article id=\"post-10571\" class=\"tribe_organizer single-item has-thumbnail\"><div class=\"post-thumb\"><a href=\"http:\/\/www.cafecralle.wordpress.com\" target=\"_blank\"><img loading=\"lazy\" decoding=\"async\" width=\"300\" height=\"300\" src=\"http:\/\/alternativer-wohngipfel.de\/2018\/wp-content\/uploads\/sites\/3\/2018\/08\/link-button-300x300.png\" class=\"attachment-medium size-medium wp-post-image\" alt=\"\" srcset=\"http:\/\/alternativer-wohngipfel.de\/2018\/wp-content\/uploads\/sites\/3\/2018\/08\/link-button-300x300.png 300w, http:\/\/alternativer-wohngipfel.de\/2018\/wp-content\/uploads\/sites\/3\/2018\/08\/link-button-150x150.png 150w, http:\/\/alternativer-wohngipfel.de\/2018\/wp-content\/uploads\/sites\/3\/2018\/08\/link-button.png 400w\" sizes=\"auto, (max-width: 300px) 100vw, 300px\" \/><\/a><\/div><div class=\"post-content\"><header class=\"entry-header\"><h1 class=\"post-title\"><a href=\"http:\/\/www.cafecralle.wordpress.com\" target=\"_blank\">Cafe Cralle<\/a><\/h1><\/header><div class=\"entry-content\"><p>Frauen*kneipenkollektiv <\/p>\n<p class=\"more-link\"><a href=\"http:\/\/www.cafecralle.wordpress.com\" target=\"_blank\">http:\/\/www.cafecralle.wordpress.com <span class=\"meta-nav\">&rarr;<\/span><\/a><\/p>\n<\/div><\/div><div class=\"clear\"><\/div><\/article><article id=\"post-10106\" class=\"tribe_organizer single-item has-thumbnail\"><div class=\"post-thumb\"><img loading=\"lazy\" decoding=\"async\" width=\"300\" height=\"300\" src=\"http:\/\/alternativer-wohngipfel.de\/2018\/wp-content\/uploads\/sites\/3\/2018\/08\/link-button-300x300.png\" class=\"attachment-medium size-medium wp-post-image\" alt=\"\" srcset=\"http:\/\/alternativer-wohngipfel.de\/2018\/wp-content\/uploads\/sites\/3\/2018\/08\/link-button-300x300.png 300w, http:\/\/alternativer-wohngipfel.de\/2018\/wp-content\/uploads\/sites\/3\/2018\/08\/link-button-150x150.png 150w, http:\/\/alternativer-wohngipfel.de\/2018\/wp-content\/uploads\/sites\/3\/2018\/08\/link-button.png 400w\" sizes=\"auto, (max-width: 300px) 100vw, 300px\" \/><\/div><div class=\"post-content\"><header class=\"entry-header\"><h1 class=\"post-title\">Calvinstrasse 21 &#8211; alle Mieter<\/h1><\/header><div class=\"entry-content\"><p>Mietergemeinschaft <\/p>\n<\/div><\/div><div class=\"clear\"><\/div><\/article><article id=\"post-9981\" class=\"tribe_organizer single-item has-thumbnail\"><div class=\"post-thumb\"><a href=\"http:\/\/www.campact.de\" target=\"_blank\"><img loading=\"lazy\" decoding=\"async\" width=\"300\" height=\"300\" src=\"http:\/\/alternativer-wohngipfel.de\/2018\/wp-content\/uploads\/sites\/3\/2018\/09\/campact-logo-flickr-300x300.png\" class=\"attachment-medium size-medium wp-post-image\" alt=\"\" srcset=\"http:\/\/alternativer-wohngipfel.de\/2018\/wp-content\/uploads\/sites\/3\/2018\/09\/campact-logo-flickr-300x300.png 300w, http:\/\/alternativer-wohngipfel.de\/2018\/wp-content\/uploads\/sites\/3\/2018\/09\/campact-logo-flickr-300x300-150x150.png 150w\" sizes=\"auto, (max-width: 300px) 100vw, 300px\" \/><\/a><\/div><div class=\"post-content\"><header class=\"entry-header\"><h1 class=\"post-title\"><a href=\"http:\/\/www.campact.de\" target=\"_blank\">Campact e.V.<\/a><\/h1><\/header><div class=\"entry-content\"><p>Campact ist eine B\u00fcrgerbewegung, mit der 1,9 Millionen Menschen f\u00fcr progressive Politik streiten. <\/p>\n<p class=\"more-link\"><a href=\"http:\/\/www.campact.de\" target=\"_blank\">http:\/\/www.campact.de <span class=\"meta-nav\">&rarr;<\/span><\/a><\/p>\n<\/div><\/div><div class=\"clear\"><\/div><\/article><article id=\"post-10101\" class=\"tribe_organizer single-item has-thumbnail\"><div class=\"post-thumb\"><a href=\"http:\/\/www.campuscosmopolis.de\" target=\"_blank\"><img loading=\"lazy\" decoding=\"async\" width=\"300\" height=\"300\" src=\"http:\/\/alternativer-wohngipfel.de\/2018\/wp-content\/uploads\/sites\/3\/2018\/08\/link-button-300x300.png\" class=\"attachment-medium size-medium wp-post-image\" alt=\"\" srcset=\"http:\/\/alternativer-wohngipfel.de\/2018\/wp-content\/uploads\/sites\/3\/2018\/08\/link-button-300x300.png 300w, http:\/\/alternativer-wohngipfel.de\/2018\/wp-content\/uploads\/sites\/3\/2018\/08\/link-button-150x150.png 150w, http:\/\/alternativer-wohngipfel.de\/2018\/wp-content\/uploads\/sites\/3\/2018\/08\/link-button.png 400w\" sizes=\"auto, (max-width: 300px) 100vw, 300px\" \/><\/a><\/div><div class=\"post-content\"><header class=\"entry-header\"><h1 class=\"post-title\"><a href=\"http:\/\/www.campuscosmopolis.de\" target=\"_blank\">Campus Cosmopolis<\/a><\/h1><\/header><div class=\"entry-content\"><p>Campus Cosmopolis ist eine Initiative von alten und neuen Berliner*innen, die mitten in der Stadt ein Zentrum f\u00fcr selbstbestimmtes und gemeinschaftliches Wohnen und Lernen verwirklicht. <\/p>\n<p class=\"more-link\"><a href=\"http:\/\/www.campuscosmopolis.de\" target=\"_blank\">http:\/\/www.campuscosmopolis.de <span class=\"meta-nav\">&rarr;<\/span><\/a><\/p>\n<\/div><\/div><div class=\"clear\"><\/div><\/article><article id=\"post-9716\" class=\"tribe_organizer single-item has-thumbnail\"><div class=\"post-thumb\"><a href=\"http:\/\/www.bayram-gruene.de\" target=\"_blank\"><img loading=\"lazy\" decoding=\"async\" width=\"300\" height=\"297\" src=\"http:\/\/alternativer-wohngipfel.de\/2018\/wp-content\/uploads\/sites\/3\/2018\/08\/canan-bayram-447x442-300x297.jpg\" class=\"attachment-medium size-medium wp-post-image\" alt=\"\" srcset=\"http:\/\/alternativer-wohngipfel.de\/2018\/wp-content\/uploads\/sites\/3\/2018\/08\/canan-bayram-447x442-300x297.jpg 300w, http:\/\/alternativer-wohngipfel.de\/2018\/wp-content\/uploads\/sites\/3\/2018\/08\/canan-bayram-447x442-150x150.jpg 150w, http:\/\/alternativer-wohngipfel.de\/2018\/wp-content\/uploads\/sites\/3\/2018\/08\/canan-bayram-447x442.jpg 447w\" sizes=\"auto, (max-width: 300px) 100vw, 300px\" \/><\/a><\/div><div class=\"post-content\"><header class=\"entry-header\"><h1 class=\"post-title\"><a href=\"http:\/\/www.bayram-gruene.de\" target=\"_blank\">Canan Bayram (MdB)<\/a><\/h1><\/header><div class=\"entry-content\"><p>Direkt gew\u00e4hlte gr\u00fcne Bundestagsabgeordnete im Wahlkreis Friedrichshain-Kreuzberg und Prenzlauer Berg Ost <\/p>\n<p class=\"more-link\"><a href=\"http:\/\/www.bayram-gruene.de\" target=\"_blank\">http:\/\/www.bayram-gruene.de <span class=\"meta-nav\">&rarr;<\/span><\/a><\/p>\n<\/div><\/div><div class=\"clear\"><\/div><\/article><article id=\"post-9945\" class=\"tribe_organizer single-item has-thumbnail\"><div class=\"post-thumb\"><a href=\"https:\/\/cansel-kiziltepe.de\/\" target=\"_blank\"><img loading=\"lazy\" decoding=\"async\" width=\"300\" height=\"300\" src=\"http:\/\/alternativer-wohngipfel.de\/2018\/wp-content\/uploads\/sites\/3\/2018\/09\/canselkiziltepekiezregiertmit3-768x768-300x300.jpeg\" class=\"attachment-medium size-medium wp-post-image\" alt=\"\" srcset=\"http:\/\/alternativer-wohngipfel.de\/2018\/wp-content\/uploads\/sites\/3\/2018\/09\/canselkiziltepekiezregiertmit3-768x768-300x300.jpeg 300w, http:\/\/alternativer-wohngipfel.de\/2018\/wp-content\/uploads\/sites\/3\/2018\/09\/canselkiziltepekiezregiertmit3-768x768-150x150.jpeg 150w, http:\/\/alternativer-wohngipfel.de\/2018\/wp-content\/uploads\/sites\/3\/2018\/09\/canselkiziltepekiezregiertmit3-768x768.jpeg 768w, http:\/\/alternativer-wohngipfel.de\/2018\/wp-content\/uploads\/sites\/3\/2018\/09\/canselkiziltepekiezregiertmit3-768x768-624x624.jpeg 624w\" sizes=\"auto, (max-width: 300px) 100vw, 300px\" \/><\/a><\/div><div class=\"post-content\"><header class=\"entry-header\"><h1 class=\"post-title\"><a href=\"https:\/\/cansel-kiziltepe.de\/\" target=\"_blank\">Cansel Kiziltepe (MdB)<\/a><\/h1><\/header><div class=\"entry-content\"><p> <\/p>\n<p class=\"more-link\"><a href=\"https:\/\/cansel-kiziltepe.de\/\" target=\"_blank\">https:\/\/cansel-kiziltepe.de\/ <span class=\"meta-nav\">&rarr;<\/span><\/a><\/p>\n<\/div><\/div><div class=\"clear\"><\/div><\/article><article id=\"post-9710\" class=\"tribe_organizer single-item has-thumbnail\"><div class=\"post-thumb\"><a href=\"http:\/\/www.caren-lay.de\" target=\"_blank\"><img loading=\"lazy\" decoding=\"async\" width=\"300\" height=\"300\" src=\"http:\/\/alternativer-wohngipfel.de\/2018\/wp-content\/uploads\/sites\/3\/2018\/08\/caren-lay-300x300.jpg\" class=\"attachment-medium size-medium wp-post-image\" alt=\"\" srcset=\"http:\/\/alternativer-wohngipfel.de\/2018\/wp-content\/uploads\/sites\/3\/2018\/08\/caren-lay-300x300.jpg 300w, http:\/\/alternativer-wohngipfel.de\/2018\/wp-content\/uploads\/sites\/3\/2018\/08\/caren-lay-150x150.jpg 150w, http:\/\/alternativer-wohngipfel.de\/2018\/wp-content\/uploads\/sites\/3\/2018\/08\/caren-lay-624x624.jpg 624w, http:\/\/alternativer-wohngipfel.de\/2018\/wp-content\/uploads\/sites\/3\/2018\/08\/caren-lay.jpg 650w\" sizes=\"auto, (max-width: 300px) 100vw, 300px\" \/><\/a><\/div><div class=\"post-content\"><header class=\"entry-header\"><h1 class=\"post-title\"><a href=\"http:\/\/www.caren-lay.de\" target=\"_blank\">Caren Lay (MdB)<\/a><\/h1><\/header><div class=\"entry-content\"><p>Mitglied des Bundestages, Stellvertretende Fraktionsvorsitzende DIE LINKE. im Bundestag, Sprecherin f\u00fcr Mieten-, Bau- und Wohnungspolitik <\/p>\n<p class=\"more-link\"><a href=\"http:\/\/www.caren-lay.de\" target=\"_blank\">http:\/\/www.caren-lay.de <span class=\"meta-nav\">&rarr;<\/span><\/a><\/p>\n<\/div><\/div><div class=\"clear\"><\/div><\/article><article id=\"post-10473\" class=\"tribe_organizer single-item has-thumbnail\"><div class=\"post-thumb\"><img loading=\"lazy\" decoding=\"async\" width=\"300\" height=\"300\" src=\"http:\/\/alternativer-wohngipfel.de\/2018\/wp-content\/uploads\/sites\/3\/2018\/08\/link-button-300x300.png\" class=\"attachment-medium size-medium wp-post-image\" alt=\"\" srcset=\"http:\/\/alternativer-wohngipfel.de\/2018\/wp-content\/uploads\/sites\/3\/2018\/08\/link-button-300x300.png 300w, http:\/\/alternativer-wohngipfel.de\/2018\/wp-content\/uploads\/sites\/3\/2018\/08\/link-button-150x150.png 150w, http:\/\/alternativer-wohngipfel.de\/2018\/wp-content\/uploads\/sites\/3\/2018\/08\/link-button.png 400w\" sizes=\"auto, (max-width: 300px) 100vw, 300px\" \/><\/div><div class=\"post-content\"><header class=\"entry-header\"><h1 class=\"post-title\">Carl-Wolfgang Holzapfel &#038; Tatjana Sterneberg<\/h1><\/header><div class=\"entry-content\"><p>Initiative Charlottenburg gegen Immobilien-Haie <\/p>\n<\/div><\/div><div class=\"clear\"><\/div><\/article><article id=\"post-9711\" class=\"tribe_organizer single-item has-thumbnail\"><div class=\"post-thumb\"><a href=\"http:\/\/chriskuehn.de\/\" target=\"_blank\"><img loading=\"lazy\" decoding=\"async\" width=\"212\" height=\"205\" src=\"http:\/\/alternativer-wohngipfel.de\/2018\/wp-content\/uploads\/sites\/3\/2018\/08\/pressefoto-chris-kuehn-212x205.jpg\" class=\"attachment-medium size-medium wp-post-image\" alt=\"\" \/><\/a><\/div><div class=\"post-content\"><header class=\"entry-header\"><h1 class=\"post-title\"><a href=\"http:\/\/chriskuehn.de\/\" target=\"_blank\">Christian K\u00fchn (MdB)<\/a><\/h1><\/header><div class=\"entry-content\"><p>Bau- und wohnungspolitischer Sprecher der Bundestagsfraktion B\u00fcndnis 90\/Die Gr\u00fcnen <\/p>\n<p class=\"more-link\"><a href=\"http:\/\/chriskuehn.de\/\" target=\"_blank\">http:\/\/chriskuehn.de\/ <span class=\"meta-nav\">&rarr;<\/span><\/a><\/p>\n<\/div><\/div><div class=\"clear\"><\/div><\/article><article id=\"post-10737\" class=\"tribe_organizer single-item has-thumbnail\"><div class=\"post-thumb\"><a href=\"https:\/\/collegiumacademicum.de\" target=\"_blank\"><img loading=\"lazy\" decoding=\"async\" width=\"300\" height=\"189\" src=\"http:\/\/alternativer-wohngipfel.de\/2018\/wp-content\/uploads\/sites\/3\/2018\/09\/ca2logo-300x189.png\" class=\"attachment-medium size-medium wp-post-image\" alt=\"\" srcset=\"http:\/\/alternativer-wohngipfel.de\/2018\/wp-content\/uploads\/sites\/3\/2018\/09\/ca2logo-300x189.png 300w, http:\/\/alternativer-wohngipfel.de\/2018\/wp-content\/uploads\/sites\/3\/2018\/09\/ca2logo.png 350w\" sizes=\"auto, (max-width: 300px) 100vw, 300px\" \/><\/a><\/div><div class=\"post-content\"><header class=\"entry-header\"><h1 class=\"post-title\"><a href=\"https:\/\/collegiumacademicum.de\" target=\"_blank\">Collegium Academicum<\/a><\/h1><\/header><div class=\"entry-content\"><p>Seit Ende 2012 arbeiten wir als etwa 20-k\u00f6pfige Projektgruppe daran, selbstverwaltetes und g\u00fcnstiges Wohnen in Form eines Wohnheims in Heidelberg zu erm\u00f6glichen und das Leben in der Stadt mitzugestalten. Als Teil des Mietsh\u00e4user Syndikats stehen wir f\u00fcr alternative Wege in der Organistation gemeinschaftlichen Zusammenlebens. <\/p>\n<p class=\"more-link\"><a href=\"https:\/\/collegiumacademicum.de\" target=\"_blank\">https:\/\/collegiumacademicum.de <span class=\"meta-nav\">&rarr;<\/span><\/a><\/p>\n<\/div><\/div><div class=\"clear\"><\/div><\/article><article id=\"post-9935\" class=\"tribe_organizer single-item has-thumbnail\"><div class=\"post-thumb\"><a href=\"http:\/\/www.daks-berlin.de\" target=\"_blank\"><img loading=\"lazy\" decoding=\"async\" width=\"199\" height=\"227\" src=\"http:\/\/alternativer-wohngipfel.de\/2018\/wp-content\/uploads\/sites\/3\/2018\/09\/daks-logob-rgb-4c-200.gif\" class=\"attachment-medium size-medium wp-post-image\" alt=\"\" \/><\/a><\/div><div class=\"post-content\"><header class=\"entry-header\"><h1 class=\"post-title\"><a href=\"http:\/\/www.daks-berlin.de\" target=\"_blank\">Dachverband Berliner Kinder- und Sch\u00fclerl\u00e4den (DaKS) e.V.<\/a><\/h1><\/header><div class=\"entry-content\"><p>Der DaKS vertritt und ber\u00e4t \u00fcber 700 selbstverwaltete Kitas\/Horte\/Schulen in Berlin &#8211; bis auf wenige Ausnahmen alles (Gewerbe)Mieter. Wir setzen uns f\u00fcr ein Gewerbemietrecht ein, das die soziale Infrastruktur als Teil eines vielf\u00e4ltigen Kiezes sch\u00fctzt. <\/p>\n<p class=\"more-link\"><a href=\"http:\/\/www.daks-berlin.de\" target=\"_blank\">http:\/\/www.daks-berlin.de <span class=\"meta-nav\">&rarr;<\/span><\/a><\/p>\n<\/div><\/div><div class=\"clear\"><\/div><\/article><article id=\"post-9713\" class=\"tribe_organizer single-item has-thumbnail\"><div class=\"post-thumb\"><a href=\"http:\/\/www.daniela-wagner.net\" target=\"_blank\"><img loading=\"lazy\" decoding=\"async\" width=\"300\" height=\"300\" src=\"http:\/\/alternativer-wohngipfel.de\/2018\/wp-content\/uploads\/sites\/3\/2018\/08\/daniela-wagner-kopf-1-300x300.jpg\" class=\"attachment-medium size-medium wp-post-image\" alt=\"\" srcset=\"http:\/\/alternativer-wohngipfel.de\/2018\/wp-content\/uploads\/sites\/3\/2018\/08\/daniela-wagner-kopf-1-300x300.jpg 300w, http:\/\/alternativer-wohngipfel.de\/2018\/wp-content\/uploads\/sites\/3\/2018\/08\/daniela-wagner-kopf-1-150x150.jpg 150w, http:\/\/alternativer-wohngipfel.de\/2018\/wp-content\/uploads\/sites\/3\/2018\/08\/daniela-wagner-kopf-1-768x768.jpg 768w, http:\/\/alternativer-wohngipfel.de\/2018\/wp-content\/uploads\/sites\/3\/2018\/08\/daniela-wagner-kopf-1-624x624.jpg 624w, http:\/\/alternativer-wohngipfel.de\/2018\/wp-content\/uploads\/sites\/3\/2018\/08\/daniela-wagner-kopf-1.jpg 1000w\" sizes=\"auto, (max-width: 300px) 100vw, 300px\" \/><\/a><\/div><div class=\"post-content\"><header class=\"entry-header\"><h1 class=\"post-title\"><a href=\"http:\/\/www.daniela-wagner.net\" target=\"_blank\">Daniela Wagner, B\u00fcndnis 90\/Die Gr\u00fcnen (MdB)<\/a><\/h1><\/header><div class=\"entry-content\"><p>Sprecherin f\u00fcr Stadtentwicklung <\/p>\n<p class=\"more-link\"><a href=\"http:\/\/www.daniela-wagner.net\" target=\"_blank\">http:\/\/www.daniela-wagner.net <span class=\"meta-nav\">&rarr;<\/span><\/a><\/p>\n<\/div><\/div><div class=\"clear\"><\/div><\/article><article id=\"post-9548\" class=\"tribe_organizer single-item has-thumbnail\"><div class=\"post-thumb\"><a href=\"http:\/\/www.der-paritaetische.de\" target=\"_blank\"><img loading=\"lazy\" decoding=\"async\" width=\"300\" height=\"300\" src=\"http:\/\/alternativer-wohngipfel.de\/2018\/wp-content\/uploads\/sites\/3\/2018\/08\/der-paritaetische-logo-1-300x300.png\" class=\"attachment-medium size-medium wp-post-image\" alt=\"\" srcset=\"http:\/\/alternativer-wohngipfel.de\/2018\/wp-content\/uploads\/sites\/3\/2018\/08\/der-paritaetische-logo-1-300x300.png 300w, http:\/\/alternativer-wohngipfel.de\/2018\/wp-content\/uploads\/sites\/3\/2018\/08\/der-paritaetische-logo-1-150x150.png 150w, http:\/\/alternativer-wohngipfel.de\/2018\/wp-content\/uploads\/sites\/3\/2018\/08\/der-paritaetische-logo-1.png 359w\" sizes=\"auto, (max-width: 300px) 100vw, 300px\" \/><\/a><\/div><div class=\"post-content\"><header class=\"entry-header\"><h1 class=\"post-title\"><a href=\"http:\/\/www.der-paritaetische.de\" target=\"_blank\">Der Parit\u00e4tische Gesamtverband<\/a><\/h1><\/header><div class=\"entry-content\"><p> <\/p>\n<p class=\"more-link\"><a href=\"http:\/\/www.der-paritaetische.de\" target=\"_blank\">http:\/\/www.der-paritaetische.de <span class=\"meta-nav\">&rarr;<\/span><\/a><\/p>\n<div class=\"event-list\"><h4>Veranstaltungen der Gruppe<\/h4><ul><li><a href=\"http:\/\/alternativer-wohngipfel.de\/2018\/aktionen\/alternativer-wohngipfel\/\">1. January 1970: Alternativer Wohngipfel<\/a><\/li><li><a href=\"http:\/\/alternativer-wohngipfel.de\/2018\/aktionen\/protest-am-kanzleramt\/\">1. January 1970: Protest am Kanzleramt<\/a><\/li><\/ul><\/div><\/div><\/div><div class=\"clear\"><\/div><\/article><article id=\"post-10633\" class=\"tribe_organizer single-item has-thumbnail\"><div class=\"post-thumb\"><a href=\"http:\/\/www.dgsp-ev.de\" target=\"_blank\"><img loading=\"lazy\" decoding=\"async\" width=\"300\" height=\"114\" src=\"http:\/\/alternativer-wohngipfel.de\/2018\/wp-content\/uploads\/sites\/3\/2018\/09\/dgsp-logo-rws-4c-300x114.jpg\" class=\"attachment-medium size-medium wp-post-image\" alt=\"\" srcset=\"http:\/\/alternativer-wohngipfel.de\/2018\/wp-content\/uploads\/sites\/3\/2018\/09\/dgsp-logo-rws-4c-300x114.jpg 300w, http:\/\/alternativer-wohngipfel.de\/2018\/wp-content\/uploads\/sites\/3\/2018\/09\/dgsp-logo-rws-4c-624x238.jpg 624w, http:\/\/alternativer-wohngipfel.de\/2018\/wp-content\/uploads\/sites\/3\/2018\/09\/dgsp-logo-rws-4c.jpg 698w\" sizes=\"auto, (max-width: 300px) 100vw, 300px\" \/><\/a><\/div><div class=\"post-content\"><header class=\"entry-header\"><h1 class=\"post-title\"><a href=\"http:\/\/www.dgsp-ev.de\" target=\"_blank\">Deutsche Gesellschaft f\u00fcr Soziale Psychiatrie e.V. (DGSP)<\/a><\/h1><\/header><div class=\"entry-content\"><p>Die DGSP ist ein unabh\u00e4ngiger Fachverband, der sich f\u00fcr eine menschenrechtsbasierte psychiatrische Behandlung und Versorgung und bessere Lebensbedingungen f\u00fcr psychisch erkrankte Menschen einsetzt. <\/p>\n<p class=\"more-link\"><a href=\"http:\/\/www.dgsp-ev.de\" target=\"_blank\">http:\/\/www.dgsp-ev.de <span class=\"meta-nav\">&rarr;<\/span><\/a><\/p>\n<\/div><\/div><div class=\"clear\"><\/div><\/article><article id=\"post-10087\" class=\"tribe_organizer single-item has-thumbnail\"><div class=\"post-thumb\"><a href=\"https:\/\/www.duh.de\/\" target=\"_blank\"><img loading=\"lazy\" decoding=\"async\" width=\"300\" height=\"37\" src=\"http:\/\/alternativer-wohngipfel.de\/2018\/wp-content\/uploads\/sites\/3\/2018\/09\/duh-logo-300x37.png\" class=\"attachment-medium size-medium wp-post-image\" alt=\"\" srcset=\"http:\/\/alternativer-wohngipfel.de\/2018\/wp-content\/uploads\/sites\/3\/2018\/09\/duh-logo-300x37.png 300w, http:\/\/alternativer-wohngipfel.de\/2018\/wp-content\/uploads\/sites\/3\/2018\/09\/duh-logo.png 531w\" sizes=\"auto, (max-width: 300px) 100vw, 300px\" \/><\/a><\/div><div class=\"post-content\"><header class=\"entry-header\"><h1 class=\"post-title\"><a href=\"https:\/\/www.duh.de\/\" target=\"_blank\">Deutsche Umwelthilfe e.V.<\/a><\/h1><\/header><div class=\"entry-content\"><p>Umwelt- und Verbraucherschutzorganisation <\/p>\n<p class=\"more-link\"><a href=\"https:\/\/www.duh.de\/\" target=\"_blank\">https:\/\/www.duh.de\/ <span class=\"meta-nav\">&rarr;<\/span><\/a><\/p>\n<\/div><\/div><div class=\"clear\"><\/div><\/article><article id=\"post-10410\" class=\"tribe_organizer single-item has-thumbnail\"><div class=\"post-thumb\"><a href=\"https:\/\/www.dwenteignen.de\/wir\/\" target=\"_blank\"><img loading=\"lazy\" decoding=\"async\" width=\"300\" height=\"227\" src=\"http:\/\/alternativer-wohngipfel.de\/2018\/wp-content\/uploads\/sites\/3\/2018\/09\/image-300x227.png\" class=\"attachment-medium size-medium wp-post-image\" alt=\"\" srcset=\"http:\/\/alternativer-wohngipfel.de\/2018\/wp-content\/uploads\/sites\/3\/2018\/09\/image-300x227.png 300w, http:\/\/alternativer-wohngipfel.de\/2018\/wp-content\/uploads\/sites\/3\/2018\/09\/image.png 392w\" sizes=\"auto, (max-width: 300px) 100vw, 300px\" \/><\/a><\/div><div class=\"post-content\"><header class=\"entry-header\"><h1 class=\"post-title\"><a href=\"https:\/\/www.dwenteignen.de\/wir\/\" target=\"_blank\">Deutsche Wohnen &amp; Co enteignen<\/a><\/h1><\/header><div class=\"entry-content\"><p>Kampagne zur Enteignung gro\u00dfer Wohnungsunternehmen in Berlin mit dem Ziel der \u00dcberf\u00fchrung von Wohnungen aus privatem in \u00f6ffentlichen und demokratisch verwalteten Besitz <\/p>\n<p class=\"more-link\"><a href=\"https:\/\/www.dwenteignen.de\/wir\/\" target=\"_blank\">https:\/\/www.dwenteignen.de\/wir\/ <span class=\"meta-nav\">&rarr;<\/span><\/a><\/p>\n<\/div><\/div><div class=\"clear\"><\/div><\/article><article id=\"post-9551\" class=\"tribe_organizer single-item has-thumbnail\"><div class=\"post-thumb\"><a href=\"http:\/\/www.dgb.de\/\" target=\"_blank\"><img loading=\"lazy\" decoding=\"async\" width=\"300\" height=\"238\" src=\"http:\/\/alternativer-wohngipfel.de\/2018\/wp-content\/uploads\/sites\/3\/2018\/08\/dgb-logo-300x238.png\" class=\"attachment-medium size-medium wp-post-image\" alt=\"\" srcset=\"http:\/\/alternativer-wohngipfel.de\/2018\/wp-content\/uploads\/sites\/3\/2018\/08\/dgb-logo-300x238.png 300w, http:\/\/alternativer-wohngipfel.de\/2018\/wp-content\/uploads\/sites\/3\/2018\/08\/dgb-logo-624x495.png 624w, http:\/\/alternativer-wohngipfel.de\/2018\/wp-content\/uploads\/sites\/3\/2018\/08\/dgb-logo.png 666w\" sizes=\"auto, (max-width: 300px) 100vw, 300px\" \/><\/a><\/div><div class=\"post-content\"><header class=\"entry-header\"><h1 class=\"post-title\"><a href=\"http:\/\/www.dgb.de\/\" target=\"_blank\">Deutscher Gewerkschaftsbund &#8211; DGB<\/a><\/h1><\/header><div class=\"entry-content\"><p> <\/p>\n<p class=\"more-link\"><a href=\"http:\/\/www.dgb.de\/\" target=\"_blank\">http:\/\/www.dgb.de\/ <span class=\"meta-nav\">&rarr;<\/span><\/a><\/p>\n<div class=\"event-list\"><h4>Veranstaltungen der Gruppe<\/h4><ul><li><a href=\"http:\/\/alternativer-wohngipfel.de\/2018\/aktionen\/alternativer-wohngipfel\/\">1. January 1970: Alternativer Wohngipfel<\/a><\/li><li><a href=\"http:\/\/alternativer-wohngipfel.de\/2018\/aktionen\/protest-am-kanzleramt\/\">1. January 1970: Protest am Kanzleramt<\/a><\/li><\/ul><\/div><\/div><\/div><div class=\"clear\"><\/div><\/article><article id=\"post-9517\" class=\"tribe_organizer single-item has-thumbnail\"><div class=\"post-thumb\"><a href=\"http:\/\/www.mieterbund.de\" target=\"_blank\"><img loading=\"lazy\" decoding=\"async\" width=\"300\" height=\"300\" src=\"http:\/\/alternativer-wohngipfel.de\/2018\/wp-content\/uploads\/sites\/3\/2018\/08\/dmb-deutscher-mieterbund-logo-quadrat-300x300.png\" class=\"attachment-medium size-medium wp-post-image\" alt=\"\" srcset=\"http:\/\/alternativer-wohngipfel.de\/2018\/wp-content\/uploads\/sites\/3\/2018\/08\/dmb-deutscher-mieterbund-logo-quadrat-300x300.png 300w, http:\/\/alternativer-wohngipfel.de\/2018\/wp-content\/uploads\/sites\/3\/2018\/08\/dmb-deutscher-mieterbund-logo-quadrat-150x150.png 150w, http:\/\/alternativer-wohngipfel.de\/2018\/wp-content\/uploads\/sites\/3\/2018\/08\/dmb-deutscher-mieterbund-logo-quadrat.png 544w\" sizes=\"auto, (max-width: 300px) 100vw, 300px\" \/><\/a><\/div><div class=\"post-content\"><header class=\"entry-header\"><h1 class=\"post-title\"><a href=\"http:\/\/www.mieterbund.de\" target=\"_blank\">Deutscher Mieterbund e.V. &#8211; DMB<\/a><\/h1><\/header><div class=\"entry-content\"><p>Littenstra\u00dfe 10,\u00a010179 Berlin <\/p>\n<p class=\"more-link\"><a href=\"http:\/\/www.mieterbund.de\" target=\"_blank\">http:\/\/www.mieterbund.de <span class=\"meta-nav\">&rarr;<\/span><\/a><\/p>\n<div class=\"event-list\"><h4>Veranstaltungen der Gruppe<\/h4><ul><li><a href=\"http:\/\/alternativer-wohngipfel.de\/2018\/aktionen\/alternativer-wohngipfel\/\">1. January 1970: Alternativer Wohngipfel<\/a><\/li><li><a href=\"http:\/\/alternativer-wohngipfel.de\/2018\/aktionen\/protest-am-kanzleramt\/\">1. January 1970: Protest am Kanzleramt<\/a><\/li><\/ul><\/div><\/div><\/div><div class=\"clear\"><\/div><\/article><article id=\"post-9916\" class=\"tribe_organizer single-item has-thumbnail\"><div class=\"post-thumb\"><a href=\"http:\/\/www.mieterbund-bodensee.de\" target=\"_blank\"><img loading=\"lazy\" decoding=\"async\" width=\"300\" height=\"300\" src=\"http:\/\/alternativer-wohngipfel.de\/2018\/wp-content\/uploads\/sites\/3\/2018\/09\/dmb-bodensee-17-logo-1000-300x300.jpg\" class=\"attachment-medium size-medium wp-post-image\" alt=\"\" srcset=\"http:\/\/alternativer-wohngipfel.de\/2018\/wp-content\/uploads\/sites\/3\/2018\/09\/dmb-bodensee-17-logo-1000-300x300.jpg 300w, http:\/\/alternativer-wohngipfel.de\/2018\/wp-content\/uploads\/sites\/3\/2018\/09\/dmb-bodensee-17-logo-1000-150x150.jpg 150w, http:\/\/alternativer-wohngipfel.de\/2018\/wp-content\/uploads\/sites\/3\/2018\/09\/dmb-bodensee-17-logo-1000-768x768.jpg 768w, http:\/\/alternativer-wohngipfel.de\/2018\/wp-content\/uploads\/sites\/3\/2018\/09\/dmb-bodensee-17-logo-1000-624x624.jpg 624w, http:\/\/alternativer-wohngipfel.de\/2018\/wp-content\/uploads\/sites\/3\/2018\/09\/dmb-bodensee-17-logo-1000.jpg 1000w\" sizes=\"auto, (max-width: 300px) 100vw, 300px\" \/><\/a><\/div><div class=\"post-content\"><header class=\"entry-header\"><h1 class=\"post-title\"><a href=\"http:\/\/www.mieterbund-bodensee.de\" target=\"_blank\">Deutscher Mieterbund Bodensee e.V.<\/a><\/h1><\/header><div class=\"entry-content\"><p>Interessensvertretung f\u00fcr Mieter in den Landkreisen Konstanz und Bodenseekreis (Baden-W\u00fcrttemberg) <\/p>\n<p class=\"more-link\"><a href=\"http:\/\/www.mieterbund-bodensee.de\" target=\"_blank\">http:\/\/www.mieterbund-bodensee.de <span class=\"meta-nav\">&rarr;<\/span><\/a><\/p>\n<\/div><\/div><div class=\"clear\"><\/div><\/article><article id=\"post-9835\" class=\"tribe_organizer single-item has-thumbnail\"><div class=\"post-thumb\"><a href=\"http:\/\/www.mieterbund-bonn.de\" target=\"_blank\"><img loading=\"lazy\" decoding=\"async\" width=\"300\" height=\"300\" src=\"http:\/\/alternativer-wohngipfel.de\/2018\/wp-content\/uploads\/sites\/3\/2018\/08\/dmb-bonn-17-logo-1000-300x300.jpg\" class=\"attachment-medium size-medium wp-post-image\" alt=\"\" srcset=\"http:\/\/alternativer-wohngipfel.de\/2018\/wp-content\/uploads\/sites\/3\/2018\/08\/dmb-bonn-17-logo-1000-300x300.jpg 300w, http:\/\/alternativer-wohngipfel.de\/2018\/wp-content\/uploads\/sites\/3\/2018\/08\/dmb-bonn-17-logo-1000-150x150.jpg 150w, http:\/\/alternativer-wohngipfel.de\/2018\/wp-content\/uploads\/sites\/3\/2018\/08\/dmb-bonn-17-logo-1000-768x768.jpg 768w, http:\/\/alternativer-wohngipfel.de\/2018\/wp-content\/uploads\/sites\/3\/2018\/08\/dmb-bonn-17-logo-1000-624x624.jpg 624w, http:\/\/alternativer-wohngipfel.de\/2018\/wp-content\/uploads\/sites\/3\/2018\/08\/dmb-bonn-17-logo-1000.jpg 1000w\" sizes=\"auto, (max-width: 300px) 100vw, 300px\" \/><\/a><\/div><div class=\"post-content\"><header class=\"entry-header\"><h1 class=\"post-title\"><a href=\"http:\/\/www.mieterbund-bonn.de\" target=\"_blank\">Deutscher Mieterbund Bonn\/Rhein-Sieg\/Ahr e.V.<\/a><\/h1><\/header><div class=\"entry-content\"><p>Mieterbund <\/p>\n<p class=\"more-link\"><a href=\"http:\/\/www.mieterbund-bonn.de\" target=\"_blank\">http:\/\/www.mieterbund-bonn.de <span class=\"meta-nav\">&rarr;<\/span><\/a><\/p>\n<\/div><\/div><div class=\"clear\"><\/div><\/article><article id=\"post-10134\" class=\"tribe_organizer single-item has-thumbnail\"><div class=\"post-thumb\"><a href=\"http:\/\/www.mieterbund-brandenburg.de\" target=\"_blank\"><img loading=\"lazy\" decoding=\"async\" width=\"300\" height=\"241\" src=\"http:\/\/alternativer-wohngipfel.de\/2018\/wp-content\/uploads\/sites\/3\/2018\/09\/logo-dmb-und-adler-mit-schrift-300x241.jpg\" class=\"attachment-medium size-medium wp-post-image\" alt=\"\" srcset=\"http:\/\/alternativer-wohngipfel.de\/2018\/wp-content\/uploads\/sites\/3\/2018\/09\/logo-dmb-und-adler-mit-schrift-300x241.jpg 300w, http:\/\/alternativer-wohngipfel.de\/2018\/wp-content\/uploads\/sites\/3\/2018\/09\/logo-dmb-und-adler-mit-schrift.jpg 593w\" sizes=\"auto, (max-width: 300px) 100vw, 300px\" \/><\/a><\/div><div class=\"post-content\"><header class=\"entry-header\"><h1 class=\"post-title\"><a href=\"http:\/\/www.mieterbund-brandenburg.de\" target=\"_blank\">Deutscher Mieterbund Land Brandenburg e.V.<\/a><\/h1><\/header><div class=\"entry-content\"><p>Wir setzten uns f\u00fcr die Interessen der MieterInnen ein. <\/p>\n<p class=\"more-link\"><a href=\"http:\/\/www.mieterbund-brandenburg.de\" target=\"_blank\">http:\/\/www.mieterbund-brandenburg.de <span class=\"meta-nav\">&rarr;<\/span><\/a><\/p>\n<\/div><\/div><div class=\"clear\"><\/div><\/article><article id=\"post-10438\" class=\"tribe_organizer single-item has-thumbnail\"><div class=\"post-thumb\"><a href=\"http:\/\/www.mieterverein-luebeck.de\/\" target=\"_blank\"><img loading=\"lazy\" decoding=\"async\" width=\"204\" height=\"127\" src=\"http:\/\/alternativer-wohngipfel.de\/2018\/wp-content\/uploads\/sites\/3\/2018\/09\/mv-hl-logo.jpg\" class=\"attachment-medium size-medium wp-post-image\" alt=\"\" \/><\/a><\/div><div class=\"post-content\"><header class=\"entry-header\"><h1 class=\"post-title\"><a href=\"http:\/\/www.mieterverein-luebeck.de\/\" target=\"_blank\">Deutscher Mieterbund Mieterverein L\u00fcbeck<\/a><\/h1><\/header><div class=\"entry-content\"><p>Unterst\u00fctzer der Volksinitiative f\u00fcr bezahlbaren Wohnraum <\/p>\n<p class=\"more-link\"><a href=\"http:\/\/www.mieterverein-luebeck.de\/\" target=\"_blank\">http:\/\/www.mieterverein-luebeck.de\/ <span class=\"meta-nav\">&rarr;<\/span><\/a><\/p>\n<\/div><\/div><div class=\"clear\"><\/div><\/article><article id=\"post-10946\" class=\"tribe_organizer single-item has-thumbnail\"><div class=\"post-thumb\"><a href=\"http:\/\/www.mieterverein-rostock.de\" target=\"_blank\"><img loading=\"lazy\" decoding=\"async\" width=\"300\" height=\"55\" src=\"http:\/\/alternativer-wohngipfel.de\/2018\/wp-content\/uploads\/sites\/3\/2018\/09\/dmb-mv-rostock-kopf-300x55.jpg\" class=\"attachment-medium size-medium wp-post-image\" alt=\"\" srcset=\"http:\/\/alternativer-wohngipfel.de\/2018\/wp-content\/uploads\/sites\/3\/2018\/09\/dmb-mv-rostock-kopf-300x55.jpg 300w, http:\/\/alternativer-wohngipfel.de\/2018\/wp-content\/uploads\/sites\/3\/2018\/09\/dmb-mv-rostock-kopf-768x141.jpg 768w, http:\/\/alternativer-wohngipfel.de\/2018\/wp-content\/uploads\/sites\/3\/2018\/09\/dmb-mv-rostock-kopf-1024x189.jpg 1024w, http:\/\/alternativer-wohngipfel.de\/2018\/wp-content\/uploads\/sites\/3\/2018\/09\/dmb-mv-rostock-kopf-624x115.jpg 624w, http:\/\/alternativer-wohngipfel.de\/2018\/wp-content\/uploads\/sites\/3\/2018\/09\/dmb-mv-rostock-kopf.jpg 1379w\" sizes=\"auto, (max-width: 300px) 100vw, 300px\" \/><\/a><\/div><div class=\"post-content\"><header class=\"entry-header\"><h1 class=\"post-title\"><a href=\"http:\/\/www.mieterverein-rostock.de\" target=\"_blank\">Deutscher Mieterbund Mieterverein Rostock e.V.<\/a><\/h1><\/header><div class=\"entry-content\"><p>Interessenvertreter aller Mieter; Teilnehmer am Alternativen Wohngipfel <\/p>\n<p class=\"more-link\"><a href=\"http:\/\/www.mieterverein-rostock.de\" target=\"_blank\">http:\/\/www.mieterverein-rostock.de <span class=\"meta-nav\">&rarr;<\/span><\/a><\/p>\n<\/div><\/div><div class=\"clear\"><\/div><\/article><article id=\"post-9988\" class=\"tribe_organizer single-item has-thumbnail\"><div class=\"post-thumb\"><a href=\"https:\/\/mieterverein-stuttgart.de\" target=\"_blank\"><img loading=\"lazy\" decoding=\"async\" width=\"134\" height=\"160\" src=\"http:\/\/alternativer-wohngipfel.de\/2018\/wp-content\/uploads\/sites\/3\/2018\/09\/dmb-stuttgart.png\" class=\"attachment-medium size-medium wp-post-image\" alt=\"\" \/><\/a><\/div><div class=\"post-content\"><header class=\"entry-header\"><h1 class=\"post-title\"><a href=\"https:\/\/mieterverein-stuttgart.de\" target=\"_blank\">Deutscher Mieterbund Mieterverein Stuttgart<\/a><\/h1><\/header><div class=\"entry-content\"><p>Mieterberatung <\/p>\n<p class=\"more-link\"><a href=\"https:\/\/mieterverein-stuttgart.de\" target=\"_blank\">https:\/\/mieterverein-stuttgart.de <span class=\"meta-nav\">&rarr;<\/span><\/a><\/p>\n<\/div><\/div><div class=\"clear\"><\/div><\/article><article id=\"post-10443\" class=\"tribe_organizer single-item has-thumbnail\"><div class=\"post-thumb\"><a href=\"https:\/\/www.mieterbund-nrw.de\" target=\"_blank\"><img loading=\"lazy\" decoding=\"async\" width=\"300\" height=\"43\" src=\"http:\/\/alternativer-wohngipfel.de\/2018\/wp-content\/uploads\/sites\/3\/2018\/09\/dmb-nrw-logo-hks43-300x43.jpg\" class=\"attachment-medium size-medium wp-post-image\" alt=\"\" srcset=\"http:\/\/alternativer-wohngipfel.de\/2018\/wp-content\/uploads\/sites\/3\/2018\/09\/dmb-nrw-logo-hks43-300x43.jpg 300w, http:\/\/alternativer-wohngipfel.de\/2018\/wp-content\/uploads\/sites\/3\/2018\/09\/dmb-nrw-logo-hks43.jpg 517w\" sizes=\"auto, (max-width: 300px) 100vw, 300px\" \/><\/a><\/div><div class=\"post-content\"><header class=\"entry-header\"><h1 class=\"post-title\"><a href=\"https:\/\/www.mieterbund-nrw.de\" target=\"_blank\">Deutscher Mieterbund NRW e.V.<\/a><\/h1><\/header><div class=\"entry-content\"><p>Dachorganisation von 50 Mietervereinen und damit Interessenvertretung von rund 300.000 Mieterhaushalten in NRW <\/p>\n<p class=\"more-link\"><a href=\"https:\/\/www.mieterbund-nrw.de\" target=\"_blank\">https:\/\/www.mieterbund-nrw.de <span class=\"meta-nav\">&rarr;<\/span><\/a><\/p>\n<\/div><\/div><div class=\"clear\"><\/div><\/article><article id=\"post-10100\" class=\"tribe_organizer single-item has-thumbnail\"><div class=\"post-thumb\"><a href=\"http:\/\/www.doertmund-hellweg.dgb.de\" target=\"_blank\"><img loading=\"lazy\" decoding=\"async\" width=\"300\" height=\"238\" src=\"http:\/\/alternativer-wohngipfel.de\/2018\/wp-content\/uploads\/sites\/3\/2018\/08\/dgb-logo-300x238.png\" class=\"attachment-medium size-medium wp-post-image\" alt=\"\" srcset=\"http:\/\/alternativer-wohngipfel.de\/2018\/wp-content\/uploads\/sites\/3\/2018\/08\/dgb-logo-300x238.png 300w, http:\/\/alternativer-wohngipfel.de\/2018\/wp-content\/uploads\/sites\/3\/2018\/08\/dgb-logo-624x495.png 624w, http:\/\/alternativer-wohngipfel.de\/2018\/wp-content\/uploads\/sites\/3\/2018\/08\/dgb-logo.png 666w\" sizes=\"auto, (max-width: 300px) 100vw, 300px\" \/><\/a><\/div><div class=\"post-content\"><header class=\"entry-header\"><h1 class=\"post-title\"><a href=\"http:\/\/www.doertmund-hellweg.dgb.de\" target=\"_blank\">DGB Dortmund<\/a><\/h1><\/header><div class=\"entry-content\"><p>Vorstand des DGB in Dortmund <\/p>\n<p class=\"more-link\"><a href=\"http:\/\/www.doertmund-hellweg.dgb.de\" target=\"_blank\">http:\/\/www.doertmund-hellweg.dgb.de <span class=\"meta-nav\">&rarr;<\/span><\/a><\/p>\n<\/div><\/div><div class=\"clear\"><\/div><\/article><article id=\"post-10172\" class=\"tribe_organizer single-item has-thumbnail\"><div class=\"post-thumb\"><a href=\"http:\/\/www.diakonie-kkkleve.de\" target=\"_blank\"><img loading=\"lazy\" decoding=\"async\" width=\"300\" height=\"91\" src=\"http:\/\/alternativer-wohngipfel.de\/2018\/wp-content\/uploads\/sites\/3\/2018\/09\/logo-diakonie-kkkleve-2014-300x91.jpg\" class=\"attachment-medium size-medium wp-post-image\" alt=\"\" srcset=\"http:\/\/alternativer-wohngipfel.de\/2018\/wp-content\/uploads\/sites\/3\/2018\/09\/logo-diakonie-kkkleve-2014-300x91.jpg 300w, http:\/\/alternativer-wohngipfel.de\/2018\/wp-content\/uploads\/sites\/3\/2018\/09\/logo-diakonie-kkkleve-2014-768x233.jpg 768w, http:\/\/alternativer-wohngipfel.de\/2018\/wp-content\/uploads\/sites\/3\/2018\/09\/logo-diakonie-kkkleve-2014-1024x310.jpg 1024w, http:\/\/alternativer-wohngipfel.de\/2018\/wp-content\/uploads\/sites\/3\/2018\/09\/logo-diakonie-kkkleve-2014-624x189.jpg 624w\" sizes=\"auto, (max-width: 300px) 100vw, 300px\" \/><\/a><\/div><div class=\"post-content\"><header class=\"entry-header\"><h1 class=\"post-title\"><a href=\"http:\/\/www.diakonie-kkkleve.de\" target=\"_blank\">Diakonie im Kirchenkreis Kleve e.V.<\/a><\/h1><\/header><div class=\"entry-content\"><p>Fachberatungsstelle sowie Ambulant Betreutes Wohnen f\u00fcr Menschen in besonderen Lebenslagen gem. \u00a7\u00a7 67ff SGB XII <\/p>\n<p class=\"more-link\"><a href=\"http:\/\/www.diakonie-kkkleve.de\" target=\"_blank\">http:\/\/www.diakonie-kkkleve.de <span class=\"meta-nav\">&rarr;<\/span><\/a><\/p>\n<\/div><\/div><div class=\"clear\"><\/div><\/article><article id=\"post-10078\" class=\"tribe_organizer single-item has-thumbnail\"><div class=\"post-thumb\"><a href=\"http:\/\/dieanrainer.de\/\" target=\"_blank\"><img loading=\"lazy\" decoding=\"async\" width=\"160\" height=\"160\" src=\"http:\/\/alternativer-wohngipfel.de\/2018\/wp-content\/uploads\/sites\/3\/2018\/09\/fb-logo.png\" class=\"attachment-medium size-medium wp-post-image\" alt=\"\" srcset=\"http:\/\/alternativer-wohngipfel.de\/2018\/wp-content\/uploads\/sites\/3\/2018\/09\/fb-logo.png 160w, http:\/\/alternativer-wohngipfel.de\/2018\/wp-content\/uploads\/sites\/3\/2018\/09\/fb-logo-150x150.png 150w\" sizes=\"auto, (max-width: 160px) 100vw, 160px\" \/><\/a><\/div><div class=\"post-content\"><header class=\"entry-header\"><h1 class=\"post-title\"><a href=\"http:\/\/dieanrainer.de\/\" target=\"_blank\">Die Anrainer<\/a><\/h1><\/header><div class=\"entry-content\"><p>Initiative im Friedrichshainer S\u00fcdkiez <\/p>\n<p class=\"more-link\"><a href=\"http:\/\/dieanrainer.de\/\" target=\"_blank\">http:\/\/dieanrainer.de\/ <span class=\"meta-nav\">&rarr;<\/span><\/a><\/p>\n<\/div><\/div><div class=\"clear\"><\/div><\/article><article id=\"post-9644\" class=\"tribe_organizer single-item has-thumbnail\"><div class=\"post-thumb\"><a href=\"https:\/\/www.die-linke.de\" target=\"_blank\"><img loading=\"lazy\" decoding=\"async\" width=\"300\" height=\"90\" src=\"http:\/\/alternativer-wohngipfel.de\/2018\/wp-content\/uploads\/sites\/3\/2018\/08\/dielinke-rgb-300x90.jpg\" class=\"attachment-medium size-medium wp-post-image\" alt=\"\" srcset=\"http:\/\/alternativer-wohngipfel.de\/2018\/wp-content\/uploads\/sites\/3\/2018\/08\/dielinke-rgb-300x90.jpg 300w, http:\/\/alternativer-wohngipfel.de\/2018\/wp-content\/uploads\/sites\/3\/2018\/08\/dielinke-rgb-624x186.jpg 624w, http:\/\/alternativer-wohngipfel.de\/2018\/wp-content\/uploads\/sites\/3\/2018\/08\/dielinke-rgb.jpg 673w\" sizes=\"auto, (max-width: 300px) 100vw, 300px\" \/><\/a><\/div><div class=\"post-content\"><header class=\"entry-header\"><h1 class=\"post-title\"><a href=\"https:\/\/www.die-linke.de\" target=\"_blank\">Die Linke<\/a><\/h1><\/header><div class=\"entry-content\"><p>DIE LINKE <\/p>\n<p class=\"more-link\"><a href=\"https:\/\/www.die-linke.de\" target=\"_blank\">https:\/\/www.die-linke.de <span class=\"meta-nav\">&rarr;<\/span><\/a><\/p>\n<div class=\"event-list\"><h4>Veranstaltungen der Gruppe<\/h4><ul><li><a href=\"http:\/\/alternativer-wohngipfel.de\/2018\/aktionen\/bezahlbare-miete-statt-fetter-rendite\/\">1. January 1970: Bezahlbare Miete statt fetter Rendite!<\/a><\/li><li><a href=\"http:\/\/alternativer-wohngipfel.de\/2018\/aktionen\/neue-bundnisse-fur-bezahlbaren-wohnraum-mietenpolitischer-ratschlag\/\">1. January 1970: Neue B\u00fcndnisse f\u00fcr bezahlbaren Wohnraum - Mietenpolitischer Ratschlag<\/a><\/li><\/ul><\/div><\/div><\/div><div class=\"clear\"><\/div><\/article><article id=\"post-10109\" class=\"tribe_organizer single-item has-thumbnail\"><div class=\"post-thumb\"><a href=\"http:\/\/www.die-linke-nwm.de\" target=\"_blank\"><img loading=\"lazy\" decoding=\"async\" width=\"195\" height=\"154\" src=\"http:\/\/alternativer-wohngipfel.de\/2018\/wp-content\/uploads\/sites\/3\/2018\/09\/linkenwm.jpg\" class=\"attachment-medium size-medium wp-post-image\" alt=\"\" \/><\/a><\/div><div class=\"post-content\"><header class=\"entry-header\"><h1 class=\"post-title\"><a href=\"http:\/\/www.die-linke-nwm.de\" target=\"_blank\">DIE LINKE Nordwestmecklenburg<\/a><\/h1><\/header><div class=\"entry-content\"><p>Politische Partei DIE LINKE Kreisverband NWM <\/p>\n<p class=\"more-link\"><a href=\"http:\/\/www.die-linke-nwm.de\" target=\"_blank\">http:\/\/www.die-linke-nwm.de <span class=\"meta-nav\">&rarr;<\/span><\/a><\/p>\n<\/div><\/div><div class=\"clear\"><\/div><\/article><article id=\"post-10660\" class=\"tribe_organizer single-item has-thumbnail\"><div class=\"post-thumb\"><a href=\"https:\/\/dielinke-aachen.de\/\" target=\"_blank\"><img loading=\"lazy\" decoding=\"async\" width=\"300\" height=\"300\" src=\"http:\/\/alternativer-wohngipfel.de\/2018\/wp-content\/uploads\/sites\/3\/2018\/09\/die-linke-aachen-300x300.png\" class=\"attachment-medium size-medium wp-post-image\" alt=\"\" srcset=\"http:\/\/alternativer-wohngipfel.de\/2018\/wp-content\/uploads\/sites\/3\/2018\/09\/die-linke-aachen-300x300.png 300w, http:\/\/alternativer-wohngipfel.de\/2018\/wp-content\/uploads\/sites\/3\/2018\/09\/die-linke-aachen-150x150.png 150w, http:\/\/alternativer-wohngipfel.de\/2018\/wp-content\/uploads\/sites\/3\/2018\/09\/die-linke-aachen.png 400w\" sizes=\"auto, (max-width: 300px) 100vw, 300px\" \/><\/a><\/div><div class=\"post-content\"><header class=\"entry-header\"><h1 class=\"post-title\"><a href=\"https:\/\/dielinke-aachen.de\/\" target=\"_blank\">Die LINKE St\u00e4dteregion Aachen<\/a><\/h1><\/header><div class=\"entry-content\"><p>Kreisverband St\u00e4dteregion Aachen <\/p>\n<p class=\"more-link\"><a href=\"https:\/\/dielinke-aachen.de\/\" target=\"_blank\">https:\/\/dielinke-aachen.de\/ <span class=\"meta-nav\">&rarr;<\/span><\/a><\/p>\n<\/div><\/div><div class=\"clear\"><\/div><\/article><article id=\"post-9960\" class=\"tribe_organizer single-item has-thumbnail\"><div class=\"post-thumb\"><a href=\"https:\/\/dielinke.berlin\/nc\/start\/\" target=\"_blank\"><img loading=\"lazy\" decoding=\"async\" width=\"300\" height=\"110\" src=\"http:\/\/alternativer-wohngipfel.de\/2018\/wp-content\/uploads\/sites\/3\/2018\/09\/csm-linke-berlin-8c81318140-300x110.png\" class=\"attachment-medium size-medium wp-post-image\" alt=\"\" srcset=\"http:\/\/alternativer-wohngipfel.de\/2018\/wp-content\/uploads\/sites\/3\/2018\/09\/csm-linke-berlin-8c81318140-300x110.png 300w, http:\/\/alternativer-wohngipfel.de\/2018\/wp-content\/uploads\/sites\/3\/2018\/09\/csm-linke-berlin-8c81318140.png 600w\" sizes=\"auto, (max-width: 300px) 100vw, 300px\" \/><\/a><\/div><div class=\"post-content\"><header class=\"entry-header\"><h1 class=\"post-title\"><a href=\"https:\/\/dielinke.berlin\/nc\/start\/\" target=\"_blank\">DIE LINKE.Berlin<\/a><\/h1><\/header><div class=\"entry-content\"><p>Landesverband Berlin <\/p>\n<p class=\"more-link\"><a href=\"https:\/\/dielinke.berlin\/nc\/start\/\" target=\"_blank\">https:\/\/dielinke.berlin\/nc\/start\/ <span class=\"meta-nav\">&rarr;<\/span><\/a><\/p>\n<\/div><\/div><div class=\"clear\"><\/div><\/article><article id=\"post-10154\" class=\"tribe_organizer single-item has-thumbnail\"><div class=\"post-thumb\"><a href=\"http:\/\/www.mieterverein-leipzig.de\" target=\"_blank\"><img loading=\"lazy\" decoding=\"async\" width=\"300\" height=\"300\" src=\"http:\/\/alternativer-wohngipfel.de\/2018\/wp-content\/uploads\/sites\/3\/2018\/08\/dmb-deutscher-mieterbund-logo-quadrat-300x300.png\" class=\"attachment-medium size-medium wp-post-image\" alt=\"\" srcset=\"http:\/\/alternativer-wohngipfel.de\/2018\/wp-content\/uploads\/sites\/3\/2018\/08\/dmb-deutscher-mieterbund-logo-quadrat-300x300.png 300w, http:\/\/alternativer-wohngipfel.de\/2018\/wp-content\/uploads\/sites\/3\/2018\/08\/dmb-deutscher-mieterbund-logo-quadrat-150x150.png 150w, http:\/\/alternativer-wohngipfel.de\/2018\/wp-content\/uploads\/sites\/3\/2018\/08\/dmb-deutscher-mieterbund-logo-quadrat.png 544w\" sizes=\"auto, (max-width: 300px) 100vw, 300px\" \/><\/a><\/div><div class=\"post-content\"><header class=\"entry-header\"><h1 class=\"post-title\"><a href=\"http:\/\/www.mieterverein-leipzig.de\" target=\"_blank\">DMB &#8211; Mieterverein Leipzig e.V.<\/a><\/h1><\/header><div class=\"entry-content\"><p>Der Mieterverein Leipzig vertritt die Interessen der Mieter und setzt sich ein f\u00fcr eine soziale Wohnungspolitik und ein sozial ausgewogenes Mietrecht. <\/p>\n<p class=\"more-link\"><a href=\"http:\/\/www.mieterverein-leipzig.de\" target=\"_blank\">http:\/\/www.mieterverein-leipzig.de <span class=\"meta-nav\">&rarr;<\/span><\/a><\/p>\n<\/div><\/div><div class=\"clear\"><\/div><\/article><article id=\"post-9943\" class=\"tribe_organizer single-item has-thumbnail\"><div class=\"post-thumb\"><a href=\"http:\/\/www.drugstore-berlin.de\" target=\"_blank\"><img loading=\"lazy\" decoding=\"async\" width=\"200\" height=\"200\" src=\"http:\/\/alternativer-wohngipfel.de\/2018\/wp-content\/uploads\/sites\/3\/2018\/09\/13043732-787817718020849-3633040199693483960-n.png\" class=\"attachment-medium size-medium wp-post-image\" alt=\"\" srcset=\"http:\/\/alternativer-wohngipfel.de\/2018\/wp-content\/uploads\/sites\/3\/2018\/09\/13043732-787817718020849-3633040199693483960-n.png 200w, http:\/\/alternativer-wohngipfel.de\/2018\/wp-content\/uploads\/sites\/3\/2018\/09\/13043732-787817718020849-3633040199693483960-n-150x150.png 150w\" sizes=\"auto, (max-width: 200px) 100vw, 200px\" \/><\/a><\/div><div class=\"post-content\"><header class=\"entry-header\"><h1 class=\"post-title\"><a href=\"http:\/\/www.drugstore-berlin.de\" target=\"_blank\">Drugstore im ssb e.V.<\/a><\/h1><\/header><div class=\"entry-content\"><p>Selbstverwaltetes Jugendzentrum <\/p>\n<p class=\"more-link\"><a href=\"http:\/\/www.drugstore-berlin.de\" target=\"_blank\">http:\/\/www.drugstore-berlin.de <span class=\"meta-nav\">&rarr;<\/span><\/a><\/p>\n<\/div><\/div><div class=\"clear\"><\/div><\/article><article id=\"post-10701\" class=\"tribe_organizer single-item has-thumbnail\"><div class=\"post-thumb\"><a href=\"http:\/\/dziewuchyberlin.org\" target=\"_blank\"><img loading=\"lazy\" decoding=\"async\" width=\"300\" height=\"300\" src=\"http:\/\/alternativer-wohngipfel.de\/2018\/wp-content\/uploads\/sites\/3\/2018\/09\/ddlogo-300x300.jpg\" class=\"attachment-medium size-medium wp-post-image\" alt=\"\" srcset=\"http:\/\/alternativer-wohngipfel.de\/2018\/wp-content\/uploads\/sites\/3\/2018\/09\/ddlogo-300x300.jpg 300w, http:\/\/alternativer-wohngipfel.de\/2018\/wp-content\/uploads\/sites\/3\/2018\/09\/ddlogo-150x150.jpg 150w, http:\/\/alternativer-wohngipfel.de\/2018\/wp-content\/uploads\/sites\/3\/2018\/09\/ddlogo-768x768.jpg 768w, http:\/\/alternativer-wohngipfel.de\/2018\/wp-content\/uploads\/sites\/3\/2018\/09\/ddlogo-1024x1024.jpg 1024w, http:\/\/alternativer-wohngipfel.de\/2018\/wp-content\/uploads\/sites\/3\/2018\/09\/ddlogo-624x624.jpg 624w, http:\/\/alternativer-wohngipfel.de\/2018\/wp-content\/uploads\/sites\/3\/2018\/09\/ddlogo.jpg 1416w\" sizes=\"auto, (max-width: 300px) 100vw, 300px\" \/><\/a><\/div><div class=\"post-content\"><header class=\"entry-header\"><h1 class=\"post-title\"><a href=\"http:\/\/dziewuchyberlin.org\" target=\"_blank\">Dziewuchy Berlin<\/a><\/h1><\/header><div class=\"entry-content\"><p>(Polnische AktivistInnen Gruppe) <\/p>\n<p class=\"more-link\"><a href=\"http:\/\/dziewuchyberlin.org\" target=\"_blank\">http:\/\/dziewuchyberlin.org <span class=\"meta-nav\">&rarr;<\/span><\/a><\/p>\n<\/div><\/div><div class=\"clear\"><\/div><\/article><article id=\"post-9937\" class=\"tribe_organizer single-item has-thumbnail\"><div class=\"post-thumb\"><a href=\"https:\/\/monument-to-joy.org\" target=\"_blank\"><img loading=\"lazy\" decoding=\"async\" width=\"300\" height=\"298\" src=\"http:\/\/alternativer-wohngipfel.de\/2018\/wp-content\/uploads\/sites\/3\/2018\/09\/m2joy-300x298.png\" class=\"attachment-medium size-medium wp-post-image\" alt=\"\" srcset=\"http:\/\/alternativer-wohngipfel.de\/2018\/wp-content\/uploads\/sites\/3\/2018\/09\/m2joy-300x298.png 300w, http:\/\/alternativer-wohngipfel.de\/2018\/wp-content\/uploads\/sites\/3\/2018\/09\/m2joy-150x150.png 150w, http:\/\/alternativer-wohngipfel.de\/2018\/wp-content\/uploads\/sites\/3\/2018\/09\/m2joy.png 382w\" sizes=\"auto, (max-width: 300px) 100vw, 300px\" \/><\/a><\/div><div class=\"post-content\"><header class=\"entry-header\"><h1 class=\"post-title\"><a href=\"https:\/\/monument-to-joy.org\" target=\"_blank\">East Side Gallery &#8211; A Living Monument to Joy<\/a><\/h1><\/header><div class=\"entry-content\"><p>Der Ruf des Jahres 1989 war ein Ruf nach Frieden, Freiheit und wahrer Demokratie. Hieran m\u00fcssen wir uns erinnern (k\u00f6nnen)! Es ging um wesentlich mehr, als Wiedervereinigung. <\/p>\n<p class=\"more-link\"><a href=\"https:\/\/monument-to-joy.org\" target=\"_blank\">https:\/\/monument-to-joy.org <span class=\"meta-nav\">&rarr;<\/span><\/a><\/p>\n<\/div><\/div><div class=\"clear\"><\/div><\/article><article id=\"post-10398\" class=\"tribe_organizer single-item has-thumbnail\"><div class=\"post-thumb\"><a href=\"https:\/\/elwe.noblogs.org\" target=\"_blank\"><img loading=\"lazy\" decoding=\"async\" width=\"169\" height=\"300\" src=\"http:\/\/alternativer-wohngipfel.de\/2018\/wp-content\/uploads\/sites\/3\/2018\/09\/elwe-logo-169x300.jpg\" class=\"attachment-medium size-medium wp-post-image\" alt=\"\" srcset=\"http:\/\/alternativer-wohngipfel.de\/2018\/wp-content\/uploads\/sites\/3\/2018\/09\/elwe-logo-169x300.jpg 169w, http:\/\/alternativer-wohngipfel.de\/2018\/wp-content\/uploads\/sites\/3\/2018\/09\/elwe-logo-768x1362.jpg 768w, http:\/\/alternativer-wohngipfel.de\/2018\/wp-content\/uploads\/sites\/3\/2018\/09\/elwe-logo-577x1024.jpg 577w, http:\/\/alternativer-wohngipfel.de\/2018\/wp-content\/uploads\/sites\/3\/2018\/09\/elwe-logo-624x1106.jpg 624w, http:\/\/alternativer-wohngipfel.de\/2018\/wp-content\/uploads\/sites\/3\/2018\/09\/elwe-logo.jpg 798w\" sizes=\"auto, (max-width: 169px) 100vw, 169px\" \/><\/a><\/div><div class=\"post-content\"><header class=\"entry-header\"><h1 class=\"post-title\"><a href=\"https:\/\/elwe.noblogs.org\" target=\"_blank\">ElWe44<\/a><\/h1><\/header><div class=\"entry-content\"><p>bedrohte Hausgemeinschaft in Neuk\u00f6lln <\/p>\n<p class=\"more-link\"><a href=\"https:\/\/elwe.noblogs.org\" target=\"_blank\">https:\/\/elwe.noblogs.org <span class=\"meta-nav\">&rarr;<\/span><\/a><\/p>\n<\/div><\/div><div class=\"clear\"><\/div><\/article><article id=\"post-10645\" class=\"tribe_organizer single-item has-thumbnail\"><div class=\"post-thumb\"><a href=\"http:\/\/erfurtfueralle.de\" target=\"_blank\"><img loading=\"lazy\" decoding=\"async\" width=\"200\" height=\"200\" src=\"http:\/\/alternativer-wohngipfel.de\/2018\/wp-content\/uploads\/sites\/3\/2018\/09\/logo-schwarz-beschnitten-quadrat-transparent-600-medium.png\" class=\"attachment-medium size-medium wp-post-image\" alt=\"\" srcset=\"http:\/\/alternativer-wohngipfel.de\/2018\/wp-content\/uploads\/sites\/3\/2018\/09\/logo-schwarz-beschnitten-quadrat-transparent-600-medium.png 200w, http:\/\/alternativer-wohngipfel.de\/2018\/wp-content\/uploads\/sites\/3\/2018\/09\/logo-schwarz-beschnitten-quadrat-transparent-600-medium-150x150.png 150w\" sizes=\"auto, (max-width: 200px) 100vw, 200px\" \/><\/a><\/div><div class=\"post-content\"><header class=\"entry-header\"><h1 class=\"post-title\"><a href=\"http:\/\/erfurtfueralle.de\" target=\"_blank\">Erfurt f\u00fcr Alle!<\/a><\/h1><\/header><div class=\"entry-content\"><p>\u201eErfurt f\u00fcr alle!\u201c ist ein B\u00fcndnis, das sich f\u00fcr sozialvertr\u00e4gliche Mieten und eine soziale und solidarische Stadt f\u00fcr alle einsetzt. Daf\u00fcr starten wir Aktionen, organisieren Veranstaltungen und tragen unsere Ideen in die \u00d6ffentlichkeit. Die meisten von uns sind in Hausprojekten oder Hausprojektinitiativen aktiv. <\/p>\n<p class=\"more-link\"><a href=\"http:\/\/erfurtfueralle.de\" target=\"_blank\">http:\/\/erfurtfueralle.de <span class=\"meta-nav\">&rarr;<\/span><\/a><\/p>\n<\/div><\/div><div class=\"clear\"><\/div><\/article><article id=\"post-10464\" class=\"tribe_organizer single-item has-thumbnail\"><div class=\"post-thumb\"><a href=\"http:\/\/www.eselsalptraum.de\/?page_id=29\" target=\"_blank\"><img loading=\"lazy\" decoding=\"async\" width=\"200\" height=\"300\" src=\"http:\/\/alternativer-wohngipfel.de\/2018\/wp-content\/uploads\/sites\/3\/2018\/09\/img-2236-200x300.jpg\" class=\"attachment-medium size-medium wp-post-image\" alt=\"\" srcset=\"http:\/\/alternativer-wohngipfel.de\/2018\/wp-content\/uploads\/sites\/3\/2018\/09\/img-2236-200x300.jpg 200w, http:\/\/alternativer-wohngipfel.de\/2018\/wp-content\/uploads\/sites\/3\/2018\/09\/img-2236-768x1154.jpg 768w, http:\/\/alternativer-wohngipfel.de\/2018\/wp-content\/uploads\/sites\/3\/2018\/09\/img-2236-682x1024.jpg 682w, http:\/\/alternativer-wohngipfel.de\/2018\/wp-content\/uploads\/sites\/3\/2018\/09\/img-2236-624x937.jpg 624w, http:\/\/alternativer-wohngipfel.de\/2018\/wp-content\/uploads\/sites\/3\/2018\/09\/img-2236.jpg 1497w\" sizes=\"auto, (max-width: 200px) 100vw, 200px\" \/><\/a><\/div><div class=\"post-content\"><header class=\"entry-header\"><h1 class=\"post-title\"><a href=\"http:\/\/www.eselsalptraum.de\/?page_id=29\" target=\"_blank\">Esels Alptraum<\/a><\/h1><\/header><div class=\"entry-content\"><p>Antikapitalistisches Jodelduo<br \/>\nWir jodeln gegen hohe Mieten: <a href=\"https:\/\/www.youtube.com\/watch?v=5vfymJUgz4A\" target=\"_blank\" rel=\"noopener\">https:\/\/www.youtube.com\/watch?v=5vfymJUgz4A<\/a><br \/>\nGern auch bei Aktionen und Demos.<br \/>\nSolidarische Gr\u00fc\u00dfe! <\/p>\n<p class=\"more-link\"><a href=\"http:\/\/www.eselsalptraum.de\/?page_id=29\" target=\"_blank\">http:\/\/www.eselsalptraum.de\/?page_id=29 <span class=\"meta-nav\">&rarr;<\/span><\/a><\/p>\n<\/div><\/div><div class=\"clear\"><\/div><\/article><article id=\"post-10689\" class=\"tribe_organizer single-item has-thumbnail\"><div class=\"post-thumb\"><a href=\"http:\/\/www.experimentdays.de\" target=\"_blank\"><img loading=\"lazy\" decoding=\"async\" width=\"300\" height=\"300\" src=\"http:\/\/alternativer-wohngipfel.de\/2018\/wp-content\/uploads\/sites\/3\/2018\/09\/xdays17-facebook-logo1-300x300.jpg\" class=\"attachment-medium size-medium wp-post-image\" alt=\"\" srcset=\"http:\/\/alternativer-wohngipfel.de\/2018\/wp-content\/uploads\/sites\/3\/2018\/09\/xdays17-facebook-logo1-300x300.jpg 300w, http:\/\/alternativer-wohngipfel.de\/2018\/wp-content\/uploads\/sites\/3\/2018\/09\/xdays17-facebook-logo1-150x150.jpg 150w, http:\/\/alternativer-wohngipfel.de\/2018\/wp-content\/uploads\/sites\/3\/2018\/09\/xdays17-facebook-logo1-768x768.jpg 768w, http:\/\/alternativer-wohngipfel.de\/2018\/wp-content\/uploads\/sites\/3\/2018\/09\/xdays17-facebook-logo1-624x624.jpg 624w, http:\/\/alternativer-wohngipfel.de\/2018\/wp-content\/uploads\/sites\/3\/2018\/09\/xdays17-facebook-logo1.jpg 827w\" sizes=\"auto, (max-width: 300px) 100vw, 300px\" \/><\/a><\/div><div class=\"post-content\"><header class=\"entry-header\"><h1 class=\"post-title\"><a href=\"http:\/\/www.experimentdays.de\" target=\"_blank\">Experimentdays<\/a><\/h1><\/header><div class=\"entry-content\"><p>Die Netzwerkveranstaltung EXPERIMENTDAYS.18 l\u00e4dt in diesem Jahr unter dem Titel Kiez. Boden. Gemeingut. \/ Community. Land. Trust. Berliner*innen und ausw\u00e4rtige Akteur*innen ein, sich kennenzulernen, auszutauschen sowie rund um das Thema Stadt zu mobilisieren. <\/p>\n<p class=\"more-link\"><a href=\"http:\/\/www.experimentdays.de\" target=\"_blank\">http:\/\/www.experimentdays.de <span class=\"meta-nav\">&rarr;<\/span><\/a><\/p>\n<\/div><\/div><div class=\"clear\"><\/div><\/article><article id=\"post-9949\" class=\"tribe_organizer single-item has-thumbnail\"><div class=\"post-thumb\"><a href=\"https:\/\/www.exrotaprint.de\" target=\"_blank\"><img loading=\"lazy\" decoding=\"async\" width=\"300\" height=\"272\" src=\"http:\/\/alternativer-wohngipfel.de\/2018\/wp-content\/uploads\/sites\/3\/2018\/09\/logo-exrotaprint-ansichtschrift-klein-300x272.jpg\" class=\"attachment-medium size-medium wp-post-image\" alt=\"\" srcset=\"http:\/\/alternativer-wohngipfel.de\/2018\/wp-content\/uploads\/sites\/3\/2018\/09\/logo-exrotaprint-ansichtschrift-klein-300x272.jpg 300w, http:\/\/alternativer-wohngipfel.de\/2018\/wp-content\/uploads\/sites\/3\/2018\/09\/logo-exrotaprint-ansichtschrift-klein.jpg 591w\" sizes=\"auto, (max-width: 300px) 100vw, 300px\" \/><\/a><\/div><div class=\"post-content\"><header class=\"entry-header\"><h1 class=\"post-title\"><a href=\"https:\/\/www.exrotaprint.de\" target=\"_blank\">ExRotaprint gGmbH<\/a><\/h1><\/header><div class=\"entry-content\"><p>non-profit Immobilienentwicklung, Mieterprojekt <\/p>\n<p class=\"more-link\"><a href=\"https:\/\/www.exrotaprint.de\" target=\"_blank\">https:\/\/www.exrotaprint.de <span class=\"meta-nav\">&rarr;<\/span><\/a><\/p>\n<\/div><\/div><div class=\"clear\"><\/div><\/article><article id=\"post-10713\" class=\"tribe_organizer single-item has-thumbnail\"><div class=\"post-thumb\"><a href=\"http:\/\/www.feministischepartei.de\" target=\"_blank\"><img loading=\"lazy\" decoding=\"async\" width=\"212\" height=\"300\" src=\"http:\/\/alternativer-wohngipfel.de\/2018\/wp-content\/uploads\/sites\/3\/2018\/09\/logoa4mittel-1-212x300.jpeg\" class=\"attachment-medium size-medium wp-post-image\" alt=\"\" srcset=\"http:\/\/alternativer-wohngipfel.de\/2018\/wp-content\/uploads\/sites\/3\/2018\/09\/logoa4mittel-1-212x300.jpeg 212w, http:\/\/alternativer-wohngipfel.de\/2018\/wp-content\/uploads\/sites\/3\/2018\/09\/logoa4mittel-1-768x1085.jpeg 768w, http:\/\/alternativer-wohngipfel.de\/2018\/wp-content\/uploads\/sites\/3\/2018\/09\/logoa4mittel-1-725x1024.jpeg 725w, http:\/\/alternativer-wohngipfel.de\/2018\/wp-content\/uploads\/sites\/3\/2018\/09\/logoa4mittel-1-624x882.jpeg 624w, http:\/\/alternativer-wohngipfel.de\/2018\/wp-content\/uploads\/sites\/3\/2018\/09\/logoa4mittel-1.jpeg 1241w\" sizes=\"auto, (max-width: 212px) 100vw, 212px\" \/><\/a><\/div><div class=\"post-content\"><header class=\"entry-header\"><h1 class=\"post-title\"><a href=\"http:\/\/www.feministischepartei.de\" target=\"_blank\">Feministische Partei DIE FRAUEN, BUNDESMITFRAUENVERBAND<\/a><\/h1><\/header><div class=\"entry-content\"><p>Feminismus <\/p>\n<p class=\"more-link\"><a href=\"http:\/\/www.feministischepartei.de\" target=\"_blank\">http:\/\/www.feministischepartei.de <span class=\"meta-nav\">&rarr;<\/span><\/a><\/p>\n<\/div><\/div><div class=\"clear\"><\/div><\/article><article id=\"post-10686\" class=\"tribe_organizer single-item has-thumbnail\"><div class=\"post-thumb\"><a href=\"https:\/\/feministischeparteidiefrauenberlin.wordpress.com\/\" target=\"_blank\"><img loading=\"lazy\" decoding=\"async\" width=\"300\" height=\"300\" src=\"http:\/\/alternativer-wohngipfel.de\/2018\/wp-content\/uploads\/sites\/3\/2018\/08\/link-button-300x300.png\" class=\"attachment-medium size-medium wp-post-image\" alt=\"\" srcset=\"http:\/\/alternativer-wohngipfel.de\/2018\/wp-content\/uploads\/sites\/3\/2018\/08\/link-button-300x300.png 300w, http:\/\/alternativer-wohngipfel.de\/2018\/wp-content\/uploads\/sites\/3\/2018\/08\/link-button-150x150.png 150w, http:\/\/alternativer-wohngipfel.de\/2018\/wp-content\/uploads\/sites\/3\/2018\/08\/link-button.png 400w\" sizes=\"auto, (max-width: 300px) 100vw, 300px\" \/><\/a><\/div><div class=\"post-content\"><header class=\"entry-header\"><h1 class=\"post-title\"><a href=\"https:\/\/feministischeparteidiefrauenberlin.wordpress.com\/\" target=\"_blank\">Feministische Partei DIE FRAUEN, Landesmitfrauenverband Berlin<\/a><\/h1><\/header><div class=\"entry-content\"><p>Die Feministische Partei DIE FRAUEN wurde 1995 gegr\u00fcndet, um Frauen ihr eigenes Sprachrohr und ein Mittel zur kontinuierlichen politsichen Durchsetzung ihrer Interessen zu geben. Unser Ziel ist eine ganzheitliche Politik f\u00fcr Selbstbestimmung, Gewaltfreiheit und lebensdienliches Wirtschaften. <\/p>\n<p class=\"more-link\"><a href=\"https:\/\/feministischeparteidiefrauenberlin.wordpress.com\/\" target=\"_blank\">https:\/\/feministischeparteidiefrauenberlin.wordpress.com\/ <span class=\"meta-nav\">&rarr;<\/span><\/a><\/p>\n<\/div><\/div><div class=\"clear\"><\/div><\/article><article id=\"post-10373\" class=\"tribe_organizer single-item has-thumbnail\"><div class=\"post-thumb\"><a href=\"http:\/\/www.didf.de\" target=\"_blank\"><img loading=\"lazy\" decoding=\"async\" width=\"300\" height=\"278\" src=\"http:\/\/alternativer-wohngipfel.de\/2018\/wp-content\/uploads\/sites\/3\/2018\/09\/didflogo-kopie-300x278.jpg\" class=\"attachment-medium size-medium wp-post-image\" alt=\"\" srcset=\"http:\/\/alternativer-wohngipfel.de\/2018\/wp-content\/uploads\/sites\/3\/2018\/09\/didflogo-kopie-300x278.jpg 300w, http:\/\/alternativer-wohngipfel.de\/2018\/wp-content\/uploads\/sites\/3\/2018\/09\/didflogo-kopie.jpg 508w\" sizes=\"auto, (max-width: 300px) 100vw, 300px\" \/><\/a><\/div><div class=\"post-content\"><header class=\"entry-header\"><h1 class=\"post-title\"><a href=\"http:\/\/www.didf.de\" target=\"_blank\">F\u00f6deration der Demokratischen Arbeitervereine (DIDF)<\/a><\/h1><\/header><div class=\"entry-content\"><p>Migrantenselbstorgansation <\/p>\n<p class=\"more-link\"><a href=\"http:\/\/www.didf.de\" target=\"_blank\">http:\/\/www.didf.de <span class=\"meta-nav\">&rarr;<\/span><\/a><\/p>\n<\/div><\/div><div class=\"clear\"><\/div><\/article><article id=\"post-9951\" class=\"tribe_organizer single-item has-thumbnail\"><div class=\"post-thumb\"><a href=\"http:\/\/www.platzhaus-helmholtzplatz.de\" target=\"_blank\"><img loading=\"lazy\" decoding=\"async\" width=\"300\" height=\"300\" src=\"http:\/\/alternativer-wohngipfel.de\/2018\/wp-content\/uploads\/sites\/3\/2018\/09\/widerstand-helmiland-quadrat-300x300.jpg\" class=\"attachment-medium size-medium wp-post-image\" alt=\"\" srcset=\"http:\/\/alternativer-wohngipfel.de\/2018\/wp-content\/uploads\/sites\/3\/2018\/09\/widerstand-helmiland-quadrat-300x300.jpg 300w, http:\/\/alternativer-wohngipfel.de\/2018\/wp-content\/uploads\/sites\/3\/2018\/09\/widerstand-helmiland-quadrat-150x150.jpg 150w, http:\/\/alternativer-wohngipfel.de\/2018\/wp-content\/uploads\/sites\/3\/2018\/09\/widerstand-helmiland-quadrat-768x768.jpg 768w, http:\/\/alternativer-wohngipfel.de\/2018\/wp-content\/uploads\/sites\/3\/2018\/09\/widerstand-helmiland-quadrat-1024x1024.jpg 1024w, http:\/\/alternativer-wohngipfel.de\/2018\/wp-content\/uploads\/sites\/3\/2018\/09\/widerstand-helmiland-quadrat-624x624.jpg 624w\" sizes=\"auto, (max-width: 300px) 100vw, 300px\" \/><\/a><\/div><div class=\"post-content\"><header class=\"entry-header\"><h1 class=\"post-title\"><a href=\"http:\/\/www.platzhaus-helmholtzplatz.de\" target=\"_blank\">F\u00f6rderverein Helmholtzplatz e.V.<\/a><\/h1><\/header><div class=\"entry-content\"><p>Nachbarschaftshaus Helmholtzplatz <\/p>\n<p class=\"more-link\"><a href=\"http:\/\/www.platzhaus-helmholtzplatz.de\" target=\"_blank\">http:\/\/www.platzhaus-helmholtzplatz.de <span class=\"meta-nav\">&rarr;<\/span><\/a><\/p>\n<\/div><\/div><div class=\"clear\"><\/div><\/article><article id=\"post-10353\" class=\"tribe_organizer single-item has-thumbnail\"><div class=\"post-thumb\"><a href=\"https:\/\/www.linksfraktion.de\" target=\"_blank\"><img loading=\"lazy\" decoding=\"async\" width=\"300\" height=\"114\" src=\"http:\/\/alternativer-wohngipfel.de\/2018\/wp-content\/uploads\/sites\/3\/2018\/09\/linksfraktion-logo-300x114.png\" class=\"attachment-medium size-medium wp-post-image\" alt=\"\" srcset=\"http:\/\/alternativer-wohngipfel.de\/2018\/wp-content\/uploads\/sites\/3\/2018\/09\/linksfraktion-logo-300x114.png 300w, http:\/\/alternativer-wohngipfel.de\/2018\/wp-content\/uploads\/sites\/3\/2018\/09\/linksfraktion-logo-768x291.png 768w, http:\/\/alternativer-wohngipfel.de\/2018\/wp-content\/uploads\/sites\/3\/2018\/09\/linksfraktion-logo-1024x388.png 1024w, http:\/\/alternativer-wohngipfel.de\/2018\/wp-content\/uploads\/sites\/3\/2018\/09\/linksfraktion-logo-624x237.png 624w\" sizes=\"auto, (max-width: 300px) 100vw, 300px\" \/><\/a><\/div><div class=\"post-content\"><header class=\"entry-header\"><h1 class=\"post-title\"><a href=\"https:\/\/www.linksfraktion.de\" target=\"_blank\">Fraktion DIE LINKE. im Bundestag<\/a><\/h1><\/header><div class=\"entry-content\"><p>Bundestagsfraktion der Partei DIE LINKE. <\/p>\n<p class=\"more-link\"><a href=\"https:\/\/www.linksfraktion.de\" target=\"_blank\">https:\/\/www.linksfraktion.de <span class=\"meta-nav\">&rarr;<\/span><\/a><\/p>\n<\/div><\/div><div class=\"clear\"><\/div><\/article><article id=\"post-10504\" class=\"tribe_organizer single-item has-thumbnail\"><div class=\"post-thumb\"><a href=\"http:\/\/www.stadt.linksfraktion-hi.de\" target=\"_blank\"><img loading=\"lazy\" decoding=\"async\" width=\"300\" height=\"300\" src=\"http:\/\/alternativer-wohngipfel.de\/2018\/wp-content\/uploads\/sites\/3\/2018\/09\/linkestadtlogoquad-300x300.png\" class=\"attachment-medium size-medium wp-post-image\" alt=\"\" srcset=\"http:\/\/alternativer-wohngipfel.de\/2018\/wp-content\/uploads\/sites\/3\/2018\/09\/linkestadtlogoquad-300x300.png 300w, http:\/\/alternativer-wohngipfel.de\/2018\/wp-content\/uploads\/sites\/3\/2018\/09\/linkestadtlogoquad-150x150.png 150w, http:\/\/alternativer-wohngipfel.de\/2018\/wp-content\/uploads\/sites\/3\/2018\/09\/linkestadtlogoquad.png 386w\" sizes=\"auto, (max-width: 300px) 100vw, 300px\" \/><\/a><\/div><div class=\"post-content\"><header class=\"entry-header\"><h1 class=\"post-title\"><a href=\"http:\/\/www.stadt.linksfraktion-hi.de\" target=\"_blank\">Fraktion DIE LINKE. im Stadtrat Hildesheim<\/a><\/h1><\/header><div class=\"entry-content\"><p>Wir k\u00e4mpfen vor Ort f\u00fcr bezahlbare Wohnungen und gegen Mieterh\u00f6hungen! <\/p>\n<p class=\"more-link\"><a href=\"http:\/\/www.stadt.linksfraktion-hi.de\" target=\"_blank\">http:\/\/www.stadt.linksfraktion-hi.de <span class=\"meta-nav\">&rarr;<\/span><\/a><\/p>\n<\/div><\/div><div class=\"clear\"><\/div><\/article><article id=\"post-10160\" class=\"tribe_organizer single-item has-thumbnail\"><div class=\"post-thumb\"><a href=\"http:\/\/www.frauenforum-unna.de\" target=\"_blank\"><img loading=\"lazy\" decoding=\"async\" width=\"300\" height=\"160\" src=\"http:\/\/alternativer-wohngipfel.de\/2018\/wp-content\/uploads\/sites\/3\/2018\/09\/logo-frauenforum-300x160.png\" class=\"attachment-medium size-medium wp-post-image\" alt=\"\" srcset=\"http:\/\/alternativer-wohngipfel.de\/2018\/wp-content\/uploads\/sites\/3\/2018\/09\/logo-frauenforum-300x160.png 300w, http:\/\/alternativer-wohngipfel.de\/2018\/wp-content\/uploads\/sites\/3\/2018\/09\/logo-frauenforum-768x410.png 768w, http:\/\/alternativer-wohngipfel.de\/2018\/wp-content\/uploads\/sites\/3\/2018\/09\/logo-frauenforum-1024x547.png 1024w, http:\/\/alternativer-wohngipfel.de\/2018\/wp-content\/uploads\/sites\/3\/2018\/09\/logo-frauenforum-624x333.png 624w, http:\/\/alternativer-wohngipfel.de\/2018\/wp-content\/uploads\/sites\/3\/2018\/09\/logo-frauenforum.png 1417w\" sizes=\"auto, (max-width: 300px) 100vw, 300px\" \/><\/a><\/div><div class=\"post-content\"><header class=\"entry-header\"><h1 class=\"post-title\"><a href=\"http:\/\/www.frauenforum-unna.de\" target=\"_blank\">Frauenforum im Kreis Unna e.V.<\/a><\/h1><\/header><div class=\"entry-content\"><p>gemeinn\u00fctziger Tr\u00e4ger mit Frauen- und M\u00e4dchenberatungsstelle, Frauenhaus, \u00dcbernachtungsstelle &amp; teilstation\u00e4res Angebot f\u00fcr wohnungslose bzw. von Wohnungslosigkeit bedrohte Frauen <\/p>\n<p class=\"more-link\"><a href=\"http:\/\/www.frauenforum-unna.de\" target=\"_blank\">http:\/\/www.frauenforum-unna.de <span class=\"meta-nav\">&rarr;<\/span><\/a><\/p>\n<\/div><\/div><div class=\"clear\"><\/div><\/article><article id=\"post-10574\" class=\"tribe_organizer single-item has-thumbnail\"><div class=\"post-thumb\"><a href=\"http:\/\/www.fzs.de\" target=\"_blank\"><img loading=\"lazy\" decoding=\"async\" width=\"300\" height=\"165\" src=\"http:\/\/alternativer-wohngipfel.de\/2018\/wp-content\/uploads\/sites\/3\/2018\/09\/fzs-logo-rechteckiger-300x165.png\" class=\"attachment-medium size-medium wp-post-image\" alt=\"\" srcset=\"http:\/\/alternativer-wohngipfel.de\/2018\/wp-content\/uploads\/sites\/3\/2018\/09\/fzs-logo-rechteckiger-300x165.png 300w, http:\/\/alternativer-wohngipfel.de\/2018\/wp-content\/uploads\/sites\/3\/2018\/09\/fzs-logo-rechteckiger.png 583w\" sizes=\"auto, (max-width: 300px) 100vw, 300px\" \/><\/a><\/div><div class=\"post-content\"><header class=\"entry-header\"><h1 class=\"post-title\"><a href=\"http:\/\/www.fzs.de\" target=\"_blank\">freier zusammenschluss von student*innenschaften<\/a><\/h1><\/header><div class=\"entry-content\"><p>bundesweite Studierendenvertretung <\/p>\n<p class=\"more-link\"><a href=\"http:\/\/www.fzs.de\" target=\"_blank\">http:\/\/www.fzs.de <span class=\"meta-nav\">&rarr;<\/span><\/a><\/p>\n<\/div><\/div><div class=\"clear\"><\/div><\/article><article id=\"post-10928\" class=\"tribe_organizer single-item has-thumbnail\"><div class=\"post-thumb\"><a href=\"https:\/\/www.freiland-potsdam.de\" target=\"_blank\"><img loading=\"lazy\" decoding=\"async\" width=\"300\" height=\"300\" src=\"http:\/\/alternativer-wohngipfel.de\/2018\/wp-content\/uploads\/sites\/3\/2018\/09\/7cc41e0328e109077267d637a24cae37a1180408-300x300.jpg\" class=\"attachment-medium size-medium wp-post-image\" alt=\"\" srcset=\"http:\/\/alternativer-wohngipfel.de\/2018\/wp-content\/uploads\/sites\/3\/2018\/09\/7cc41e0328e109077267d637a24cae37a1180408-300x300.jpg 300w, http:\/\/alternativer-wohngipfel.de\/2018\/wp-content\/uploads\/sites\/3\/2018\/09\/7cc41e0328e109077267d637a24cae37a1180408-150x150.jpg 150w, http:\/\/alternativer-wohngipfel.de\/2018\/wp-content\/uploads\/sites\/3\/2018\/09\/7cc41e0328e109077267d637a24cae37a1180408-768x768.jpg 768w, http:\/\/alternativer-wohngipfel.de\/2018\/wp-content\/uploads\/sites\/3\/2018\/09\/7cc41e0328e109077267d637a24cae37a1180408-624x624.jpg 624w, http:\/\/alternativer-wohngipfel.de\/2018\/wp-content\/uploads\/sites\/3\/2018\/09\/7cc41e0328e109077267d637a24cae37a1180408.jpg 796w\" sizes=\"auto, (max-width: 300px) 100vw, 300px\" \/><\/a><\/div><div class=\"post-content\"><header class=\"entry-header\"><h1 class=\"post-title\"><a href=\"https:\/\/www.freiland-potsdam.de\" target=\"_blank\">freiLand Potsdam (Plenum der Nutzer*innen)<\/a><\/h1><\/header><div class=\"entry-content\"><p>selbst verwaltetes kulturzentrum und spielwiese <\/p>\n<p class=\"more-link\"><a href=\"https:\/\/www.freiland-potsdam.de\" target=\"_blank\">https:\/\/www.freiland-potsdam.de <span class=\"meta-nav\">&rarr;<\/span><\/a><\/p>\n<\/div><\/div><div class=\"clear\"><\/div><\/article><article id=\"post-10657\" class=\"tribe_organizer single-item has-thumbnail\"><div class=\"post-thumb\"><a href=\"https:\/\/wohnungslos.info\/\" target=\"_blank\"><img loading=\"lazy\" decoding=\"async\" width=\"300\" height=\"300\" src=\"http:\/\/alternativer-wohngipfel.de\/2018\/wp-content\/uploads\/sites\/3\/2018\/08\/link-button-300x300.png\" class=\"attachment-medium size-medium wp-post-image\" alt=\"\" srcset=\"http:\/\/alternativer-wohngipfel.de\/2018\/wp-content\/uploads\/sites\/3\/2018\/08\/link-button-300x300.png 300w, http:\/\/alternativer-wohngipfel.de\/2018\/wp-content\/uploads\/sites\/3\/2018\/08\/link-button-150x150.png 150w, http:\/\/alternativer-wohngipfel.de\/2018\/wp-content\/uploads\/sites\/3\/2018\/08\/link-button.png 400w\" sizes=\"auto, (max-width: 300px) 100vw, 300px\" \/><\/a><\/div><div class=\"post-content\"><header class=\"entry-header\"><h1 class=\"post-title\"><a href=\"https:\/\/wohnungslos.info\/\" target=\"_blank\">Freist\u00e4tter Online Zeitung<\/a><\/h1><\/header><div class=\"entry-content\"><p>Einziges von Wohnungslosen selbstverwaltetes Pressemedium Deutschlands <\/p>\n<p class=\"more-link\"><a href=\"https:\/\/wohnungslos.info\/\" target=\"_blank\">https:\/\/wohnungslos.info\/ <span class=\"meta-nav\">&rarr;<\/span><\/a><\/p>\n<\/div><\/div><div class=\"clear\"><\/div><\/article><article id=\"post-10144\" class=\"tribe_organizer single-item has-thumbnail\"><div class=\"post-thumb\"><a href=\"https:\/\/www.facebook.com\/gottwaldgaby\/\" target=\"_blank\"><img loading=\"lazy\" decoding=\"async\" width=\"300\" height=\"300\" src=\"http:\/\/alternativer-wohngipfel.de\/2018\/wp-content\/uploads\/sites\/3\/2018\/09\/gottwald-quadrat-300x300.jpg\" class=\"attachment-medium size-medium wp-post-image\" alt=\"\" srcset=\"http:\/\/alternativer-wohngipfel.de\/2018\/wp-content\/uploads\/sites\/3\/2018\/09\/gottwald-quadrat-300x300.jpg 300w, http:\/\/alternativer-wohngipfel.de\/2018\/wp-content\/uploads\/sites\/3\/2018\/09\/gottwald-quadrat-150x150.jpg 150w, http:\/\/alternativer-wohngipfel.de\/2018\/wp-content\/uploads\/sites\/3\/2018\/09\/gottwald-quadrat.jpg 422w\" sizes=\"auto, (max-width: 300px) 100vw, 300px\" \/><\/a><\/div><div class=\"post-content\"><header class=\"entry-header\"><h1 class=\"post-title\"><a href=\"https:\/\/www.facebook.com\/gottwaldgaby\/\" target=\"_blank\">Gaby Gottwald (MdA)<\/a><\/h1><\/header><div class=\"entry-content\"><p>Linksfraktion Berlin. Mitglied des Berliner Abgeordnetenhauses. <\/p>\n<p class=\"more-link\"><a href=\"https:\/\/www.facebook.com\/gottwaldgaby\/\" target=\"_blank\">https:\/\/www.facebook.com\/gottwaldgaby\/ <span class=\"meta-nav\">&rarr;<\/span><\/a><\/p>\n<\/div><\/div><div class=\"clear\"><\/div><\/article><article id=\"post-10448\" class=\"tribe_organizer single-item has-thumbnail\"><div class=\"post-thumb\"><a href=\"http:\/\/www.gebewo.de\" target=\"_blank\"><img loading=\"lazy\" decoding=\"async\" width=\"300\" height=\"98\" src=\"http:\/\/alternativer-wohngipfel.de\/2018\/wp-content\/uploads\/sites\/3\/2018\/09\/gebewo-logo-300x98.jpg\" class=\"attachment-medium size-medium wp-post-image\" alt=\"\" srcset=\"http:\/\/alternativer-wohngipfel.de\/2018\/wp-content\/uploads\/sites\/3\/2018\/09\/gebewo-logo-300x98.jpg 300w, http:\/\/alternativer-wohngipfel.de\/2018\/wp-content\/uploads\/sites\/3\/2018\/09\/gebewo-logo-768x250.jpg 768w, http:\/\/alternativer-wohngipfel.de\/2018\/wp-content\/uploads\/sites\/3\/2018\/09\/gebewo-logo-1024x333.jpg 1024w, http:\/\/alternativer-wohngipfel.de\/2018\/wp-content\/uploads\/sites\/3\/2018\/09\/gebewo-logo-624x203.jpg 624w\" sizes=\"auto, (max-width: 300px) 100vw, 300px\" \/><\/a><\/div><div class=\"post-content\"><header class=\"entry-header\"><h1 class=\"post-title\"><a href=\"http:\/\/www.gebewo.de\" target=\"_blank\">GEBEWO &#8211; Soziale Dienste &#8211; Berlin gGmbH<\/a><\/h1><\/header><div class=\"entry-content\"><p>Tr\u00e4ger der Wohnungsnotfallhilfe in Berlin <\/p>\n<p class=\"more-link\"><a href=\"http:\/\/www.gebewo.de\" target=\"_blank\">http:\/\/www.gebewo.de <span class=\"meta-nav\">&rarr;<\/span><\/a><\/p>\n<\/div><\/div><div class=\"clear\"><\/div><\/article><article id=\"post-10450\" class=\"tribe_organizer single-item has-thumbnail\"><div class=\"post-thumb\"><a href=\"http:\/\/www.gebewo-pro.de\" target=\"_blank\"><img loading=\"lazy\" decoding=\"async\" width=\"300\" height=\"105\" src=\"http:\/\/alternativer-wohngipfel.de\/2018\/wp-content\/uploads\/sites\/3\/2018\/09\/gebewo-pro-logo-300x105.jpg\" class=\"attachment-medium size-medium wp-post-image\" alt=\"\" srcset=\"http:\/\/alternativer-wohngipfel.de\/2018\/wp-content\/uploads\/sites\/3\/2018\/09\/gebewo-pro-logo-300x105.jpg 300w, http:\/\/alternativer-wohngipfel.de\/2018\/wp-content\/uploads\/sites\/3\/2018\/09\/gebewo-pro-logo-768x268.jpg 768w, http:\/\/alternativer-wohngipfel.de\/2018\/wp-content\/uploads\/sites\/3\/2018\/09\/gebewo-pro-logo-1024x357.jpg 1024w, http:\/\/alternativer-wohngipfel.de\/2018\/wp-content\/uploads\/sites\/3\/2018\/09\/gebewo-pro-logo-624x217.jpg 624w, http:\/\/alternativer-wohngipfel.de\/2018\/wp-content\/uploads\/sites\/3\/2018\/09\/gebewo-pro-logo.jpg 1228w\" sizes=\"auto, (max-width: 300px) 100vw, 300px\" \/><\/a><\/div><div class=\"post-content\"><header class=\"entry-header\"><h1 class=\"post-title\"><a href=\"http:\/\/www.gebewo-pro.de\" target=\"_blank\">GEBEWO pro gGmbH<\/a><\/h1><\/header><div class=\"entry-content\"><p>Berliner Wohnungslosenhilfe <\/p>\n<p class=\"more-link\"><a href=\"http:\/\/www.gebewo-pro.de\" target=\"_blank\">http:\/\/www.gebewo-pro.de <span class=\"meta-nav\">&rarr;<\/span><\/a><\/p>\n<\/div><\/div><div class=\"clear\"><\/div><\/article><article id=\"post-10356\" class=\"tribe_organizer single-item has-thumbnail\"><div class=\"post-thumb\"><a href=\"http:\/\/www.berlin.gwoe.net\" target=\"_blank\"><img loading=\"lazy\" decoding=\"async\" width=\"300\" height=\"207\" src=\"http:\/\/alternativer-wohngipfel.de\/2018\/wp-content\/uploads\/sites\/3\/2018\/09\/logo-gwoe-berlin2016-300x207.jpg\" class=\"attachment-medium size-medium wp-post-image\" alt=\"\" srcset=\"http:\/\/alternativer-wohngipfel.de\/2018\/wp-content\/uploads\/sites\/3\/2018\/09\/logo-gwoe-berlin2016-300x207.jpg 300w, http:\/\/alternativer-wohngipfel.de\/2018\/wp-content\/uploads\/sites\/3\/2018\/09\/logo-gwoe-berlin2016.jpg 336w\" sizes=\"auto, (max-width: 300px) 100vw, 300px\" \/><\/a><\/div><div class=\"post-content\"><header class=\"entry-header\"><h1 class=\"post-title\"><a href=\"http:\/\/www.berlin.gwoe.net\" target=\"_blank\">Gemeinwohl-\u00d6konomie Berlin Brandenburg e.V.<\/a><\/h1><\/header><div class=\"entry-content\"><p>Zum Gemeinwohl in einer Wirtschaft geh\u00f6rt auch, dass es bezahlbaren Wohnraum f\u00fcr Menschen aller Einkommensgruppen gibt. <\/p>\n<p class=\"more-link\"><a href=\"http:\/\/www.berlin.gwoe.net\" target=\"_blank\">http:\/\/www.berlin.gwoe.net <span class=\"meta-nav\">&rarr;<\/span><\/a><\/p>\n<\/div><\/div><div class=\"clear\"><\/div><\/article><article id=\"post-10089\" class=\"tribe_organizer single-item has-thumbnail\"><div class=\"post-thumb\"><a href=\"http:\/\/www.geko-berlin.de\" target=\"_blank\"><img loading=\"lazy\" decoding=\"async\" width=\"300\" height=\"212\" src=\"http:\/\/alternativer-wohngipfel.de\/2018\/wp-content\/uploads\/sites\/3\/2018\/09\/geko-logo-300x212.jpg\" class=\"attachment-medium size-medium wp-post-image\" alt=\"\" srcset=\"http:\/\/alternativer-wohngipfel.de\/2018\/wp-content\/uploads\/sites\/3\/2018\/09\/geko-logo-300x212.jpg 300w, http:\/\/alternativer-wohngipfel.de\/2018\/wp-content\/uploads\/sites\/3\/2018\/09\/geko-logo-768x543.jpg 768w, http:\/\/alternativer-wohngipfel.de\/2018\/wp-content\/uploads\/sites\/3\/2018\/09\/geko-logo-1024x724.jpg 1024w, http:\/\/alternativer-wohngipfel.de\/2018\/wp-content\/uploads\/sites\/3\/2018\/09\/geko-logo-624x441.jpg 624w\" sizes=\"auto, (max-width: 300px) 100vw, 300px\" \/><\/a><\/div><div class=\"post-content\"><header class=\"entry-header\"><h1 class=\"post-title\"><a href=\"http:\/\/www.geko-berlin.de\" target=\"_blank\">Gesundheitskollektiv Berlin<\/a><\/h1><\/header><div class=\"entry-content\"><p>Aufbau eines stadtteilorientierten, beteiligungsoffenen Gesundheits-und Sozialzentrum in Neuk\u00f6lln <\/p>\n<p class=\"more-link\"><a href=\"http:\/\/www.geko-berlin.de\" target=\"_blank\">http:\/\/www.geko-berlin.de <span class=\"meta-nav\">&rarr;<\/span><\/a><\/p>\n<\/div><\/div><div class=\"clear\"><\/div><\/article><article id=\"post-9939\" class=\"tribe_organizer single-item has-thumbnail\"><div class=\"post-thumb\"><a href=\"http:\/\/www.gloreiche.de\" target=\"_blank\"><img loading=\"lazy\" decoding=\"async\" width=\"300\" height=\"300\" src=\"http:\/\/alternativer-wohngipfel.de\/2018\/wp-content\/uploads\/sites\/3\/2018\/09\/filou-sticker-300x300.jpg\" class=\"attachment-medium size-medium wp-post-image\" alt=\"\" srcset=\"http:\/\/alternativer-wohngipfel.de\/2018\/wp-content\/uploads\/sites\/3\/2018\/09\/filou-sticker-300x300.jpg 300w, http:\/\/alternativer-wohngipfel.de\/2018\/wp-content\/uploads\/sites\/3\/2018\/09\/filou-sticker-150x150.jpg 150w, http:\/\/alternativer-wohngipfel.de\/2018\/wp-content\/uploads\/sites\/3\/2018\/09\/filou-sticker-768x768.jpg 768w, http:\/\/alternativer-wohngipfel.de\/2018\/wp-content\/uploads\/sites\/3\/2018\/09\/filou-sticker-624x624.jpg 624w, http:\/\/alternativer-wohngipfel.de\/2018\/wp-content\/uploads\/sites\/3\/2018\/09\/filou-sticker.jpg 827w\" sizes=\"auto, (max-width: 300px) 100vw, 300px\" \/><\/a><\/div><div class=\"post-content\"><header class=\"entry-header\"><h1 class=\"post-title\"><a href=\"http:\/\/www.gloreiche.de\" target=\"_blank\">GloReiche Nachbarschaft<\/a><\/h1><\/header><div class=\"entry-content\"><p>F\u00fcr eine soziale Stadt und gegen Verdr\u00e4ngung von Anwohner*innen &amp; Kleingewerbe. Damit die Berliner Mischung bleibt. <\/p>\n<p class=\"more-link\"><a href=\"http:\/\/www.gloreiche.de\" target=\"_blank\">http:\/\/www.gloreiche.de <span class=\"meta-nav\">&rarr;<\/span><\/a><\/p>\n<\/div><\/div><div class=\"clear\"><\/div><\/article><article id=\"post-10575\" class=\"tribe_organizer single-item has-thumbnail\"><div class=\"post-thumb\"><a href=\"https:\/\/groni50.org\" target=\"_blank\"><img loading=\"lazy\" decoding=\"async\" width=\"300\" height=\"300\" src=\"http:\/\/alternativer-wohngipfel.de\/2018\/wp-content\/uploads\/sites\/3\/2018\/08\/link-button-300x300.png\" class=\"attachment-medium size-medium wp-post-image\" alt=\"\" srcset=\"http:\/\/alternativer-wohngipfel.de\/2018\/wp-content\/uploads\/sites\/3\/2018\/08\/link-button-300x300.png 300w, http:\/\/alternativer-wohngipfel.de\/2018\/wp-content\/uploads\/sites\/3\/2018\/08\/link-button-150x150.png 150w, http:\/\/alternativer-wohngipfel.de\/2018\/wp-content\/uploads\/sites\/3\/2018\/08\/link-button.png 400w\" sizes=\"auto, (max-width: 300px) 100vw, 300px\" \/><\/a><\/div><div class=\"post-content\"><header class=\"entry-header\"><h1 class=\"post-title\"><a href=\"https:\/\/groni50.org\" target=\"_blank\">Groni 50 e.V.<\/a><\/h1><\/header><div class=\"entry-content\"><p>Hauskooperative im Wedding <\/p>\n<p class=\"more-link\"><a href=\"https:\/\/groni50.org\" target=\"_blank\">https:\/\/groni50.org <span class=\"meta-nav\">&rarr;<\/span><\/a><\/p>\n<\/div><\/div><div class=\"clear\"><\/div><\/article><article id=\"post-10009\" class=\"tribe_organizer single-item has-thumbnail\"><div class=\"post-thumb\"><a href=\"http:\/\/burge.li\/\" target=\"_blank\"><img loading=\"lazy\" decoding=\"async\" width=\"290\" height=\"300\" src=\"http:\/\/alternativer-wohngipfel.de\/2018\/wp-content\/uploads\/sites\/3\/2018\/09\/logo-burge-290x300.jpg\" class=\"attachment-medium size-medium wp-post-image\" alt=\"\" srcset=\"http:\/\/alternativer-wohngipfel.de\/2018\/wp-content\/uploads\/sites\/3\/2018\/09\/logo-burge-290x300.jpg 290w, http:\/\/alternativer-wohngipfel.de\/2018\/wp-content\/uploads\/sites\/3\/2018\/09\/logo-burge-768x793.jpg 768w, http:\/\/alternativer-wohngipfel.de\/2018\/wp-content\/uploads\/sites\/3\/2018\/09\/logo-burge-991x1024.jpg 991w, http:\/\/alternativer-wohngipfel.de\/2018\/wp-content\/uploads\/sites\/3\/2018\/09\/logo-burge-624x645.jpg 624w, http:\/\/alternativer-wohngipfel.de\/2018\/wp-content\/uploads\/sites\/3\/2018\/09\/logo-burge.jpg 1178w\" sizes=\"auto, (max-width: 290px) 100vw, 290px\" \/><\/a><\/div><div class=\"post-content\"><header class=\"entry-header\"><h1 class=\"post-title\"><a href=\"http:\/\/burge.li\/\" target=\"_blank\">Hausprojekt Burge<\/a><\/h1><\/header><div class=\"entry-content\"><p>Hausprojekt in Berlin-Tempelhof <\/p>\n<p class=\"more-link\"><a href=\"http:\/\/burge.li\/\" target=\"_blank\">http:\/\/burge.li\/ <span class=\"meta-nav\">&rarr;<\/span><\/a><\/p>\n<\/div><\/div><div class=\"clear\"><\/div><\/article><article id=\"post-10948\" class=\"tribe_organizer single-item has-thumbnail\"><div class=\"post-thumb\"><img loading=\"lazy\" decoding=\"async\" width=\"300\" height=\"300\" src=\"http:\/\/alternativer-wohngipfel.de\/2018\/wp-content\/uploads\/sites\/3\/2018\/08\/link-button-300x300.png\" class=\"attachment-medium size-medium wp-post-image\" alt=\"\" srcset=\"http:\/\/alternativer-wohngipfel.de\/2018\/wp-content\/uploads\/sites\/3\/2018\/08\/link-button-300x300.png 300w, http:\/\/alternativer-wohngipfel.de\/2018\/wp-content\/uploads\/sites\/3\/2018\/08\/link-button-150x150.png 150w, http:\/\/alternativer-wohngipfel.de\/2018\/wp-content\/uploads\/sites\/3\/2018\/08\/link-button.png 400w\" sizes=\"auto, (max-width: 300px) 100vw, 300px\" \/><\/div><div class=\"post-content\"><header class=\"entry-header\"><h1 class=\"post-title\">Hausprojekt Go\u00dflerstra\u00dfe 17 G\u00f6ttingen<\/h1><\/header><div class=\"entry-content\"><p>Hausprojekt, Gemeinschaft, Recht auf Stadt<br \/>\nGO17 *Solidarisch*Selbstverwaltet*Emanzipatorisch <\/p>\n<\/div><\/div><div class=\"clear\"><\/div><\/article><article id=\"post-10635\" class=\"tribe_organizer single-item has-thumbnail\"><div class=\"post-thumb\"><img loading=\"lazy\" decoding=\"async\" width=\"150\" height=\"150\" src=\"http:\/\/alternativer-wohngipfel.de\/2018\/wp-content\/uploads\/sites\/3\/2018\/09\/heller-hinterhof-ev-150x150.jpg\" class=\"attachment-medium size-medium wp-post-image\" alt=\"\" \/><\/div><div class=\"post-content\"><header class=\"entry-header\"><h1 class=\"post-title\">Heller Hinterhof e.V.<\/h1><\/header><div class=\"entry-content\"><p>Hausprojekt im Wrangelkiez. Der Verein stellt seinen Mitgliedern g\u00fcnstigen Wohnraum zur Verf\u00fcgung. <\/p>\n<\/div><\/div><div class=\"clear\"><\/div><\/article><article id=\"post-10096\" class=\"tribe_organizer single-item has-thumbnail\"><div class=\"post-thumb\"><a href=\"http:\/\/www.himmelbeet.de\" target=\"_blank\"><img loading=\"lazy\" decoding=\"async\" width=\"300\" height=\"156\" src=\"http:\/\/alternativer-wohngipfel.de\/2018\/wp-content\/uploads\/sites\/3\/2018\/09\/logo-himmelbeet-300x156.jpg\" class=\"attachment-medium size-medium wp-post-image\" alt=\"\" srcset=\"http:\/\/alternativer-wohngipfel.de\/2018\/wp-content\/uploads\/sites\/3\/2018\/09\/logo-himmelbeet-300x156.jpg 300w, http:\/\/alternativer-wohngipfel.de\/2018\/wp-content\/uploads\/sites\/3\/2018\/09\/logo-himmelbeet-768x398.jpg 768w, http:\/\/alternativer-wohngipfel.de\/2018\/wp-content\/uploads\/sites\/3\/2018\/09\/logo-himmelbeet-1024x531.jpg 1024w, http:\/\/alternativer-wohngipfel.de\/2018\/wp-content\/uploads\/sites\/3\/2018\/09\/logo-himmelbeet-624x323.jpg 624w, http:\/\/alternativer-wohngipfel.de\/2018\/wp-content\/uploads\/sites\/3\/2018\/09\/logo-himmelbeet.jpg 1713w\" sizes=\"auto, (max-width: 300px) 100vw, 300px\" \/><\/a><\/div><div class=\"post-content\"><header class=\"entry-header\"><h1 class=\"post-title\"><a href=\"http:\/\/www.himmelbeet.de\" target=\"_blank\">himmelbeet<\/a><\/h1><\/header><div class=\"entry-content\"><p>Gemeinschaftsgarten <\/p>\n<p class=\"more-link\"><a href=\"http:\/\/www.himmelbeet.de\" target=\"_blank\">http:\/\/www.himmelbeet.de <span class=\"meta-nav\">&rarr;<\/span><\/a><\/p>\n<\/div><\/div><div class=\"clear\"><\/div><\/article><article id=\"post-10200\" class=\"tribe_organizer single-item has-thumbnail\"><div class=\"post-thumb\"><img loading=\"lazy\" decoding=\"async\" width=\"300\" height=\"192\" src=\"http:\/\/alternativer-wohngipfel.de\/2018\/wp-content\/uploads\/sites\/3\/2018\/09\/logo-exo01-rot-300x192.png\" class=\"attachment-medium size-medium wp-post-image\" alt=\"\" srcset=\"http:\/\/alternativer-wohngipfel.de\/2018\/wp-content\/uploads\/sites\/3\/2018\/09\/logo-exo01-rot-300x192.png 300w, http:\/\/alternativer-wohngipfel.de\/2018\/wp-content\/uploads\/sites\/3\/2018\/09\/logo-exo01-rot.png 453w\" sizes=\"auto, (max-width: 300px) 100vw, 300px\" \/><\/div><div class=\"post-content\"><header class=\"entry-header\"><h1 class=\"post-title\">Hufeisen MieterInnen Initiative Berlin-Britz<\/h1><\/header><div class=\"entry-content\"><p>Mieter*innen Initiative <\/p>\n<\/div><\/div><div class=\"clear\"><\/div><\/article><article id=\"post-10687\" class=\"tribe_organizer single-item has-thumbnail\"><div class=\"post-thumb\"><a href=\"https:\/\/www.id22.net\" target=\"_blank\"><img loading=\"lazy\" decoding=\"async\" width=\"300\" height=\"300\" src=\"http:\/\/alternativer-wohngipfel.de\/2018\/wp-content\/uploads\/sites\/3\/2018\/09\/id22-institute-institut-logo-rgb-square-300x300.jpg\" class=\"attachment-medium size-medium wp-post-image\" alt=\"\" srcset=\"http:\/\/alternativer-wohngipfel.de\/2018\/wp-content\/uploads\/sites\/3\/2018\/09\/id22-institute-institut-logo-rgb-square-300x300.jpg 300w, http:\/\/alternativer-wohngipfel.de\/2018\/wp-content\/uploads\/sites\/3\/2018\/09\/id22-institute-institut-logo-rgb-square-150x150.jpg 150w, http:\/\/alternativer-wohngipfel.de\/2018\/wp-content\/uploads\/sites\/3\/2018\/09\/id22-institute-institut-logo-rgb-square-768x768.jpg 768w, http:\/\/alternativer-wohngipfel.de\/2018\/wp-content\/uploads\/sites\/3\/2018\/09\/id22-institute-institut-logo-rgb-square-1024x1024.jpg 1024w, http:\/\/alternativer-wohngipfel.de\/2018\/wp-content\/uploads\/sites\/3\/2018\/09\/id22-institute-institut-logo-rgb-square-624x624.jpg 624w\" sizes=\"auto, (max-width: 300px) 100vw, 300px\" \/><\/a><\/div><div class=\"post-content\"><header class=\"entry-header\"><h1 class=\"post-title\"><a href=\"https:\/\/www.id22.net\" target=\"_blank\">id22: Institut f\u00fcr kreative Nachhaltigkeit<\/a><\/h1><\/header><div class=\"entry-content\"><p>id22 ist eine gemeinn\u00fctzige, zivilgesellschaftliche Organisation mit rund 20 Mitgliedern, die an der Theorie und Praxis der kreativen Nachhaltigkeit in Berlin arbeitet. Selbstorganisation und CoHousing sowie gemeinschaftliche Wohnformen, als Grundlage einer Kultur der nachhaltigen Stadtentwicklung sind die Hauptthemen. <\/p>\n<p class=\"more-link\"><a href=\"https:\/\/www.id22.net\" target=\"_blank\">https:\/\/www.id22.net <span class=\"meta-nav\">&rarr;<\/span><\/a><\/p>\n<\/div><\/div><div class=\"clear\"><\/div><\/article><article id=\"post-9905\" class=\"tribe_organizer single-item has-thumbnail\"><div class=\"post-thumb\"><a href=\"http:\/\/www.ida-nowhere.com\/\" target=\"_blank\"><img loading=\"lazy\" decoding=\"async\" width=\"300\" height=\"300\" src=\"http:\/\/alternativer-wohngipfel.de\/2018\/wp-content\/uploads\/sites\/3\/2018\/08\/link-button-300x300.png\" class=\"attachment-medium size-medium wp-post-image\" alt=\"\" srcset=\"http:\/\/alternativer-wohngipfel.de\/2018\/wp-content\/uploads\/sites\/3\/2018\/08\/link-button-300x300.png 300w, http:\/\/alternativer-wohngipfel.de\/2018\/wp-content\/uploads\/sites\/3\/2018\/08\/link-button-150x150.png 150w, http:\/\/alternativer-wohngipfel.de\/2018\/wp-content\/uploads\/sites\/3\/2018\/08\/link-button.png 400w\" sizes=\"auto, (max-width: 300px) 100vw, 300px\" \/><\/a><\/div><div class=\"post-content\"><header class=\"entry-header\"><h1 class=\"post-title\"><a href=\"http:\/\/www.ida-nowhere.com\/\" target=\"_blank\">Ida Nowhere |\u00a0eiliges Kanonenohr e.V.<\/a><\/h1><\/header><div class=\"entry-content\"><p>selbstverwalteter Kulturverein <\/p>\n<p class=\"more-link\"><a href=\"http:\/\/www.ida-nowhere.com\/\" target=\"_blank\">http:\/\/www.ida-nowhere.com\/ <span class=\"meta-nav\">&rarr;<\/span><\/a><\/p>\n<\/div><\/div><div class=\"clear\"><\/div><\/article><article id=\"post-10637\" class=\"tribe_organizer single-item has-thumbnail\"><div class=\"post-thumb\"><a href=\"https:\/\/www.facebook.com\/NachbarschaftsinitiativeIGHAB\/\" target=\"_blank\"><img loading=\"lazy\" decoding=\"async\" width=\"300\" height=\"181\" src=\"http:\/\/alternativer-wohngipfel.de\/2018\/wp-content\/uploads\/sites\/3\/2018\/09\/6a7ee1ca-edc7-4b36-bebc-5bd343218b3b-300x181.jpeg\" class=\"attachment-medium size-medium wp-post-image\" alt=\"\" srcset=\"http:\/\/alternativer-wohngipfel.de\/2018\/wp-content\/uploads\/sites\/3\/2018\/09\/6a7ee1ca-edc7-4b36-bebc-5bd343218b3b-300x181.jpeg 300w, http:\/\/alternativer-wohngipfel.de\/2018\/wp-content\/uploads\/sites\/3\/2018\/09\/6a7ee1ca-edc7-4b36-bebc-5bd343218b3b.jpeg 609w\" sizes=\"auto, (max-width: 300px) 100vw, 300px\" \/><\/a><\/div><div class=\"post-content\"><header class=\"entry-header\"><h1 class=\"post-title\"><a href=\"https:\/\/www.facebook.com\/NachbarschaftsinitiativeIGHAB\/\" target=\"_blank\">IG HAB (Interessengemeinschaft \/ Nachbarschaftsinitiative Habersaathstrasse BERLIN-Mitte)<\/a><\/h1><\/header><div class=\"entry-content\"><p><a href=\"http:\/\/ighab.blogspot.com\/\" target=\"_blank\" rel=\"noopener\">http:\/\/ighab.blogspot.com\/<\/a><\/p>\n<p>&nbsp; <\/p>\n<p class=\"more-link\"><a href=\"https:\/\/www.facebook.com\/NachbarschaftsinitiativeIGHAB\/\" target=\"_blank\">https:\/\/www.facebook.com\/NachbarschaftsinitiativeIGHAB\/ <span class=\"meta-nav\">&rarr;<\/span><\/a><\/p>\n<\/div><\/div><div class=\"clear\"><\/div><\/article><article id=\"post-9782\" class=\"tribe_organizer single-item has-thumbnail\"><div class=\"post-thumb\"><a href=\"https:\/\/wem-gehoert-moabit.de\/\" target=\"_blank\"><img loading=\"lazy\" decoding=\"async\" width=\"300\" height=\"300\" src=\"http:\/\/alternativer-wohngipfel.de\/2018\/wp-content\/uploads\/sites\/3\/2018\/08\/link-button-300x300.png\" class=\"attachment-medium size-medium wp-post-image\" alt=\"\" srcset=\"http:\/\/alternativer-wohngipfel.de\/2018\/wp-content\/uploads\/sites\/3\/2018\/08\/link-button-300x300.png 300w, http:\/\/alternativer-wohngipfel.de\/2018\/wp-content\/uploads\/sites\/3\/2018\/08\/link-button-150x150.png 150w, http:\/\/alternativer-wohngipfel.de\/2018\/wp-content\/uploads\/sites\/3\/2018\/08\/link-button.png 400w\" sizes=\"auto, (max-width: 300px) 100vw, 300px\" \/><\/a><\/div><div class=\"post-content\"><header class=\"entry-header\"><h1 class=\"post-title\"><a href=\"https:\/\/wem-gehoert-moabit.de\/\" target=\"_blank\">Initiative &#8222;Wem geh\u00f6rt Moabit?&#8220;<\/a><\/h1><\/header><div class=\"entry-content\"><p>Mieter*innenorganisation in Moabit <\/p>\n<p class=\"more-link\"><a href=\"https:\/\/wem-gehoert-moabit.de\/\" target=\"_blank\">https:\/\/wem-gehoert-moabit.de\/ <span class=\"meta-nav\">&rarr;<\/span><\/a><\/p>\n<\/div><\/div><div class=\"clear\"><\/div><\/article><article id=\"post-10739\" class=\"tribe_organizer single-item has-thumbnail\"><div class=\"post-thumb\"><a href=\"http:\/\/kiezerhalten.blogspot.com\" target=\"_blank\"><img loading=\"lazy\" decoding=\"async\" width=\"300\" height=\"300\" src=\"http:\/\/alternativer-wohngipfel.de\/2018\/wp-content\/uploads\/sites\/3\/2018\/08\/link-button-300x300.png\" class=\"attachment-medium size-medium wp-post-image\" alt=\"\" srcset=\"http:\/\/alternativer-wohngipfel.de\/2018\/wp-content\/uploads\/sites\/3\/2018\/08\/link-button-300x300.png 300w, http:\/\/alternativer-wohngipfel.de\/2018\/wp-content\/uploads\/sites\/3\/2018\/08\/link-button-150x150.png 150w, http:\/\/alternativer-wohngipfel.de\/2018\/wp-content\/uploads\/sites\/3\/2018\/08\/link-button.png 400w\" sizes=\"auto, (max-width: 300px) 100vw, 300px\" \/><\/a><\/div><div class=\"post-content\"><header class=\"entry-header\"><h1 class=\"post-title\"><a href=\"http:\/\/kiezerhalten.blogspot.com\" target=\"_blank\">Initiative f\u00fcr den Kiezerhalt<\/a><\/h1><\/header><div class=\"entry-content\"><p>kiezbezogene B\u00fcrger_inneninitiative f\u00fcr eine \u00f6kologische, soziale, partizipative\/ kollaborative Stadtentwicklung <\/p>\n<p class=\"more-link\"><a href=\"http:\/\/kiezerhalten.blogspot.com\" target=\"_blank\">http:\/\/kiezerhalten.blogspot.com <span class=\"meta-nav\">&rarr;<\/span><\/a><\/p>\n<\/div><\/div><div class=\"clear\"><\/div><\/article><article id=\"post-10382\" class=\"tribe_organizer single-item has-thumbnail\"><div class=\"post-thumb\"><a href=\"http:\/\/www.raw-kulturensemble.de\" target=\"_blank\"><img loading=\"lazy\" decoding=\"async\" width=\"300\" height=\"224\" src=\"http:\/\/alternativer-wohngipfel.de\/2018\/wp-content\/uploads\/sites\/3\/2018\/09\/logo-rawkulturensemble-300x224.png\" class=\"attachment-medium size-medium wp-post-image\" alt=\"\" srcset=\"http:\/\/alternativer-wohngipfel.de\/2018\/wp-content\/uploads\/sites\/3\/2018\/09\/logo-rawkulturensemble-300x224.png 300w, http:\/\/alternativer-wohngipfel.de\/2018\/wp-content\/uploads\/sites\/3\/2018\/09\/logo-rawkulturensemble-768x572.png 768w, http:\/\/alternativer-wohngipfel.de\/2018\/wp-content\/uploads\/sites\/3\/2018\/09\/logo-rawkulturensemble-1024x763.png 1024w, http:\/\/alternativer-wohngipfel.de\/2018\/wp-content\/uploads\/sites\/3\/2018\/09\/logo-rawkulturensemble-624x465.png 624w, http:\/\/alternativer-wohngipfel.de\/2018\/wp-content\/uploads\/sites\/3\/2018\/09\/logo-rawkulturensemble.png 1626w\" sizes=\"auto, (max-width: 300px) 100vw, 300px\" \/><\/a><\/div><div class=\"post-content\"><header class=\"entry-header\"><h1 class=\"post-title\"><a href=\"http:\/\/www.raw-kulturensemble.de\" target=\"_blank\">Initiative RAW.Kulturensemble<\/a><\/h1><\/header><div class=\"entry-content\"><p>Die Initiative RAW.Kulturensemble versteht sich als stadtpolitische Gruppe und ordnet sich der Recht-auf-Stadt-Bewegung zu <\/p>\n<p class=\"more-link\"><a href=\"http:\/\/www.raw-kulturensemble.de\" target=\"_blank\">http:\/\/www.raw-kulturensemble.de <span class=\"meta-nav\">&rarr;<\/span><\/a><\/p>\n<\/div><\/div><div class=\"clear\"><\/div><\/article><article id=\"post-10653\" class=\"tribe_organizer single-item has-thumbnail\"><div class=\"post-thumb\"><img loading=\"lazy\" decoding=\"async\" width=\"300\" height=\"300\" src=\"http:\/\/alternativer-wohngipfel.de\/2018\/wp-content\/uploads\/sites\/3\/2018\/09\/logo-02-300x300.jpg\" class=\"attachment-medium size-medium wp-post-image\" alt=\"\" srcset=\"http:\/\/alternativer-wohngipfel.de\/2018\/wp-content\/uploads\/sites\/3\/2018\/09\/logo-02-300x300.jpg 300w, http:\/\/alternativer-wohngipfel.de\/2018\/wp-content\/uploads\/sites\/3\/2018\/09\/logo-02-150x150.jpg 150w, http:\/\/alternativer-wohngipfel.de\/2018\/wp-content\/uploads\/sites\/3\/2018\/09\/logo-02-768x768.jpg 768w, http:\/\/alternativer-wohngipfel.de\/2018\/wp-content\/uploads\/sites\/3\/2018\/09\/logo-02-1024x1024.jpg 1024w, http:\/\/alternativer-wohngipfel.de\/2018\/wp-content\/uploads\/sites\/3\/2018\/09\/logo-02-624x624.jpg 624w\" sizes=\"auto, (max-width: 300px) 100vw, 300px\" \/><\/div><div class=\"post-content\"><header class=\"entry-header\"><h1 class=\"post-title\">Initiative Wohnen in der Torstra\u00dfe 225\/227<\/h1><\/header><div class=\"entry-content\"><p>Mieter*inneninitiative <\/p>\n<\/div><\/div><div class=\"clear\"><\/div><\/article><article id=\"post-10413\" class=\"tribe_organizer single-item has-thumbnail\"><div class=\"post-thumb\"><a href=\"https:\/\/interventionistische-linke.org\/\" target=\"_blank\"><img loading=\"lazy\" decoding=\"async\" width=\"37\" height=\"37\" src=\"http:\/\/alternativer-wohngipfel.de\/2018\/wp-content\/uploads\/sites\/3\/2018\/09\/logo.png\" class=\"attachment-medium size-medium wp-post-image\" alt=\"\" \/><\/a><\/div><div class=\"post-content\"><header class=\"entry-header\"><h1 class=\"post-title\"><a href=\"https:\/\/interventionistische-linke.org\/\" target=\"_blank\">Interventionistische Linke Berlin<\/a><\/h1><\/header><div class=\"entry-content\"><p>Als Recht auf Stadt &#8211; AG der IL Berlin unterst\u00fctzen wir Mieter_innen &#8211; Organisierung und streiten f\u00fcr die Sozialisierung des Wohnungsmarktes <\/p>\n<p class=\"more-link\"><a href=\"https:\/\/interventionistische-linke.org\/\" target=\"_blank\">https:\/\/interventionistische-linke.org\/ <span class=\"meta-nav\">&rarr;<\/span><\/a><\/p>\n<\/div><\/div><div class=\"clear\"><\/div><\/article><article id=\"post-10254\" class=\"tribe_organizer single-item has-thumbnail\"><div class=\"post-thumb\"><a href=\"https:\/\/www.jusos.de\/\" target=\"_blank\"><img loading=\"lazy\" decoding=\"async\" width=\"300\" height=\"155\" src=\"http:\/\/alternativer-wohngipfel.de\/2018\/wp-content\/uploads\/sites\/3\/2018\/09\/jusos-logo-300x155.png\" class=\"attachment-medium size-medium wp-post-image\" alt=\"\" srcset=\"http:\/\/alternativer-wohngipfel.de\/2018\/wp-content\/uploads\/sites\/3\/2018\/09\/jusos-logo-300x155.png 300w, http:\/\/alternativer-wohngipfel.de\/2018\/wp-content\/uploads\/sites\/3\/2018\/09\/jusos-logo-768x398.png 768w, http:\/\/alternativer-wohngipfel.de\/2018\/wp-content\/uploads\/sites\/3\/2018\/09\/jusos-logo-1024x530.png 1024w, http:\/\/alternativer-wohngipfel.de\/2018\/wp-content\/uploads\/sites\/3\/2018\/09\/jusos-logo-624x323.png 624w, http:\/\/alternativer-wohngipfel.de\/2018\/wp-content\/uploads\/sites\/3\/2018\/09\/jusos-logo.png 1857w\" sizes=\"auto, (max-width: 300px) 100vw, 300px\" \/><\/a><\/div><div class=\"post-content\"><header class=\"entry-header\"><h1 class=\"post-title\"><a href=\"https:\/\/www.jusos.de\/\" target=\"_blank\">Jusos<\/a><\/h1><\/header><div class=\"entry-content\"><p>Jusos in der SPD \u2013 Sozialistisch. Feministisch. Internationalistisch.<br \/>\nAls Teil der SPD engagieren wir Jusos uns f\u00fcr unsere politischen Vorstellungen.<br \/>\nWir wollen f\u00fcr eine gerechte Gesellschaft sorgen. <\/p>\n<p class=\"more-link\"><a href=\"https:\/\/www.jusos.de\/\" target=\"_blank\">https:\/\/www.jusos.de\/ <span class=\"meta-nav\">&rarr;<\/span><\/a><\/p>\n<\/div><\/div><div class=\"clear\"><\/div><\/article><article id=\"post-10705\" class=\"tribe_organizer single-item has-thumbnail\"><div class=\"post-thumb\"><a href=\"http:\/\/kaelteschutz-mehringhof.de\/\" target=\"_blank\"><img loading=\"lazy\" decoding=\"async\" width=\"300\" height=\"300\" src=\"http:\/\/alternativer-wohngipfel.de\/2018\/wp-content\/uploads\/sites\/3\/2018\/08\/link-button-300x300.png\" class=\"attachment-medium size-medium wp-post-image\" alt=\"\" srcset=\"http:\/\/alternativer-wohngipfel.de\/2018\/wp-content\/uploads\/sites\/3\/2018\/08\/link-button-300x300.png 300w, http:\/\/alternativer-wohngipfel.de\/2018\/wp-content\/uploads\/sites\/3\/2018\/08\/link-button-150x150.png 150w, http:\/\/alternativer-wohngipfel.de\/2018\/wp-content\/uploads\/sites\/3\/2018\/08\/link-button.png 400w\" sizes=\"auto, (max-width: 300px) 100vw, 300px\" \/><\/a><\/div><div class=\"post-content\"><header class=\"entry-header\"><h1 class=\"post-title\"><a href=\"http:\/\/kaelteschutz-mehringhof.de\/\" target=\"_blank\">K\u00e4lteschutz im Mehringhof<\/a><\/h1><\/header><div class=\"entry-content\"><p>Obdachlosen-Caf\u00e9 und Not\u00fcbernachtung in Kreuzberg <\/p>\n<p class=\"more-link\"><a href=\"http:\/\/kaelteschutz-mehringhof.de\/\" target=\"_blank\">http:\/\/kaelteschutz-mehringhof.de\/ <span class=\"meta-nav\">&rarr;<\/span><\/a><\/p>\n<\/div><\/div><div class=\"clear\"><\/div><\/article><article id=\"post-9996\" class=\"tribe_organizer single-item has-thumbnail\"><div class=\"post-thumb\"><a href=\"http:\/\/katalingennburg.de\" target=\"_blank\"><img loading=\"lazy\" decoding=\"async\" width=\"300\" height=\"300\" src=\"http:\/\/alternativer-wohngipfel.de\/2018\/wp-content\/uploads\/sites\/3\/2018\/09\/linksfraktion-gennburg-druck-ffa85d42f4-300x300.jpg\" class=\"attachment-medium size-medium wp-post-image\" alt=\"\" srcset=\"http:\/\/alternativer-wohngipfel.de\/2018\/wp-content\/uploads\/sites\/3\/2018\/09\/linksfraktion-gennburg-druck-ffa85d42f4-300x300.jpg 300w, http:\/\/alternativer-wohngipfel.de\/2018\/wp-content\/uploads\/sites\/3\/2018\/09\/linksfraktion-gennburg-druck-ffa85d42f4-150x150.jpg 150w, http:\/\/alternativer-wohngipfel.de\/2018\/wp-content\/uploads\/sites\/3\/2018\/09\/linksfraktion-gennburg-druck-ffa85d42f4-768x768.jpg 768w, http:\/\/alternativer-wohngipfel.de\/2018\/wp-content\/uploads\/sites\/3\/2018\/09\/linksfraktion-gennburg-druck-ffa85d42f4-1024x1024.jpg 1024w, http:\/\/alternativer-wohngipfel.de\/2018\/wp-content\/uploads\/sites\/3\/2018\/09\/linksfraktion-gennburg-druck-ffa85d42f4-624x624.jpg 624w\" sizes=\"auto, (max-width: 300px) 100vw, 300px\" \/><\/a><\/div><div class=\"post-content\"><header class=\"entry-header\"><h1 class=\"post-title\"><a href=\"http:\/\/katalingennburg.de\" target=\"_blank\">Katalin Gennburg (MdA)<\/a><\/h1><\/header><div class=\"entry-content\"><p>Linksfraktion Berlin. Mitglied des Berliner Abgeordnetenhauses, Sprecherin f\u00fcr Stadtentwicklung <\/p>\n<p class=\"more-link\"><a href=\"http:\/\/katalingennburg.de\" target=\"_blank\">http:\/\/katalingennburg.de <span class=\"meta-nav\">&rarr;<\/span><\/a><\/p>\n<\/div><\/div><div class=\"clear\"><\/div><\/article><article id=\"post-9718\" class=\"tribe_organizer single-item has-thumbnail\"><div class=\"post-thumb\"><a href=\"http:\/\/www.katrin-schmidberger.de\/\" target=\"_blank\"><img loading=\"lazy\" decoding=\"async\" width=\"300\" height=\"300\" src=\"http:\/\/alternativer-wohngipfel.de\/2018\/wp-content\/uploads\/sites\/3\/2018\/08\/katrin-2016-1-300x300.jpg\" class=\"attachment-medium size-medium wp-post-image\" alt=\"\" srcset=\"http:\/\/alternativer-wohngipfel.de\/2018\/wp-content\/uploads\/sites\/3\/2018\/08\/katrin-2016-1-300x300.jpg 300w, http:\/\/alternativer-wohngipfel.de\/2018\/wp-content\/uploads\/sites\/3\/2018\/08\/katrin-2016-1-150x150.jpg 150w, http:\/\/alternativer-wohngipfel.de\/2018\/wp-content\/uploads\/sites\/3\/2018\/08\/katrin-2016-1-768x768.jpg 768w, http:\/\/alternativer-wohngipfel.de\/2018\/wp-content\/uploads\/sites\/3\/2018\/08\/katrin-2016-1-1024x1024.jpg 1024w, http:\/\/alternativer-wohngipfel.de\/2018\/wp-content\/uploads\/sites\/3\/2018\/08\/katrin-2016-1-624x624.jpg 624w, http:\/\/alternativer-wohngipfel.de\/2018\/wp-content\/uploads\/sites\/3\/2018\/08\/katrin-2016-1.jpg 1500w\" sizes=\"auto, (max-width: 300px) 100vw, 300px\" \/><\/a><\/div><div class=\"post-content\"><header class=\"entry-header\"><h1 class=\"post-title\"><a href=\"http:\/\/www.katrin-schmidberger.de\/\" target=\"_blank\">Katrin Schmidberger (MdA)<\/a><\/h1><\/header><div class=\"entry-content\"><p>Mitglied des Abgeordnetenhauses von Berlin, Sprecherin f\u00fcr Wohnen und Mieten <\/p>\n<p class=\"more-link\"><a href=\"http:\/\/www.katrin-schmidberger.de\/\" target=\"_blank\">http:\/\/www.katrin-schmidberger.de\/ <span class=\"meta-nav\">&rarr;<\/span><\/a><\/p>\n<\/div><\/div><div class=\"clear\"><\/div><\/article><article id=\"post-10623\" class=\"tribe_organizer single-item has-thumbnail\"><div class=\"post-thumb\"><a href=\"http:\/\/www.kiezhaus.org\" target=\"_blank\"><img loading=\"lazy\" decoding=\"async\" width=\"300\" height=\"268\" src=\"http:\/\/alternativer-wohngipfel.de\/2018\/wp-content\/uploads\/sites\/3\/2018\/09\/logo-flyer-cross-300x268.png\" class=\"attachment-medium size-medium wp-post-image\" alt=\"\" srcset=\"http:\/\/alternativer-wohngipfel.de\/2018\/wp-content\/uploads\/sites\/3\/2018\/09\/logo-flyer-cross-300x268.png 300w, http:\/\/alternativer-wohngipfel.de\/2018\/wp-content\/uploads\/sites\/3\/2018\/09\/logo-flyer-cross-768x687.png 768w, http:\/\/alternativer-wohngipfel.de\/2018\/wp-content\/uploads\/sites\/3\/2018\/09\/logo-flyer-cross-1024x916.png 1024w, http:\/\/alternativer-wohngipfel.de\/2018\/wp-content\/uploads\/sites\/3\/2018\/09\/logo-flyer-cross-624x558.png 624w, http:\/\/alternativer-wohngipfel.de\/2018\/wp-content\/uploads\/sites\/3\/2018\/09\/logo-flyer-cross.png 1160w\" sizes=\"auto, (max-width: 300px) 100vw, 300px\" \/><\/a><\/div><div class=\"post-content\"><header class=\"entry-header\"><h1 class=\"post-title\"><a href=\"http:\/\/www.kiezhaus.org\" target=\"_blank\">Kiezhaus Agnes Reinhold<\/a><\/h1><\/header><div class=\"entry-content\"><p>Solidarischer Nachbar*innenraum im Wedding <\/p>\n<p class=\"more-link\"><a href=\"http:\/\/www.kiezhaus.org\" target=\"_blank\">http:\/\/www.kiezhaus.org <span class=\"meta-nav\">&rarr;<\/span><\/a><\/p>\n<\/div><\/div><div class=\"clear\"><\/div><\/article><article id=\"post-9933\" class=\"tribe_organizer single-item has-thumbnail\"><div class=\"post-thumb\"><a href=\"https:\/\/stopptdenkiezverkauf.wordpress.com\/\" target=\"_blank\"><img loading=\"lazy\" decoding=\"async\" width=\"300\" height=\"300\" src=\"http:\/\/alternativer-wohngipfel.de\/2018\/wp-content\/uploads\/sites\/3\/2018\/09\/kiezpalaver-300x300.jpg\" class=\"attachment-medium size-medium wp-post-image\" alt=\"\" srcset=\"http:\/\/alternativer-wohngipfel.de\/2018\/wp-content\/uploads\/sites\/3\/2018\/09\/kiezpalaver-300x300.jpg 300w, http:\/\/alternativer-wohngipfel.de\/2018\/wp-content\/uploads\/sites\/3\/2018\/09\/kiezpalaver-150x150.jpg 150w, http:\/\/alternativer-wohngipfel.de\/2018\/wp-content\/uploads\/sites\/3\/2018\/09\/kiezpalaver-768x768.jpg 768w, http:\/\/alternativer-wohngipfel.de\/2018\/wp-content\/uploads\/sites\/3\/2018\/09\/kiezpalaver-624x624.jpg 624w, http:\/\/alternativer-wohngipfel.de\/2018\/wp-content\/uploads\/sites\/3\/2018\/09\/kiezpalaver.jpg 1000w\" sizes=\"auto, (max-width: 300px) 100vw, 300px\" \/><\/a><\/div><div class=\"post-content\"><header class=\"entry-header\"><h1 class=\"post-title\"><a href=\"https:\/\/stopptdenkiezverkauf.wordpress.com\/\" target=\"_blank\">Kiezpalaver Sch\u00f6neberg<\/a><\/h1><\/header><div class=\"entry-content\"><p>Zusammenschluss von Initiativen, die sich in Sch\u00f6neberg gegen Verdr\u00e4ngung und Gentrifizierung wehren <\/p>\n<p class=\"more-link\"><a href=\"https:\/\/stopptdenkiezverkauf.wordpress.com\/\" target=\"_blank\">https:\/\/stopptdenkiezverkauf.wordpress.com\/ <span class=\"meta-nav\">&rarr;<\/span><\/a><\/p>\n<\/div><\/div><div class=\"clear\"><\/div><\/article><article id=\"post-10381\" class=\"tribe_organizer single-item has-thumbnail\"><div class=\"post-thumb\"><img loading=\"lazy\" decoding=\"async\" width=\"300\" height=\"300\" src=\"http:\/\/alternativer-wohngipfel.de\/2018\/wp-content\/uploads\/sites\/3\/2018\/08\/link-button-300x300.png\" class=\"attachment-medium size-medium wp-post-image\" alt=\"\" srcset=\"http:\/\/alternativer-wohngipfel.de\/2018\/wp-content\/uploads\/sites\/3\/2018\/08\/link-button-300x300.png 300w, http:\/\/alternativer-wohngipfel.de\/2018\/wp-content\/uploads\/sites\/3\/2018\/08\/link-button-150x150.png 150w, http:\/\/alternativer-wohngipfel.de\/2018\/wp-content\/uploads\/sites\/3\/2018\/08\/link-button.png 400w\" sizes=\"auto, (max-width: 300px) 100vw, 300px\" \/><\/div><div class=\"post-content\"><header class=\"entry-header\"><h1 class=\"post-title\">Kinder aus Kreuzberg e.V.<\/h1><\/header><div class=\"entry-content\"><p>Kinderladen <\/p>\n<\/div><\/div><div class=\"clear\"><\/div><\/article><article id=\"post-10420\" class=\"tribe_organizer single-item has-thumbnail\"><div class=\"post-thumb\"><a href=\"http:\/\/www.kinderladen-bande.de\" target=\"_blank\"><img loading=\"lazy\" decoding=\"async\" width=\"258\" height=\"212\" src=\"http:\/\/alternativer-wohngipfel.de\/2018\/wp-content\/uploads\/sites\/3\/2018\/09\/kitabande.jpg\" class=\"attachment-medium size-medium wp-post-image\" alt=\"\" \/><\/a><\/div><div class=\"post-content\"><header class=\"entry-header\"><h1 class=\"post-title\"><a href=\"http:\/\/www.kinderladen-bande.de\" target=\"_blank\">Kinderladen Bande e.V.<\/a><\/h1><\/header><div class=\"entry-content\"><p>Kinderladen <\/p>\n<p class=\"more-link\"><a href=\"http:\/\/www.kinderladen-bande.de\" target=\"_blank\">http:\/\/www.kinderladen-bande.de <span class=\"meta-nav\">&rarr;<\/span><\/a><\/p>\n<\/div><\/div><div class=\"clear\"><\/div><\/article><article id=\"post-10572\" class=\"tribe_organizer single-item has-thumbnail\"><div class=\"post-thumb\"><a href=\"http:\/\/kitakriseberlin.org\" target=\"_blank\"><img loading=\"lazy\" decoding=\"async\" width=\"300\" height=\"300\" src=\"http:\/\/alternativer-wohngipfel.de\/2018\/wp-content\/uploads\/sites\/3\/2018\/09\/kitakrise-fb-profile2-300x300.jpg\" class=\"attachment-medium size-medium wp-post-image\" alt=\"\" srcset=\"http:\/\/alternativer-wohngipfel.de\/2018\/wp-content\/uploads\/sites\/3\/2018\/09\/kitakrise-fb-profile2-300x300.jpg 300w, http:\/\/alternativer-wohngipfel.de\/2018\/wp-content\/uploads\/sites\/3\/2018\/09\/kitakrise-fb-profile2-150x150.jpg 150w, http:\/\/alternativer-wohngipfel.de\/2018\/wp-content\/uploads\/sites\/3\/2018\/09\/kitakrise-fb-profile2.jpg 500w\" sizes=\"auto, (max-width: 300px) 100vw, 300px\" \/><\/a><\/div><div class=\"post-content\"><header class=\"entry-header\"><h1 class=\"post-title\"><a href=\"http:\/\/kitakriseberlin.org\" target=\"_blank\">Kitakrise Berlin<\/a><\/h1><\/header><div class=\"entry-content\"><p>Kitapl\u00e4tze schaffen &#8211; Erzieher*innen und Tageseltern unterst\u00fctzen. JETZT! Mehr Investitionen in sozialen Wohnungsbau &#8211; Verdr\u00e4ngung von Kinderl\u00e4den und Tageseltern stoppen! <\/p>\n<p class=\"more-link\"><a href=\"http:\/\/kitakriseberlin.org\" target=\"_blank\">http:\/\/kitakriseberlin.org <span class=\"meta-nav\">&rarr;<\/span><\/a><\/p>\n<\/div><\/div><div class=\"clear\"><\/div><\/article><article id=\"post-10150\" class=\"tribe_organizer single-item has-thumbnail\"><div class=\"post-thumb\"><a href=\"http:\/\/www.klaus-mindrup.de\" target=\"_blank\"><img loading=\"lazy\" decoding=\"async\" width=\"300\" height=\"300\" src=\"http:\/\/alternativer-wohngipfel.de\/2018\/wp-content\/uploads\/sites\/3\/2018\/09\/mindrup-300x300.jpg\" class=\"attachment-medium size-medium wp-post-image\" alt=\"\" srcset=\"http:\/\/alternativer-wohngipfel.de\/2018\/wp-content\/uploads\/sites\/3\/2018\/09\/mindrup-300x300.jpg 300w, http:\/\/alternativer-wohngipfel.de\/2018\/wp-content\/uploads\/sites\/3\/2018\/09\/mindrup-150x150.jpg 150w, http:\/\/alternativer-wohngipfel.de\/2018\/wp-content\/uploads\/sites\/3\/2018\/09\/mindrup.jpg 427w\" sizes=\"auto, (max-width: 300px) 100vw, 300px\" \/><\/a><\/div><div class=\"post-content\"><header class=\"entry-header\"><h1 class=\"post-title\"><a href=\"http:\/\/www.klaus-mindrup.de\" target=\"_blank\">Klaus Mindrup (MdB)<\/a><\/h1><\/header><div class=\"entry-content\"><p>Mitglied des Deutschen Bundestages <\/p>\n<p class=\"more-link\"><a href=\"http:\/\/www.klaus-mindrup.de\" target=\"_blank\">http:\/\/www.klaus-mindrup.de <span class=\"meta-nav\">&rarr;<\/span><\/a><\/p>\n<\/div><\/div><div class=\"clear\"><\/div><\/article><article id=\"post-10107\" class=\"tribe_organizer single-item has-thumbnail\"><div class=\"post-thumb\"><a href=\"http:\/\/klik-berlin.de\" target=\"_blank\"><img loading=\"lazy\" decoding=\"async\" width=\"300\" height=\"139\" src=\"http:\/\/alternativer-wohngipfel.de\/2018\/wp-content\/uploads\/sites\/3\/2018\/09\/klik-logo-2-300x139.jpg\" class=\"attachment-medium size-medium wp-post-image\" alt=\"\" srcset=\"http:\/\/alternativer-wohngipfel.de\/2018\/wp-content\/uploads\/sites\/3\/2018\/09\/klik-logo-2-300x139.jpg 300w, http:\/\/alternativer-wohngipfel.de\/2018\/wp-content\/uploads\/sites\/3\/2018\/09\/klik-logo-2-768x355.jpg 768w, http:\/\/alternativer-wohngipfel.de\/2018\/wp-content\/uploads\/sites\/3\/2018\/09\/klik-logo-2-624x289.jpg 624w, http:\/\/alternativer-wohngipfel.de\/2018\/wp-content\/uploads\/sites\/3\/2018\/09\/klik-logo-2.jpg 906w\" sizes=\"auto, (max-width: 300px) 100vw, 300px\" \/><\/a><\/div><div class=\"post-content\"><header class=\"entry-header\"><h1 class=\"post-title\"><a href=\"http:\/\/klik-berlin.de\" target=\"_blank\">KLIK e.V.<\/a><\/h1><\/header><div class=\"entry-content\"><p>mehrsprachige Beratung &amp; Betreuung in Wohnungsnotf\u00e4llen, Beratung &amp; Betreuung wohnungsloser junger Erwachsener, Beratung &amp; Betreuung wohnungsloser EU- Binnenmigrant*innen <\/p>\n<p class=\"more-link\"><a href=\"http:\/\/klik-berlin.de\" target=\"_blank\">http:\/\/klik-berlin.de <span class=\"meta-nav\">&rarr;<\/span><\/a><\/p>\n<\/div><\/div><div class=\"clear\"><\/div><\/article><article id=\"post-10038\" class=\"tribe_organizer single-item has-thumbnail\"><div class=\"post-thumb\"><a href=\"https:\/\/www.facebook.com\/kollektivkirsch\/\" target=\"_blank\"><img loading=\"lazy\" decoding=\"async\" width=\"200\" height=\"200\" src=\"http:\/\/alternativer-wohngipfel.de\/2018\/wp-content\/uploads\/sites\/3\/2018\/09\/kollektivkirsch.jpg\" class=\"attachment-medium size-medium wp-post-image\" alt=\"\" srcset=\"http:\/\/alternativer-wohngipfel.de\/2018\/wp-content\/uploads\/sites\/3\/2018\/09\/kollektivkirsch.jpg 200w, http:\/\/alternativer-wohngipfel.de\/2018\/wp-content\/uploads\/sites\/3\/2018\/09\/kollektivkirsch-150x150.jpg 150w\" sizes=\"auto, (max-width: 200px) 100vw, 200px\" \/><\/a><\/div><div class=\"post-content\"><header class=\"entry-header\"><h1 class=\"post-title\"><a href=\"https:\/\/www.facebook.com\/kollektivkirsch\/\" target=\"_blank\">Kollektiv Kirsch<\/a><\/h1><\/header><div class=\"entry-content\"><p> <\/p>\n<p class=\"more-link\"><a href=\"https:\/\/www.facebook.com\/kollektivkirsch\/\" target=\"_blank\">https:\/\/www.facebook.com\/kollektivkirsch\/ <span class=\"meta-nav\">&rarr;<\/span><\/a><\/p>\n<div class=\"event-list\"><h4>Veranstaltungen der Gruppe<\/h4><ul><li><a href=\"http:\/\/alternativer-wohngipfel.de\/2018\/aktionen\/tanzdemo-wem-gehoert-die-stadt\/\">1. January 1970: Tanzdemo: \"Wem geh\u00f6rt die Stadt?\"<\/a><\/li><\/ul><\/div><\/div><\/div><div class=\"clear\"><\/div><\/article><article id=\"post-9843\" class=\"tribe_organizer single-item has-thumbnail\"><div class=\"post-thumb\"><a href=\"http:\/\/raumstation.org\/\" target=\"_blank\"><img loading=\"lazy\" decoding=\"async\" width=\"300\" height=\"300\" src=\"http:\/\/alternativer-wohngipfel.de\/2018\/wp-content\/uploads\/sites\/3\/2018\/08\/logo-raumstation-durchsichtig-300x300.png\" class=\"attachment-medium size-medium wp-post-image\" alt=\"\" srcset=\"http:\/\/alternativer-wohngipfel.de\/2018\/wp-content\/uploads\/sites\/3\/2018\/08\/logo-raumstation-durchsichtig-300x300.png 300w, http:\/\/alternativer-wohngipfel.de\/2018\/wp-content\/uploads\/sites\/3\/2018\/08\/logo-raumstation-durchsichtig-150x150.png 150w, http:\/\/alternativer-wohngipfel.de\/2018\/wp-content\/uploads\/sites\/3\/2018\/08\/logo-raumstation-durchsichtig.png 378w\" sizes=\"auto, (max-width: 300px) 100vw, 300px\" \/><\/a><\/div><div class=\"post-content\"><header class=\"entry-header\"><h1 class=\"post-title\"><a href=\"http:\/\/raumstation.org\/\" target=\"_blank\">Kollektiv Raumstation, Weimar<\/a><\/h1><\/header><div class=\"entry-content\"><p>Die Raumstation ist eine Impulsgeberin, den st\u00e4dtischen Raum zu hinterfragen, zu vermitteln, zu beleben, mit ihm zu spielen und zu einem Ort des Austauschs und gemeinsamer Erfahrungen zu machen. Sie arbeitet mit experimentellen Raumerkundungsmethoden, k\u00fcnstlerisch-aktivistischen Interventionen und aktivierenden Prozessen. Im Fokus steht die Rolle der Bewohner*innen \u2013 als Alltagsexpert*innen, als Adressat*innen und Ausgangspunkt von Ver\u00e4nderungen, als Macher*innen. <\/p>\n<p class=\"more-link\"><a href=\"http:\/\/raumstation.org\/\" target=\"_blank\">http:\/\/raumstation.org\/ <span class=\"meta-nav\">&rarr;<\/span><\/a><\/p>\n<\/div><\/div><div class=\"clear\"><\/div><\/article><article id=\"post-9906\" class=\"tribe_organizer single-item has-thumbnail\"><div class=\"post-thumb\"><a href=\"https:\/\/facebook.com\/kolonie10\" target=\"_blank\"><img loading=\"lazy\" decoding=\"async\" width=\"300\" height=\"300\" src=\"http:\/\/alternativer-wohngipfel.de\/2018\/wp-content\/uploads\/sites\/3\/2018\/09\/c6290ced-ccde-4d21-8f19-0cf3ca5235b7-300x300.jpeg\" class=\"attachment-medium size-medium wp-post-image\" alt=\"\" srcset=\"http:\/\/alternativer-wohngipfel.de\/2018\/wp-content\/uploads\/sites\/3\/2018\/09\/c6290ced-ccde-4d21-8f19-0cf3ca5235b7-300x300.jpeg 300w, http:\/\/alternativer-wohngipfel.de\/2018\/wp-content\/uploads\/sites\/3\/2018\/09\/c6290ced-ccde-4d21-8f19-0cf3ca5235b7-150x150.jpeg 150w, http:\/\/alternativer-wohngipfel.de\/2018\/wp-content\/uploads\/sites\/3\/2018\/09\/c6290ced-ccde-4d21-8f19-0cf3ca5235b7-768x769.jpeg 768w, http:\/\/alternativer-wohngipfel.de\/2018\/wp-content\/uploads\/sites\/3\/2018\/09\/c6290ced-ccde-4d21-8f19-0cf3ca5235b7-1024x1024.jpeg 1024w, http:\/\/alternativer-wohngipfel.de\/2018\/wp-content\/uploads\/sites\/3\/2018\/09\/c6290ced-ccde-4d21-8f19-0cf3ca5235b7-624x624.jpeg 624w, http:\/\/alternativer-wohngipfel.de\/2018\/wp-content\/uploads\/sites\/3\/2018\/09\/c6290ced-ccde-4d21-8f19-0cf3ca5235b7.jpeg 1262w\" sizes=\"auto, (max-width: 300px) 100vw, 300px\" \/><\/a><\/div><div class=\"post-content\"><header class=\"entry-header\"><h1 class=\"post-title\"><a href=\"https:\/\/facebook.com\/kolonie10\" target=\"_blank\">Kolonie10<\/a><\/h1><\/header><div class=\"entry-content\"><p>Mieter*innengemeinschaft gegen Verdr\u00e4ngung und f\u00fcr mehr Vielfalt!! <\/p>\n<p class=\"more-link\"><a href=\"https:\/\/facebook.com\/kolonie10\" target=\"_blank\">https:\/\/facebook.com\/kolonie10 <span class=\"meta-nav\">&rarr;<\/span><\/a><\/p>\n<\/div><\/div><div class=\"clear\"><\/div><\/article><article id=\"post-9958\" class=\"tribe_organizer single-item has-thumbnail\"><div class=\"post-thumb\"><a href=\"https:\/\/de-de.facebook.com\/KommRin\/\" target=\"_blank\"><img loading=\"lazy\" decoding=\"async\" width=\"255\" height=\"159\" src=\"http:\/\/alternativer-wohngipfel.de\/2018\/wp-content\/uploads\/sites\/3\/2018\/09\/kommrin1-web-transp.png\" class=\"attachment-medium size-medium wp-post-image\" alt=\"\" \/><\/a><\/div><div class=\"post-content\"><header class=\"entry-header\"><h1 class=\"post-title\"><a href=\"https:\/\/de-de.facebook.com\/KommRin\/\" target=\"_blank\">KommRin e.V.<\/a><\/h1><\/header><div class=\"entry-content\"><p>financial support for private living space for refugees <\/p>\n<p class=\"more-link\"><a href=\"https:\/\/de-de.facebook.com\/KommRin\/\" target=\"_blank\">https:\/\/de-de.facebook.com\/KommRin\/ <span class=\"meta-nav\">&rarr;<\/span><\/a><\/p>\n<\/div><\/div><div class=\"clear\"><\/div><\/article><article id=\"post-10554\" class=\"tribe_organizer single-item has-thumbnail\"><div class=\"post-thumb\"><a href=\"http:\/\/kottiundco.net\" target=\"_blank\"><img loading=\"lazy\" decoding=\"async\" width=\"225\" height=\"300\" src=\"http:\/\/alternativer-wohngipfel.de\/2018\/wp-content\/uploads\/sites\/3\/2018\/09\/image-e1536943945310-225x300.jpg\" class=\"attachment-medium size-medium wp-post-image\" alt=\"\" srcset=\"http:\/\/alternativer-wohngipfel.de\/2018\/wp-content\/uploads\/sites\/3\/2018\/09\/image-e1536943945310-225x300.jpg 225w, http:\/\/alternativer-wohngipfel.de\/2018\/wp-content\/uploads\/sites\/3\/2018\/09\/image-e1536943945310-768x1024.jpg 768w, http:\/\/alternativer-wohngipfel.de\/2018\/wp-content\/uploads\/sites\/3\/2018\/09\/image-e1536943945310-624x832.jpg 624w\" sizes=\"auto, (max-width: 225px) 100vw, 225px\" \/><\/a><\/div><div class=\"post-content\"><header class=\"entry-header\"><h1 class=\"post-title\"><a href=\"http:\/\/kottiundco.net\" target=\"_blank\">Kotti &#038; Co<\/a><\/h1><\/header><div class=\"entry-content\"><p>Mietergemeinschaft am Kottbusser Tor <\/p>\n<p class=\"more-link\"><a href=\"http:\/\/kottiundco.net\" target=\"_blank\">http:\/\/kottiundco.net <span class=\"meta-nav\">&rarr;<\/span><\/a><\/p>\n<\/div><\/div><div class=\"clear\"><\/div><\/article><article id=\"post-10445\" class=\"tribe_organizer single-item has-thumbnail\"><div class=\"post-thumb\"><a href=\"https:\/\/kotti-berlin.de\/\" target=\"_blank\"><img loading=\"lazy\" decoding=\"async\" width=\"156\" height=\"70\" src=\"http:\/\/alternativer-wohngipfel.de\/2018\/wp-content\/uploads\/sites\/3\/2018\/09\/kotti-logo2.jpg\" class=\"attachment-medium size-medium wp-post-image\" alt=\"\" \/><\/a><\/div><div class=\"post-content\"><header class=\"entry-header\"><h1 class=\"post-title\"><a href=\"https:\/\/kotti-berlin.de\/\" target=\"_blank\">Kotti e.V.<\/a><\/h1><\/header><div class=\"entry-content\"><p>Nachbarschafts- und Gemeinwesenverein <\/p>\n<p class=\"more-link\"><a href=\"https:\/\/kotti-berlin.de\/\" target=\"_blank\">https:\/\/kotti-berlin.de\/ <span class=\"meta-nav\">&rarr;<\/span><\/a><\/p>\n<\/div><\/div><div class=\"clear\"><\/div><\/article><article id=\"post-9975\" class=\"tribe_organizer single-item has-thumbnail\"><div class=\"post-thumb\"><a href=\"http:\/\/kritische-geographie-berlin.de\/\" target=\"_blank\"><img loading=\"lazy\" decoding=\"async\" width=\"300\" height=\"56\" src=\"http:\/\/alternativer-wohngipfel.de\/2018\/wp-content\/uploads\/sites\/3\/2018\/09\/kgb-schwarz-200p-300x56.jpg\" class=\"attachment-medium size-medium wp-post-image\" alt=\"\" srcset=\"http:\/\/alternativer-wohngipfel.de\/2018\/wp-content\/uploads\/sites\/3\/2018\/09\/kgb-schwarz-200p-300x56.jpg 300w, http:\/\/alternativer-wohngipfel.de\/2018\/wp-content\/uploads\/sites\/3\/2018\/09\/kgb-schwarz-200p-768x145.jpg 768w, http:\/\/alternativer-wohngipfel.de\/2018\/wp-content\/uploads\/sites\/3\/2018\/09\/kgb-schwarz-200p-1024x193.jpg 1024w, http:\/\/alternativer-wohngipfel.de\/2018\/wp-content\/uploads\/sites\/3\/2018\/09\/kgb-schwarz-200p-624x118.jpg 624w, http:\/\/alternativer-wohngipfel.de\/2018\/wp-content\/uploads\/sites\/3\/2018\/09\/kgb-schwarz-200p.jpg 1062w\" sizes=\"auto, (max-width: 300px) 100vw, 300px\" \/><\/a><\/div><div class=\"post-content\"><header class=\"entry-header\"><h1 class=\"post-title\"><a href=\"http:\/\/kritische-geographie-berlin.de\/\" target=\"_blank\">Kritische Geographie Berlin e.V.<\/a><\/h1><\/header><div class=\"entry-content\"><p>Kritische Geographie Berlin ist eine freie Assoziation von Geograph_innen, Sozialwissenschaftler_innen, Aktivist_innen und anderen, die sich in akademischen und aktivistischen Kontexten mit Fragen um Macht, Raum und Gesellschaft auseinandersetzen.<\/p>\n<p>&nbsp; <\/p>\n<p class=\"more-link\"><a href=\"http:\/\/kritische-geographie-berlin.de\/\" target=\"_blank\">http:\/\/kritische-geographie-berlin.de\/ <span class=\"meta-nav\">&rarr;<\/span><\/a><\/p>\n<\/div><\/div><div class=\"clear\"><\/div><\/article><article id=\"post-10432\" class=\"tribe_organizer single-item has-thumbnail\"><div class=\"post-thumb\"><a href=\"https:\/\/www.list-gmbh.de\/\" target=\"_blank\"><img loading=\"lazy\" decoding=\"async\" width=\"300\" height=\"150\" src=\"http:\/\/alternativer-wohngipfel.de\/2018\/wp-content\/uploads\/sites\/3\/2018\/09\/logo-list-rgb-orand300-300x150.jpg\" class=\"attachment-medium size-medium wp-post-image\" alt=\"\" srcset=\"http:\/\/alternativer-wohngipfel.de\/2018\/wp-content\/uploads\/sites\/3\/2018\/09\/logo-list-rgb-orand300-300x150.jpg 300w, http:\/\/alternativer-wohngipfel.de\/2018\/wp-content\/uploads\/sites\/3\/2018\/09\/logo-list-rgb-orand300-768x385.jpg 768w, http:\/\/alternativer-wohngipfel.de\/2018\/wp-content\/uploads\/sites\/3\/2018\/09\/logo-list-rgb-orand300-1024x514.jpg 1024w, http:\/\/alternativer-wohngipfel.de\/2018\/wp-content\/uploads\/sites\/3\/2018\/09\/logo-list-rgb-orand300-624x313.jpg 624w, http:\/\/alternativer-wohngipfel.de\/2018\/wp-content\/uploads\/sites\/3\/2018\/09\/logo-list-rgb-orand300.jpg 1240w\" sizes=\"auto, (max-width: 300px) 100vw, 300px\" \/><\/a><\/div><div class=\"post-content\"><header class=\"entry-header\"><h1 class=\"post-title\"><a href=\"https:\/\/www.list-gmbh.de\/\" target=\"_blank\">L.I.S.T. Stadtentwicklungsgesellschaft mbH<\/a><\/h1><\/header><div class=\"entry-content\"><p>L\u00f6sungen im Stadtteil <\/p>\n<p class=\"more-link\"><a href=\"https:\/\/www.list-gmbh.de\/\" target=\"_blank\">https:\/\/www.list-gmbh.de\/ <span class=\"meta-nav\">&rarr;<\/span><\/a><\/p>\n<\/div><\/div><div class=\"clear\"><\/div><\/article><article id=\"post-10639\" class=\"tribe_organizer single-item has-thumbnail\"><div class=\"post-thumb\"><a href=\"https:\/\/www.facebook.com\/NachbarschaftsinitiativeIGHAB\/\" target=\"_blank\"><img loading=\"lazy\" decoding=\"async\" width=\"300\" height=\"181\" src=\"http:\/\/alternativer-wohngipfel.de\/2018\/wp-content\/uploads\/sites\/3\/2018\/09\/145c52a3-a20f-4645-9808-a0cee280218d-300x181.jpeg\" class=\"attachment-medium size-medium wp-post-image\" alt=\"\" srcset=\"http:\/\/alternativer-wohngipfel.de\/2018\/wp-content\/uploads\/sites\/3\/2018\/09\/145c52a3-a20f-4645-9808-a0cee280218d-300x181.jpeg 300w, http:\/\/alternativer-wohngipfel.de\/2018\/wp-content\/uploads\/sites\/3\/2018\/09\/145c52a3-a20f-4645-9808-a0cee280218d.jpeg 609w\" sizes=\"auto, (max-width: 300px) 100vw, 300px\" \/><\/a><\/div><div class=\"post-content\"><header class=\"entry-header\"><h1 class=\"post-title\"><a href=\"https:\/\/www.facebook.com\/NachbarschaftsinitiativeIGHAB\/\" target=\"_blank\">Laken Raus Berlin<\/a><\/h1><\/header><div class=\"entry-content\"><p>Gegen Gentrifizierung &amp; Ausverkauf: Wohnen ist ein Menschenrecht, Rendite nicht ! <\/p>\n<p class=\"more-link\"><a href=\"https:\/\/www.facebook.com\/NachbarschaftsinitiativeIGHAB\/\" target=\"_blank\">https:\/\/www.facebook.com\/NachbarschaftsinitiativeIGHAB\/ <span class=\"meta-nav\">&rarr;<\/span><\/a><\/p>\n<\/div><\/div><div class=\"clear\"><\/div><\/article><article id=\"post-10182\" class=\"tribe_organizer single-item has-thumbnail\"><div class=\"post-thumb\"><a href=\"https:\/\/www.landesarmutskonferenz-berlin.de\/\" target=\"_blank\"><img loading=\"lazy\" decoding=\"async\" width=\"200\" height=\"200\" src=\"http:\/\/alternativer-wohngipfel.de\/2018\/wp-content\/uploads\/sites\/3\/2018\/09\/lak-berlin.jpg\" class=\"attachment-medium size-medium wp-post-image\" alt=\"\" srcset=\"http:\/\/alternativer-wohngipfel.de\/2018\/wp-content\/uploads\/sites\/3\/2018\/09\/lak-berlin.jpg 200w, http:\/\/alternativer-wohngipfel.de\/2018\/wp-content\/uploads\/sites\/3\/2018\/09\/lak-berlin-150x150.jpg 150w\" sizes=\"auto, (max-width: 200px) 100vw, 200px\" \/><\/a><\/div><div class=\"post-content\"><header class=\"entry-header\"><h1 class=\"post-title\"><a href=\"https:\/\/www.landesarmutskonferenz-berlin.de\/\" target=\"_blank\">Landesarmutkonferenz Berlin<\/a><\/h1><\/header><div class=\"entry-content\"><p> <\/p>\n<p class=\"more-link\"><a href=\"https:\/\/www.landesarmutskonferenz-berlin.de\/\" target=\"_blank\">https:\/\/www.landesarmutskonferenz-berlin.de\/ <span class=\"meta-nav\">&rarr;<\/span><\/a><\/p>\n<div class=\"event-list\"><h4>Veranstaltungen der Gruppe<\/h4><ul><li><a href=\"http:\/\/alternativer-wohngipfel.de\/2018\/aktionen\/recht-auf-obdach-immer-mehr-menschen-leben-in-berlin-auf-der-strasse-von-der-obdachlosigkeit-betroffen-sind-besonders-eu-buergerinnen-die-stadt-muss-sich-eigentlich-um-die-unterbringung-kuemme\/\">1. January 1970: \"Recht auf Obdach?\" Immer mehr Menschen leben in Berlin auf der Stra\u00dfe. Von der Obdachlosigkeit betroffen sind besonders EU-B\u00fcrger*innen. Die Stadt muss sich eigentlich um die Unterbringung k\u00fcmmern. Wir fragen nach.<\/a><\/li><\/ul><\/div><\/div><\/div><div class=\"clear\"><\/div><\/article><article id=\"post-10377\" class=\"tribe_organizer single-item has-thumbnail\"><div class=\"post-thumb\"><a href=\"https:\/\/lause10.de\/\" target=\"_blank\"><img loading=\"lazy\" decoding=\"async\" width=\"285\" height=\"300\" src=\"http:\/\/alternativer-wohngipfel.de\/2018\/wp-content\/uploads\/sites\/3\/2018\/09\/capture-du2019ecran-2017-10-26-a-151644-285x300.png\" class=\"attachment-medium size-medium wp-post-image\" alt=\"\" srcset=\"http:\/\/alternativer-wohngipfel.de\/2018\/wp-content\/uploads\/sites\/3\/2018\/09\/capture-du2019ecran-2017-10-26-a-151644-285x300.png 285w, http:\/\/alternativer-wohngipfel.de\/2018\/wp-content\/uploads\/sites\/3\/2018\/09\/capture-du2019ecran-2017-10-26-a-151644-768x808.png 768w, http:\/\/alternativer-wohngipfel.de\/2018\/wp-content\/uploads\/sites\/3\/2018\/09\/capture-du2019ecran-2017-10-26-a-151644-624x656.png 624w, http:\/\/alternativer-wohngipfel.de\/2018\/wp-content\/uploads\/sites\/3\/2018\/09\/capture-du2019ecran-2017-10-26-a-151644.png 836w\" sizes=\"auto, (max-width: 285px) 100vw, 285px\" \/><\/a><\/div><div class=\"post-content\"><header class=\"entry-header\"><h1 class=\"post-title\"><a href=\"https:\/\/lause10.de\/\" target=\"_blank\">Lause Bleibt!<\/a><\/h1><\/header><div class=\"entry-content\"><p>Mieter_innenselbstorganisierung der Geb\u00e4ude Lausitzer Str. 10 &amp; 11 in Berlin Kreuzberg <\/p>\n<p class=\"more-link\"><a href=\"https:\/\/lause10.de\/\" target=\"_blank\">https:\/\/lause10.de\/ <span class=\"meta-nav\">&rarr;<\/span><\/a><\/p>\n<\/div><\/div><div class=\"clear\"><\/div><\/article><article id=\"post-9807\" class=\"tribe_organizer single-item has-thumbnail\"><div class=\"post-thumb\"><img loading=\"lazy\" decoding=\"async\" width=\"283\" height=\"280\" src=\"http:\/\/alternativer-wohngipfel.de\/2018\/wp-content\/uploads\/sites\/3\/2018\/08\/transt-1-web.jpg\" class=\"attachment-medium size-medium wp-post-image\" alt=\"\" \/><\/div><div class=\"post-content\"><header class=\"entry-header\"><h1 class=\"post-title\">Leben und Lachen e.V.<\/h1><\/header><div class=\"entry-content\"><p>Wohnprojekt\/WG <\/p>\n<\/div><\/div><div class=\"clear\"><\/div><\/article><article id=\"post-10421\" class=\"tribe_organizer single-item has-thumbnail\"><div class=\"post-thumb\"><a href=\"http:\/\/leipzig-stadtfueralle.de\/\" target=\"_blank\"><img loading=\"lazy\" decoding=\"async\" width=\"300\" height=\"300\" src=\"http:\/\/alternativer-wohngipfel.de\/2018\/wp-content\/uploads\/sites\/3\/2018\/09\/leipzig-stadtfueralle-logo-300x300.png\" class=\"attachment-medium size-medium wp-post-image\" alt=\"\" srcset=\"http:\/\/alternativer-wohngipfel.de\/2018\/wp-content\/uploads\/sites\/3\/2018\/09\/leipzig-stadtfueralle-logo-300x300.png 300w, http:\/\/alternativer-wohngipfel.de\/2018\/wp-content\/uploads\/sites\/3\/2018\/09\/leipzig-stadtfueralle-logo-150x150.png 150w, http:\/\/alternativer-wohngipfel.de\/2018\/wp-content\/uploads\/sites\/3\/2018\/09\/leipzig-stadtfueralle-logo.png 400w\" sizes=\"auto, (max-width: 300px) 100vw, 300px\" \/><\/a><\/div><div class=\"post-content\"><header class=\"entry-header\"><h1 class=\"post-title\"><a href=\"http:\/\/leipzig-stadtfueralle.de\/\" target=\"_blank\">Leipzig &#8211; Stadt f\u00fcr alle<\/a><\/h1><\/header><div class=\"entry-content\"><p>\u201eLeipzig &#8211; Stadt f\u00fcr alle\u201c setzt sich f\u00fcr eine soziale und demokratische Stadtentwicklung ein. <\/p>\n<p class=\"more-link\"><a href=\"http:\/\/leipzig-stadtfueralle.de\/\" target=\"_blank\">http:\/\/leipzig-stadtfueralle.de\/ <span class=\"meta-nav\">&rarr;<\/span><\/a><\/p>\n<\/div><\/div><div class=\"clear\"><\/div><\/article><article id=\"post-10163\" class=\"tribe_organizer single-item has-thumbnail\"><div class=\"post-thumb\"><a href=\"http:\/\/leipzigfueralle.blogsport.eu\" target=\"_blank\"><img loading=\"lazy\" decoding=\"async\" width=\"298\" height=\"300\" src=\"http:\/\/alternativer-wohngipfel.de\/2018\/wp-content\/uploads\/sites\/3\/2018\/09\/avartar1-298x300.jpg\" class=\"attachment-medium size-medium wp-post-image\" alt=\"\" srcset=\"http:\/\/alternativer-wohngipfel.de\/2018\/wp-content\/uploads\/sites\/3\/2018\/09\/avartar1-298x300.jpg 298w, http:\/\/alternativer-wohngipfel.de\/2018\/wp-content\/uploads\/sites\/3\/2018\/09\/avartar1-150x150.jpg 150w, http:\/\/alternativer-wohngipfel.de\/2018\/wp-content\/uploads\/sites\/3\/2018\/09\/avartar1-768x772.jpg 768w, http:\/\/alternativer-wohngipfel.de\/2018\/wp-content\/uploads\/sites\/3\/2018\/09\/avartar1-624x627.jpg 624w, http:\/\/alternativer-wohngipfel.de\/2018\/wp-content\/uploads\/sites\/3\/2018\/09\/avartar1.jpg 788w\" sizes=\"auto, (max-width: 298px) 100vw, 298px\" \/><\/a><\/div><div class=\"post-content\"><header class=\"entry-header\"><h1 class=\"post-title\"><a href=\"http:\/\/leipzigfueralle.blogsport.eu\" target=\"_blank\">Leipzig f\u00fcr Alle: Aktionsb\u00fcndnis Wohnen<\/a><\/h1><\/header><div class=\"entry-content\"><p>&#8222;Leipzig f\u00fcr Alle: Aktionsb\u00fcndnis Wohnen&#8220; unterst\u00fctzt von Entmietung, Modernisierung etc. Betroffene, indem sie die \u00d6ffentlichkeit durch verschiedene aktionistische Formen auf die Missst\u00e4nde aufmerksam macht. <\/p>\n<p class=\"more-link\"><a href=\"http:\/\/leipzigfueralle.blogsport.eu\" target=\"_blank\">http:\/\/leipzigfueralle.blogsport.eu <span class=\"meta-nav\">&rarr;<\/span><\/a><\/p>\n<\/div><\/div><div class=\"clear\"><\/div><\/article><article id=\"post-10703\" class=\"tribe_organizer single-item has-thumbnail\"><div class=\"post-thumb\"><a href=\"http:\/\/die-linke-konstanz.de\/kontakt\/\" target=\"_blank\"><img loading=\"lazy\" decoding=\"async\" width=\"300\" height=\"100\" src=\"http:\/\/alternativer-wohngipfel.de\/2018\/wp-content\/uploads\/sites\/3\/2018\/09\/logo-die-linke-kreisverband-konstanz-final-300x100.jpg\" class=\"attachment-medium size-medium wp-post-image\" alt=\"\" srcset=\"http:\/\/alternativer-wohngipfel.de\/2018\/wp-content\/uploads\/sites\/3\/2018\/09\/logo-die-linke-kreisverband-konstanz-final-300x100.jpg 300w, http:\/\/alternativer-wohngipfel.de\/2018\/wp-content\/uploads\/sites\/3\/2018\/09\/logo-die-linke-kreisverband-konstanz-final-624x209.jpg 624w, http:\/\/alternativer-wohngipfel.de\/2018\/wp-content\/uploads\/sites\/3\/2018\/09\/logo-die-linke-kreisverband-konstanz-final.jpg 667w\" sizes=\"auto, (max-width: 300px) 100vw, 300px\" \/><\/a><\/div><div class=\"post-content\"><header class=\"entry-header\"><h1 class=\"post-title\"><a href=\"http:\/\/die-linke-konstanz.de\/kontakt\/\" target=\"_blank\">LINKE im Kreis Konstanz<\/a><\/h1><\/header><div class=\"entry-content\"><p>Sozial. Gerecht. Frieden. F\u00fcr alle. <\/p>\n<p class=\"more-link\"><a href=\"http:\/\/die-linke-konstanz.de\/kontakt\/\" target=\"_blank\">http:\/\/die-linke-konstanz.de\/kontakt\/ <span class=\"meta-nav\">&rarr;<\/span><\/a><\/p>\n<\/div><\/div><div class=\"clear\"><\/div><\/article><article id=\"post-10696\" class=\"tribe_organizer single-item has-thumbnail\"><div class=\"post-thumb\"><a href=\"http:\/\/linke-liste-konstanz.com\/\" target=\"_blank\"><img loading=\"lazy\" decoding=\"async\" width=\"300\" height=\"60\" src=\"http:\/\/alternativer-wohngipfel.de\/2018\/wp-content\/uploads\/sites\/3\/2018\/09\/logo-linke-liste-konstanz-300x60.jpg\" class=\"attachment-medium size-medium wp-post-image\" alt=\"\" srcset=\"http:\/\/alternativer-wohngipfel.de\/2018\/wp-content\/uploads\/sites\/3\/2018\/09\/logo-linke-liste-konstanz-300x60.jpg 300w, http:\/\/alternativer-wohngipfel.de\/2018\/wp-content\/uploads\/sites\/3\/2018\/09\/logo-linke-liste-konstanz.jpg 387w\" sizes=\"auto, (max-width: 300px) 100vw, 300px\" \/><\/a><\/div><div class=\"post-content\"><header class=\"entry-header\"><h1 class=\"post-title\"><a href=\"http:\/\/linke-liste-konstanz.com\/\" target=\"_blank\">Linke Liste Konstanz (LLK)<\/a><\/h1><\/header><div class=\"entry-content\"><p>Wir setzen uns vor Ort aktiv f\u00fcr bezahlbaren Wohnraum, eine soziale Wohnungspolitik und gegen den (Aus-)Verkauf st\u00e4dtischer Grundst\u00fccke ein. <\/p>\n<p class=\"more-link\"><a href=\"http:\/\/linke-liste-konstanz.com\/\" target=\"_blank\">http:\/\/linke-liste-konstanz.com\/ <span class=\"meta-nav\">&rarr;<\/span><\/a><\/p>\n<\/div><\/div><div class=\"clear\"><\/div><\/article><article id=\"post-10404\" class=\"tribe_organizer single-item has-thumbnail\"><div class=\"post-thumb\"><a href=\"https:\/\/www.linksfraktion-pankow.de\" target=\"_blank\"><img loading=\"lazy\" decoding=\"async\" width=\"300\" height=\"110\" src=\"http:\/\/alternativer-wohngipfel.de\/2018\/wp-content\/uploads\/sites\/3\/2018\/09\/in-der-bvv-pankow-von-berlin-logo-bg-c0617c2390-300x110.png\" class=\"attachment-medium size-medium wp-post-image\" alt=\"\" srcset=\"http:\/\/alternativer-wohngipfel.de\/2018\/wp-content\/uploads\/sites\/3\/2018\/09\/in-der-bvv-pankow-von-berlin-logo-bg-c0617c2390-300x110.png 300w, http:\/\/alternativer-wohngipfel.de\/2018\/wp-content\/uploads\/sites\/3\/2018\/09\/in-der-bvv-pankow-von-berlin-logo-bg-c0617c2390.png 600w\" sizes=\"auto, (max-width: 300px) 100vw, 300px\" \/><\/a><\/div><div class=\"post-content\"><header class=\"entry-header\"><h1 class=\"post-title\"><a href=\"https:\/\/www.linksfraktion-pankow.de\" target=\"_blank\">Linksfraktion Pankow<\/a><\/h1><\/header><div class=\"entry-content\"><p>Linksfraktion in der BVV-Pankow von Berlin <\/p>\n<p class=\"more-link\"><a href=\"https:\/\/www.linksfraktion-pankow.de\" target=\"_blank\">https:\/\/www.linksfraktion-pankow.de <span class=\"meta-nav\">&rarr;<\/span><\/a><\/p>\n<\/div><\/div><div class=\"clear\"><\/div><\/article><article id=\"post-10351\" class=\"tribe_organizer single-item has-thumbnail\"><div class=\"post-thumb\"><a href=\"https:\/\/www.linsehausprojekt.de\/\" target=\"_blank\"><img loading=\"lazy\" decoding=\"async\" width=\"300\" height=\"224\" src=\"http:\/\/alternativer-wohngipfel.de\/2018\/wp-content\/uploads\/sites\/3\/2018\/09\/linse-logo-klein-300x224.png\" class=\"attachment-medium size-medium wp-post-image\" alt=\"\" srcset=\"http:\/\/alternativer-wohngipfel.de\/2018\/wp-content\/uploads\/sites\/3\/2018\/09\/linse-logo-klein-300x224.png 300w, http:\/\/alternativer-wohngipfel.de\/2018\/wp-content\/uploads\/sites\/3\/2018\/09\/linse-logo-klein.png 322w\" sizes=\"auto, (max-width: 300px) 100vw, 300px\" \/><\/a><\/div><div class=\"post-content\"><header class=\"entry-header\"><h1 class=\"post-title\"><a href=\"https:\/\/www.linsehausprojekt.de\/\" target=\"_blank\">LINSE Hausprojekt<\/a><\/h1><\/header><div class=\"entry-content\"><p>Wir wollen ein selbstverwaltetes Mietshaus in Berlin bauen \u2014 solidarisch, mit bezahlbaren Mieten und langfristig nachhaltiger Bewirtschaftung <\/p>\n<p class=\"more-link\"><a href=\"https:\/\/www.linsehausprojekt.de\/\" target=\"_blank\">https:\/\/www.linsehausprojekt.de\/ <span class=\"meta-nav\">&rarr;<\/span><\/a><\/p>\n<\/div><\/div><div class=\"clear\"><\/div><\/article><article id=\"post-9715\" class=\"tribe_organizer single-item has-thumbnail\"><div class=\"post-thumb\"><img loading=\"lazy\" decoding=\"async\" width=\"300\" height=\"300\" src=\"http:\/\/alternativer-wohngipfel.de\/2018\/wp-content\/uploads\/sites\/3\/2018\/08\/lisa-paus-300x300.jpg\" class=\"attachment-medium size-medium wp-post-image\" alt=\"\" srcset=\"http:\/\/alternativer-wohngipfel.de\/2018\/wp-content\/uploads\/sites\/3\/2018\/08\/lisa-paus-300x300.jpg 300w, http:\/\/alternativer-wohngipfel.de\/2018\/wp-content\/uploads\/sites\/3\/2018\/08\/lisa-paus-150x150.jpg 150w, http:\/\/alternativer-wohngipfel.de\/2018\/wp-content\/uploads\/sites\/3\/2018\/08\/lisa-paus.jpg 500w\" sizes=\"auto, (max-width: 300px) 100vw, 300px\" \/><\/div><div class=\"post-content\"><header class=\"entry-header\"><h1 class=\"post-title\">Lisa Paus (MdB)<\/h1><\/header><div class=\"entry-content\"><p>Sprecherin f\u00fcr Finanzpolitik B\u00fcndnis 90\/Die Gr\u00fcnen <\/p>\n<\/div><\/div><div class=\"clear\"><\/div><\/article><article id=\"post-9902\" class=\"tribe_organizer single-item has-thumbnail\"><div class=\"post-thumb\"><a href=\"http:\/\/www.mietenvolksentscheidberlin.de\" target=\"_blank\"><img loading=\"lazy\" decoding=\"async\" width=\"200\" height=\"200\" src=\"http:\/\/alternativer-wohngipfel.de\/2018\/wp-content\/uploads\/sites\/3\/2018\/09\/mietenvolksentscheid.jpg\" class=\"attachment-medium size-medium wp-post-image\" alt=\"\" srcset=\"http:\/\/alternativer-wohngipfel.de\/2018\/wp-content\/uploads\/sites\/3\/2018\/09\/mietenvolksentscheid.jpg 200w, http:\/\/alternativer-wohngipfel.de\/2018\/wp-content\/uploads\/sites\/3\/2018\/09\/mietenvolksentscheid-150x150.jpg 150w\" sizes=\"auto, (max-width: 200px) 100vw, 200px\" \/><\/a><\/div><div class=\"post-content\"><header class=\"entry-header\"><h1 class=\"post-title\"><a href=\"http:\/\/www.mietenvolksentscheidberlin.de\" target=\"_blank\">Mietenvolksentscheid e.V.<\/a><\/h1><\/header><div class=\"entry-content\"><p>Mieterinititaive aus Berlin <\/p>\n<p class=\"more-link\"><a href=\"http:\/\/www.mietenvolksentscheidberlin.de\" target=\"_blank\">http:\/\/www.mietenvolksentscheidberlin.de <span class=\"meta-nav\">&rarr;<\/span><\/a><\/p>\n<\/div><\/div><div class=\"clear\"><\/div><\/article><article id=\"post-10093\" class=\"tribe_organizer single-item has-thumbnail\"><div class=\"post-thumb\"><a href=\"http:\/\/www.mietenwahnsinn-hessen.de\" target=\"_blank\"><img loading=\"lazy\" decoding=\"async\" width=\"300\" height=\"300\" src=\"http:\/\/alternativer-wohngipfel.de\/2018\/wp-content\/uploads\/sites\/3\/2018\/09\/mietenwahnsinn-hessen-facebook-profilbild-300x300.png\" class=\"attachment-medium size-medium wp-post-image\" alt=\"\" srcset=\"http:\/\/alternativer-wohngipfel.de\/2018\/wp-content\/uploads\/sites\/3\/2018\/09\/mietenwahnsinn-hessen-facebook-profilbild-300x300.png 300w, http:\/\/alternativer-wohngipfel.de\/2018\/wp-content\/uploads\/sites\/3\/2018\/09\/mietenwahnsinn-hessen-facebook-profilbild-150x150.png 150w, http:\/\/alternativer-wohngipfel.de\/2018\/wp-content\/uploads\/sites\/3\/2018\/09\/mietenwahnsinn-hessen-facebook-profilbild-768x768.png 768w, http:\/\/alternativer-wohngipfel.de\/2018\/wp-content\/uploads\/sites\/3\/2018\/09\/mietenwahnsinn-hessen-facebook-profilbild-1024x1024.png 1024w, http:\/\/alternativer-wohngipfel.de\/2018\/wp-content\/uploads\/sites\/3\/2018\/09\/mietenwahnsinn-hessen-facebook-profilbild-624x624.png 624w\" sizes=\"auto, (max-width: 300px) 100vw, 300px\" \/><\/a><\/div><div class=\"post-content\"><header class=\"entry-header\"><h1 class=\"post-title\"><a href=\"http:\/\/www.mietenwahnsinn-hessen.de\" target=\"_blank\">#Mietenwahnsinn-Hessen<\/a><\/h1><\/header><div class=\"entry-content\"><p>B\u00fcndnis f\u00fcr eine hessenweite Wohnraumdemonstration in Frankfurt am 20. Oktober 2018 <\/p>\n<p class=\"more-link\"><a href=\"http:\/\/www.mietenwahnsinn-hessen.de\" target=\"_blank\">http:\/\/www.mietenwahnsinn-hessen.de <span class=\"meta-nav\">&rarr;<\/span><\/a><\/p>\n<\/div><\/div><div class=\"clear\"><\/div><\/article><article id=\"post-10496\" class=\"tribe_organizer single-item has-thumbnail\"><div class=\"post-thumb\"><a href=\"http:\/\/www.mhmhamburg.de\" target=\"_blank\"><img loading=\"lazy\" decoding=\"async\" width=\"266\" height=\"300\" src=\"http:\/\/alternativer-wohngipfel.de\/2018\/wp-content\/uploads\/sites\/3\/2018\/09\/mhm-logo-domain-266x300.jpg\" class=\"attachment-medium size-medium wp-post-image\" alt=\"\" srcset=\"http:\/\/alternativer-wohngipfel.de\/2018\/wp-content\/uploads\/sites\/3\/2018\/09\/mhm-logo-domain-266x300.jpg 266w, http:\/\/alternativer-wohngipfel.de\/2018\/wp-content\/uploads\/sites\/3\/2018\/09\/mhm-logo-domain-768x867.jpg 768w, http:\/\/alternativer-wohngipfel.de\/2018\/wp-content\/uploads\/sites\/3\/2018\/09\/mhm-logo-domain-907x1024.jpg 907w, http:\/\/alternativer-wohngipfel.de\/2018\/wp-content\/uploads\/sites\/3\/2018\/09\/mhm-logo-domain-624x705.jpg 624w, http:\/\/alternativer-wohngipfel.de\/2018\/wp-content\/uploads\/sites\/3\/2018\/09\/mhm-logo-domain.jpg 988w\" sizes=\"auto, (max-width: 266px) 100vw, 266px\" \/><\/a><\/div><div class=\"post-content\"><header class=\"entry-header\"><h1 class=\"post-title\"><a href=\"http:\/\/www.mhmhamburg.de\" target=\"_blank\">Mieter helfen Mietern Hamburger Mieterverein e.V.<\/a><\/h1><\/header><div class=\"entry-content\"><p>MhM setzt sich f\u00fcr die Interessen von Mieter*innen und f\u00fcr die Verwirklichung einer sozialen, an den Bed\u00fcrfnissen der Mieterschaft ausgerichteten Wohnungswirtschaft ein. MhM arbeitet eng mit Hamburger Mieter- und Stadtteilinitiaven zusammen. <\/p>\n<p class=\"more-link\"><a href=\"http:\/\/www.mhmhamburg.de\" target=\"_blank\">http:\/\/www.mhmhamburg.de <span class=\"meta-nav\">&rarr;<\/span><\/a><\/p>\n<\/div><\/div><div class=\"clear\"><\/div><\/article><article id=\"post-10491\" class=\"tribe_organizer single-item has-thumbnail\"><div class=\"post-thumb\"><a href=\"https:\/\/www.facebook.com\/search\/top\/?q=mieterinnen-initiativegontermannstrasse\" target=\"_blank\"><img loading=\"lazy\" decoding=\"async\" width=\"300\" height=\"300\" src=\"http:\/\/alternativer-wohngipfel.de\/2018\/wp-content\/uploads\/sites\/3\/2018\/09\/17308976-1258370264254457-7089675330720330030-n-300x300.jpg\" class=\"attachment-medium size-medium wp-post-image\" alt=\"\" srcset=\"http:\/\/alternativer-wohngipfel.de\/2018\/wp-content\/uploads\/sites\/3\/2018\/09\/17308976-1258370264254457-7089675330720330030-n-300x300.jpg 300w, http:\/\/alternativer-wohngipfel.de\/2018\/wp-content\/uploads\/sites\/3\/2018\/09\/17308976-1258370264254457-7089675330720330030-n-150x150.jpg 150w, http:\/\/alternativer-wohngipfel.de\/2018\/wp-content\/uploads\/sites\/3\/2018\/09\/17308976-1258370264254457-7089675330720330030-n-768x768.jpg 768w, http:\/\/alternativer-wohngipfel.de\/2018\/wp-content\/uploads\/sites\/3\/2018\/09\/17308976-1258370264254457-7089675330720330030-n-624x624.jpg 624w, http:\/\/alternativer-wohngipfel.de\/2018\/wp-content\/uploads\/sites\/3\/2018\/09\/17308976-1258370264254457-7089675330720330030-n.jpg 900w\" sizes=\"auto, (max-width: 300px) 100vw, 300px\" \/><\/a><\/div><div class=\"post-content\"><header class=\"entry-header\"><h1 class=\"post-title\"><a href=\"https:\/\/www.facebook.com\/search\/top\/?q=mieterinnen-initiativegontermannstrasse\" target=\"_blank\">Mieter_innen Initiative Gontermannstra\u00dfe<\/a><\/h1><\/header><div class=\"entry-content\"><p>Schluss mit unsinnigen Modernisierungen, die keine Energie- oder Emissionseinsparungen bringen! Schluss mit der Macht der gro\u00dfen Wohnungswirtschaftsunternehmen! Schluss mit den Mieterh\u00f6hungsm\u00f6glichkeiten! Schluss mit M\u00e4ngelanzeigen, die nicht bearbeitet werden! <\/p>\n<p class=\"more-link\"><a href=\"https:\/\/www.facebook.com\/search\/top\/?q=mieterinnen-initiativegontermannstrasse\" target=\"_blank\">https:\/\/www.facebook.com\/search\/top\/?q=mieterinnen-initiativegontermannstrasse <span class=\"meta-nav\">&rarr;<\/span><\/a><\/p>\n<\/div><\/div><div class=\"clear\"><\/div><\/article><article id=\"post-9985\" class=\"tribe_organizer single-item has-thumbnail\"><div class=\"post-thumb\"><a href=\"https:\/\/www.facebook.com\/Mieter-Initiative-Dortmund-2150146251912218\/\" target=\"_blank\"><img loading=\"lazy\" decoding=\"async\" width=\"300\" height=\"300\" src=\"http:\/\/alternativer-wohngipfel.de\/2018\/wp-content\/uploads\/sites\/3\/2018\/09\/fb-img-1535993581468-300x300.jpg\" class=\"attachment-medium size-medium wp-post-image\" alt=\"\" srcset=\"http:\/\/alternativer-wohngipfel.de\/2018\/wp-content\/uploads\/sites\/3\/2018\/09\/fb-img-1535993581468-300x300.jpg 300w, http:\/\/alternativer-wohngipfel.de\/2018\/wp-content\/uploads\/sites\/3\/2018\/09\/fb-img-1535993581468-150x150.jpg 150w, http:\/\/alternativer-wohngipfel.de\/2018\/wp-content\/uploads\/sites\/3\/2018\/09\/fb-img-1535993581468.jpg 400w\" sizes=\"auto, (max-width: 300px) 100vw, 300px\" \/><\/a><\/div><div class=\"post-content\"><header class=\"entry-header\"><h1 class=\"post-title\"><a href=\"https:\/\/www.facebook.com\/Mieter-Initiative-Dortmund-2150146251912218\/\" target=\"_blank\">Mieter-Initiative Dortmund<\/a><\/h1><\/header><div class=\"entry-content\"><p>Interessenvertretung <\/p>\n<p class=\"more-link\"><a href=\"https:\/\/www.facebook.com\/Mieter-Initiative-Dortmund-2150146251912218\/\" target=\"_blank\">https:\/\/www.facebook.com\/Mieter-Initiative-Dortmund-2150146251912218\/ <span class=\"meta-nav\">&rarr;<\/span><\/a><\/p>\n<\/div><\/div><div class=\"clear\"><\/div><\/article><article id=\"post-10149\" class=\"tribe_organizer single-item has-thumbnail\"><div class=\"post-thumb\"><a href=\"http:\/\/deutsche-wohnen-protest.de\/\" target=\"_blank\"><img loading=\"lazy\" decoding=\"async\" width=\"300\" height=\"300\" src=\"http:\/\/alternativer-wohngipfel.de\/2018\/wp-content\/uploads\/sites\/3\/2018\/08\/link-button-300x300.png\" class=\"attachment-medium size-medium wp-post-image\" alt=\"\" srcset=\"http:\/\/alternativer-wohngipfel.de\/2018\/wp-content\/uploads\/sites\/3\/2018\/08\/link-button-300x300.png 300w, http:\/\/alternativer-wohngipfel.de\/2018\/wp-content\/uploads\/sites\/3\/2018\/08\/link-button-150x150.png 150w, http:\/\/alternativer-wohngipfel.de\/2018\/wp-content\/uploads\/sites\/3\/2018\/08\/link-button.png 400w\" sizes=\"auto, (max-width: 300px) 100vw, 300px\" \/><\/a><\/div><div class=\"post-content\"><header class=\"entry-header\"><h1 class=\"post-title\"><a href=\"http:\/\/deutsche-wohnen-protest.de\/\" target=\"_blank\">Mieter*inneninitiative Mierendorffinsel<\/a><\/h1><\/header><div class=\"entry-content\"><ol>\n<li>Das MENSCHENRECHT auf Wohnen muss f\u00fcr ALLE umgesetzt werden!<\/li>\n<\/ol>\n<p> <\/p>\n<p class=\"more-link\"><a href=\"http:\/\/deutsche-wohnen-protest.de\/\" target=\"_blank\">http:\/\/deutsche-wohnen-protest.de\/ <span class=\"meta-nav\">&rarr;<\/span><\/a><\/p>\n<\/div><\/div><div class=\"clear\"><\/div><\/article><article id=\"post-9837\" class=\"tribe_organizer single-item has-thumbnail\"><div class=\"post-thumb\"><a href=\"https:\/\/twitter.com\/mieteraktie\" target=\"_blank\"><img loading=\"lazy\" decoding=\"async\" width=\"300\" height=\"300\" src=\"http:\/\/alternativer-wohngipfel.de\/2018\/wp-content\/uploads\/sites\/3\/2018\/08\/link-button-300x300.png\" class=\"attachment-medium size-medium wp-post-image\" alt=\"\" srcset=\"http:\/\/alternativer-wohngipfel.de\/2018\/wp-content\/uploads\/sites\/3\/2018\/08\/link-button-300x300.png 300w, http:\/\/alternativer-wohngipfel.de\/2018\/wp-content\/uploads\/sites\/3\/2018\/08\/link-button-150x150.png 150w, http:\/\/alternativer-wohngipfel.de\/2018\/wp-content\/uploads\/sites\/3\/2018\/08\/link-button.png 400w\" sizes=\"auto, (max-width: 300px) 100vw, 300px\" \/><\/a><\/div><div class=\"post-content\"><header class=\"entry-header\"><h1 class=\"post-title\"><a href=\"https:\/\/twitter.com\/mieteraktie\" target=\"_blank\">MieterAKTION\u00e4rIn &#8211; Plattform kritischer Immoblienaktion\u00e4r_innen<\/a><\/h1><\/header><div class=\"entry-content\"><p>Unsere selbst gesetzte Aufgabe ist die kritische Beobachtung und Analyse der Gesch\u00e4ftsmodelle und Praktiken von b\u00f6rsennotierten und anderen finanzmarktorientierten Immobilienunternehmen. Als Aktion\u00e4r_innen beteiligen wir uns mit kritischen Fragen und Antr\u00e4gen an den Hauptversammlungen von Vonovia, LEG Immobilien &amp; Co und an begleitenden Aktionen. Wir wollen an diesen Konzernen verstehen und aufzeigen, wie die Finanzialisierung der Immobilienwirtschaft funktioniert und wie man sich dazu organisieren und politisch handeln kann. <\/p>\n<p class=\"more-link\"><a href=\"https:\/\/twitter.com\/mieteraktie\" target=\"_blank\">https:\/\/twitter.com\/mieteraktie <span class=\"meta-nav\">&rarr;<\/span><\/a><\/p>\n<\/div><\/div><div class=\"clear\"><\/div><\/article><article id=\"post-10950\" class=\"tribe_organizer single-item has-thumbnail\"><div class=\"post-thumb\"><img loading=\"lazy\" decoding=\"async\" width=\"300\" height=\"300\" src=\"http:\/\/alternativer-wohngipfel.de\/2018\/wp-content\/uploads\/sites\/3\/2018\/08\/link-button-300x300.png\" class=\"attachment-medium size-medium wp-post-image\" alt=\"\" srcset=\"http:\/\/alternativer-wohngipfel.de\/2018\/wp-content\/uploads\/sites\/3\/2018\/08\/link-button-300x300.png 300w, http:\/\/alternativer-wohngipfel.de\/2018\/wp-content\/uploads\/sites\/3\/2018\/08\/link-button-150x150.png 150w, http:\/\/alternativer-wohngipfel.de\/2018\/wp-content\/uploads\/sites\/3\/2018\/08\/link-button.png 400w\" sizes=\"auto, (max-width: 300px) 100vw, 300px\" \/><\/div><div class=\"post-content\"><header class=\"entry-header\"><h1 class=\"post-title\">Mieterbund Hanau<\/h1><\/header><div class=\"entry-content\"><p>Mieterschutz <\/p>\n<\/div><\/div><div class=\"clear\"><\/div><\/article><article id=\"post-10104\" class=\"tribe_organizer single-item has-thumbnail\"><div class=\"post-thumb\"><a href=\"http:\/\/mieterforum-pankow.net\/\" target=\"_blank\"><img loading=\"lazy\" decoding=\"async\" width=\"300\" height=\"298\" src=\"http:\/\/alternativer-wohngipfel.de\/2018\/wp-content\/uploads\/sites\/3\/2018\/09\/logo-mfp-quadratisch-300x298.png\" class=\"attachment-medium size-medium wp-post-image\" alt=\"\" srcset=\"http:\/\/alternativer-wohngipfel.de\/2018\/wp-content\/uploads\/sites\/3\/2018\/09\/logo-mfp-quadratisch-300x298.png 300w, http:\/\/alternativer-wohngipfel.de\/2018\/wp-content\/uploads\/sites\/3\/2018\/09\/logo-mfp-quadratisch-150x150.png 150w, http:\/\/alternativer-wohngipfel.de\/2018\/wp-content\/uploads\/sites\/3\/2018\/09\/logo-mfp-quadratisch.png 523w\" sizes=\"auto, (max-width: 300px) 100vw, 300px\" \/><\/a><\/div><div class=\"post-content\"><header class=\"entry-header\"><h1 class=\"post-title\"><a href=\"http:\/\/mieterforum-pankow.net\/\" target=\"_blank\">Mieterforum Pankow<\/a><\/h1><\/header><div class=\"entry-content\"><p>Wir organisieren \u00d6ffentlichkeit und unterst\u00fctzen die Selbstorganisation der Mieter*innen. Gemeinsames und solidarisches Handeln ist der beste Mieterschutz! <\/p>\n<p class=\"more-link\"><a href=\"http:\/\/mieterforum-pankow.net\/\" target=\"_blank\">http:\/\/mieterforum-pankow.net\/ <span class=\"meta-nav\">&rarr;<\/span><\/a><\/p>\n<\/div><\/div><div class=\"clear\"><\/div><\/article><article id=\"post-10082\" class=\"tribe_organizer single-item has-thumbnail\"><div class=\"post-thumb\"><a href=\"http:\/\/www.mieterforum-ruhr.de\/\" target=\"_blank\"><img loading=\"lazy\" decoding=\"async\" width=\"109\" height=\"93\" src=\"http:\/\/alternativer-wohngipfel.de\/2018\/wp-content\/uploads\/sites\/3\/2018\/09\/logo-mieterforum-ruhr.gif\" class=\"attachment-medium size-medium wp-post-image\" alt=\"\" \/><\/a><\/div><div class=\"post-content\"><header class=\"entry-header\"><h1 class=\"post-title\"><a href=\"http:\/\/www.mieterforum-ruhr.de\/\" target=\"_blank\">MieterForum Ruhr e.V.<\/a><\/h1><\/header><div class=\"entry-content\"><p>Mieterforum Ruhr e.V. ist die Arbeitsgemeinschaft von Mietervereinen im Ruhrgebiet (Mieterverein Bochum und Umgend e.V., Mieterverein Dortmund und Umgebung e.V., MieterInnenverein Witten e.V., Mietergemeinschaft Essen e.V.) Wir verstehen uns als Diskussions-, Vernetzungs- und Aktionsplattform und steht im engen Austausch mit Mieter- und B\u00fcrgerinitiativen, kritischen Wissenschaftler\/innen und wohnungspolitisch aktiven Einzelpersonen aus dem Ruhrgebiet. Gemeinsam verfolgen wir das Ziel, die Belange und Interessen der Nichteigent\u00fcmer\/innen von Wohnraum sowie eine solidarische und umweltgerechte, nachhaltige Stadt- und Regionalentwicklung zu st\u00e4rken. Gemeinsam wollen eine soziales, gesundes und sicheres Wohnen f\u00fcr alle verteidigen und durchsetzen. Dabei wollen wir uns den Herausforderungen der wirtschaftlichen Globalisierung, des Klimawandels und der demografischen Ver\u00e4nderungen offensiv stellen. <\/p>\n<p class=\"more-link\"><a href=\"http:\/\/www.mieterforum-ruhr.de\/\" target=\"_blank\">http:\/\/www.mieterforum-ruhr.de\/ <span class=\"meta-nav\">&rarr;<\/span><\/a><\/p>\n<\/div><\/div><div class=\"clear\"><\/div><\/article><article id=\"post-9929\" class=\"tribe_organizer single-item has-thumbnail\"><div class=\"post-thumb\"><a href=\"http:\/\/deutsche-wohnen-protest.de\/ueber-uns\/mieterinitiative-grellstrase-prenzlauer-allee\/\" target=\"_blank\"><img loading=\"lazy\" decoding=\"async\" width=\"300\" height=\"300\" src=\"http:\/\/alternativer-wohngipfel.de\/2018\/wp-content\/uploads\/sites\/3\/2018\/08\/link-button-300x300.png\" class=\"attachment-medium size-medium wp-post-image\" alt=\"\" srcset=\"http:\/\/alternativer-wohngipfel.de\/2018\/wp-content\/uploads\/sites\/3\/2018\/08\/link-button-300x300.png 300w, http:\/\/alternativer-wohngipfel.de\/2018\/wp-content\/uploads\/sites\/3\/2018\/08\/link-button-150x150.png 150w, http:\/\/alternativer-wohngipfel.de\/2018\/wp-content\/uploads\/sites\/3\/2018\/08\/link-button.png 400w\" sizes=\"auto, (max-width: 300px) 100vw, 300px\" \/><\/a><\/div><div class=\"post-content\"><header class=\"entry-header\"><h1 class=\"post-title\"><a href=\"http:\/\/deutsche-wohnen-protest.de\/ueber-uns\/mieterinitiative-grellstrase-prenzlauer-allee\/\" target=\"_blank\">Mieterinitiative Grellstra\u00dfe-Prenzlauer Allee<\/a><\/h1><\/header><div class=\"entry-content\"><p>Mieterinitiative mit 253 Mietparteien. Wir wehren uns gegen Energetische Modernisierungen, Nachverdichtungen und Aufstockungen durch die Deutsche Wohnen. <\/p>\n<p class=\"more-link\"><a href=\"http:\/\/deutsche-wohnen-protest.de\/ueber-uns\/mieterinitiative-grellstrase-prenzlauer-allee\/\" target=\"_blank\">http:\/\/deutsche-wohnen-protest.de\/ueber-uns\/mieterinitiative-grellstrase-prenzlauer-allee\/ <span class=\"meta-nav\">&rarr;<\/span><\/a><\/p>\n<\/div><\/div><div class=\"clear\"><\/div><\/article><article id=\"post-10136\" class=\"tribe_organizer single-item has-thumbnail\"><div class=\"post-thumb\"><a href=\"https:\/\/www.facebook.com\/mieterwehrensich\/\" target=\"_blank\"><img loading=\"lazy\" decoding=\"async\" width=\"300\" height=\"300\" src=\"http:\/\/alternativer-wohngipfel.de\/2018\/wp-content\/uploads\/sites\/3\/2018\/09\/logomieterinitiative-300x300.jpeg\" class=\"attachment-medium size-medium wp-post-image\" alt=\"\" srcset=\"http:\/\/alternativer-wohngipfel.de\/2018\/wp-content\/uploads\/sites\/3\/2018\/09\/logomieterinitiative-300x300.jpeg 300w, http:\/\/alternativer-wohngipfel.de\/2018\/wp-content\/uploads\/sites\/3\/2018\/09\/logomieterinitiative-150x150.jpeg 150w, http:\/\/alternativer-wohngipfel.de\/2018\/wp-content\/uploads\/sites\/3\/2018\/09\/logomieterinitiative-768x768.jpeg 768w, http:\/\/alternativer-wohngipfel.de\/2018\/wp-content\/uploads\/sites\/3\/2018\/09\/logomieterinitiative-624x624.jpeg 624w, http:\/\/alternativer-wohngipfel.de\/2018\/wp-content\/uploads\/sites\/3\/2018\/09\/logomieterinitiative.jpeg 800w\" sizes=\"auto, (max-width: 300px) 100vw, 300px\" \/><\/a><\/div><div class=\"post-content\"><header class=\"entry-header\"><h1 class=\"post-title\"><a href=\"https:\/\/www.facebook.com\/mieterwehrensich\/\" target=\"_blank\">MieterInitiative Konstanz-Schwaketen<\/a><\/h1><\/header><div class=\"entry-content\"><p>Interessenverteretung <\/p>\n<p class=\"more-link\"><a href=\"https:\/\/www.facebook.com\/mieterwehrensich\/\" target=\"_blank\">https:\/\/www.facebook.com\/mieterwehrensich\/ <span class=\"meta-nav\">&rarr;<\/span><\/a><\/p>\n<\/div><\/div><div class=\"clear\"><\/div><\/article><article id=\"post-10605\" class=\"tribe_organizer single-item has-thumbnail\"><div class=\"post-thumb\"><a href=\"https:\/\/www.frei-zeit-haus.de\/\" target=\"_blank\"><img loading=\"lazy\" decoding=\"async\" width=\"300\" height=\"300\" src=\"http:\/\/alternativer-wohngipfel.de\/2018\/wp-content\/uploads\/sites\/3\/2018\/08\/link-button-300x300.png\" class=\"attachment-medium size-medium wp-post-image\" alt=\"\" srcset=\"http:\/\/alternativer-wohngipfel.de\/2018\/wp-content\/uploads\/sites\/3\/2018\/08\/link-button-300x300.png 300w, http:\/\/alternativer-wohngipfel.de\/2018\/wp-content\/uploads\/sites\/3\/2018\/08\/link-button-150x150.png 150w, http:\/\/alternativer-wohngipfel.de\/2018\/wp-content\/uploads\/sites\/3\/2018\/08\/link-button.png 400w\" sizes=\"auto, (max-width: 300px) 100vw, 300px\" \/><\/a><\/div><div class=\"post-content\"><header class=\"entry-header\"><h1 class=\"post-title\"><a href=\"https:\/\/www.frei-zeit-haus.de\/\" target=\"_blank\">Mieterinitiative Wei\u00dfensee vom Frei-Zeit-Haus e.V.<\/a><\/h1><\/header><div class=\"entry-content\"><p>regelm\u00e4\u00dfige Info- und Austauschveranstaltungen zum Thema Mieten, Aktionen <\/p>\n<p class=\"more-link\"><a href=\"https:\/\/www.frei-zeit-haus.de\/\" target=\"_blank\">https:\/\/www.frei-zeit-haus.de\/ <span class=\"meta-nav\">&rarr;<\/span><\/a><\/p>\n<\/div><\/div><div class=\"clear\"><\/div><\/article><article id=\"post-10049\" class=\"tribe_organizer single-item has-thumbnail\"><div class=\"post-thumb\"><a href=\"https:\/\/www.facebook.com\/LoewensteinmieterInnen\/\" target=\"_blank\"><img loading=\"lazy\" decoding=\"async\" width=\"300\" height=\"300\" src=\"http:\/\/alternativer-wohngipfel.de\/2018\/wp-content\/uploads\/sites\/3\/2018\/09\/018c75a7-7abf-41a1-8560-a591cc9ab1e5-300x300.jpeg\" class=\"attachment-medium size-medium wp-post-image\" alt=\"\" srcset=\"http:\/\/alternativer-wohngipfel.de\/2018\/wp-content\/uploads\/sites\/3\/2018\/09\/018c75a7-7abf-41a1-8560-a591cc9ab1e5-300x300.jpeg 300w, http:\/\/alternativer-wohngipfel.de\/2018\/wp-content\/uploads\/sites\/3\/2018\/09\/018c75a7-7abf-41a1-8560-a591cc9ab1e5-150x150.jpeg 150w, http:\/\/alternativer-wohngipfel.de\/2018\/wp-content\/uploads\/sites\/3\/2018\/09\/018c75a7-7abf-41a1-8560-a591cc9ab1e5.jpeg 400w\" sizes=\"auto, (max-width: 300px) 100vw, 300px\" \/><\/a><\/div><div class=\"post-content\"><header class=\"entry-header\"><h1 class=\"post-title\"><a href=\"https:\/\/www.facebook.com\/LoewensteinmieterInnen\/\" target=\"_blank\">Mieterinnen &#038; Mieter L\u00f6wensteinring 23\/25<\/a><\/h1><\/header><div class=\"entry-content\"><p> <\/p>\n<p class=\"more-link\"><a href=\"https:\/\/www.facebook.com\/LoewensteinmieterInnen\/\" target=\"_blank\">https:\/\/www.facebook.com\/LoewensteinmieterInnen\/ <span class=\"meta-nav\">&rarr;<\/span><\/a><\/p>\n<div class=\"event-list\"><h4>Veranstaltungen der Gruppe<\/h4><ul><li><a href=\"http:\/\/alternativer-wohngipfel.de\/2018\/aktionen\/mietenwahnsinn-stoppen-fuer-ein-gutes-leben-in-gropiusstadt\/\">1. January 1970: Mietenwahnsinn stoppen! F\u00fcr ein gutes Leben in Gropiusstadt<\/a><\/li><\/ul><\/div><\/div><\/div><div class=\"clear\"><\/div><\/article><article id=\"post-9983\" class=\"tribe_organizer single-item has-thumbnail\"><div class=\"post-thumb\"><img loading=\"lazy\" decoding=\"async\" width=\"220\" height=\"176\" src=\"http:\/\/alternativer-wohngipfel.de\/2018\/wp-content\/uploads\/sites\/3\/2018\/09\/logo-mieterinnen.jpg\" class=\"attachment-medium size-medium wp-post-image\" alt=\"\" \/><\/div><div class=\"post-content\"><header class=\"entry-header\"><h1 class=\"post-title\">MieterInnen S\u00fcdwest<\/h1><\/header><div class=\"entry-content\"><p>MieterInnen S\u00fcdwest (Steglitz-Zehlendorf) treffen sich jeden ersten Mittwoch im Monat um 19 Uhr im Kiezladen im U-Bahnhof Onkel-Toms-H\u00fctte. <\/p>\n<\/div><\/div><div class=\"clear\"><\/div><\/article><article id=\"post-9830\" class=\"tribe_organizer single-item has-thumbnail\"><div class=\"post-thumb\"><a href=\"http:\/\/www.mvwit.de\" target=\"_blank\"><img loading=\"lazy\" decoding=\"async\" width=\"267\" height=\"300\" src=\"http:\/\/alternativer-wohngipfel.de\/2018\/wp-content\/uploads\/sites\/3\/2018\/08\/logomv-transp-kopie-267x300.jpg\" class=\"attachment-medium size-medium wp-post-image\" alt=\"\" srcset=\"http:\/\/alternativer-wohngipfel.de\/2018\/wp-content\/uploads\/sites\/3\/2018\/08\/logomv-transp-kopie-267x300.jpg 267w, http:\/\/alternativer-wohngipfel.de\/2018\/wp-content\/uploads\/sites\/3\/2018\/08\/logomv-transp-kopie-768x862.jpg 768w, http:\/\/alternativer-wohngipfel.de\/2018\/wp-content\/uploads\/sites\/3\/2018\/08\/logomv-transp-kopie-913x1024.jpg 913w, http:\/\/alternativer-wohngipfel.de\/2018\/wp-content\/uploads\/sites\/3\/2018\/08\/logomv-transp-kopie-624x700.jpg 624w, http:\/\/alternativer-wohngipfel.de\/2018\/wp-content\/uploads\/sites\/3\/2018\/08\/logomv-transp-kopie.jpg 1437w\" sizes=\"auto, (max-width: 267px) 100vw, 267px\" \/><\/a><\/div><div class=\"post-content\"><header class=\"entry-header\"><h1 class=\"post-title\"><a href=\"http:\/\/www.mvwit.de\" target=\"_blank\">MieterInnenverein Witten u. Umg. e.V.<\/a><\/h1><\/header><div class=\"entry-content\"><p>Interessenverband der MieterInnen und Wohnungsuchendenden in Witten an der Ruhr <\/p>\n<p class=\"more-link\"><a href=\"http:\/\/www.mvwit.de\" target=\"_blank\">http:\/\/www.mvwit.de <span class=\"meta-nav\">&rarr;<\/span><\/a><\/p>\n<\/div><\/div><div class=\"clear\"><\/div><\/article><article id=\"post-9890\" class=\"tribe_organizer single-item has-thumbnail\"><div class=\"post-thumb\"><a href=\"http:\/\/mieterpartei.jetzt\/\" target=\"_blank\"><img loading=\"lazy\" decoding=\"async\" width=\"300\" height=\"169\" src=\"http:\/\/alternativer-wohngipfel.de\/2018\/wp-content\/uploads\/sites\/3\/2018\/09\/mieterpartei-1001920x1080-300x169.jpg\" class=\"attachment-medium size-medium wp-post-image\" alt=\"\" srcset=\"http:\/\/alternativer-wohngipfel.de\/2018\/wp-content\/uploads\/sites\/3\/2018\/09\/mieterpartei-1001920x1080-300x169.jpg 300w, http:\/\/alternativer-wohngipfel.de\/2018\/wp-content\/uploads\/sites\/3\/2018\/09\/mieterpartei-1001920x1080-768x432.jpg 768w, http:\/\/alternativer-wohngipfel.de\/2018\/wp-content\/uploads\/sites\/3\/2018\/09\/mieterpartei-1001920x1080-1024x576.jpg 1024w, http:\/\/alternativer-wohngipfel.de\/2018\/wp-content\/uploads\/sites\/3\/2018\/09\/mieterpartei-1001920x1080-624x351.jpg 624w, http:\/\/alternativer-wohngipfel.de\/2018\/wp-content\/uploads\/sites\/3\/2018\/09\/mieterpartei-1001920x1080.jpg 1920w\" sizes=\"auto, (max-width: 300px) 100vw, 300px\" \/><\/a><\/div><div class=\"post-content\"><header class=\"entry-header\"><h1 class=\"post-title\"><a href=\"http:\/\/mieterpartei.jetzt\/\" target=\"_blank\">MIETERPARTEI<\/a><\/h1><\/header><div class=\"entry-content\"><p>Wir sind B\u00fcrgerinnen aus Mieten- und stadtpolitischen Initiativen, die durch die Auseinandersetzung in der Wohnungsfrage \u201epolitisiert\u201c wurden. Das was wir tun, tun wir aus \u00dcberzeugung. Weil es n\u00f6tig ist, dass sich wieder mehr Menschen in unsere Demokratie einmischen. Wir m\u00f6chten, dass alle Mieter wieder angstfrei schlafen und leben k\u00f6nnen. <\/p>\n<p class=\"more-link\"><a href=\"http:\/\/mieterpartei.jetzt\/\" target=\"_blank\">http:\/\/mieterpartei.jetzt\/ <span class=\"meta-nav\">&rarr;<\/span><\/a><\/p>\n<\/div><\/div><div class=\"clear\"><\/div><\/article><article id=\"post-10113\" class=\"tribe_organizer single-item has-thumbnail\"><div class=\"post-thumb\"><a href=\"http:\/\/www.mieterparteimannheim.de\" target=\"_blank\"><img loading=\"lazy\" decoding=\"async\" width=\"300\" height=\"300\" src=\"http:\/\/alternativer-wohngipfel.de\/2018\/wp-content\/uploads\/sites\/3\/2018\/09\/logo-mieterpartei-mannheim-300x300.jpg\" class=\"attachment-medium size-medium wp-post-image\" alt=\"\" srcset=\"http:\/\/alternativer-wohngipfel.de\/2018\/wp-content\/uploads\/sites\/3\/2018\/09\/logo-mieterpartei-mannheim-300x300.jpg 300w, http:\/\/alternativer-wohngipfel.de\/2018\/wp-content\/uploads\/sites\/3\/2018\/09\/logo-mieterpartei-mannheim-150x150.jpg 150w, http:\/\/alternativer-wohngipfel.de\/2018\/wp-content\/uploads\/sites\/3\/2018\/09\/logo-mieterpartei-mannheim-768x768.jpg 768w, http:\/\/alternativer-wohngipfel.de\/2018\/wp-content\/uploads\/sites\/3\/2018\/09\/logo-mieterpartei-mannheim-1024x1024.jpg 1024w, http:\/\/alternativer-wohngipfel.de\/2018\/wp-content\/uploads\/sites\/3\/2018\/09\/logo-mieterpartei-mannheim-624x624.jpg 624w, http:\/\/alternativer-wohngipfel.de\/2018\/wp-content\/uploads\/sites\/3\/2018\/09\/logo-mieterpartei-mannheim.jpg 1755w\" sizes=\"auto, (max-width: 300px) 100vw, 300px\" \/><\/a><\/div><div class=\"post-content\"><header class=\"entry-header\"><h1 class=\"post-title\"><a href=\"http:\/\/www.mieterparteimannheim.de\" target=\"_blank\">Mieterpartei Mannheim<\/a><\/h1><\/header><div class=\"entry-content\"><p>Wohnen ist die Basis allen sozialen Lebens. Ohne ein Dach \u00fcber dem Kopf, einen Raum zum Zur\u00fcckziehen, zum Entspannen, zum Regenerieren kann ein Mensch nicht mehr am gesellschaftlichen Leben teilnehmen. Zudem ist dieser Raum der Mittelpunkt f\u00fcr Familien mit Kindern &#8230; unsere Zukunft. Wenn Wohnen nicht mehr bezahlbar ist m\u00fcssen beide Elternteile arbeiten. Kinder werden sich selber \u00fcberlassen oder m\u00fcssen fremduntergebracht werden. Hier entstehen weitere Kosten.<\/p>\n<p>Das Geld reicht hinten und vorne nicht und es entsteht Unzufriedenheit. Diese Unzufriedenheit wird an den schw\u00e4chsten Gliedern der Kette ausgelassen &#8230; Leidtragende sind die Kinder. Hier sind im gesamten Bundesgebiet die Zahlen von Misshandlungen an Kindern extrem gestiegen.<\/p>\n<p>Dem muss ein Ende gesetzt werden!!! Zudem gibt es aufgrund von extremem Personalmangel in Kinderbetreuungseinrichtungen zunehmend Entwicklungsst\u00f6rungen bei Kindern und Jugendlichen. Alle bisherigen Parteien haben uns bis hierher gebracht!!! Das Vertrauen ist verspielt!!! Nur eine neue soziale Partei aus der Mitte heraus mit dem Basisthema Wohnen und den daraus resultierenden Themen kann das Vertrauen in die Politik zur\u00fcck gewinnen.<\/p>\n<p>Darum gibt es uns: die Mieterpartei nun auch in Mannheim. Unsere Forderungen sind:<\/p>\n<ul>\n<li>* Kommunales Wohnungsbauprogramm mit 10 Mio Euro j\u00e4hrlich<\/li>\n<li>* Neue Sozialwohnungen \u2013 6 Euro Kaltmiete<\/li>\n<li>* Erhaltungssatzungen zum Schutz gegen Luxusmodernisierungen<\/li>\n<li>* GBG muss sich auf ihre Kernaufgabe konzentrieren: Erhaltung und Schaffung von preiswertem Wohnraum<\/li>\n<li>* Einf\u00fchrung eines Leerstandskataster<\/li>\n<\/ul>\n<p> <\/p>\n<p class=\"more-link\"><a href=\"http:\/\/www.mieterparteimannheim.de\" target=\"_blank\">http:\/\/www.mieterparteimannheim.de <span class=\"meta-nav\">&rarr;<\/span><\/a><\/p>\n<\/div><\/div><div class=\"clear\"><\/div><\/article><article id=\"post-10132\" class=\"tribe_organizer single-item has-thumbnail\"><div class=\"post-thumb\"><a href=\"https:\/\/www.facebook.com\/Mieterprotest-Baume-2054476368112508\/\" target=\"_blank\"><img loading=\"lazy\" decoding=\"async\" width=\"300\" height=\"300\" src=\"http:\/\/alternativer-wohngipfel.de\/2018\/wp-content\/uploads\/sites\/3\/2018\/09\/16640742-2054483314778480-2704484688684726529-n-300x300.jpg\" class=\"attachment-medium size-medium wp-post-image\" alt=\"\" srcset=\"http:\/\/alternativer-wohngipfel.de\/2018\/wp-content\/uploads\/sites\/3\/2018\/09\/16640742-2054483314778480-2704484688684726529-n-300x300.jpg 300w, http:\/\/alternativer-wohngipfel.de\/2018\/wp-content\/uploads\/sites\/3\/2018\/09\/16640742-2054483314778480-2704484688684726529-n-150x150.jpg 150w, http:\/\/alternativer-wohngipfel.de\/2018\/wp-content\/uploads\/sites\/3\/2018\/09\/16640742-2054483314778480-2704484688684726529-n.jpg 400w\" sizes=\"auto, (max-width: 300px) 100vw, 300px\" \/><\/a><\/div><div class=\"post-content\"><header class=\"entry-header\"><h1 class=\"post-title\"><a href=\"https:\/\/www.facebook.com\/Mieterprotest-Baume-2054476368112508\/\" target=\"_blank\">Mieterprotest Baume<\/a><\/h1><\/header><div class=\"entry-content\"><p>Die ehemalige gemeinn\u00fctzige Eisenbahnersiedlung\/GEHAG wurde von Deutsche Wohnen durch Aktienkauf in deren Verwaltung \u00fcberf\u00fchrt. Nach Umsetzung wird bei den Mietern die Kaltmiete um fast 30% steigen. Neuvermietete Wohnungen werden nach der Sanierung sogar um 100% teurer. Wir sorgen uns insbesondere darum, dass die Mieten langfristig zu einer Verdr\u00e4ngung der Baumschulenweger f\u00fchren. <\/p>\n<p class=\"more-link\"><a href=\"https:\/\/www.facebook.com\/Mieterprotest-Baume-2054476368112508\/\" target=\"_blank\">https:\/\/www.facebook.com\/Mieterprotest-Baume-2054476368112508\/ <span class=\"meta-nav\">&rarr;<\/span><\/a><\/p>\n<\/div><\/div><div class=\"clear\"><\/div><\/article><article id=\"post-9920\" class=\"tribe_organizer single-item has-thumbnail\"><div class=\"post-thumb\"><a href=\"http:\/\/www.mieterprotest-leg.de\" target=\"_blank\"><img loading=\"lazy\" decoding=\"async\" width=\"300\" height=\"300\" src=\"http:\/\/alternativer-wohngipfel.de\/2018\/wp-content\/uploads\/sites\/3\/2018\/09\/mp-leg-aktion-mietenwahnsinn-300x300.jpg\" class=\"attachment-medium size-medium wp-post-image\" alt=\"\" srcset=\"http:\/\/alternativer-wohngipfel.de\/2018\/wp-content\/uploads\/sites\/3\/2018\/09\/mp-leg-aktion-mietenwahnsinn-300x300.jpg 300w, http:\/\/alternativer-wohngipfel.de\/2018\/wp-content\/uploads\/sites\/3\/2018\/09\/mp-leg-aktion-mietenwahnsinn-150x150.jpg 150w, http:\/\/alternativer-wohngipfel.de\/2018\/wp-content\/uploads\/sites\/3\/2018\/09\/mp-leg-aktion-mietenwahnsinn-768x768.jpg 768w, http:\/\/alternativer-wohngipfel.de\/2018\/wp-content\/uploads\/sites\/3\/2018\/09\/mp-leg-aktion-mietenwahnsinn-624x624.jpg 624w, http:\/\/alternativer-wohngipfel.de\/2018\/wp-content\/uploads\/sites\/3\/2018\/09\/mp-leg-aktion-mietenwahnsinn.jpg 1000w\" sizes=\"auto, (max-width: 300px) 100vw, 300px\" \/><\/a><\/div><div class=\"post-content\"><header class=\"entry-header\"><h1 class=\"post-title\"><a href=\"http:\/\/www.mieterprotest-leg.de\" target=\"_blank\">Mieterprotest-LEG (Niederrhein)<\/a><\/h1><\/header><div class=\"entry-content\"><p>Protest-Initiative f\u00fcr Mieter*Innen in NRW gegen die LEG. Gro\u00dfraum KR-D-MG-VIE<br \/>\n[Krefeld &#8211; D\u00fcsseldorf &#8211; M\u00f6nchengladbach &#8211; Viersen] <\/p>\n<p class=\"more-link\"><a href=\"http:\/\/www.mieterprotest-leg.de\" target=\"_blank\">http:\/\/www.mieterprotest-leg.de <span class=\"meta-nav\">&rarr;<\/span><\/a><\/p>\n<\/div><\/div><div class=\"clear\"><\/div><\/article><article id=\"post-9918\" class=\"tribe_organizer single-item has-thumbnail\"><div class=\"post-thumb\"><a href=\"https:\/\/www.Mieterproteste.de\" target=\"_blank\"><img loading=\"lazy\" decoding=\"async\" width=\"300\" height=\"300\" src=\"http:\/\/alternativer-wohngipfel.de\/2018\/wp-content\/uploads\/sites\/3\/2018\/09\/mp-logo-mietenwahhnsinn-300x300.jpg\" class=\"attachment-medium size-medium wp-post-image\" alt=\"\" srcset=\"http:\/\/alternativer-wohngipfel.de\/2018\/wp-content\/uploads\/sites\/3\/2018\/09\/mp-logo-mietenwahhnsinn-300x300.jpg 300w, http:\/\/alternativer-wohngipfel.de\/2018\/wp-content\/uploads\/sites\/3\/2018\/09\/mp-logo-mietenwahhnsinn-150x150.jpg 150w, http:\/\/alternativer-wohngipfel.de\/2018\/wp-content\/uploads\/sites\/3\/2018\/09\/mp-logo-mietenwahhnsinn-768x768.jpg 768w, http:\/\/alternativer-wohngipfel.de\/2018\/wp-content\/uploads\/sites\/3\/2018\/09\/mp-logo-mietenwahhnsinn-624x624.jpg 624w, http:\/\/alternativer-wohngipfel.de\/2018\/wp-content\/uploads\/sites\/3\/2018\/09\/mp-logo-mietenwahhnsinn.jpg 1000w\" sizes=\"auto, (max-width: 300px) 100vw, 300px\" \/><\/a><\/div><div class=\"post-content\"><header class=\"entry-header\"><h1 class=\"post-title\"><a href=\"https:\/\/www.Mieterproteste.de\" target=\"_blank\">Mieterproteste<\/a><\/h1><\/header><div class=\"entry-content\"><p>F\u00fcr eine Abschaffung des \u00a7559 sowie eine \u00c4nderung des \u00a7558 <\/p>\n<p class=\"more-link\"><a href=\"https:\/\/www.Mieterproteste.de\" target=\"_blank\">https:\/\/www.Mieterproteste.de <span class=\"meta-nav\">&rarr;<\/span><\/a><\/p>\n<\/div><\/div><div class=\"clear\"><\/div><\/article><article id=\"post-10643\" class=\"tribe_organizer single-item has-thumbnail\"><div class=\"post-thumb\"><a href=\"http:\/\/www.mieterverein-bochum.de\" target=\"_blank\"><img loading=\"lazy\" decoding=\"async\" width=\"300\" height=\"133\" src=\"http:\/\/alternativer-wohngipfel.de\/2018\/wp-content\/uploads\/sites\/3\/2018\/09\/logo-ohne-schrift-jpg-srgb-300x133.jpg\" class=\"attachment-medium size-medium wp-post-image\" alt=\"\" srcset=\"http:\/\/alternativer-wohngipfel.de\/2018\/wp-content\/uploads\/sites\/3\/2018\/09\/logo-ohne-schrift-jpg-srgb-300x133.jpg 300w, http:\/\/alternativer-wohngipfel.de\/2018\/wp-content\/uploads\/sites\/3\/2018\/09\/logo-ohne-schrift-jpg-srgb-768x341.jpg 768w, http:\/\/alternativer-wohngipfel.de\/2018\/wp-content\/uploads\/sites\/3\/2018\/09\/logo-ohne-schrift-jpg-srgb-624x277.jpg 624w, http:\/\/alternativer-wohngipfel.de\/2018\/wp-content\/uploads\/sites\/3\/2018\/09\/logo-ohne-schrift-jpg-srgb.jpg 902w\" sizes=\"auto, (max-width: 300px) 100vw, 300px\" \/><\/a><\/div><div class=\"post-content\"><header class=\"entry-header\"><h1 class=\"post-title\"><a href=\"http:\/\/www.mieterverein-bochum.de\" target=\"_blank\">Mieterverein Bochum, Hattingen und Umgegend e. V.<\/a><\/h1><\/header><div class=\"entry-content\"><p>Br\u00fcckstra\u00dfe 58, 44787 Bochum 0234\/961140 <\/p>\n<p class=\"more-link\"><a href=\"http:\/\/www.mieterverein-bochum.de\" target=\"_blank\">http:\/\/www.mieterverein-bochum.de <span class=\"meta-nav\">&rarr;<\/span><\/a><\/p>\n<\/div><\/div><div class=\"clear\"><\/div><\/article><article id=\"post-9832\" class=\"tribe_organizer single-item has-thumbnail\"><div class=\"post-thumb\"><a href=\"http:\/\/www.mieterverein-dortmund.de\" target=\"_blank\"><img loading=\"lazy\" decoding=\"async\" width=\"300\" height=\"285\" src=\"http:\/\/alternativer-wohngipfel.de\/2018\/wp-content\/uploads\/sites\/3\/2018\/08\/logo-invers-quer-klein-neue-website-300x285.png\" class=\"attachment-medium size-medium wp-post-image\" alt=\"\" srcset=\"http:\/\/alternativer-wohngipfel.de\/2018\/wp-content\/uploads\/sites\/3\/2018\/08\/logo-invers-quer-klein-neue-website-300x285.png 300w, http:\/\/alternativer-wohngipfel.de\/2018\/wp-content\/uploads\/sites\/3\/2018\/08\/logo-invers-quer-klein-neue-website-768x731.png 768w, http:\/\/alternativer-wohngipfel.de\/2018\/wp-content\/uploads\/sites\/3\/2018\/08\/logo-invers-quer-klein-neue-website-1024x974.png 1024w, http:\/\/alternativer-wohngipfel.de\/2018\/wp-content\/uploads\/sites\/3\/2018\/08\/logo-invers-quer-klein-neue-website-624x594.png 624w, http:\/\/alternativer-wohngipfel.de\/2018\/wp-content\/uploads\/sites\/3\/2018\/08\/logo-invers-quer-klein-neue-website.png 1255w\" sizes=\"auto, (max-width: 300px) 100vw, 300px\" \/><\/a><\/div><div class=\"post-content\"><header class=\"entry-header\"><h1 class=\"post-title\"><a href=\"http:\/\/www.mieterverein-dortmund.de\" target=\"_blank\">Mieterverein Dortmund und Umgebung e.V.<\/a><\/h1><\/header><div class=\"entry-content\"><p>Kampstr. 4, 44137 Dortmund <\/p>\n<p class=\"more-link\"><a href=\"http:\/\/www.mieterverein-dortmund.de\" target=\"_blank\">http:\/\/www.mieterverein-dortmund.de <span class=\"meta-nav\">&rarr;<\/span><\/a><\/p>\n<\/div><\/div><div class=\"clear\"><\/div><\/article><article id=\"post-9947\" class=\"tribe_organizer single-item has-thumbnail\"><div class=\"post-thumb\"><a href=\"http:\/\/www.mieterverein-dresden.de\" target=\"_blank\"><img loading=\"lazy\" decoding=\"async\" width=\"300\" height=\"227\" src=\"http:\/\/alternativer-wohngipfel.de\/2018\/wp-content\/uploads\/sites\/3\/2018\/09\/mvd-logo-neu-300x227.jpg\" class=\"attachment-medium size-medium wp-post-image\" alt=\"\" srcset=\"http:\/\/alternativer-wohngipfel.de\/2018\/wp-content\/uploads\/sites\/3\/2018\/09\/mvd-logo-neu-300x227.jpg 300w, http:\/\/alternativer-wohngipfel.de\/2018\/wp-content\/uploads\/sites\/3\/2018\/09\/mvd-logo-neu.jpg 492w\" sizes=\"auto, (max-width: 300px) 100vw, 300px\" \/><\/a><\/div><div class=\"post-content\"><header class=\"entry-header\"><h1 class=\"post-title\"><a href=\"http:\/\/www.mieterverein-dresden.de\" target=\"_blank\">Mieterverein Dresden und Umgebung e.V.<\/a><\/h1><\/header><div class=\"entry-content\"><p>Der Mieterverein Dresden vertritt die Interessen der Mieter und setzt sich ein f\u00fcr eine soziale Wohnungspolitik und ein sozial ausgewogenes Mietrecht. <\/p>\n<p class=\"more-link\"><a href=\"http:\/\/www.mieterverein-dresden.de\" target=\"_blank\">http:\/\/www.mieterverein-dresden.de <span class=\"meta-nav\">&rarr;<\/span><\/a><\/p>\n<\/div><\/div><div class=\"clear\"><\/div><\/article><article id=\"post-9954\" class=\"tribe_organizer single-item has-thumbnail\"><div class=\"post-thumb\"><a href=\"https:\/\/www.mieterverein-duesseldorf.de\/\" target=\"_blank\"><img loading=\"lazy\" decoding=\"async\" width=\"200\" height=\"200\" src=\"http:\/\/alternativer-wohngipfel.de\/2018\/wp-content\/uploads\/sites\/3\/2018\/09\/mvd-logo-quadratisch.jpg\" class=\"attachment-medium size-medium wp-post-image\" alt=\"\" srcset=\"http:\/\/alternativer-wohngipfel.de\/2018\/wp-content\/uploads\/sites\/3\/2018\/09\/mvd-logo-quadratisch.jpg 200w, http:\/\/alternativer-wohngipfel.de\/2018\/wp-content\/uploads\/sites\/3\/2018\/09\/mvd-logo-quadratisch-150x150.jpg 150w\" sizes=\"auto, (max-width: 200px) 100vw, 200px\" \/><\/a><\/div><div class=\"post-content\"><header class=\"entry-header\"><h1 class=\"post-title\"><a href=\"https:\/\/www.mieterverein-duesseldorf.de\/\" target=\"_blank\">Mieterverein D\u00fcsseldorf e.V.<\/a><\/h1><\/header><div class=\"entry-content\"><p>Mietervertretung <\/p>\n<p class=\"more-link\"><a href=\"https:\/\/www.mieterverein-duesseldorf.de\/\" target=\"_blank\">https:\/\/www.mieterverein-duesseldorf.de\/ <span class=\"meta-nav\">&rarr;<\/span><\/a><\/p>\n<\/div><\/div><div class=\"clear\"><\/div><\/article><article id=\"post-10441\" class=\"tribe_organizer single-item has-thumbnail\"><div class=\"post-thumb\"><a href=\"http:\/\/www.mieterverein-heidelberg.de\" target=\"_blank\"><img loading=\"lazy\" decoding=\"async\" width=\"300\" height=\"112\" src=\"http:\/\/alternativer-wohngipfel.de\/2018\/wp-content\/uploads\/sites\/3\/2018\/09\/2010-07-mieterverein-hd-logo-a-300x112.jpg\" class=\"attachment-medium size-medium wp-post-image\" alt=\"\" srcset=\"http:\/\/alternativer-wohngipfel.de\/2018\/wp-content\/uploads\/sites\/3\/2018\/09\/2010-07-mieterverein-hd-logo-a-300x112.jpg 300w, http:\/\/alternativer-wohngipfel.de\/2018\/wp-content\/uploads\/sites\/3\/2018\/09\/2010-07-mieterverein-hd-logo-a-768x288.jpg 768w, http:\/\/alternativer-wohngipfel.de\/2018\/wp-content\/uploads\/sites\/3\/2018\/09\/2010-07-mieterverein-hd-logo-a-1024x383.jpg 1024w, http:\/\/alternativer-wohngipfel.de\/2018\/wp-content\/uploads\/sites\/3\/2018\/09\/2010-07-mieterverein-hd-logo-a-624x234.jpg 624w\" sizes=\"auto, (max-width: 300px) 100vw, 300px\" \/><\/a><\/div><div class=\"post-content\"><header class=\"entry-header\"><h1 class=\"post-title\"><a href=\"http:\/\/www.mieterverein-heidelberg.de\" target=\"_blank\">Mieterverein Heidelberg und Umgebung<\/a><\/h1><\/header><div class=\"entry-content\"><p>Mitglied im DMB <\/p>\n<p class=\"more-link\"><a href=\"http:\/\/www.mieterverein-heidelberg.de\" target=\"_blank\">http:\/\/www.mieterverein-heidelberg.de <span class=\"meta-nav\">&rarr;<\/span><\/a><\/p>\n<\/div><\/div><div class=\"clear\"><\/div><\/article><article id=\"post-10452\" class=\"tribe_organizer single-item has-thumbnail\"><div class=\"post-thumb\"><a href=\"https:\/\/mieterverein-blk.de\/startseite.html\" target=\"_blank\"><img loading=\"lazy\" decoding=\"async\" width=\"300\" height=\"300\" src=\"http:\/\/alternativer-wohngipfel.de\/2018\/wp-content\/uploads\/sites\/3\/2018\/08\/dmb-deutscher-mieterbund-logo-quadrat-300x300.png\" class=\"attachment-medium size-medium wp-post-image\" alt=\"\" srcset=\"http:\/\/alternativer-wohngipfel.de\/2018\/wp-content\/uploads\/sites\/3\/2018\/08\/dmb-deutscher-mieterbund-logo-quadrat-300x300.png 300w, http:\/\/alternativer-wohngipfel.de\/2018\/wp-content\/uploads\/sites\/3\/2018\/08\/dmb-deutscher-mieterbund-logo-quadrat-150x150.png 150w, http:\/\/alternativer-wohngipfel.de\/2018\/wp-content\/uploads\/sites\/3\/2018\/08\/dmb-deutscher-mieterbund-logo-quadrat.png 544w\" sizes=\"auto, (max-width: 300px) 100vw, 300px\" \/><\/a><\/div><div class=\"post-content\"><header class=\"entry-header\"><h1 class=\"post-title\"><a href=\"https:\/\/mieterverein-blk.de\/startseite.html\" target=\"_blank\">Mieterverein im Burgenlandkreis e.V.<\/a><\/h1><\/header><div class=\"entry-content\"><p>Interessenvertretung der Mieterinnen und Mieter <\/p>\n<p class=\"more-link\"><a href=\"https:\/\/mieterverein-blk.de\/startseite.html\" target=\"_blank\">https:\/\/mieterverein-blk.de\/startseite.html <span class=\"meta-nav\">&rarr;<\/span><\/a><\/p>\n<\/div><\/div><div class=\"clear\"><\/div><\/article><article id=\"post-10157\" class=\"tribe_organizer single-item has-thumbnail\"><div class=\"post-thumb\"><a href=\"https:\/\/www.mieterverein-potsdam.de\/\" target=\"_blank\"><img loading=\"lazy\" decoding=\"async\" width=\"300\" height=\"300\" src=\"http:\/\/alternativer-wohngipfel.de\/2018\/wp-content\/uploads\/sites\/3\/2018\/08\/link-button-300x300.png\" class=\"attachment-medium size-medium wp-post-image\" alt=\"\" srcset=\"http:\/\/alternativer-wohngipfel.de\/2018\/wp-content\/uploads\/sites\/3\/2018\/08\/link-button-300x300.png 300w, http:\/\/alternativer-wohngipfel.de\/2018\/wp-content\/uploads\/sites\/3\/2018\/08\/link-button-150x150.png 150w, http:\/\/alternativer-wohngipfel.de\/2018\/wp-content\/uploads\/sites\/3\/2018\/08\/link-button.png 400w\" sizes=\"auto, (max-width: 300px) 100vw, 300px\" \/><\/a><\/div><div class=\"post-content\"><header class=\"entry-header\"><h1 class=\"post-title\"><a href=\"https:\/\/www.mieterverein-potsdam.de\/\" target=\"_blank\">Mieterverein Potsdam und Umgebung e.V.<\/a><\/h1><\/header><div class=\"entry-content\"><p>Mietenpolitik und Mietberatung <\/p>\n<p class=\"more-link\"><a href=\"https:\/\/www.mieterverein-potsdam.de\/\" target=\"_blank\">https:\/\/www.mieterverein-potsdam.de\/ <span class=\"meta-nav\">&rarr;<\/span><\/a><\/p>\n<\/div><\/div><div class=\"clear\"><\/div><\/article><article id=\"post-10494\" class=\"tribe_organizer single-item has-thumbnail\"><div class=\"post-thumb\"><a href=\"http:\/\/www.mieterverein-suhl.de\" target=\"_blank\"><img loading=\"lazy\" decoding=\"async\" width=\"300\" height=\"300\" src=\"http:\/\/alternativer-wohngipfel.de\/2018\/wp-content\/uploads\/sites\/3\/2018\/08\/link-button-300x300.png\" class=\"attachment-medium size-medium wp-post-image\" alt=\"\" srcset=\"http:\/\/alternativer-wohngipfel.de\/2018\/wp-content\/uploads\/sites\/3\/2018\/08\/link-button-300x300.png 300w, http:\/\/alternativer-wohngipfel.de\/2018\/wp-content\/uploads\/sites\/3\/2018\/08\/link-button-150x150.png 150w, http:\/\/alternativer-wohngipfel.de\/2018\/wp-content\/uploads\/sites\/3\/2018\/08\/link-button.png 400w\" sizes=\"auto, (max-width: 300px) 100vw, 300px\" \/><\/a><\/div><div class=\"post-content\"><header class=\"entry-header\"><h1 class=\"post-title\"><a href=\"http:\/\/www.mieterverein-suhl.de\" target=\"_blank\">Mieterverein Suhl und Umgebung e.V.<\/a><\/h1><\/header><div class=\"entry-content\"><p>Mieterberatung <\/p>\n<p class=\"more-link\"><a href=\"http:\/\/www.mieterverein-suhl.de\" target=\"_blank\">http:\/\/www.mieterverein-suhl.de <span class=\"meta-nav\">&rarr;<\/span><\/a><\/p>\n<\/div><\/div><div class=\"clear\"><\/div><\/article><article id=\"post-10155\" class=\"tribe_organizer single-item has-thumbnail\"><div class=\"post-thumb\"><a href=\"https:\/\/wir-sind-kiez.de\/mieterwerkstadt http:\/\/blog.klausenerplatz-kiez.de\/\" target=\"_blank\"><img loading=\"lazy\" decoding=\"async\" width=\"123\" height=\"104\" src=\"http:\/\/alternativer-wohngipfel.de\/2018\/wp-content\/uploads\/sites\/3\/2018\/09\/logomieterwerkstadt.jpg\" class=\"attachment-medium size-medium wp-post-image\" alt=\"\" \/><\/a><\/div><div class=\"post-content\"><header class=\"entry-header\"><h1 class=\"post-title\"><a href=\"https:\/\/wir-sind-kiez.de\/mieterwerkstadt http:\/\/blog.klausenerplatz-kiez.de\/\" target=\"_blank\">MieterWerkStadt Charlottenburg<\/a><\/h1><\/header><div class=\"entry-content\"><p>Mieter-Ini im Klausenerplatz-Kiez <\/p>\n<p class=\"more-link\"><a href=\"https:\/\/wir-sind-kiez.de\/mieterwerkstadt http:\/\/blog.klausenerplatz-kiez.de\/\" target=\"_blank\">https:\/\/wir-sind-kiez.de\/mieterwerkstadt http:\/\/blog.klausenerplatz-kiez.de\/ <span class=\"meta-nav\">&rarr;<\/span><\/a><\/p>\n<div class=\"event-list\"><h4>Veranstaltungen der Gruppe<\/h4><ul><li><a href=\"http:\/\/alternativer-wohngipfel.de\/2018\/aktionen\/mieterversammlung-gegen-verdraengung-fuer-milieuschutz-in-charlottenburg\/\">1. January 1970: Mieterversammlung gegen Verdr\u00e4ngung f\u00fcr Milieuschutz in Charlottenburg<\/a><\/li><\/ul><\/div><\/div><\/div><div class=\"clear\"><\/div><\/article><article id=\"post-10117\" class=\"tribe_organizer single-item has-thumbnail\"><div class=\"post-thumb\"><img loading=\"lazy\" decoding=\"async\" width=\"300\" height=\"300\" src=\"http:\/\/alternativer-wohngipfel.de\/2018\/wp-content\/uploads\/sites\/3\/2018\/08\/link-button-300x300.png\" class=\"attachment-medium size-medium wp-post-image\" alt=\"\" srcset=\"http:\/\/alternativer-wohngipfel.de\/2018\/wp-content\/uploads\/sites\/3\/2018\/08\/link-button-300x300.png 300w, http:\/\/alternativer-wohngipfel.de\/2018\/wp-content\/uploads\/sites\/3\/2018\/08\/link-button-150x150.png 150w, http:\/\/alternativer-wohngipfel.de\/2018\/wp-content\/uploads\/sites\/3\/2018\/08\/link-button.png 400w\" sizes=\"auto, (max-width: 300px) 100vw, 300px\" \/><\/div><div class=\"post-content\"><header class=\"entry-header\"><h1 class=\"post-title\">Mietgemeinschaft Jablonskistra\u00dfe13\/13a<\/h1><\/header><div class=\"entry-content\"><p>Initiative zum Erhalt der Mietwohnungen <\/p>\n<\/div><\/div><div class=\"clear\"><\/div><\/article><article id=\"post-9941\" class=\"tribe_organizer single-item has-thumbnail\"><div class=\"post-thumb\"><a href=\"http:\/\/www.mietrebellen.de\" target=\"_blank\"><img loading=\"lazy\" decoding=\"async\" width=\"300\" height=\"300\" src=\"http:\/\/alternativer-wohngipfel.de\/2018\/wp-content\/uploads\/sites\/3\/2018\/09\/mietrebellen-2-300x300.jpg\" class=\"attachment-medium size-medium wp-post-image\" alt=\"\" srcset=\"http:\/\/alternativer-wohngipfel.de\/2018\/wp-content\/uploads\/sites\/3\/2018\/09\/mietrebellen-2-300x300.jpg 300w, http:\/\/alternativer-wohngipfel.de\/2018\/wp-content\/uploads\/sites\/3\/2018\/09\/mietrebellen-2-150x150.jpg 150w, http:\/\/alternativer-wohngipfel.de\/2018\/wp-content\/uploads\/sites\/3\/2018\/09\/mietrebellen-2-768x768.jpg 768w, http:\/\/alternativer-wohngipfel.de\/2018\/wp-content\/uploads\/sites\/3\/2018\/09\/mietrebellen-2-1024x1024.jpg 1024w, http:\/\/alternativer-wohngipfel.de\/2018\/wp-content\/uploads\/sites\/3\/2018\/09\/mietrebellen-2-624x624.jpg 624w, http:\/\/alternativer-wohngipfel.de\/2018\/wp-content\/uploads\/sites\/3\/2018\/09\/mietrebellen-2.jpg 1788w\" sizes=\"auto, (max-width: 300px) 100vw, 300px\" \/><\/a><\/div><div class=\"post-content\"><header class=\"entry-header\"><h1 class=\"post-title\"><a href=\"http:\/\/www.mietrebellen.de\" target=\"_blank\">MIETREBELLEN<\/a><\/h1><\/header><div class=\"entry-content\"><p>Stadtpolitische Medienarbeit \/ \u00f6ffentliche Veranstaltungen zum Thema <\/p>\n<p class=\"more-link\"><a href=\"http:\/\/www.mietrebellen.de\" target=\"_blank\">http:\/\/www.mietrebellen.de <span class=\"meta-nav\">&rarr;<\/span><\/a><\/p>\n<div class=\"event-list\"><h4>Veranstaltungen der Gruppe<\/h4><ul><li><a href=\"http:\/\/alternativer-wohngipfel.de\/2018\/aktionen\/mietrebellen-widerstand-gegen-den-ausverkauf-der-stadt\/\">1. January 1970: MIETREBELLEN - Widerstand gegen den Ausverkauf der Stadt<\/a><\/li><\/ul><\/div><\/div><\/div><div class=\"clear\"><\/div><\/article><article id=\"post-10630\" class=\"tribe_organizer single-item has-thumbnail\"><div class=\"post-thumb\"><a href=\"https:\/\/www.syndikat.org\/\" target=\"_blank\"><img loading=\"lazy\" decoding=\"async\" width=\"300\" height=\"292\" src=\"http:\/\/alternativer-wohngipfel.de\/2018\/wp-content\/uploads\/sites\/3\/2018\/09\/syndikat-300x292.jpg\" class=\"attachment-medium size-medium wp-post-image\" alt=\"\" srcset=\"http:\/\/alternativer-wohngipfel.de\/2018\/wp-content\/uploads\/sites\/3\/2018\/09\/syndikat-300x292.jpg 300w, http:\/\/alternativer-wohngipfel.de\/2018\/wp-content\/uploads\/sites\/3\/2018\/09\/syndikat-624x607.jpg 624w, http:\/\/alternativer-wohngipfel.de\/2018\/wp-content\/uploads\/sites\/3\/2018\/09\/syndikat.jpg 756w\" sizes=\"auto, (max-width: 300px) 100vw, 300px\" \/><\/a><\/div><div class=\"post-content\"><header class=\"entry-header\"><h1 class=\"post-title\"><a href=\"https:\/\/www.syndikat.org\/\" target=\"_blank\">Mietsh\u00e4user Syndikat<\/a><\/h1><\/header><div class=\"entry-content\"><p>Die Mitgliederversammlung des Mietsh\u00e4user Syndikat, ein Projektverbund von \u00fcber 130 selbstverwalteten Hausprojekten bundesweit. <\/p>\n<p class=\"more-link\"><a href=\"https:\/\/www.syndikat.org\/\" target=\"_blank\">https:\/\/www.syndikat.org\/ <span class=\"meta-nav\">&rarr;<\/span><\/a><\/p>\n<\/div><\/div><div class=\"clear\"><\/div><\/article><article id=\"post-10371\" class=\"tribe_organizer single-item has-thumbnail\"><div class=\"post-thumb\"><a href=\"http:\/\/syndikat.blogsport.eu\/\" target=\"_blank\"><img loading=\"lazy\" decoding=\"async\" width=\"282\" height=\"71\" src=\"http:\/\/alternativer-wohngipfel.de\/2018\/wp-content\/uploads\/sites\/3\/2018\/09\/banner9403.jpg\" class=\"attachment-medium size-medium wp-post-image\" alt=\"\" \/><\/a><\/div><div class=\"post-content\"><header class=\"entry-header\"><h1 class=\"post-title\"><a href=\"http:\/\/syndikat.blogsport.eu\/\" target=\"_blank\">Mietsh\u00e4user Syndikat Berlin-Brandenburg<\/a><\/h1><\/header><div class=\"entry-content\"><p>Die regionale Versammlung der Hausprojekte im Mietsh\u00e4user Syndikat in Berlin-Brandenburg. <\/p>\n<p class=\"more-link\"><a href=\"http:\/\/syndikat.blogsport.eu\/\" target=\"_blank\">http:\/\/syndikat.blogsport.eu\/ <span class=\"meta-nav\">&rarr;<\/span><\/a><\/p>\n<\/div><\/div><div class=\"clear\"><\/div><\/article><article id=\"post-9900\" class=\"tribe_organizer single-item has-thumbnail\"><div class=\"post-thumb\"><a href=\"https:\/\/moeckernkiez-ev.de\" target=\"_blank\"><img loading=\"lazy\" decoding=\"async\" width=\"300\" height=\"300\" src=\"http:\/\/alternativer-wohngipfel.de\/2018\/wp-content\/uploads\/sites\/3\/2018\/09\/logo-moeckverein-rgb-quadrat-300x300.png\" class=\"attachment-medium size-medium wp-post-image\" alt=\"\" srcset=\"http:\/\/alternativer-wohngipfel.de\/2018\/wp-content\/uploads\/sites\/3\/2018\/09\/logo-moeckverein-rgb-quadrat-300x300.png 300w, http:\/\/alternativer-wohngipfel.de\/2018\/wp-content\/uploads\/sites\/3\/2018\/09\/logo-moeckverein-rgb-quadrat-150x150.png 150w, http:\/\/alternativer-wohngipfel.de\/2018\/wp-content\/uploads\/sites\/3\/2018\/09\/logo-moeckverein-rgb-quadrat-768x768.png 768w, http:\/\/alternativer-wohngipfel.de\/2018\/wp-content\/uploads\/sites\/3\/2018\/09\/logo-moeckverein-rgb-quadrat-624x624.png 624w, http:\/\/alternativer-wohngipfel.de\/2018\/wp-content\/uploads\/sites\/3\/2018\/09\/logo-moeckverein-rgb-quadrat.png 945w\" sizes=\"auto, (max-width: 300px) 100vw, 300px\" \/><\/a><\/div><div class=\"post-content\"><header class=\"entry-header\"><h1 class=\"post-title\"><a href=\"https:\/\/moeckernkiez-ev.de\" target=\"_blank\">M\u00f6ckernkiez e.V.<\/a><\/h1><\/header><div class=\"entry-content\"><p>F\u00f6rderung des b\u00fcrgerschaftlichen Engagements zugunsten gemeinn\u00fctziger Zwecke <\/p>\n<p class=\"more-link\"><a href=\"https:\/\/moeckernkiez-ev.de\" target=\"_blank\">https:\/\/moeckernkiez-ev.de <span class=\"meta-nav\">&rarr;<\/span><\/a><\/p>\n<\/div><\/div><div class=\"clear\"><\/div><\/article><article id=\"post-10069\" class=\"tribe_organizer single-item has-thumbnail\"><div class=\"post-thumb\"><a href=\"http:\/\/www.muehlenberg-initiative.de\" target=\"_blank\"><img loading=\"lazy\" decoding=\"async\" width=\"300\" height=\"300\" src=\"http:\/\/alternativer-wohngipfel.de\/2018\/wp-content\/uploads\/sites\/3\/2018\/09\/muehlenberg-300x300.jpg\" class=\"attachment-medium size-medium wp-post-image\" alt=\"\" srcset=\"http:\/\/alternativer-wohngipfel.de\/2018\/wp-content\/uploads\/sites\/3\/2018\/09\/muehlenberg-300x300.jpg 300w, http:\/\/alternativer-wohngipfel.de\/2018\/wp-content\/uploads\/sites\/3\/2018\/09\/muehlenberg-150x150.jpg 150w, http:\/\/alternativer-wohngipfel.de\/2018\/wp-content\/uploads\/sites\/3\/2018\/09\/muehlenberg.jpg 397w\" sizes=\"auto, (max-width: 300px) 100vw, 300px\" \/><\/a><\/div><div class=\"post-content\"><header class=\"entry-header\"><h1 class=\"post-title\"><a href=\"http:\/\/www.muehlenberg-initiative.de\" target=\"_blank\">M\u00fchlenberg-Initiatve<\/a><\/h1><\/header><div class=\"entry-content\"><p>Nachverdichtung von Wohngebieten nur au\u00dferhalb der bereits hochverdichteten Innenstadt <\/p>\n<p class=\"more-link\"><a href=\"http:\/\/www.muehlenberg-initiative.de\" target=\"_blank\">http:\/\/www.muehlenberg-initiative.de <span class=\"meta-nav\">&rarr;<\/span><\/a><\/p>\n<\/div><\/div><div class=\"clear\"><\/div><\/article><article id=\"post-10402\" class=\"tribe_organizer single-item has-thumbnail\"><div class=\"post-thumb\"><a href=\"http:\/\/www.nachbarschaftshaus.de\" target=\"_blank\"><img loading=\"lazy\" decoding=\"async\" width=\"300\" height=\"113\" src=\"http:\/\/alternativer-wohngipfel.de\/2018\/wp-content\/uploads\/sites\/3\/2018\/09\/logo-nhu-300x113.jpg\" class=\"attachment-medium size-medium wp-post-image\" alt=\"\" srcset=\"http:\/\/alternativer-wohngipfel.de\/2018\/wp-content\/uploads\/sites\/3\/2018\/09\/logo-nhu-300x113.jpg 300w, http:\/\/alternativer-wohngipfel.de\/2018\/wp-content\/uploads\/sites\/3\/2018\/09\/logo-nhu-768x288.jpg 768w, http:\/\/alternativer-wohngipfel.de\/2018\/wp-content\/uploads\/sites\/3\/2018\/09\/logo-nhu-624x234.jpg 624w, http:\/\/alternativer-wohngipfel.de\/2018\/wp-content\/uploads\/sites\/3\/2018\/09\/logo-nhu.jpg 858w\" sizes=\"auto, (max-width: 300px) 100vw, 300px\" \/><\/a><\/div><div class=\"post-content\"><header class=\"entry-header\"><h1 class=\"post-title\"><a href=\"http:\/\/www.nachbarschaftshaus.de\" target=\"_blank\">Nachbarschaftshaus Urbanstra\u00dfe e.V.<\/a><\/h1><\/header><div class=\"entry-content\"><p>Stadtteilzentrum und freier Tr\u00e4ger in Berlin-Kreuzberg <\/p>\n<p class=\"more-link\"><a href=\"http:\/\/www.nachbarschaftshaus.de\" target=\"_blank\">http:\/\/www.nachbarschaftshaus.de <span class=\"meta-nav\">&rarr;<\/span><\/a><\/p>\n<\/div><\/div><div class=\"clear\"><\/div><\/article><article id=\"post-9914\" class=\"tribe_organizer single-item has-thumbnail\"><div class=\"post-thumb\"><a href=\"http:\/\/leerstand.friedenau.blogspot.de\" target=\"_blank\"><img loading=\"lazy\" decoding=\"async\" width=\"300\" height=\"300\" src=\"http:\/\/alternativer-wohngipfel.de\/2018\/wp-content\/uploads\/sites\/3\/2018\/09\/20170812-122923-3-kopie-300x300.jpg\" class=\"attachment-medium size-medium wp-post-image\" alt=\"\" srcset=\"http:\/\/alternativer-wohngipfel.de\/2018\/wp-content\/uploads\/sites\/3\/2018\/09\/20170812-122923-3-kopie-300x300.jpg 300w, http:\/\/alternativer-wohngipfel.de\/2018\/wp-content\/uploads\/sites\/3\/2018\/09\/20170812-122923-3-kopie-150x150.jpg 150w, http:\/\/alternativer-wohngipfel.de\/2018\/wp-content\/uploads\/sites\/3\/2018\/09\/20170812-122923-3-kopie-624x624.jpg 624w, http:\/\/alternativer-wohngipfel.de\/2018\/wp-content\/uploads\/sites\/3\/2018\/09\/20170812-122923-3-kopie.jpg 682w\" sizes=\"auto, (max-width: 300px) 100vw, 300px\" \/><\/a><\/div><div class=\"post-content\"><header class=\"entry-header\"><h1 class=\"post-title\"><a href=\"http:\/\/leerstand.friedenau.blogspot.de\" target=\"_blank\">Nachbarschaftsinitiative Friedenau e.V.<\/a><\/h1><\/header><div class=\"entry-content\"><p>Wir k\u00e4mpfen gegen Leerstand allgemein und f\u00fcr die Rettung des verfallenden Altbaus Stubenrauch-\/Odenwaldstr. <\/p>\n<p class=\"more-link\"><a href=\"http:\/\/leerstand.friedenau.blogspot.de\" target=\"_blank\">http:\/\/leerstand.friedenau.blogspot.de <span class=\"meta-nav\">&rarr;<\/span><\/a><\/p>\n<\/div><\/div><div class=\"clear\"><\/div><\/article><article id=\"post-10655\" class=\"tribe_organizer single-item has-thumbnail\"><div class=\"post-thumb\"><a href=\"https:\/\/www.facebook.com\/ini.weserkiez\" target=\"_blank\"><img loading=\"lazy\" decoding=\"async\" width=\"283\" height=\"283\" src=\"http:\/\/alternativer-wohngipfel.de\/2018\/wp-content\/uploads\/sites\/3\/2018\/09\/logo-wk.jpg\" class=\"attachment-medium size-medium wp-post-image\" alt=\"\" srcset=\"http:\/\/alternativer-wohngipfel.de\/2018\/wp-content\/uploads\/sites\/3\/2018\/09\/logo-wk.jpg 283w, http:\/\/alternativer-wohngipfel.de\/2018\/wp-content\/uploads\/sites\/3\/2018\/09\/logo-wk-150x150.jpg 150w\" sizes=\"auto, (max-width: 283px) 100vw, 283px\" \/><\/a><\/div><div class=\"post-content\"><header class=\"entry-header\"><h1 class=\"post-title\"><a href=\"https:\/\/www.facebook.com\/ini.weserkiez\" target=\"_blank\">Nachbarschaftsinitiative Weserkiez<\/a><\/h1><\/header><div class=\"entry-content\"><p>Gegen Verdr\u00e4ngung aus dem Kiez aufgrund von Touristifizierung und Mietenwahnsinn, St\u00e4rkung der solidarischen Nachbaschaft <\/p>\n<p class=\"more-link\"><a href=\"https:\/\/www.facebook.com\/ini.weserkiez\" target=\"_blank\">https:\/\/www.facebook.com\/ini.weserkiez <span class=\"meta-nav\">&rarr;<\/span><\/a><\/p>\n<\/div><\/div><div class=\"clear\"><\/div><\/article><article id=\"post-10245\" class=\"tribe_organizer single-item has-thumbnail\"><div class=\"post-thumb\"><a href=\"http:\/\/www.naturfreunde-berlin.de\" target=\"_blank\"><img loading=\"lazy\" decoding=\"async\" width=\"164\" height=\"164\" src=\"http:\/\/alternativer-wohngipfel.de\/2018\/wp-content\/uploads\/sites\/3\/2018\/09\/naturfreunde-logo.png\" class=\"attachment-medium size-medium wp-post-image\" alt=\"\" srcset=\"http:\/\/alternativer-wohngipfel.de\/2018\/wp-content\/uploads\/sites\/3\/2018\/09\/naturfreunde-logo.png 164w, http:\/\/alternativer-wohngipfel.de\/2018\/wp-content\/uploads\/sites\/3\/2018\/09\/naturfreunde-logo-150x150.png 150w\" sizes=\"auto, (max-width: 164px) 100vw, 164px\" \/><\/a><\/div><div class=\"post-content\"><header class=\"entry-header\"><h1 class=\"post-title\"><a href=\"http:\/\/www.naturfreunde-berlin.de\" target=\"_blank\">NaturFreunde Berlin<\/a><\/h1><\/header><div class=\"entry-content\"><p>Politischer Freizeitverband <\/p>\n<p class=\"more-link\"><a href=\"http:\/\/www.naturfreunde-berlin.de\" target=\"_blank\">http:\/\/www.naturfreunde-berlin.de <span class=\"meta-nav\">&rarr;<\/span><\/a><\/p>\n<\/div><\/div><div class=\"clear\"><\/div><\/article><article id=\"post-9876\" class=\"tribe_organizer single-item has-thumbnail\"><div class=\"post-thumb\"><a href=\"https:\/\/zusammenfuerwohnraum.noblogs.org\/\" target=\"_blank\"><img loading=\"lazy\" decoding=\"async\" width=\"300\" height=\"300\" src=\"http:\/\/alternativer-wohngipfel.de\/2018\/wp-content\/uploads\/sites\/3\/2018\/08\/material-button2-300x300.png\" class=\"attachment-medium size-medium wp-post-image\" alt=\"\" srcset=\"http:\/\/alternativer-wohngipfel.de\/2018\/wp-content\/uploads\/sites\/3\/2018\/08\/material-button2-300x300.png 300w, http:\/\/alternativer-wohngipfel.de\/2018\/wp-content\/uploads\/sites\/3\/2018\/08\/material-button2-150x150.png 150w, http:\/\/alternativer-wohngipfel.de\/2018\/wp-content\/uploads\/sites\/3\/2018\/08\/material-button2-768x768.png 768w, http:\/\/alternativer-wohngipfel.de\/2018\/wp-content\/uploads\/sites\/3\/2018\/08\/material-button2-1024x1024.png 1024w, http:\/\/alternativer-wohngipfel.de\/2018\/wp-content\/uploads\/sites\/3\/2018\/08\/material-button2-624x624.png 624w, http:\/\/alternativer-wohngipfel.de\/2018\/wp-content\/uploads\/sites\/3\/2018\/08\/material-button2.png 1250w\" sizes=\"auto, (max-width: 300px) 100vw, 300px\" \/><\/a><\/div><div class=\"post-content\"><header class=\"entry-header\"><h1 class=\"post-title\"><a href=\"https:\/\/zusammenfuerwohnraum.noblogs.org\/\" target=\"_blank\">Netzwerk #Zusammenf\u00fcrWohnraum<\/a><\/h1><\/header><div class=\"entry-content\"><p>ein solidarischer Zusammenschluss von Mieter*innen und Hausgemeinschaften aus Wedding, Moabit und dar\u00fcberhinaus. <\/p>\n<p class=\"more-link\"><a href=\"https:\/\/zusammenfuerwohnraum.noblogs.org\/\" target=\"_blank\">https:\/\/zusammenfuerwohnraum.noblogs.org\/ <span class=\"meta-nav\">&rarr;<\/span><\/a><\/p>\n<div class=\"event-list\"><h4>Veranstaltungen der Gruppe<\/h4><ul><li><a href=\"http:\/\/alternativer-wohngipfel.de\/2018\/aktionen\/meile-der-verdraengung\/\">1. January 1970: Meile der Verdr\u00e4ngung<\/a><\/li><\/ul><\/div><\/div><\/div><div class=\"clear\"><\/div><\/article><article id=\"post-10369\" class=\"tribe_organizer single-item has-thumbnail\"><div class=\"post-thumb\"><a href=\"http:\/\/www.projektraeume-berlin.net\" target=\"_blank\"><img loading=\"lazy\" decoding=\"async\" width=\"300\" height=\"283\" src=\"http:\/\/alternativer-wohngipfel.de\/2018\/wp-content\/uploads\/sites\/3\/2018\/09\/nw-logo-72dpi-300x283.jpg\" class=\"attachment-medium size-medium wp-post-image\" alt=\"\" srcset=\"http:\/\/alternativer-wohngipfel.de\/2018\/wp-content\/uploads\/sites\/3\/2018\/09\/nw-logo-72dpi-300x283.jpg 300w, http:\/\/alternativer-wohngipfel.de\/2018\/wp-content\/uploads\/sites\/3\/2018\/09\/nw-logo-72dpi-624x589.jpg 624w, http:\/\/alternativer-wohngipfel.de\/2018\/wp-content\/uploads\/sites\/3\/2018\/09\/nw-logo-72dpi.jpg 650w\" sizes=\"auto, (max-width: 300px) 100vw, 300px\" \/><\/a><\/div><div class=\"post-content\"><header class=\"entry-header\"><h1 class=\"post-title\"><a href=\"http:\/\/www.projektraeume-berlin.net\" target=\"_blank\">Netzwerk freier Berliner Projektr\u00e4ume und -initiativen e.V.<\/a><\/h1><\/header><div class=\"entry-content\"><p>Ziel des Netzwerks ist, eine langfristige Struktur zu etablieren, um neue Formen von Kooperation und Austausch zu erm\u00f6glichen, sich politisch zu artikulieren und f\u00fcr die Verbesserung von Arbeitsbedingungen einzutreten. <\/p>\n<p class=\"more-link\"><a href=\"http:\/\/www.projektraeume-berlin.net\" target=\"_blank\">http:\/\/www.projektraeume-berlin.net <span class=\"meta-nav\">&rarr;<\/span><\/a><\/p>\n<\/div><\/div><div class=\"clear\"><\/div><\/article><article id=\"post-9965\" class=\"tribe_organizer single-item has-thumbnail\"><div class=\"post-thumb\"><a href=\"http:\/\/www.netzwerk-selbsthilfe.de\" target=\"_blank\"><img loading=\"lazy\" decoding=\"async\" width=\"300\" height=\"110\" src=\"http:\/\/alternativer-wohngipfel.de\/2018\/wp-content\/uploads\/sites\/3\/2018\/09\/nwbuttonredweb-300x110-300x110.gif\" class=\"attachment-medium size-medium wp-post-image\" alt=\"\" \/><\/a><\/div><div class=\"post-content\"><header class=\"entry-header\"><h1 class=\"post-title\"><a href=\"http:\/\/www.netzwerk-selbsthilfe.de\" target=\"_blank\">Netzwerk Selbsthilfe e.V.<\/a><\/h1><\/header><div class=\"entry-content\"><p>der politische F\u00f6rderfonds | F\u00f6rdern &#8211; Vernetzen &#8211; Unterst\u00fctzen <\/p>\n<p class=\"more-link\"><a href=\"http:\/\/www.netzwerk-selbsthilfe.de\" target=\"_blank\">http:\/\/www.netzwerk-selbsthilfe.de <span class=\"meta-nav\">&rarr;<\/span><\/a><\/p>\n<\/div><\/div><div class=\"clear\"><\/div><\/article><article id=\"post-9839\" class=\"tribe_organizer single-item has-thumbnail\"><div class=\"post-thumb\"><a href=\"http:\/\/www.norbert-mueller.net\/\" target=\"_blank\"><img loading=\"lazy\" decoding=\"async\" width=\"300\" height=\"300\" src=\"http:\/\/alternativer-wohngipfel.de\/2018\/wp-content\/uploads\/sites\/3\/2018\/08\/vita-norbert-mueller-1-300x300.png\" class=\"attachment-medium size-medium wp-post-image\" alt=\"\" srcset=\"http:\/\/alternativer-wohngipfel.de\/2018\/wp-content\/uploads\/sites\/3\/2018\/08\/vita-norbert-mueller-1-300x300.png 300w, http:\/\/alternativer-wohngipfel.de\/2018\/wp-content\/uploads\/sites\/3\/2018\/08\/vita-norbert-mueller-1-150x150.png 150w, http:\/\/alternativer-wohngipfel.de\/2018\/wp-content\/uploads\/sites\/3\/2018\/08\/vita-norbert-mueller-1.png 385w\" sizes=\"auto, (max-width: 300px) 100vw, 300px\" \/><\/a><\/div><div class=\"post-content\"><header class=\"entry-header\"><h1 class=\"post-title\"><a href=\"http:\/\/www.norbert-mueller.net\/\" target=\"_blank\">Norbert M\u00fcller (MdB)<\/a><\/h1><\/header><div class=\"entry-content\"><p>Sprecher f\u00fcr Kinder- und Jugendpolitik Fraktion DIE LINKE im Bundestag (Potsdam) <\/p>\n<p class=\"more-link\"><a href=\"http:\/\/www.norbert-mueller.net\/\" target=\"_blank\">http:\/\/www.norbert-mueller.net\/ <span class=\"meta-nav\">&rarr;<\/span><\/a><\/p>\n<\/div><\/div><div class=\"clear\"><\/div><\/article><article id=\"post-10375\" class=\"tribe_organizer single-item has-thumbnail\"><div class=\"post-thumb\"><a href=\"http:\/\/gruenemiete.de\/\" target=\"_blank\"><img loading=\"lazy\" decoding=\"async\" width=\"300\" height=\"220\" src=\"http:\/\/alternativer-wohngipfel.de\/2018\/wp-content\/uploads\/sites\/3\/2018\/09\/kurve-300x220.png\" class=\"attachment-medium size-medium wp-post-image\" alt=\"\" srcset=\"http:\/\/alternativer-wohngipfel.de\/2018\/wp-content\/uploads\/sites\/3\/2018\/09\/kurve-300x220.png 300w, http:\/\/alternativer-wohngipfel.de\/2018\/wp-content\/uploads\/sites\/3\/2018\/09\/kurve.png 445w\" sizes=\"auto, (max-width: 300px) 100vw, 300px\" \/><\/a><\/div><div class=\"post-content\"><header class=\"entry-header\"><h1 class=\"post-title\"><a href=\"http:\/\/gruenemiete.de\/\" target=\"_blank\">Nur die GR\u00dcNE MIETE ist gerecht!<\/a><\/h1><\/header><div class=\"entry-content\"><p>Verbot der Zinserpressung nach \u00a7253 StGB <\/p>\n<p class=\"more-link\"><a href=\"http:\/\/gruenemiete.de\/\" target=\"_blank\">http:\/\/gruenemiete.de\/ <span class=\"meta-nav\">&rarr;<\/span><\/a><\/p>\n<\/div><\/div><div class=\"clear\"><\/div><\/article><article id=\"post-10407\" class=\"tribe_organizer single-item has-thumbnail\"><div class=\"post-thumb\"><a href=\"http:\/\/openberlin.org\" target=\"_blank\"><img loading=\"lazy\" decoding=\"async\" width=\"236\" height=\"236\" src=\"http:\/\/alternativer-wohngipfel.de\/2018\/wp-content\/uploads\/sites\/3\/2018\/09\/openberlin-s.jpg\" class=\"attachment-medium size-medium wp-post-image\" alt=\"\" srcset=\"http:\/\/alternativer-wohngipfel.de\/2018\/wp-content\/uploads\/sites\/3\/2018\/09\/openberlin-s.jpg 236w, http:\/\/alternativer-wohngipfel.de\/2018\/wp-content\/uploads\/sites\/3\/2018\/09\/openberlin-s-150x150.jpg 150w\" sizes=\"auto, (max-width: 236px) 100vw, 236px\" \/><\/a><\/div><div class=\"post-content\"><header class=\"entry-header\"><h1 class=\"post-title\"><a href=\"http:\/\/openberlin.org\" target=\"_blank\">openBerlin e.V.<\/a><\/h1><\/header><div class=\"entry-content\"><p>alternative Stadtentwicklung <\/p>\n<p class=\"more-link\"><a href=\"http:\/\/openberlin.org\" target=\"_blank\">http:\/\/openberlin.org <span class=\"meta-nav\">&rarr;<\/span><\/a><\/p>\n<\/div><\/div><div class=\"clear\"><\/div><\/article><article id=\"post-9834\" class=\"tribe_organizer single-item has-thumbnail\"><div class=\"post-thumb\"><a href=\"https:\/\/pankowermieterprotest.jimdo.com\/\" target=\"_blank\"><img loading=\"lazy\" decoding=\"async\" width=\"239\" height=\"225\" src=\"http:\/\/alternativer-wohngipfel.de\/2018\/wp-content\/uploads\/sites\/3\/2018\/08\/pankower-mieterprotest.jpg\" class=\"attachment-medium size-medium wp-post-image\" alt=\"\" \/><\/a><\/div><div class=\"post-content\"><header class=\"entry-header\"><h1 class=\"post-title\"><a href=\"https:\/\/pankowermieterprotest.jimdo.com\/\" target=\"_blank\">Pankower Mieterprotest<\/a><\/h1><\/header><div class=\"entry-content\"><p>Beratung und Unterst\u00fctzung von Mietern die Modernisiert werden oder andere Probleme mit Vermietern haben <\/p>\n<p class=\"more-link\"><a href=\"https:\/\/pankowermieterprotest.jimdo.com\/\" target=\"_blank\">https:\/\/pankowermieterprotest.jimdo.com\/ <span class=\"meta-nav\">&rarr;<\/span><\/a><\/p>\n<\/div><\/div><div class=\"clear\"><\/div><\/article><article id=\"post-10000\" class=\"tribe_organizer single-item has-thumbnail\"><div class=\"post-thumb\"><a href=\"http:\/\/www.pascal-meiser.de\/\" target=\"_blank\"><img loading=\"lazy\" decoding=\"async\" width=\"300\" height=\"300\" src=\"http:\/\/alternativer-wohngipfel.de\/2018\/wp-content\/uploads\/sites\/3\/2018\/09\/rs8780-pascalmeiser-1420-srgb-farbe-lpr-002-e1536065879657-300x300.jpg\" class=\"attachment-medium size-medium wp-post-image\" alt=\"\" srcset=\"http:\/\/alternativer-wohngipfel.de\/2018\/wp-content\/uploads\/sites\/3\/2018\/09\/rs8780-pascalmeiser-1420-srgb-farbe-lpr-002-e1536065879657-300x300.jpg 300w, http:\/\/alternativer-wohngipfel.de\/2018\/wp-content\/uploads\/sites\/3\/2018\/09\/rs8780-pascalmeiser-1420-srgb-farbe-lpr-002-e1536065879657-150x150.jpg 150w, http:\/\/alternativer-wohngipfel.de\/2018\/wp-content\/uploads\/sites\/3\/2018\/09\/rs8780-pascalmeiser-1420-srgb-farbe-lpr-002-e1536065879657-768x768.jpg 768w, http:\/\/alternativer-wohngipfel.de\/2018\/wp-content\/uploads\/sites\/3\/2018\/09\/rs8780-pascalmeiser-1420-srgb-farbe-lpr-002-e1536065879657-1024x1024.jpg 1024w, http:\/\/alternativer-wohngipfel.de\/2018\/wp-content\/uploads\/sites\/3\/2018\/09\/rs8780-pascalmeiser-1420-srgb-farbe-lpr-002-e1536065879657-624x624.jpg 624w, http:\/\/alternativer-wohngipfel.de\/2018\/wp-content\/uploads\/sites\/3\/2018\/09\/rs8780-pascalmeiser-1420-srgb-farbe-lpr-002-e1536065879657.jpg 1480w\" sizes=\"auto, (max-width: 300px) 100vw, 300px\" \/><\/a><\/div><div class=\"post-content\"><header class=\"entry-header\"><h1 class=\"post-title\"><a href=\"http:\/\/www.pascal-meiser.de\/\" target=\"_blank\">Pascal Meiser (MdB)<\/a><\/h1><\/header><div class=\"entry-content\"><p>Bundestagsabgeordneter (DIE LINKE) aus dem Wahlkreis<br \/>\nFriedrichshain-Kreuzberg-Prenzlauer Berg Ost <\/p>\n<p class=\"more-link\"><a href=\"http:\/\/www.pascal-meiser.de\/\" target=\"_blank\">http:\/\/www.pascal-meiser.de\/ <span class=\"meta-nav\">&rarr;<\/span><\/a><\/p>\n<\/div><\/div><div class=\"clear\"><\/div><\/article><article id=\"post-10486\" class=\"tribe_organizer single-item has-thumbnail\"><div class=\"post-thumb\"><a href=\"http:\/\/www.potsdamermitteneudenken.de\" target=\"_blank\"><img loading=\"lazy\" decoding=\"async\" width=\"116\" height=\"131\" src=\"http:\/\/alternativer-wohngipfel.de\/2018\/wp-content\/uploads\/sites\/3\/2018\/09\/p-neudenken.png\" class=\"attachment-medium size-medium wp-post-image\" alt=\"\" \/><\/a><\/div><div class=\"post-content\"><header class=\"entry-header\"><h1 class=\"post-title\"><a href=\"http:\/\/www.potsdamermitteneudenken.de\" target=\"_blank\">Potsdamer Mitte neu denken<\/a><\/h1><\/header><div class=\"entry-content\"><p>Einsatz f\u00fcr Nachkriegsmoderne Potenziale f\u00fcr ein solidarisches Potsdam <\/p>\n<p class=\"more-link\"><a href=\"http:\/\/www.potsdamermitteneudenken.de\" target=\"_blank\">http:\/\/www.potsdamermitteneudenken.de <span class=\"meta-nav\">&rarr;<\/span><\/a><\/p>\n<\/div><\/div><div class=\"clear\"><\/div><\/article><article id=\"post-10080\" class=\"tribe_organizer single-item has-thumbnail\"><div class=\"post-thumb\"><a href=\"http:\/\/www.prowoberlin.de\" target=\"_blank\"><img loading=\"lazy\" decoding=\"async\" width=\"300\" height=\"178\" src=\"http:\/\/alternativer-wohngipfel.de\/2018\/wp-content\/uploads\/sites\/3\/2018\/09\/logo-prowo-300x178.png\" class=\"attachment-medium size-medium wp-post-image\" alt=\"\" srcset=\"http:\/\/alternativer-wohngipfel.de\/2018\/wp-content\/uploads\/sites\/3\/2018\/09\/logo-prowo-300x178.png 300w, http:\/\/alternativer-wohngipfel.de\/2018\/wp-content\/uploads\/sites\/3\/2018\/09\/logo-prowo.png 591w\" sizes=\"auto, (max-width: 300px) 100vw, 300px\" \/><\/a><\/div><div class=\"post-content\"><header class=\"entry-header\"><h1 class=\"post-title\"><a href=\"http:\/\/www.prowoberlin.de\" target=\"_blank\">PROWO e. V.<\/a><\/h1><\/header><div class=\"entry-content\"><p>PROWO e. V. unterst\u00fctzt Menschen, die Erfahrungen mit psychischer Erkrankung und\/oder Sucht gemacht haben, ihren pers\u00f6nlichen Weg zu finden und zu gehen. <\/p>\n<p class=\"more-link\"><a href=\"http:\/\/www.prowoberlin.de\" target=\"_blank\">http:\/\/www.prowoberlin.de <span class=\"meta-nav\">&rarr;<\/span><\/a><\/p>\n<\/div><\/div><div class=\"clear\"><\/div><\/article><article id=\"post-10440\" class=\"tribe_organizer single-item has-thumbnail\"><div class=\"post-thumb\"><a href=\"https:\/\/rechtaufstadtjena.noblogs.org\/\" target=\"_blank\"><img loading=\"lazy\" decoding=\"async\" width=\"300\" height=\"300\" src=\"http:\/\/alternativer-wohngipfel.de\/2018\/wp-content\/uploads\/sites\/3\/2018\/08\/link-button-300x300.png\" class=\"attachment-medium size-medium wp-post-image\" alt=\"\" srcset=\"http:\/\/alternativer-wohngipfel.de\/2018\/wp-content\/uploads\/sites\/3\/2018\/08\/link-button-300x300.png 300w, http:\/\/alternativer-wohngipfel.de\/2018\/wp-content\/uploads\/sites\/3\/2018\/08\/link-button-150x150.png 150w, http:\/\/alternativer-wohngipfel.de\/2018\/wp-content\/uploads\/sites\/3\/2018\/08\/link-button.png 400w\" sizes=\"auto, (max-width: 300px) 100vw, 300px\" \/><\/a><\/div><div class=\"post-content\"><header class=\"entry-header\"><h1 class=\"post-title\"><a href=\"https:\/\/rechtaufstadtjena.noblogs.org\/\" target=\"_blank\">Recht auf Stadt Jena<\/a><\/h1><\/header><div class=\"entry-content\"><p>Wir organisieren uns mit Mieter*innen aus und in Jena, um dem lokalen Mietenwahnsinn Einhalt zu gebieten! <\/p>\n<p class=\"more-link\"><a href=\"https:\/\/rechtaufstadtjena.noblogs.org\/\" target=\"_blank\">https:\/\/rechtaufstadtjena.noblogs.org\/ <span class=\"meta-nav\">&rarr;<\/span><\/a><\/p>\n<\/div><\/div><div class=\"clear\"><\/div><\/article><article id=\"post-10194\" class=\"tribe_organizer single-item has-thumbnail\"><div class=\"post-thumb\"><a href=\"http:\/\/www.rechtaufstadt-ruhr.de\" target=\"_blank\"><img loading=\"lazy\" decoding=\"async\" width=\"300\" height=\"300\" src=\"http:\/\/alternativer-wohngipfel.de\/2018\/wp-content\/uploads\/sites\/3\/2018\/08\/link-button-300x300.png\" class=\"attachment-medium size-medium wp-post-image\" alt=\"\" srcset=\"http:\/\/alternativer-wohngipfel.de\/2018\/wp-content\/uploads\/sites\/3\/2018\/08\/link-button-300x300.png 300w, http:\/\/alternativer-wohngipfel.de\/2018\/wp-content\/uploads\/sites\/3\/2018\/08\/link-button-150x150.png 150w, http:\/\/alternativer-wohngipfel.de\/2018\/wp-content\/uploads\/sites\/3\/2018\/08\/link-button.png 400w\" sizes=\"auto, (max-width: 300px) 100vw, 300px\" \/><\/a><\/div><div class=\"post-content\"><header class=\"entry-header\"><h1 class=\"post-title\"><a href=\"http:\/\/www.rechtaufstadt-ruhr.de\" target=\"_blank\">Recht auf Stadt Ruhr<\/a><\/h1><\/header><div class=\"entry-content\"><p> <\/p>\n<p class=\"more-link\"><a href=\"http:\/\/www.rechtaufstadt-ruhr.de\" target=\"_blank\">http:\/\/www.rechtaufstadt-ruhr.de <span class=\"meta-nav\">&rarr;<\/span><\/a><\/p>\n<div class=\"event-list\"><h4>Veranstaltungen der Gruppe<\/h4><ul><li><a href=\"http:\/\/alternativer-wohngipfel.de\/2018\/aktionen\/parade-traeume-unter-asphalt\/\">1. January 1970: Parade \"Tr\u00e4ume unter Asphalt<\/a><\/li><\/ul><\/div><\/div><\/div><div class=\"clear\"><\/div><\/article><article id=\"post-10143\" class=\"tribe_organizer single-item has-thumbnail\"><div class=\"post-thumb\"><a href=\"http:\/\/www.regenbogenfabrik.de\/\" target=\"_blank\"><img loading=\"lazy\" decoding=\"async\" width=\"300\" height=\"300\" src=\"http:\/\/alternativer-wohngipfel.de\/2018\/wp-content\/uploads\/sites\/3\/2018\/08\/link-button-300x300.png\" class=\"attachment-medium size-medium wp-post-image\" alt=\"\" srcset=\"http:\/\/alternativer-wohngipfel.de\/2018\/wp-content\/uploads\/sites\/3\/2018\/08\/link-button-300x300.png 300w, http:\/\/alternativer-wohngipfel.de\/2018\/wp-content\/uploads\/sites\/3\/2018\/08\/link-button-150x150.png 150w, http:\/\/alternativer-wohngipfel.de\/2018\/wp-content\/uploads\/sites\/3\/2018\/08\/link-button.png 400w\" sizes=\"auto, (max-width: 300px) 100vw, 300px\" \/><\/a><\/div><div class=\"post-content\"><header class=\"entry-header\"><h1 class=\"post-title\"><a href=\"http:\/\/www.regenbogenfabrik.de\/\" target=\"_blank\">Regenbogenfabrik<\/a><\/h1><\/header><div class=\"entry-content\"><p> <\/p>\n<p class=\"more-link\"><a href=\"http:\/\/www.regenbogenfabrik.de\/\" target=\"_blank\">http:\/\/www.regenbogenfabrik.de\/ <span class=\"meta-nav\">&rarr;<\/span><\/a><\/p>\n<\/div><\/div><div class=\"clear\"><\/div><\/article><article id=\"post-10466\" class=\"tribe_organizer single-item has-thumbnail\"><div class=\"post-thumb\"><a href=\"https:\/\/reichenberger114.blogspot.com\/\" target=\"_blank\"><img loading=\"lazy\" decoding=\"async\" width=\"300\" height=\"300\" src=\"http:\/\/alternativer-wohngipfel.de\/2018\/wp-content\/uploads\/sites\/3\/2018\/09\/hands-off-reiche-114-3-300x300.png\" class=\"attachment-medium size-medium wp-post-image\" alt=\"\" srcset=\"http:\/\/alternativer-wohngipfel.de\/2018\/wp-content\/uploads\/sites\/3\/2018\/09\/hands-off-reiche-114-3-300x300.png 300w, http:\/\/alternativer-wohngipfel.de\/2018\/wp-content\/uploads\/sites\/3\/2018\/09\/hands-off-reiche-114-3-150x150.png 150w, http:\/\/alternativer-wohngipfel.de\/2018\/wp-content\/uploads\/sites\/3\/2018\/09\/hands-off-reiche-114-3.png 500w\" sizes=\"auto, (max-width: 300px) 100vw, 300px\" \/><\/a><\/div><div class=\"post-content\"><header class=\"entry-header\"><h1 class=\"post-title\"><a href=\"https:\/\/reichenberger114.blogspot.com\/\" target=\"_blank\">Reich114<\/a><\/h1><\/header><div class=\"entry-content\"><p>Die Reichenberger Stra\u00dfe 114 ist ein Mietshauskomplex in Berlin-Kreuzberg, dessen Bewohner*innen sich gegen Verdr\u00e4ngung durch Luxusmodernisierung und Umwandlung in Eigentumswohnungen wehren. <\/p>\n<p class=\"more-link\"><a href=\"https:\/\/reichenberger114.blogspot.com\/\" target=\"_blank\">https:\/\/reichenberger114.blogspot.com\/ <span class=\"meta-nav\">&rarr;<\/span><\/a><\/p>\n<\/div><\/div><div class=\"clear\"><\/div><\/article><article id=\"post-9963\" class=\"tribe_organizer single-item has-thumbnail\"><div class=\"post-thumb\"><a href=\"https:\/\/www.bizim-kiez.de\/reichenberger-55-retten\/\" target=\"_blank\"><img loading=\"lazy\" decoding=\"async\" width=\"178\" height=\"178\" src=\"http:\/\/alternativer-wohngipfel.de\/2018\/wp-content\/uploads\/sites\/3\/2018\/09\/r55logoq.jpg\" class=\"attachment-medium size-medium wp-post-image\" alt=\"\" srcset=\"http:\/\/alternativer-wohngipfel.de\/2018\/wp-content\/uploads\/sites\/3\/2018\/09\/r55logoq.jpg 178w, http:\/\/alternativer-wohngipfel.de\/2018\/wp-content\/uploads\/sites\/3\/2018\/09\/r55logoq-150x150.jpg 150w\" sizes=\"auto, (max-width: 178px) 100vw, 178px\" \/><\/a><\/div><div class=\"post-content\"><header class=\"entry-header\"><h1 class=\"post-title\"><a href=\"https:\/\/www.bizim-kiez.de\/reichenberger-55-retten\/\" target=\"_blank\">Reichenberger 55 e.V.<\/a><\/h1><\/header><div class=\"entry-content\"><p>Verein zum Erhalt als gemeinwohlorientiert bewirtschaftetes Mietshaus <\/p>\n<p class=\"more-link\"><a href=\"https:\/\/www.bizim-kiez.de\/reichenberger-55-retten\/\" target=\"_blank\">https:\/\/www.bizim-kiez.de\/reichenberger-55-retten\/ <span class=\"meta-nav\">&rarr;<\/span><\/a><\/p>\n<\/div><\/div><div class=\"clear\"><\/div><\/article><article id=\"post-10658\" class=\"tribe_organizer single-item has-thumbnail\"><div class=\"post-thumb\"><a href=\"http:\/\/www.rav.de\" target=\"_blank\"><img loading=\"lazy\" decoding=\"async\" width=\"300\" height=\"300\" src=\"http:\/\/alternativer-wohngipfel.de\/2018\/wp-content\/uploads\/sites\/3\/2018\/09\/rav-logo-2016-klein-jpg-300x300.jpg\" class=\"attachment-medium size-medium wp-post-image\" alt=\"\" srcset=\"http:\/\/alternativer-wohngipfel.de\/2018\/wp-content\/uploads\/sites\/3\/2018\/09\/rav-logo-2016-klein-jpg-300x300.jpg 300w, http:\/\/alternativer-wohngipfel.de\/2018\/wp-content\/uploads\/sites\/3\/2018\/09\/rav-logo-2016-klein-jpg-150x150.jpg 150w, http:\/\/alternativer-wohngipfel.de\/2018\/wp-content\/uploads\/sites\/3\/2018\/09\/rav-logo-2016-klein-jpg-768x768.jpg 768w, http:\/\/alternativer-wohngipfel.de\/2018\/wp-content\/uploads\/sites\/3\/2018\/09\/rav-logo-2016-klein-jpg-624x624.jpg 624w, http:\/\/alternativer-wohngipfel.de\/2018\/wp-content\/uploads\/sites\/3\/2018\/09\/rav-logo-2016-klein-jpg.jpg 800w\" sizes=\"auto, (max-width: 300px) 100vw, 300px\" \/><\/a><\/div><div class=\"post-content\"><header class=\"entry-header\"><h1 class=\"post-title\"><a href=\"http:\/\/www.rav.de\" target=\"_blank\">Republikanischer Anw\u00e4ltinnen- und Anw\u00e4lteverein e.V.<\/a><\/h1><\/header><div class=\"entry-content\"><p>RAV <\/p>\n<p class=\"more-link\"><a href=\"http:\/\/www.rav.de\" target=\"_blank\">http:\/\/www.rav.de <span class=\"meta-nav\">&rarr;<\/span><\/a><\/p>\n<\/div><\/div><div class=\"clear\"><\/div><\/article><article id=\"post-9930\" class=\"tribe_organizer single-item has-thumbnail\"><div class=\"post-thumb\"><a href=\"https:\/\/nordkiezlebt.noblogs.org\/\" target=\"_blank\"><img loading=\"lazy\" decoding=\"async\" width=\"300\" height=\"86\" src=\"http:\/\/alternativer-wohngipfel.de\/2018\/wp-content\/uploads\/sites\/3\/2018\/09\/cropped-cropped-riga2-300x86.jpeg\" class=\"attachment-medium size-medium wp-post-image\" alt=\"\" srcset=\"http:\/\/alternativer-wohngipfel.de\/2018\/wp-content\/uploads\/sites\/3\/2018\/09\/cropped-cropped-riga2-300x86.jpeg 300w, http:\/\/alternativer-wohngipfel.de\/2018\/wp-content\/uploads\/sites\/3\/2018\/09\/cropped-cropped-riga2-768x221.jpeg 768w, http:\/\/alternativer-wohngipfel.de\/2018\/wp-content\/uploads\/sites\/3\/2018\/09\/cropped-cropped-riga2-624x180.jpeg 624w, http:\/\/alternativer-wohngipfel.de\/2018\/wp-content\/uploads\/sites\/3\/2018\/09\/cropped-cropped-riga2.jpeg 1000w\" sizes=\"auto, (max-width: 300px) 100vw, 300px\" \/><\/a><\/div><div class=\"post-content\"><header class=\"entry-header\"><h1 class=\"post-title\"><a href=\"https:\/\/nordkiezlebt.noblogs.org\/\" target=\"_blank\">Rigaer 71-73, Aktionsgruppe<\/a><\/h1><\/header><div class=\"entry-content\"><p>Aktivist*innen gegen Verdr\u00e4ngung mit Schwerpunkt CG Gruppe, Padovicz, Erhalt der Hausprojekte im Nordkiez F&#8217;hain, insbesondere der akut bedrohten Liebig 34, Rigaer 94, u.a. <\/p>\n<p class=\"more-link\"><a href=\"https:\/\/nordkiezlebt.noblogs.org\/\" target=\"_blank\">https:\/\/nordkiezlebt.noblogs.org\/ <span class=\"meta-nav\">&rarr;<\/span><\/a><\/p>\n<\/div><\/div><div class=\"clear\"><\/div><\/article><article id=\"post-9783\" class=\"tribe_organizer single-item has-thumbnail\"><div class=\"post-thumb\"><a href=\"https:\/\/wem-gehoert-moabit.de\/runder-tisch\/\" target=\"_blank\"><img loading=\"lazy\" decoding=\"async\" width=\"300\" height=\"300\" src=\"http:\/\/alternativer-wohngipfel.de\/2018\/wp-content\/uploads\/sites\/3\/2018\/08\/link-button-300x300.png\" class=\"attachment-medium size-medium wp-post-image\" alt=\"\" srcset=\"http:\/\/alternativer-wohngipfel.de\/2018\/wp-content\/uploads\/sites\/3\/2018\/08\/link-button-300x300.png 300w, http:\/\/alternativer-wohngipfel.de\/2018\/wp-content\/uploads\/sites\/3\/2018\/08\/link-button-150x150.png 150w, http:\/\/alternativer-wohngipfel.de\/2018\/wp-content\/uploads\/sites\/3\/2018\/08\/link-button.png 400w\" sizes=\"auto, (max-width: 300px) 100vw, 300px\" \/><\/a><\/div><div class=\"post-content\"><header class=\"entry-header\"><h1 class=\"post-title\"><a href=\"https:\/\/wem-gehoert-moabit.de\/runder-tisch\/\" target=\"_blank\">Runder Tisch gegen Gentrifizierung in Moabit<\/a><\/h1><\/header><div class=\"entry-content\"><p>Regelm\u00e4\u00dfige Treffen, Veranstaltungen, Kiezspazierg\u00e4nge, Unterst\u00fctzung f\u00fcr Mieter*innen <\/p>\n<p class=\"more-link\"><a href=\"https:\/\/wem-gehoert-moabit.de\/runder-tisch\/\" target=\"_blank\">https:\/\/wem-gehoert-moabit.de\/runder-tisch\/ <span class=\"meta-nav\">&rarr;<\/span><\/a><\/p>\n<\/div><\/div><div class=\"clear\"><\/div><\/article><article id=\"post-9991\" class=\"tribe_organizer single-item has-thumbnail\"><div class=\"post-thumb\"><a href=\"http:\/\/www.SoliKlick.de\" target=\"_blank\"><img loading=\"lazy\" decoding=\"async\" width=\"269\" height=\"300\" src=\"http:\/\/alternativer-wohngipfel.de\/2018\/wp-content\/uploads\/sites\/3\/2018\/09\/soliklick-logo-neu-2017-v2d-400px-text-anderer-farbverlauf-gelb-clemens-ratte-polle-269x300.png\" class=\"attachment-medium size-medium wp-post-image\" alt=\"\" srcset=\"http:\/\/alternativer-wohngipfel.de\/2018\/wp-content\/uploads\/sites\/3\/2018\/09\/soliklick-logo-neu-2017-v2d-400px-text-anderer-farbverlauf-gelb-clemens-ratte-polle-269x300.png 269w, http:\/\/alternativer-wohngipfel.de\/2018\/wp-content\/uploads\/sites\/3\/2018\/09\/soliklick-logo-neu-2017-v2d-400px-text-anderer-farbverlauf-gelb-clemens-ratte-polle.png 343w\" sizes=\"auto, (max-width: 269px) 100vw, 269px\" \/><\/a><\/div><div class=\"post-content\"><header class=\"entry-header\"><h1 class=\"post-title\"><a href=\"http:\/\/www.SoliKlick.de\" target=\"_blank\">SoliKlick.de<\/a><\/h1><\/header><div class=\"entry-content\"><p>Petitionen zum Mitklicken f\u00fcr Solidarit\u00e4t, Umweltschutz, Tierschutz, Menschenrechte. <\/p>\n<p class=\"more-link\"><a href=\"http:\/\/www.SoliKlick.de\" target=\"_blank\">http:\/\/www.SoliKlick.de <span class=\"meta-nav\">&rarr;<\/span><\/a><\/p>\n<\/div><\/div><div class=\"clear\"><\/div><\/article><article id=\"post-9553\" class=\"tribe_organizer single-item has-thumbnail\"><div class=\"post-thumb\"><a href=\"https:\/\/www.vdk.de\/deutschland\/\" target=\"_blank\"><img loading=\"lazy\" decoding=\"async\" width=\"300\" height=\"300\" src=\"http:\/\/alternativer-wohngipfel.de\/2018\/wp-content\/uploads\/sites\/3\/2018\/08\/vdk-logo-300x300.png\" class=\"attachment-medium size-medium wp-post-image\" alt=\"\" srcset=\"http:\/\/alternativer-wohngipfel.de\/2018\/wp-content\/uploads\/sites\/3\/2018\/08\/vdk-logo-300x300.png 300w, http:\/\/alternativer-wohngipfel.de\/2018\/wp-content\/uploads\/sites\/3\/2018\/08\/vdk-logo-150x150.png 150w, http:\/\/alternativer-wohngipfel.de\/2018\/wp-content\/uploads\/sites\/3\/2018\/08\/vdk-logo.png 600w\" sizes=\"auto, (max-width: 300px) 100vw, 300px\" \/><\/a><\/div><div class=\"post-content\"><header class=\"entry-header\"><h1 class=\"post-title\"><a href=\"https:\/\/www.vdk.de\/deutschland\/\" target=\"_blank\">Sozialverband VdK Deutschland e. V.<\/a><\/h1><\/header><div class=\"entry-content\"><p> <\/p>\n<p class=\"more-link\"><a href=\"https:\/\/www.vdk.de\/deutschland\/\" target=\"_blank\">https:\/\/www.vdk.de\/deutschland\/ <span class=\"meta-nav\">&rarr;<\/span><\/a><\/p>\n<div class=\"event-list\"><h4>Veranstaltungen der Gruppe<\/h4><ul><li><a href=\"http:\/\/alternativer-wohngipfel.de\/2018\/aktionen\/alternativer-wohngipfel\/\">1. January 1970: Alternativer Wohngipfel<\/a><\/li><li><a href=\"http:\/\/alternativer-wohngipfel.de\/2018\/aktionen\/protest-am-kanzleramt\/\">1. January 1970: Protest am Kanzleramt<\/a><\/li><\/ul><\/div><\/div><\/div><div class=\"clear\"><\/div><\/article><article id=\"post-10926\" class=\"tribe_organizer single-item has-thumbnail\"><div class=\"post-thumb\"><a href=\"http:\/\/www.sozpaedal.de\" target=\"_blank\"><img loading=\"lazy\" decoding=\"async\" width=\"300\" height=\"60\" src=\"http:\/\/alternativer-wohngipfel.de\/2018\/wp-content\/uploads\/sites\/3\/2018\/09\/logo360-300x60.jpg\" class=\"attachment-medium size-medium wp-post-image\" alt=\"\" srcset=\"http:\/\/alternativer-wohngipfel.de\/2018\/wp-content\/uploads\/sites\/3\/2018\/09\/logo360-300x60.jpg 300w, http:\/\/alternativer-wohngipfel.de\/2018\/wp-content\/uploads\/sites\/3\/2018\/09\/logo360-768x153.jpg 768w, http:\/\/alternativer-wohngipfel.de\/2018\/wp-content\/uploads\/sites\/3\/2018\/09\/logo360-1024x204.jpg 1024w, http:\/\/alternativer-wohngipfel.de\/2018\/wp-content\/uploads\/sites\/3\/2018\/09\/logo360-624x124.jpg 624w\" sizes=\"auto, (max-width: 300px) 100vw, 300px\" \/><\/a><\/div><div class=\"post-content\"><header class=\"entry-header\"><h1 class=\"post-title\"><a href=\"http:\/\/www.sozpaedal.de\" target=\"_blank\">SOZP\u00c4DAL E.V.<\/a><\/h1><\/header><div class=\"entry-content\"><p>Wohnungslosenhilfe, Jugendhilfe <\/p>\n<p class=\"more-link\"><a href=\"http:\/\/www.sozpaedal.de\" target=\"_blank\">http:\/\/www.sozpaedal.de <span class=\"meta-nav\">&rarr;<\/span><\/a><\/p>\n<\/div><\/div><div class=\"clear\"><\/div><\/article><article id=\"post-9998\" class=\"tribe_organizer single-item has-thumbnail\"><div class=\"post-thumb\"><a href=\"http:\/\/www.stadt-fuer-alle-bochum.net\" target=\"_blank\"><img loading=\"lazy\" decoding=\"async\" width=\"172\" height=\"100\" src=\"http:\/\/alternativer-wohngipfel.de\/2018\/wp-content\/uploads\/sites\/3\/2018\/09\/logo-stadtfueralle.png\" class=\"attachment-medium size-medium wp-post-image\" alt=\"\" \/><\/a><\/div><div class=\"post-content\"><header class=\"entry-header\"><h1 class=\"post-title\"><a href=\"http:\/\/www.stadt-fuer-alle-bochum.net\" target=\"_blank\">Stadt f\u00fcr alle Bochum<\/a><\/h1><\/header><div class=\"entry-content\"><p>lokales Netzwerk <\/p>\n<p class=\"more-link\"><a href=\"http:\/\/www.stadt-fuer-alle-bochum.net\" target=\"_blank\">http:\/\/www.stadt-fuer-alle-bochum.net <span class=\"meta-nav\">&rarr;<\/span><\/a><\/p>\n<\/div><\/div><div class=\"clear\"><\/div><\/article><article id=\"post-9779\" class=\"tribe_organizer single-item has-thumbnail\"><div class=\"post-thumb\"><a href=\"https:\/\/stadtvonunten.de\" target=\"_blank\"><img loading=\"lazy\" decoding=\"async\" width=\"300\" height=\"300\" src=\"http:\/\/alternativer-wohngipfel.de\/2018\/wp-content\/uploads\/sites\/3\/2018\/08\/aufkleber-bezahlbar-300x300.jpg\" class=\"attachment-medium size-medium wp-post-image\" alt=\"\" srcset=\"http:\/\/alternativer-wohngipfel.de\/2018\/wp-content\/uploads\/sites\/3\/2018\/08\/aufkleber-bezahlbar-300x300.jpg 300w, http:\/\/alternativer-wohngipfel.de\/2018\/wp-content\/uploads\/sites\/3\/2018\/08\/aufkleber-bezahlbar-150x150.jpg 150w, http:\/\/alternativer-wohngipfel.de\/2018\/wp-content\/uploads\/sites\/3\/2018\/08\/aufkleber-bezahlbar-768x768.jpg 768w, http:\/\/alternativer-wohngipfel.de\/2018\/wp-content\/uploads\/sites\/3\/2018\/08\/aufkleber-bezahlbar-1024x1024.jpg 1024w, http:\/\/alternativer-wohngipfel.de\/2018\/wp-content\/uploads\/sites\/3\/2018\/08\/aufkleber-bezahlbar-624x624.jpg 624w, http:\/\/alternativer-wohngipfel.de\/2018\/wp-content\/uploads\/sites\/3\/2018\/08\/aufkleber-bezahlbar.jpg 1193w\" sizes=\"auto, (max-width: 300px) 100vw, 300px\" \/><\/a><\/div><div class=\"post-content\"><header class=\"entry-header\"><h1 class=\"post-title\"><a href=\"https:\/\/stadtvonunten.de\" target=\"_blank\">Stadt von Unten<\/a><\/h1><\/header><div class=\"entry-content\"><p>Selbstverwaltet und Kommunal, Berlin <\/p>\n<p class=\"more-link\"><a href=\"https:\/\/stadtvonunten.de\" target=\"_blank\">https:\/\/stadtvonunten.de <span class=\"meta-nav\">&rarr;<\/span><\/a><\/p>\n<\/div><\/div><div class=\"clear\"><\/div><\/article><article id=\"post-10485\" class=\"tribe_organizer single-item has-thumbnail\"><div class=\"post-thumb\"><a href=\"http:\/\/www.stadtmittefueralle.de\" target=\"_blank\"><img loading=\"lazy\" decoding=\"async\" width=\"300\" height=\"300\" src=\"http:\/\/alternativer-wohngipfel.de\/2018\/wp-content\/uploads\/sites\/3\/2018\/08\/link-button-300x300.png\" class=\"attachment-medium size-medium wp-post-image\" alt=\"\" srcset=\"http:\/\/alternativer-wohngipfel.de\/2018\/wp-content\/uploads\/sites\/3\/2018\/08\/link-button-300x300.png 300w, http:\/\/alternativer-wohngipfel.de\/2018\/wp-content\/uploads\/sites\/3\/2018\/08\/link-button-150x150.png 150w, http:\/\/alternativer-wohngipfel.de\/2018\/wp-content\/uploads\/sites\/3\/2018\/08\/link-button.png 400w\" sizes=\"auto, (max-width: 300px) 100vw, 300px\" \/><\/a><\/div><div class=\"post-content\"><header class=\"entry-header\"><h1 class=\"post-title\"><a href=\"http:\/\/www.stadtmittefueralle.de\" target=\"_blank\">Stadtmitte f\u00fcr alle, Potsdam<\/a><\/h1><\/header><div class=\"entry-content\"><p>Engagement f\u00fcr Mitbestimmung in der Stadtentwicklung <\/p>\n<p class=\"more-link\"><a href=\"http:\/\/www.stadtmittefueralle.de\" target=\"_blank\">http:\/\/www.stadtmittefueralle.de <span class=\"meta-nav\">&rarr;<\/span><\/a><\/p>\n<\/div><\/div><div class=\"clear\"><\/div><\/article><article id=\"post-10234\" class=\"tribe_organizer single-item has-thumbnail\"><div class=\"post-thumb\"><a href=\"https:\/\/www.facebook.com\/stadtprojekte\/\" target=\"_blank\"><img loading=\"lazy\" decoding=\"async\" width=\"300\" height=\"300\" src=\"http:\/\/alternativer-wohngipfel.de\/2018\/wp-content\/uploads\/sites\/3\/2018\/09\/stadtprojekte-logo-2018-icon-rgb-300x300.png\" class=\"attachment-medium size-medium wp-post-image\" alt=\"\" srcset=\"http:\/\/alternativer-wohngipfel.de\/2018\/wp-content\/uploads\/sites\/3\/2018\/09\/stadtprojekte-logo-2018-icon-rgb-300x300.png 300w, http:\/\/alternativer-wohngipfel.de\/2018\/wp-content\/uploads\/sites\/3\/2018\/09\/stadtprojekte-logo-2018-icon-rgb-150x150.png 150w, http:\/\/alternativer-wohngipfel.de\/2018\/wp-content\/uploads\/sites\/3\/2018\/09\/stadtprojekte-logo-2018-icon-rgb.png 500w\" sizes=\"auto, (max-width: 300px) 100vw, 300px\" \/><\/a><\/div><div class=\"post-content\"><header class=\"entry-header\"><h1 class=\"post-title\"><a href=\"https:\/\/www.facebook.com\/stadtprojekte\/\" target=\"_blank\">Stadtprojekte e.V.<\/a><\/h1><\/header><div class=\"entry-content\"><p>Stadtprojekte e.V. st\u00fctzt und tr\u00e4gt Projekte der Zivilgesellschaft, um Menschen emanzipatorisch in die Stadtentwicklung, -planung und -politik einzubringen<\/p>\n<p>&nbsp;<\/p>\n<p>&nbsp; <\/p>\n<p class=\"more-link\"><a href=\"https:\/\/www.facebook.com\/stadtprojekte\/\" target=\"_blank\">https:\/\/www.facebook.com\/stadtprojekte\/ <span class=\"meta-nav\">&rarr;<\/span><\/a><\/p>\n<\/div><\/div><div class=\"clear\"><\/div><\/article><article id=\"post-10730\" class=\"tribe_organizer single-item has-thumbnail\"><div class=\"post-thumb\"><a href=\"http:\/\/www.stattbau.de\" target=\"_blank\"><img loading=\"lazy\" decoding=\"async\" width=\"300\" height=\"69\" src=\"http:\/\/alternativer-wohngipfel.de\/2018\/wp-content\/uploads\/sites\/3\/2018\/09\/stattbau-300x69.png\" class=\"attachment-medium size-medium wp-post-image\" alt=\"\" srcset=\"http:\/\/alternativer-wohngipfel.de\/2018\/wp-content\/uploads\/sites\/3\/2018\/09\/stattbau-300x69.png 300w, http:\/\/alternativer-wohngipfel.de\/2018\/wp-content\/uploads\/sites\/3\/2018\/09\/stattbau-768x176.png 768w, http:\/\/alternativer-wohngipfel.de\/2018\/wp-content\/uploads\/sites\/3\/2018\/09\/stattbau-624x143.png 624w, http:\/\/alternativer-wohngipfel.de\/2018\/wp-content\/uploads\/sites\/3\/2018\/09\/stattbau.png 965w\" sizes=\"auto, (max-width: 300px) 100vw, 300px\" \/><\/a><\/div><div class=\"post-content\"><header class=\"entry-header\"><h1 class=\"post-title\"><a href=\"http:\/\/www.stattbau.de\" target=\"_blank\">STATTBAU GmbH<\/a><\/h1><\/header><div class=\"entry-content\"><p>Stadtentwicklungsgesellschaft Berlin <\/p>\n<p class=\"more-link\"><a href=\"http:\/\/www.stattbau.de\" target=\"_blank\">http:\/\/www.stattbau.de <span class=\"meta-nav\">&rarr;<\/span><\/a><\/p>\n<\/div><\/div><div class=\"clear\"><\/div><\/article><article id=\"post-10115\" class=\"tribe_organizer single-item has-thumbnail\"><div class=\"post-thumb\"><a href=\"https:\/\/steckenpferd-mannheim.de\/\" target=\"_blank\"><img loading=\"lazy\" decoding=\"async\" width=\"208\" height=\"300\" src=\"http:\/\/alternativer-wohngipfel.de\/2018\/wp-content\/uploads\/sites\/3\/2018\/09\/logo-ev-208x300.jpg\" class=\"attachment-medium size-medium wp-post-image\" alt=\"\" srcset=\"http:\/\/alternativer-wohngipfel.de\/2018\/wp-content\/uploads\/sites\/3\/2018\/09\/logo-ev-208x300.jpg 208w, http:\/\/alternativer-wohngipfel.de\/2018\/wp-content\/uploads\/sites\/3\/2018\/09\/logo-ev-768x1108.jpg 768w, http:\/\/alternativer-wohngipfel.de\/2018\/wp-content\/uploads\/sites\/3\/2018\/09\/logo-ev-710x1024.jpg 710w, http:\/\/alternativer-wohngipfel.de\/2018\/wp-content\/uploads\/sites\/3\/2018\/09\/logo-ev-624x900.jpg 624w, http:\/\/alternativer-wohngipfel.de\/2018\/wp-content\/uploads\/sites\/3\/2018\/09\/logo-ev.jpg 1226w\" sizes=\"auto, (max-width: 208px) 100vw, 208px\" \/><\/a><\/div><div class=\"post-content\"><header class=\"entry-header\"><h1 class=\"post-title\"><a href=\"https:\/\/steckenpferd-mannheim.de\/\" target=\"_blank\">Steckenpferd e.V.<\/a><\/h1><\/header><div class=\"entry-content\"><p>Verein zur F\u00f6rderung von Kindern aus finanziell schwachen Familie seit 2006 <\/p>\n<p class=\"more-link\"><a href=\"https:\/\/steckenpferd-mannheim.de\/\" target=\"_blank\">https:\/\/steckenpferd-mannheim.de\/ <span class=\"meta-nav\">&rarr;<\/span><\/a><\/p>\n<\/div><\/div><div class=\"clear\"><\/div><\/article><article id=\"post-9811\" class=\"tribe_organizer single-item has-thumbnail\"><div class=\"post-thumb\"><img loading=\"lazy\" decoding=\"async\" width=\"283\" height=\"280\" src=\"http:\/\/alternativer-wohngipfel.de\/2018\/wp-content\/uploads\/sites\/3\/2018\/08\/transt-1-web-1.jpg\" class=\"attachment-medium size-medium wp-post-image\" alt=\"\" \/><\/div><div class=\"post-content\"><header class=\"entry-header\"><h1 class=\"post-title\">Transform 122 e.V.<\/h1><\/header><div class=\"entry-content\"><p>Landkommune <\/p>\n<\/div><\/div><div class=\"clear\"><\/div><\/article><article id=\"post-10740\" class=\"tribe_organizer single-item has-thumbnail\"><div class=\"post-thumb\"><a href=\"http:\/\/www.umbau-turley.de\" target=\"_blank\"><img loading=\"lazy\" decoding=\"async\" width=\"273\" height=\"300\" src=\"http:\/\/alternativer-wohngipfel.de\/2018\/wp-content\/uploads\/sites\/3\/2018\/09\/umbau-turley-273x300-273x300.jpg\" class=\"attachment-medium size-medium wp-post-image\" alt=\"\" \/><\/a><\/div><div class=\"post-content\"><header class=\"entry-header\"><h1 class=\"post-title\"><a href=\"http:\/\/www.umbau-turley.de\" target=\"_blank\">umBau\u00b2Turley e. V.<\/a><\/h1><\/header><div class=\"entry-content\"><p>Wohnprojekt f\u00fcr Gemeinschaftliches Wohnen <\/p>\n<p class=\"more-link\"><a href=\"http:\/\/www.umbau-turley.de\" target=\"_blank\">http:\/\/www.umbau-turley.de <span class=\"meta-nav\">&rarr;<\/span><\/a><\/p>\n<\/div><\/div><div class=\"clear\"><\/div><\/article><article id=\"post-10397\" class=\"tribe_organizer single-item has-thumbnail\"><div class=\"post-thumb\"><a href=\"http:\/\/www.umverteilen.de\" target=\"_blank\"><img loading=\"lazy\" decoding=\"async\" width=\"300\" height=\"300\" src=\"http:\/\/alternativer-wohngipfel.de\/2018\/wp-content\/uploads\/sites\/3\/2018\/09\/umverteilen-logo-300x300.png\" class=\"attachment-medium size-medium wp-post-image\" alt=\"\" srcset=\"http:\/\/alternativer-wohngipfel.de\/2018\/wp-content\/uploads\/sites\/3\/2018\/09\/umverteilen-logo-300x300.png 300w, http:\/\/alternativer-wohngipfel.de\/2018\/wp-content\/uploads\/sites\/3\/2018\/09\/umverteilen-logo-150x150.png 150w, http:\/\/alternativer-wohngipfel.de\/2018\/wp-content\/uploads\/sites\/3\/2018\/09\/umverteilen-logo-768x768.png 768w, http:\/\/alternativer-wohngipfel.de\/2018\/wp-content\/uploads\/sites\/3\/2018\/09\/umverteilen-logo-1024x1024.png 1024w, http:\/\/alternativer-wohngipfel.de\/2018\/wp-content\/uploads\/sites\/3\/2018\/09\/umverteilen-logo-624x624.png 624w\" sizes=\"auto, (max-width: 300px) 100vw, 300px\" \/><\/a><\/div><div class=\"post-content\"><header class=\"entry-header\"><h1 class=\"post-title\"><a href=\"http:\/\/www.umverteilen.de\" target=\"_blank\">Umverteilen! Stiftung f\u00fcr eine, solidarische Welt<\/a><\/h1><\/header><div class=\"entry-content\"><p>Die Stiftung ist interessiert, als Akteur aufzutreten, um Wohnen als existenzielles Bed\u00fcrfnis eines jeden Menschen bezahlbar zu machen. <\/p>\n<p class=\"more-link\"><a href=\"http:\/\/www.umverteilen.de\" target=\"_blank\">http:\/\/www.umverteilen.de <span class=\"meta-nav\">&rarr;<\/span><\/a><\/p>\n<\/div><\/div><div class=\"clear\"><\/div><\/article><article id=\"post-9977\" class=\"tribe_organizer single-item has-thumbnail\"><div class=\"post-thumb\"><a href=\"http:\/\/www.unserblockbleibt.de\" target=\"_blank\"><img loading=\"lazy\" decoding=\"async\" width=\"300\" height=\"300\" src=\"http:\/\/alternativer-wohngipfel.de\/2018\/wp-content\/uploads\/sites\/3\/2018\/08\/link-button-300x300.png\" class=\"attachment-medium size-medium wp-post-image\" alt=\"\" srcset=\"http:\/\/alternativer-wohngipfel.de\/2018\/wp-content\/uploads\/sites\/3\/2018\/08\/link-button-300x300.png 300w, http:\/\/alternativer-wohngipfel.de\/2018\/wp-content\/uploads\/sites\/3\/2018\/08\/link-button-150x150.png 150w, http:\/\/alternativer-wohngipfel.de\/2018\/wp-content\/uploads\/sites\/3\/2018\/08\/link-button.png 400w\" sizes=\"auto, (max-width: 300px) 100vw, 300px\" \/><\/a><\/div><div class=\"post-content\"><header class=\"entry-header\"><h1 class=\"post-title\"><a href=\"http:\/\/www.unserblockbleibt.de\" target=\"_blank\">Unser Block bleibt<\/a><\/h1><\/header><div class=\"entry-content\"><p>Aktivistin <\/p>\n<p class=\"more-link\"><a href=\"http:\/\/www.unserblockbleibt.de\" target=\"_blank\">http:\/\/www.unserblockbleibt.de <span class=\"meta-nav\">&rarr;<\/span><\/a><\/p>\n<\/div><\/div><div class=\"clear\"><\/div><\/article><article id=\"post-10236\" class=\"tribe_organizer single-item has-thumbnail\"><div class=\"post-thumb\"><a href=\"https:\/\/unserblockbleibt.wordpress.com\/\" target=\"_blank\"><img loading=\"lazy\" decoding=\"async\" width=\"300\" height=\"300\" src=\"http:\/\/alternativer-wohngipfel.de\/2018\/wp-content\/uploads\/sites\/3\/2018\/09\/logo-unserblockbleibt-web.jpg\" class=\"attachment-medium size-medium wp-post-image\" alt=\"\" srcset=\"http:\/\/alternativer-wohngipfel.de\/2018\/wp-content\/uploads\/sites\/3\/2018\/09\/logo-unserblockbleibt-web.jpg 300w, http:\/\/alternativer-wohngipfel.de\/2018\/wp-content\/uploads\/sites\/3\/2018\/09\/logo-unserblockbleibt-web-150x150.jpg 150w\" sizes=\"auto, (max-width: 300px) 100vw, 300px\" \/><\/a><\/div><div class=\"post-content\"><header class=\"entry-header\"><h1 class=\"post-title\"><a href=\"https:\/\/unserblockbleibt.wordpress.com\/\" target=\"_blank\">Unser Block bleibt e.V.<\/a><\/h1><\/header><div class=\"entry-content\"><p>Zusammenschluss von Mieterinnen und Bewohnern eines H\u00e4userblocks im Reuterkiez <\/p>\n<p class=\"more-link\"><a href=\"https:\/\/unserblockbleibt.wordpress.com\/\" target=\"_blank\">https:\/\/unserblockbleibt.wordpress.com\/ <span class=\"meta-nav\">&rarr;<\/span><\/a><\/p>\n<\/div><\/div><div class=\"clear\"><\/div><\/article><article id=\"post-9979\" class=\"tribe_organizer single-item has-thumbnail\"><div class=\"post-thumb\"><a href=\"http:\/\/www.urbanophil.net\" target=\"_blank\"><img loading=\"lazy\" decoding=\"async\" width=\"200\" height=\"200\" src=\"http:\/\/alternativer-wohngipfel.de\/2018\/wp-content\/uploads\/sites\/3\/2018\/09\/urbanophil.jpg\" class=\"attachment-medium size-medium wp-post-image\" alt=\"\" srcset=\"http:\/\/alternativer-wohngipfel.de\/2018\/wp-content\/uploads\/sites\/3\/2018\/09\/urbanophil.jpg 200w, http:\/\/alternativer-wohngipfel.de\/2018\/wp-content\/uploads\/sites\/3\/2018\/09\/urbanophil-150x150.jpg 150w\" sizes=\"auto, (max-width: 200px) 100vw, 200px\" \/><\/a><\/div><div class=\"post-content\"><header class=\"entry-header\"><h1 class=\"post-title\"><a href=\"http:\/\/www.urbanophil.net\" target=\"_blank\">urbanophil &#8211; Netzwerk f\u00fcr urbane Kultur e.V.<\/a><\/h1><\/header><div class=\"entry-content\"><p>urbanophil zielt auf die Schaffung einer Plattform f\u00fcr den Austausch zwischen Fachleuten aus Stadtplanung, Architektur, kulturellen Akteuren, Vereinen, Institutionen sowie der \u00d6ffentlichkeit und auf eine st\u00e4rkere Vernetzung dieser Personenkreise. Es geht uns darum, aktuelle Themen des Urbanen aufzugreifen, zu diskutieren und einer interessierten (Fach-)\u00f6ffentlichkeit zug\u00e4nglich zumachen. <\/p>\n<p class=\"more-link\"><a href=\"http:\/\/www.urbanophil.net\" target=\"_blank\">http:\/\/www.urbanophil.net <span class=\"meta-nav\">&rarr;<\/span><\/a><\/p>\n<\/div><\/div><div class=\"clear\"><\/div><\/article><article id=\"post-10732\" class=\"tribe_organizer single-item has-thumbnail\"><div class=\"post-thumb\"><a href=\"https:\/\/utb-berlin.de\/\" target=\"_blank\"><img loading=\"lazy\" decoding=\"async\" width=\"300\" height=\"300\" src=\"http:\/\/alternativer-wohngipfel.de\/2018\/wp-content\/uploads\/sites\/3\/2018\/09\/utb-logo-cmyk-vert-300x300.jpg\" class=\"attachment-medium size-medium wp-post-image\" alt=\"\" srcset=\"http:\/\/alternativer-wohngipfel.de\/2018\/wp-content\/uploads\/sites\/3\/2018\/09\/utb-logo-cmyk-vert-300x300.jpg 300w, http:\/\/alternativer-wohngipfel.de\/2018\/wp-content\/uploads\/sites\/3\/2018\/09\/utb-logo-cmyk-vert-150x150.jpg 150w, http:\/\/alternativer-wohngipfel.de\/2018\/wp-content\/uploads\/sites\/3\/2018\/09\/utb-logo-cmyk-vert-768x768.jpg 768w, http:\/\/alternativer-wohngipfel.de\/2018\/wp-content\/uploads\/sites\/3\/2018\/09\/utb-logo-cmyk-vert-1024x1024.jpg 1024w, http:\/\/alternativer-wohngipfel.de\/2018\/wp-content\/uploads\/sites\/3\/2018\/09\/utb-logo-cmyk-vert-624x624.jpg 624w, http:\/\/alternativer-wohngipfel.de\/2018\/wp-content\/uploads\/sites\/3\/2018\/09\/utb-logo-cmyk-vert.jpg 1667w\" sizes=\"auto, (max-width: 300px) 100vw, 300px\" \/><\/a><\/div><div class=\"post-content\"><header class=\"entry-header\"><h1 class=\"post-title\"><a href=\"https:\/\/utb-berlin.de\/\" target=\"_blank\">UTB Projektmanagement GmbH<\/a><\/h1><\/header><div class=\"entry-content\"><p>Genossenschaftliche Projektentwicklung <\/p>\n<p class=\"more-link\"><a href=\"https:\/\/utb-berlin.de\/\" target=\"_blank\">https:\/\/utb-berlin.de\/ <span class=\"meta-nav\">&rarr;<\/span><\/a><\/p>\n<\/div><\/div><div class=\"clear\"><\/div><\/article><article id=\"post-10430\" class=\"tribe_organizer single-item has-thumbnail\"><div class=\"post-thumb\"><a href=\"https:\/\/wipo.verdi.de\/\" target=\"_blank\"><img loading=\"lazy\" decoding=\"async\" width=\"300\" height=\"270\" src=\"http:\/\/alternativer-wohngipfel.de\/2018\/wp-content\/uploads\/sites\/3\/2018\/09\/verdi-logo-300x270.jpg\" class=\"attachment-medium size-medium wp-post-image\" alt=\"\" srcset=\"http:\/\/alternativer-wohngipfel.de\/2018\/wp-content\/uploads\/sites\/3\/2018\/09\/verdi-logo-300x270.jpg 300w, http:\/\/alternativer-wohngipfel.de\/2018\/wp-content\/uploads\/sites\/3\/2018\/09\/verdi-logo.jpg 377w\" sizes=\"auto, (max-width: 300px) 100vw, 300px\" \/><\/a><\/div><div class=\"post-content\"><header class=\"entry-header\"><h1 class=\"post-title\"><a href=\"https:\/\/wipo.verdi.de\/\" target=\"_blank\">ver.di<\/a><\/h1><\/header><div class=\"entry-content\"><p> <\/p>\n<p class=\"more-link\"><a href=\"https:\/\/wipo.verdi.de\/\" target=\"_blank\">https:\/\/wipo.verdi.de\/ <span class=\"meta-nav\">&rarr;<\/span><\/a><\/p>\n<div class=\"event-list\"><h4>Veranstaltungen der Gruppe<\/h4><ul><li><a href=\"http:\/\/alternativer-wohngipfel.de\/2018\/aktionen\/gutes-wohnen-fuer-alle-was-tun-gegen-den-mangel-an-bezahlbarem-wohnraum\/\">1. January 1970: Gutes Wohnen f\u00fcr alle! \u2013 Was tun gegen den Mangel an bezahlbarem Wohnraum?<\/a><\/li><\/ul><\/div><\/div><\/div><div class=\"clear\"><\/div><\/article><article id=\"post-9802\" class=\"tribe_organizer single-item has-thumbnail\"><div class=\"post-thumb\"><a href=\"http:\/\/akelius-vernetzung.de\" target=\"_blank\"><img loading=\"lazy\" decoding=\"async\" width=\"150\" height=\"150\" src=\"http:\/\/alternativer-wohngipfel.de\/2018\/wp-content\/uploads\/sites\/3\/2018\/08\/zieh-doch-selber-um-150x150.jpg\" class=\"attachment-medium size-medium wp-post-image\" alt=\"\" \/><\/a><\/div><div class=\"post-content\"><header class=\"entry-header\"><h1 class=\"post-title\"><a href=\"http:\/\/akelius-vernetzung.de\" target=\"_blank\">Vernetzung der Akelius-Mieter*innen Berlin<\/a><\/h1><\/header><div class=\"entry-content\"><p>Wir sind der selbstorganisierte, unabh\u00e4ngige Zusammenschluss der Akelius-Mieter*innen in Berlin. Wir k\u00e4mpfen im Speziellen f\u00fcr unsere Rechte als Mieter*innen des selben Vermieters und im Allgemeinen gegen Gentrifizierung in Berlin. <\/p>\n<p class=\"more-link\"><a href=\"http:\/\/akelius-vernetzung.de\" target=\"_blank\">http:\/\/akelius-vernetzung.de <span class=\"meta-nav\">&rarr;<\/span><\/a><\/p>\n<div class=\"event-list\"><h4>Veranstaltungen der Gruppe<\/h4><ul><li><a href=\"http:\/\/alternativer-wohngipfel.de\/2018\/aktionen\/basteln-fuer-die-kundgebung-am-21-09-18\/\">1. January 1970: Basteln f\u00fcr die Kundgebung am 21.09.18<\/a><\/li><li><a href=\"http:\/\/alternativer-wohngipfel.de\/2018\/aktionen\/basteln-fuer-die-kundgebung-am-21-09-18-2\/\">1. January 1970: Basteln f\u00fcr die Kundgebung am 21.09.18<\/a><\/li><li><a href=\"http:\/\/alternativer-wohngipfel.de\/2018\/aktionen\/soli-tanz\/\">1. January 1970: Soli-Tanz<\/a><\/li><\/ul><\/div><\/div><\/div><div class=\"clear\"><\/div><\/article><article id=\"post-10224\" class=\"tribe_organizer single-item has-thumbnail\"><div class=\"post-thumb\"><img loading=\"lazy\" decoding=\"async\" width=\"300\" height=\"300\" src=\"http:\/\/alternativer-wohngipfel.de\/2018\/wp-content\/uploads\/sites\/3\/2018\/08\/link-button-300x300.png\" class=\"attachment-medium size-medium wp-post-image\" alt=\"\" srcset=\"http:\/\/alternativer-wohngipfel.de\/2018\/wp-content\/uploads\/sites\/3\/2018\/08\/link-button-300x300.png 300w, http:\/\/alternativer-wohngipfel.de\/2018\/wp-content\/uploads\/sites\/3\/2018\/08\/link-button-150x150.png 150w, http:\/\/alternativer-wohngipfel.de\/2018\/wp-content\/uploads\/sites\/3\/2018\/08\/link-button.png 400w\" sizes=\"auto, (max-width: 300px) 100vw, 300px\" \/><\/div><div class=\"post-content\"><header class=\"entry-header\"><h1 class=\"post-title\">Versammlung der Mieterinnen und Mieter der H\u00e4user Wrangelstr. 103, 105 a\/b, 107 in Hamburg-Hoheluft<\/h1><\/header><div class=\"entry-content\"><p>Mieterinitiative zur Akelius GmbH in Hamburg <\/p>\n<\/div><\/div><div class=\"clear\"><\/div><\/article><article id=\"post-10447\" class=\"tribe_organizer single-item has-thumbnail\"><div class=\"post-thumb\"><a href=\"https:\/\/www.mvwit.de\/category\/vermieter\/vonovia-buendnis\/\" target=\"_blank\"><img loading=\"lazy\" decoding=\"async\" width=\"300\" height=\"300\" src=\"http:\/\/alternativer-wohngipfel.de\/2018\/wp-content\/uploads\/sites\/3\/2018\/08\/link-button-300x300.png\" class=\"attachment-medium size-medium wp-post-image\" alt=\"\" srcset=\"http:\/\/alternativer-wohngipfel.de\/2018\/wp-content\/uploads\/sites\/3\/2018\/08\/link-button-300x300.png 300w, http:\/\/alternativer-wohngipfel.de\/2018\/wp-content\/uploads\/sites\/3\/2018\/08\/link-button-150x150.png 150w, http:\/\/alternativer-wohngipfel.de\/2018\/wp-content\/uploads\/sites\/3\/2018\/08\/link-button.png 400w\" sizes=\"auto, (max-width: 300px) 100vw, 300px\" \/><\/a><\/div><div class=\"post-content\"><header class=\"entry-header\"><h1 class=\"post-title\"><a href=\"https:\/\/www.mvwit.de\/category\/vermieter\/vonovia-buendnis\/\" target=\"_blank\">VoNO!via-MieterInnenb\u00fcndnis<\/a><\/h1><\/header><div class=\"entry-content\"><p>Das B\u00fcndnis von Mieterinteressenvertretungen bei dem Vermietungskonzern Vonovia hat bislang vor allem Forderungen zur &#8222;Modernisierung&#8220; und den damit verbundenen starken Mieterh\u00f6hungen aufgestellt. <\/p>\n<p class=\"more-link\"><a href=\"https:\/\/www.mvwit.de\/category\/vermieter\/vonovia-buendnis\/\" target=\"_blank\">https:\/\/www.mvwit.de\/category\/vermieter\/vonovia-buendnis\/ <span class=\"meta-nav\">&rarr;<\/span><\/a><\/p>\n<\/div><\/div><div class=\"clear\"><\/div><\/article><article id=\"post-10243\" class=\"tribe_organizer single-item has-thumbnail\"><div class=\"post-thumb\"><a href=\"http:\/\/www.die-andere.org\" target=\"_blank\"><img loading=\"lazy\" decoding=\"async\" width=\"200\" height=\"200\" src=\"http:\/\/alternativer-wohngipfel.de\/2018\/wp-content\/uploads\/sites\/3\/2018\/09\/logo-1.jpg\" class=\"attachment-medium size-medium wp-post-image\" alt=\"\" srcset=\"http:\/\/alternativer-wohngipfel.de\/2018\/wp-content\/uploads\/sites\/3\/2018\/09\/logo-1.jpg 200w, http:\/\/alternativer-wohngipfel.de\/2018\/wp-content\/uploads\/sites\/3\/2018\/09\/logo-1-150x150.jpg 150w\" sizes=\"auto, (max-width: 200px) 100vw, 200px\" \/><\/a><\/div><div class=\"post-content\"><header class=\"entry-header\"><h1 class=\"post-title\"><a href=\"http:\/\/www.die-andere.org\" target=\"_blank\">W\u00e4hlergruppe DIE aNDERE<\/a><\/h1><\/header><div class=\"entry-content\"><p>Potsdam <\/p>\n<p class=\"more-link\"><a href=\"http:\/\/www.die-andere.org\" target=\"_blank\">http:\/\/www.die-andere.org <span class=\"meta-nav\">&rarr;<\/span><\/a><\/p>\n<\/div><\/div><div class=\"clear\"><\/div><\/article><article id=\"post-10668\" class=\"tribe_organizer single-item has-thumbnail\"><div class=\"post-thumb\"><a href=\"http:\/\/www.wem-gehoert-kreuzberg.de\/\" target=\"_blank\"><img loading=\"lazy\" decoding=\"async\" width=\"300\" height=\"257\" src=\"http:\/\/alternativer-wohngipfel.de\/2018\/wp-content\/uploads\/sites\/3\/2018\/09\/logo-3-300x257.jpg\" class=\"attachment-medium size-medium wp-post-image\" alt=\"\" srcset=\"http:\/\/alternativer-wohngipfel.de\/2018\/wp-content\/uploads\/sites\/3\/2018\/09\/logo-3-300x257.jpg 300w, http:\/\/alternativer-wohngipfel.de\/2018\/wp-content\/uploads\/sites\/3\/2018\/09\/logo-3-768x657.jpg 768w, http:\/\/alternativer-wohngipfel.de\/2018\/wp-content\/uploads\/sites\/3\/2018\/09\/logo-3-1024x876.jpg 1024w, http:\/\/alternativer-wohngipfel.de\/2018\/wp-content\/uploads\/sites\/3\/2018\/09\/logo-3-624x534.jpg 624w\" sizes=\"auto, (max-width: 300px) 100vw, 300px\" \/><\/a><\/div><div class=\"post-content\"><header class=\"entry-header\"><h1 class=\"post-title\"><a href=\"http:\/\/www.wem-gehoert-kreuzberg.de\/\" target=\"_blank\">WEM GEH\u00d6RT KREUZBERG<\/a><\/h1><\/header><div class=\"entry-content\"><p>Stadtteilinitiative <\/p>\n<p class=\"more-link\"><a href=\"http:\/\/www.wem-gehoert-kreuzberg.de\/\" target=\"_blank\">http:\/\/www.wem-gehoert-kreuzberg.de\/ <span class=\"meta-nav\">&rarr;<\/span><\/a><\/p>\n<\/div><\/div><div class=\"clear\"><\/div><\/article><article id=\"post-9877\" class=\"tribe_organizer single-item has-thumbnail\"><div class=\"post-thumb\"><a href=\"http:\/\/wirbleibenalle.org\/\" target=\"_blank\"><img loading=\"lazy\" decoding=\"async\" width=\"255\" height=\"300\" src=\"http:\/\/alternativer-wohngipfel.de\/2018\/wp-content\/uploads\/sites\/3\/2018\/08\/logo-wba-klein-copy-255x300.png\" class=\"attachment-medium size-medium wp-post-image\" alt=\"\" srcset=\"http:\/\/alternativer-wohngipfel.de\/2018\/wp-content\/uploads\/sites\/3\/2018\/08\/logo-wba-klein-copy-255x300.png 255w, http:\/\/alternativer-wohngipfel.de\/2018\/wp-content\/uploads\/sites\/3\/2018\/08\/logo-wba-klein-copy-768x903.png 768w, http:\/\/alternativer-wohngipfel.de\/2018\/wp-content\/uploads\/sites\/3\/2018\/08\/logo-wba-klein-copy-871x1024.png 871w, http:\/\/alternativer-wohngipfel.de\/2018\/wp-content\/uploads\/sites\/3\/2018\/08\/logo-wba-klein-copy-624x734.png 624w, http:\/\/alternativer-wohngipfel.de\/2018\/wp-content\/uploads\/sites\/3\/2018\/08\/logo-wba-klein-copy.png 1000w\" sizes=\"auto, (max-width: 255px) 100vw, 255px\" \/><\/a><\/div><div class=\"post-content\"><header class=\"entry-header\"><h1 class=\"post-title\"><a href=\"http:\/\/wirbleibenalle.org\/\" target=\"_blank\">Wir bleiben alle!<\/a><\/h1><\/header><div class=\"entry-content\"><p>Gemeinsam gegen Sozialabbau, Verdr\u00e4ngung und den Ausverkauf der Stadt \u2013 Aneignen. Aufbauen. Bleiben! <\/p>\n<p class=\"more-link\"><a href=\"http:\/\/wirbleibenalle.org\/\" target=\"_blank\">http:\/\/wirbleibenalle.org\/ <span class=\"meta-nav\">&rarr;<\/span><\/a><\/p>\n<\/div><\/div><div class=\"clear\"><\/div><\/article><article id=\"post-9956\" class=\"tribe_organizer single-item has-thumbnail\"><div class=\"post-thumb\"><a href=\"http:\/\/www.wohnbund.de\" target=\"_blank\"><img loading=\"lazy\" decoding=\"async\" width=\"289\" height=\"300\" src=\"http:\/\/alternativer-wohngipfel.de\/2018\/wp-content\/uploads\/sites\/3\/2018\/09\/logo-wobu-2014-289x300.jpg\" class=\"attachment-medium size-medium wp-post-image\" alt=\"\" srcset=\"http:\/\/alternativer-wohngipfel.de\/2018\/wp-content\/uploads\/sites\/3\/2018\/09\/logo-wobu-2014-289x300.jpg 289w, http:\/\/alternativer-wohngipfel.de\/2018\/wp-content\/uploads\/sites\/3\/2018\/09\/logo-wobu-2014.jpg 591w\" sizes=\"auto, (max-width: 289px) 100vw, 289px\" \/><\/a><\/div><div class=\"post-content\"><header class=\"entry-header\"><h1 class=\"post-title\"><a href=\"http:\/\/www.wohnbund.de\" target=\"_blank\">wohnbund e.V.<\/a><\/h1><\/header><div class=\"entry-content\"><p>Verband zur F\u00f6rderung wohnpolitischer Initiativen <\/p>\n<p class=\"more-link\"><a href=\"http:\/\/www.wohnbund.de\" target=\"_blank\">http:\/\/www.wohnbund.de <span class=\"meta-nav\">&rarr;<\/span><\/a><\/p>\n<\/div><\/div><div class=\"clear\"><\/div><\/article><article id=\"post-10560\" class=\"tribe_organizer single-item has-thumbnail\"><div class=\"post-thumb\"><a href=\"https:\/\/www.wohnen-ist-menschenrecht.de\/\" target=\"_blank\"><img loading=\"lazy\" decoding=\"async\" width=\"300\" height=\"250\" src=\"http:\/\/alternativer-wohngipfel.de\/2018\/wp-content\/uploads\/sites\/3\/2018\/09\/ja-zur-fsb-300x250.jpg\" class=\"attachment-medium size-medium wp-post-image\" alt=\"\" srcset=\"http:\/\/alternativer-wohngipfel.de\/2018\/wp-content\/uploads\/sites\/3\/2018\/09\/ja-zur-fsb-300x250.jpg 300w, http:\/\/alternativer-wohngipfel.de\/2018\/wp-content\/uploads\/sites\/3\/2018\/09\/ja-zur-fsb.jpg 337w\" sizes=\"auto, (max-width: 300px) 100vw, 300px\" \/><\/a><\/div><div class=\"post-content\"><header class=\"entry-header\"><h1 class=\"post-title\"><a href=\"https:\/\/www.wohnen-ist-menschenrecht.de\/\" target=\"_blank\">Wohnen ist Menschenrecht e.V.<\/a><\/h1><\/header><div class=\"entry-content\"><p>f\u00fcr die Verwirklichung des Rechts auf Wohnen f\u00fcr alle <\/p>\n<p class=\"more-link\"><a href=\"https:\/\/www.wohnen-ist-menschenrecht.de\/\" target=\"_blank\">https:\/\/www.wohnen-ist-menschenrecht.de\/ <span class=\"meta-nav\">&rarr;<\/span><\/a><\/p>\n<\/div><\/div><div class=\"clear\"><\/div><\/article><article id=\"post-10570\" class=\"tribe_organizer single-item has-thumbnail\"><div class=\"post-thumb\"><a href=\"https:\/\/wohnraumbuendnis-tuebingen.mtmedia.org\/\" target=\"_blank\"><img loading=\"lazy\" decoding=\"async\" width=\"300\" height=\"300\" src=\"http:\/\/alternativer-wohngipfel.de\/2018\/wp-content\/uploads\/sites\/3\/2018\/08\/link-button-300x300.png\" class=\"attachment-medium size-medium wp-post-image\" alt=\"\" srcset=\"http:\/\/alternativer-wohngipfel.de\/2018\/wp-content\/uploads\/sites\/3\/2018\/08\/link-button-300x300.png 300w, http:\/\/alternativer-wohngipfel.de\/2018\/wp-content\/uploads\/sites\/3\/2018\/08\/link-button-150x150.png 150w, http:\/\/alternativer-wohngipfel.de\/2018\/wp-content\/uploads\/sites\/3\/2018\/08\/link-button.png 400w\" sizes=\"auto, (max-width: 300px) 100vw, 300px\" \/><\/a><\/div><div class=\"post-content\"><header class=\"entry-header\"><h1 class=\"post-title\"><a href=\"https:\/\/wohnraumbuendnis-tuebingen.mtmedia.org\/\" target=\"_blank\">Wohnraumb\u00fcndnis T\u00fcbingen<\/a><\/h1><\/header><div class=\"entry-content\"><p>B\u00fcndnis zu Wohnungspolitik in T\u00fcbingen und dar\u00fcber hinaus <\/p>\n<p class=\"more-link\"><a href=\"https:\/\/wohnraumbuendnis-tuebingen.mtmedia.org\/\" target=\"_blank\">https:\/\/wohnraumbuendnis-tuebingen.mtmedia.org\/ <span class=\"meta-nav\">&rarr;<\/span><\/a><\/p>\n<\/div><\/div><div class=\"clear\"><\/div><\/article><article id=\"post-9909\" class=\"tribe_organizer single-item has-thumbnail\"><div class=\"post-thumb\"><a href=\"http:\/\/Stillestrasse.de\" target=\"_blank\"><img loading=\"lazy\" decoding=\"async\" width=\"100\" height=\"100\" src=\"http:\/\/alternativer-wohngipfel.de\/2018\/wp-content\/uploads\/sites\/3\/2018\/09\/stillestrasse-100.png\" class=\"attachment-medium size-medium wp-post-image\" alt=\"\" \/><\/a><\/div><div class=\"post-content\"><header class=\"entry-header\"><h1 class=\"post-title\"><a href=\"http:\/\/Stillestrasse.de\" target=\"_blank\">Wohntisch Pankow<\/a><\/h1><\/header><div class=\"entry-content\"><p>Stille Stra\u00dfe 10 <\/p>\n<p class=\"more-link\"><a href=\"http:\/\/Stillestrasse.de\" target=\"_blank\">http:\/\/Stillestrasse.de <span class=\"meta-nav\">&rarr;<\/span><\/a><\/p>\n<\/div><\/div><div class=\"clear\"><\/div><\/article><article id=\"post-9888\" class=\"tribe_organizer single-item has-thumbnail\"><div class=\"post-thumb\"><a href=\"http:\/\/www.zossener48.de\" target=\"_blank\"><img loading=\"lazy\" decoding=\"async\" width=\"199\" height=\"193\" src=\"http:\/\/alternativer-wohngipfel.de\/2018\/wp-content\/uploads\/sites\/3\/2018\/09\/logo-zossener48-1.jpg\" class=\"attachment-medium size-medium wp-post-image\" alt=\"\" \/><\/a><\/div><div class=\"post-content\"><header class=\"entry-header\"><h1 class=\"post-title\"><a href=\"http:\/\/www.zossener48.de\" target=\"_blank\">Zossener 48 &#8211; denn es geht auch anders<\/a><\/h1><\/header><div class=\"entry-content\"><p>Hausgruppe, seit 01.09.2018 in Selbstverwaltung als Syndikatshaus f\u00fcr mindestens 86 Jahre unverk\u00e4uflich <\/p>\n<p class=\"more-link\"><a href=\"http:\/\/www.zossener48.de\" target=\"_blank\">http:\/\/www.zossener48.de <span class=\"meta-nav\">&rarr;<\/span><\/a><\/p>\n<\/div><\/div><div class=\"clear\"><\/div><\/article><article id=\"post-10051\" class=\"tribe_organizer single-item has-thumbnail\"><div class=\"post-thumb\"><img loading=\"lazy\" decoding=\"async\" width=\"300\" height=\"300\" src=\"http:\/\/alternativer-wohngipfel.de\/2018\/wp-content\/uploads\/sites\/3\/2018\/08\/link-button-300x300.png\" class=\"attachment-medium size-medium wp-post-image\" alt=\"\" srcset=\"http:\/\/alternativer-wohngipfel.de\/2018\/wp-content\/uploads\/sites\/3\/2018\/08\/link-button-300x300.png 300w, http:\/\/alternativer-wohngipfel.de\/2018\/wp-content\/uploads\/sites\/3\/2018\/08\/link-button-150x150.png 150w, http:\/\/alternativer-wohngipfel.de\/2018\/wp-content\/uploads\/sites\/3\/2018\/08\/link-button.png 400w\" sizes=\"auto, (max-width: 300px) 100vw, 300px\" \/><\/div><div class=\"post-content\"><header class=\"entry-header\"><h1 class=\"post-title\">Zusammen gegen Mietenwahnsinn im Prenzlauer Berg<\/h1><\/header><div class=\"entry-content\"><p>B\u00fcndnis der Aufrufenden zur Demo am 28.9.2018 <\/p>\n<div class=\"event-list\"><h4>Veranstaltungen der Gruppe<\/h4><ul><li><a href=\"http:\/\/alternativer-wohngipfel.de\/2018\/aktionen\/demonstration-gegen-mietenwahnisnn-und-verdraengung-im-prenzlauer-berg\/\">1. January 1970: Demonstration gegen Mietenwahnisnn und Verdr\u00e4ngung im Prenzlauer Berg<\/a><\/li><\/ul><\/div><\/div><\/div><div class=\"clear\"><\/div><\/article><article id=\"post-9922\" class=\"tribe_organizer single-item has-thumbnail\"><div class=\"post-thumb\"><a href=\"http:\/\/berlin.zwangsraeumungverhindern.org\/\" target=\"_blank\"><img loading=\"lazy\" decoding=\"async\" width=\"300\" height=\"300\" src=\"http:\/\/alternativer-wohngipfel.de\/2018\/wp-content\/uploads\/sites\/3\/2018\/09\/stop-zwangsraeumungen-3-500px-300x300.jpg\" class=\"attachment-medium size-medium wp-post-image\" alt=\"\" srcset=\"http:\/\/alternativer-wohngipfel.de\/2018\/wp-content\/uploads\/sites\/3\/2018\/09\/stop-zwangsraeumungen-3-500px-300x300.jpg 300w, http:\/\/alternativer-wohngipfel.de\/2018\/wp-content\/uploads\/sites\/3\/2018\/09\/stop-zwangsraeumungen-3-500px-150x150.jpg 150w, http:\/\/alternativer-wohngipfel.de\/2018\/wp-content\/uploads\/sites\/3\/2018\/09\/stop-zwangsraeumungen-3-500px.jpg 500w\" sizes=\"auto, (max-width: 300px) 100vw, 300px\" \/><\/a><\/div><div class=\"post-content\"><header class=\"entry-header\"><h1 class=\"post-title\"><a href=\"http:\/\/berlin.zwangsraeumungverhindern.org\/\" target=\"_blank\">Zwangsr\u00e4umung Verhindern<\/a><\/h1><\/header><div class=\"entry-content\"><p>Das B\u00fcndnis Zwangsr\u00e4umung verhindern besteht aus Leuten die Mieterh\u00f6hungen, Verdr\u00e4ngung und Zwangsr\u00e4umungen nicht weiter hinnehmen wollen. Wir sind solidarisch mit Betroffenen und engagieren uns f\u00fcr die Abschaffung von Zwangsr\u00e4umung im Allgemeinen und im Einzelfall. <\/p>\n<p class=\"more-link\"><a href=\"http:\/\/berlin.zwangsraeumungverhindern.org\/\" target=\"_blank\">http:\/\/berlin.zwangsraeumungverhindern.org\/ <span class=\"meta-nav\">&rarr;<\/span><\/a><\/p>\n<\/div><\/div><div class=\"clear\"><\/div><\/article><nav id=\"nav-below\" class=\"navigation\" role=\"navigation\"><div class=\"nav-previous\"><\/div><div class=\"nav-next\"><\/div><\/nav><\/div>\n<div class=\"shariff shariff-align-left shariff-widget-align-left\"><ul class=\"shariff-buttons theme-white orientation-horizontal buttonsize-medium\"><li class=\"shariff-button facebook shariff-nocustomcolor\" style=\"background-color:#4273c8\"><a href=\"https:\/\/www.facebook.com\/sharer\/sharer.php?u=http%3A%2F%2Falternativer-wohngipfel.de%2F2018%2Fveranstalter%2Fzwangsraeumung-verhindern%2F\" title=\"Bei Facebook teilen\" aria-label=\"Bei Facebook teilen\" role=\"button\" rel=\"nofollow\" class=\"shariff-link\" style=\"; background-color:#3b5998; color:#3b5998\" target=\"_blank\"><span class=\"shariff-icon\" style=\"fill:#3b5998\"><svg width=\"32px\" height=\"20px\" xmlns=\"http:\/\/www.w3.org\/2000\/svg\" viewBox=\"0 0 18 32\"><path fill=\"#3b5998\" d=\"M17.1 0.2v4.7h-2.8q-1.5 0-2.1 0.6t-0.5 1.9v3.4h5.2l-0.7 5.3h-4.5v13.6h-5.5v-13.6h-4.5v-5.3h4.5v-3.9q0-3.3 1.9-5.2t5-1.8q2.6 0 4.1 0.2z\"\/><\/svg><\/span><span class=\"shariff-text\" style=\"color:#3b5998\">teilen<\/span>&nbsp;<\/a><\/li><li class=\"shariff-button twitter shariff-nocustomcolor\" style=\"background-color:#595959\"><a href=\"https:\/\/twitter.com\/share?url=http%3A%2F%2Falternativer-wohngipfel.de%2F2018%2Fveranstalter%2Fzwangsraeumung-verhindern%2F&text=Zwangsr%C3%A4umung%20Verhindern\" title=\"Bei X teilen\" aria-label=\"Bei X teilen\" role=\"button\" rel=\"noopener nofollow\" class=\"shariff-link\" style=\"; background-color:#000; color:#000\" target=\"_blank\"><span class=\"shariff-icon\" style=\"fill:#000\"><svg width=\"32px\" height=\"20px\" xmlns=\"http:\/\/www.w3.org\/2000\/svg\" viewBox=\"0 0 24 24\"><path fill=\"#000\" d=\"M14.258 10.152L23.176 0h-2.113l-7.747 8.813L7.133 0H0l9.352 13.328L0 23.973h2.113l8.176-9.309 6.531 9.309h7.133zm-2.895 3.293l-.949-1.328L2.875 1.56h3.246l6.086 8.523.945 1.328 7.91 11.078h-3.246zm0 0\"\/><\/svg><\/span><span class=\"shariff-text\" style=\"color:#000\">teilen<\/span>&nbsp;<\/a><\/li><li class=\"shariff-button info shariff-nocustomcolor\" style=\"background-color:#a8a8a8\"><a href=\"http:\/\/ct.de\/-2467514\" title=\"Weitere Informationen\" aria-label=\"Weitere Informationen\" role=\"button\" rel=\"noopener \" class=\"shariff-link\" style=\"; background-color:#999; color:#999\" target=\"_blank\"><span class=\"shariff-icon\" style=\"fill:#999\"><svg width=\"32px\" height=\"20px\" xmlns=\"http:\/\/www.w3.org\/2000\/svg\" viewBox=\"0 0 11 32\"><path fill=\"#999\" d=\"M11.4 24v2.3q0 0.5-0.3 0.8t-0.8 0.4h-9.1q-0.5 0-0.8-0.4t-0.4-0.8v-2.3q0-0.5 0.4-0.8t0.8-0.4h1.1v-6.8h-1.1q-0.5 0-0.8-0.4t-0.4-0.8v-2.3q0-0.5 0.4-0.8t0.8-0.4h6.8q0.5 0 0.8 0.4t0.4 0.8v10.3h1.1q0.5 0 0.8 0.4t0.3 0.8zM9.2 3.4v3.4q0 0.5-0.4 0.8t-0.8 0.4h-4.6q-0.4 0-0.8-0.4t-0.4-0.8v-3.4q0-0.4 0.4-0.8t0.8-0.4h4.6q0.5 0 0.8 0.4t0.4 0.8z\"\/><\/svg><\/span><\/a><\/li><\/ul><\/div>","protected":false},"excerpt":{"rendered":"<p>Liste der Unterst\u00fctzenden Hier sind alle Organisationen, Initiativen und Personen des \u00f6ffentlichen Lebens gelistet, die unseren Aufruf gegen den Wohngipfel von Seehofer und Merkel unterst\u00fctzen. Es sind derzeit\u00a0 Gruppen,\u00a0die sich [&hellip;]<\/p>\n","protected":false},"author":4,"featured_media":0,"parent":2,"menu_order":0,"comment_status":"closed","ping_status":"closed","template":"page-templates\/full-width.php","meta":{"_acf_changed":false,"footnotes":""},"class_list":["post-9408","page","type-page","status-publish","hentry","has-thumbnail"],"acf":[],"yoast_head":"<!-- This site is optimized with the Yoast SEO plugin v27.5 - https:\/\/yoast.com\/product\/yoast-seo-wordpress\/ -->\n<title>Liste der Unterst\u00fctzenden - Zusammen gegen #Mietenwahnsinn<\/title>\n<meta name=\"robots\" content=\"index, follow, max-snippet:-1, max-image-preview:large, max-video-preview:-1\" \/>\n<link rel=\"canonical\" href=\"http:\/\/alternativer-wohngipfel.de\/2018\/aufruf\/unterstuetzende\/\" \/>\n<meta property=\"og:locale\" content=\"de_DE\" \/>\n<meta property=\"og:type\" content=\"article\" \/>\n<meta property=\"og:title\" content=\"Liste der Unterst\u00fctzenden - Zusammen gegen #Mietenwahnsinn\" \/>\n<meta property=\"og:description\" content=\"Liste der Unterst\u00fctzenden Hier sind alle Organisationen, Initiativen und Personen des \u00f6ffentlichen Lebens gelistet, die unseren Aufruf gegen den Wohngipfel von Seehofer und Merkel unterst\u00fctzen. Es sind derzeit\u00a0 Gruppen,\u00a0die sich [&hellip;]\" \/>\n<meta property=\"og:url\" content=\"http:\/\/alternativer-wohngipfel.de\/2018\/aufruf\/unterstuetzende\/\" \/>\n<meta property=\"og:site_name\" content=\"Zusammen gegen #Mietenwahnsinn\" \/>\n<meta property=\"article:modified_time\" content=\"2018-10-09T13:50:13+00:00\" \/>\n<meta name=\"twitter:card\" content=\"summary_large_image\" \/>\n<meta name=\"twitter:label1\" content=\"Gesch\u00e4tzte Lesezeit\" \/>\n\t<meta name=\"twitter:data1\" content=\"1\u00a0Minute\" \/>\n<script type=\"application\/ld+json\" class=\"yoast-schema-graph\">{\"@context\":\"https:\\\/\\\/schema.org\",\"@graph\":[{\"@type\":\"WebPage\",\"@id\":\"http:\\\/\\\/alternativer-wohngipfel.de\\\/2018\\\/aufruf\\\/unterstuetzende\\\/\",\"url\":\"http:\\\/\\\/alternativer-wohngipfel.de\\\/2018\\\/aufruf\\\/unterstuetzende\\\/\",\"name\":\"Liste der Unterst\u00fctzenden - Zusammen gegen #Mietenwahnsinn\",\"isPartOf\":{\"@id\":\"http:\\\/\\\/alternativer-wohngipfel.de\\\/2018\\\/#website\"},\"datePublished\":\"2018-08-26T10:08:01+00:00\",\"dateModified\":\"2018-10-09T13:50:13+00:00\",\"breadcrumb\":{\"@id\":\"http:\\\/\\\/alternativer-wohngipfel.de\\\/2018\\\/aufruf\\\/unterstuetzende\\\/#breadcrumb\"},\"inLanguage\":\"de\",\"potentialAction\":[{\"@type\":\"ReadAction\",\"target\":[\"http:\\\/\\\/alternativer-wohngipfel.de\\\/2018\\\/aufruf\\\/unterstuetzende\\\/\"]}]},{\"@type\":\"BreadcrumbList\",\"@id\":\"http:\\\/\\\/alternativer-wohngipfel.de\\\/2018\\\/aufruf\\\/unterstuetzende\\\/#breadcrumb\",\"itemListElement\":[{\"@type\":\"ListItem\",\"position\":1,\"name\":\"Startseite\",\"item\":\"http:\\\/\\\/alternativer-wohngipfel.de\\\/2018\\\/\"},{\"@type\":\"ListItem\",\"position\":2,\"name\":\"Aufruf\",\"item\":\"http:\\\/\\\/alternativer-wohngipfel.de\\\/2018\\\/\"},{\"@type\":\"ListItem\",\"position\":3,\"name\":\"Liste der Unterst\u00fctzenden\"}]},{\"@type\":\"WebSite\",\"@id\":\"http:\\\/\\\/alternativer-wohngipfel.de\\\/2018\\\/#website\",\"url\":\"http:\\\/\\\/alternativer-wohngipfel.de\\\/2018\\\/\",\"name\":\"Zusammen gegen #Mietenwahnsinn\",\"description\":\"F\u00fcr eine Politik, die Wohnraum f\u00fcr ALLE schafft.\",\"potentialAction\":[{\"@type\":\"SearchAction\",\"target\":{\"@type\":\"EntryPoint\",\"urlTemplate\":\"http:\\\/\\\/alternativer-wohngipfel.de\\\/2018\\\/?s={search_term_string}\"},\"query-input\":{\"@type\":\"PropertyValueSpecification\",\"valueRequired\":true,\"valueName\":\"search_term_string\"}}],\"inLanguage\":\"de\"}]}<\/script>\n<!-- \/ Yoast SEO plugin. -->","yoast_head_json":{"title":"Liste der Unterst\u00fctzenden - Zusammen gegen #Mietenwahnsinn","robots":{"index":"index","follow":"follow","max-snippet":"max-snippet:-1","max-image-preview":"max-image-preview:large","max-video-preview":"max-video-preview:-1"},"canonical":"http:\/\/alternativer-wohngipfel.de\/2018\/aufruf\/unterstuetzende\/","og_locale":"de_DE","og_type":"article","og_title":"Liste der Unterst\u00fctzenden - Zusammen gegen #Mietenwahnsinn","og_description":"Liste der Unterst\u00fctzenden Hier sind alle Organisationen, Initiativen und Personen des \u00f6ffentlichen Lebens gelistet, die unseren Aufruf gegen den Wohngipfel von Seehofer und Merkel unterst\u00fctzen. Es sind derzeit\u00a0 Gruppen,\u00a0die sich [&hellip;]","og_url":"http:\/\/alternativer-wohngipfel.de\/2018\/aufruf\/unterstuetzende\/","og_site_name":"Zusammen gegen #Mietenwahnsinn","article_modified_time":"2018-10-09T13:50:13+00:00","twitter_card":"summary_large_image","twitter_misc":{"Gesch\u00e4tzte Lesezeit":"1\u00a0Minute"},"schema":{"@context":"https:\/\/schema.org","@graph":[{"@type":"WebPage","@id":"http:\/\/alternativer-wohngipfel.de\/2018\/aufruf\/unterstuetzende\/","url":"http:\/\/alternativer-wohngipfel.de\/2018\/aufruf\/unterstuetzende\/","name":"Liste der Unterst\u00fctzenden - Zusammen gegen #Mietenwahnsinn","isPartOf":{"@id":"http:\/\/alternativer-wohngipfel.de\/2018\/#website"},"datePublished":"2018-08-26T10:08:01+00:00","dateModified":"2018-10-09T13:50:13+00:00","breadcrumb":{"@id":"http:\/\/alternativer-wohngipfel.de\/2018\/aufruf\/unterstuetzende\/#breadcrumb"},"inLanguage":"de","potentialAction":[{"@type":"ReadAction","target":["http:\/\/alternativer-wohngipfel.de\/2018\/aufruf\/unterstuetzende\/"]}]},{"@type":"BreadcrumbList","@id":"http:\/\/alternativer-wohngipfel.de\/2018\/aufruf\/unterstuetzende\/#breadcrumb","itemListElement":[{"@type":"ListItem","position":1,"name":"Startseite","item":"http:\/\/alternativer-wohngipfel.de\/2018\/"},{"@type":"ListItem","position":2,"name":"Aufruf","item":"http:\/\/alternativer-wohngipfel.de\/2018\/"},{"@type":"ListItem","position":3,"name":"Liste der Unterst\u00fctzenden"}]},{"@type":"WebSite","@id":"http:\/\/alternativer-wohngipfel.de\/2018\/#website","url":"http:\/\/alternativer-wohngipfel.de\/2018\/","name":"Zusammen gegen #Mietenwahnsinn","description":"F\u00fcr eine Politik, die Wohnraum f\u00fcr ALLE schafft.","potentialAction":[{"@type":"SearchAction","target":{"@type":"EntryPoint","urlTemplate":"http:\/\/alternativer-wohngipfel.de\/2018\/?s={search_term_string}"},"query-input":{"@type":"PropertyValueSpecification","valueRequired":true,"valueName":"search_term_string"}}],"inLanguage":"de"}]}},"_links":{"self":[{"href":"http:\/\/alternativer-wohngipfel.de\/2018\/wp-json\/wp\/v2\/pages\/9408","targetHints":{"allow":["GET"]}}],"collection":[{"href":"http:\/\/alternativer-wohngipfel.de\/2018\/wp-json\/wp\/v2\/pages"}],"about":[{"href":"http:\/\/alternativer-wohngipfel.de\/2018\/wp-json\/wp\/v2\/types\/page"}],"author":[{"embeddable":true,"href":"http:\/\/alternativer-wohngipfel.de\/2018\/wp-json\/wp\/v2\/users\/4"}],"replies":[{"embeddable":true,"href":"http:\/\/alternativer-wohngipfel.de\/2018\/wp-json\/wp\/v2\/comments?post=9408"}],"version-history":[{"count":5,"href":"http:\/\/alternativer-wohngipfel.de\/2018\/wp-json\/wp\/v2\/pages\/9408\/revisions"}],"predecessor-version":[{"id":11006,"href":"http:\/\/alternativer-wohngipfel.de\/2018\/wp-json\/wp\/v2\/pages\/9408\/revisions\/11006"}],"up":[{"embeddable":true,"href":"http:\/\/alternativer-wohngipfel.de\/2018\/wp-json\/wp\/v2\/pages\/2"}],"wp:attachment":[{"href":"http:\/\/alternativer-wohngipfel.de\/2018\/wp-json\/wp\/v2\/media?parent=9408"}],"curies":[{"name":"wp","href":"https:\/\/api.w.org\/{rel}","templated":true}]}}