{"id":10039,"date":"2018-09-04T15:38:30","date_gmt":"2018-09-04T13:38:30","guid":{"rendered":"https:\/\/alternativer-wohngipfel.de\/2018\/?post_type=tribe_events&#038;p=10039"},"modified":"2018-09-04T15:52:13","modified_gmt":"2018-09-04T13:52:13","slug":"demonstration-gegen-mietenwahnisnn-und-verdraengung-im-prenzlauer-berg","status":"publish","type":"tribe_events","link":"http:\/\/alternativer-wohngipfel.de\/2018\/aktionen\/demonstration-gegen-mietenwahnisnn-und-verdraengung-im-prenzlauer-berg\/","title":{"rendered":"Demonstration gegen Mietenwahnisnn und Verdr\u00e4ngung im Prenzlauer Berg"},"content":{"rendered":"<p>Der Prenzlauer Berg steht wie kaum ein anderer Sozialraum in Europa exemplarisch f\u00fcr einen Prozess, der mittlerweile unter dem Namen \u201eGentrifizierung\u201c allgemein bekannt ist. Konkret hei\u00dft das f\u00fcr uns, die wir hier zuhause sind, dass wir unsere liebgewonnenen Nachbar*innen, Freund*innen, Kneipen und L\u00e4den verlieren, \u00a0Mietkostensteigerungen unsere Existenz bedrohen und neue Eigent\u00fcmer*innen uns das Dach \u00fcber dem Kopf wegnehmen.<br \/>\nDas k\u00f6nnen wir nicht l\u00e4nger hinnehmen und gehen deshalb am 28.9.2018 auf die Stra\u00dfe!<br \/>\nLaut, bunt, fantasievoll und zahlreich wollen wir ein Zeichen setzen f\u00fcr eine soziale und \u00f6kologische Wohnungspolitik, f\u00fcr echten Milieuschutz und gegen den Ausverkauf der Stadt.<br \/>\nWohnraum ist ein Menschenrecht. Privateigentum an Boden ist genauso absurd wie die Privatisierung von Luft, Licht und Wasser. Dem kapitalistischen Profitmaximierungsinteresse begegnen wir mit Solidarit\u00e4t und der \u00dcberzeugung, dass eine bessere Welt m\u00f6glich ist, wenn wir sie \u00a0alle aktiv mitgestalten.<\/p>\n<p>Mobilisiert in Euren H\u00e4usern, organisiert solidarische Nachbarschaften, meldet Leerstand und Zweckentfremdung, bildet Genossenschaften!<\/p>\n<p><strong>Kommt zur Demo am 28.9. um 16 Uhr auf den Senefelder Platz!<\/strong><\/p>\n<p>Keine Rendite mit der Miete! Die H\u00e4user denen, die drin wohnen! Wir lassen uns nicht vertreiben.<\/p>\n<p><strong>WIR BLEIBEN ALLE!!!<\/strong><\/p>\n<div class=\"shariff shariff-align-left shariff-widget-align-left\"><ul class=\"shariff-buttons theme-white orientation-horizontal buttonsize-medium\"><li class=\"shariff-button facebook shariff-nocustomcolor\" style=\"background-color:#4273c8\"><a href=\"https:\/\/www.facebook.com\/sharer\/sharer.php?u=http%3A%2F%2Falternativer-wohngipfel.de%2F2018%2Faktionen%2Fdemonstration-gegen-mietenwahnisnn-und-verdraengung-im-prenzlauer-berg%2F\" title=\"Bei Facebook teilen\" aria-label=\"Bei Facebook teilen\" role=\"button\" rel=\"nofollow\" class=\"shariff-link\" style=\"; background-color:#3b5998; color:#3b5998\" target=\"_blank\"><span class=\"shariff-icon\" style=\"fill:#3b5998\"><svg width=\"32px\" height=\"20px\" xmlns=\"http:\/\/www.w3.org\/2000\/svg\" viewBox=\"0 0 18 32\"><path fill=\"#3b5998\" d=\"M17.1 0.2v4.7h-2.8q-1.5 0-2.1 0.6t-0.5 1.9v3.4h5.2l-0.7 5.3h-4.5v13.6h-5.5v-13.6h-4.5v-5.3h4.5v-3.9q0-3.3 1.9-5.2t5-1.8q2.6 0 4.1 0.2z\"\/><\/svg><\/span><span class=\"shariff-text\" style=\"color:#3b5998\">teilen<\/span>&nbsp;<\/a><\/li><li class=\"shariff-button twitter shariff-nocustomcolor\" style=\"background-color:#595959\"><a href=\"https:\/\/twitter.com\/share?url=http%3A%2F%2Falternativer-wohngipfel.de%2F2018%2Faktionen%2Fdemonstration-gegen-mietenwahnisnn-und-verdraengung-im-prenzlauer-berg%2F&text=Demonstration%20gegen%20Mietenwahnisnn%20und%20Verdr%C3%A4ngung%20im%20Prenzlauer%20Berg\" title=\"Bei X teilen\" aria-label=\"Bei X teilen\" role=\"button\" rel=\"noopener nofollow\" class=\"shariff-link\" style=\"; background-color:#000; color:#000\" target=\"_blank\"><span class=\"shariff-icon\" style=\"fill:#000\"><svg width=\"32px\" height=\"20px\" xmlns=\"http:\/\/www.w3.org\/2000\/svg\" viewBox=\"0 0 24 24\"><path fill=\"#000\" d=\"M14.258 10.152L23.176 0h-2.113l-7.747 8.813L7.133 0H0l9.352 13.328L0 23.973h2.113l8.176-9.309 6.531 9.309h7.133zm-2.895 3.293l-.949-1.328L2.875 1.56h3.246l6.086 8.523.945 1.328 7.91 11.078h-3.246zm0 0\"\/><\/svg><\/span><span class=\"shariff-text\" style=\"color:#000\">teilen<\/span>&nbsp;<\/a><\/li><li class=\"shariff-button info shariff-nocustomcolor\" style=\"background-color:#a8a8a8\"><a href=\"http:\/\/ct.de\/-2467514\" title=\"Weitere Informationen\" aria-label=\"Weitere Informationen\" role=\"button\" rel=\"noopener \" class=\"shariff-link\" style=\"; background-color:#999; color:#999\" target=\"_blank\"><span class=\"shariff-icon\" style=\"fill:#999\"><svg width=\"32px\" height=\"20px\" xmlns=\"http:\/\/www.w3.org\/2000\/svg\" viewBox=\"0 0 11 32\"><path fill=\"#999\" d=\"M11.4 24v2.3q0 0.5-0.3 0.8t-0.8 0.4h-9.1q-0.5 0-0.8-0.4t-0.4-0.8v-2.3q0-0.5 0.4-0.8t0.8-0.4h1.1v-6.8h-1.1q-0.5 0-0.8-0.4t-0.4-0.8v-2.3q0-0.5 0.4-0.8t0.8-0.4h6.8q0.5 0 0.8 0.4t0.4 0.8v10.3h1.1q0.5 0 0.8 0.4t0.3 0.8zM9.2 3.4v3.4q0 0.5-0.4 0.8t-0.8 0.4h-4.6q-0.4 0-0.8-0.4t-0.4-0.8v-3.4q0-0.4 0.4-0.8t0.8-0.4h4.6q0.5 0 0.8 0.4t0.4 0.8z\"\/><\/svg><\/span><\/a><\/li><\/ul><\/div>","protected":false},"excerpt":{"rendered":"<p>Der Prenzlauer Berg steht wie kaum ein anderer Sozialraum in Europa exemplarisch f\u00fcr einen Prozess, der mittlerweile unter dem Namen \u201eGentrifizierung\u201c allgemein bekannt ist. Konkret hei\u00dft das f\u00fcr uns, die [&hellip;]<\/p>\n","protected":false},"author":2,"featured_media":10042,"template":"","meta":{"_acf_changed":false,"_tribe_events_status":"","_tribe_events_status_reason":"","footnotes":""},"tags":[],"tribe_events_cat":[47],"class_list":["post-10039","tribe_events","type-tribe_events","status-publish","has-post-thumbnail","hentry","tribe_events_cat-demonstration","cat_demonstration","has-thumbnail"],"acf":[],"yoast_head":"<!-- This site is optimized with the Yoast SEO plugin v27.5 - https:\/\/yoast.com\/product\/yoast-seo-wordpress\/ -->\n<title>Demonstration gegen Mietenwahnisnn und Verdr\u00e4ngung im Prenzlauer Berg - Zusammen gegen #Mietenwahnsinn<\/title>\n<meta name=\"robots\" content=\"index, follow, max-snippet:-1, max-image-preview:large, max-video-preview:-1\" \/>\n<link rel=\"canonical\" href=\"http:\/\/alternativer-wohngipfel.de\/2018\/aktionen\/demonstration-gegen-mietenwahnisnn-und-verdraengung-im-prenzlauer-berg\/\" \/>\n<meta property=\"og:locale\" content=\"de_DE\" \/>\n<meta property=\"og:type\" content=\"article\" \/>\n<meta property=\"og:title\" content=\"Demonstration gegen Mietenwahnisnn und Verdr\u00e4ngung im Prenzlauer Berg - Zusammen gegen #Mietenwahnsinn\" \/>\n<meta property=\"og:description\" content=\"Der Prenzlauer Berg steht wie kaum ein anderer Sozialraum in Europa exemplarisch f\u00fcr einen Prozess, der mittlerweile unter dem Namen \u201eGentrifizierung\u201c allgemein bekannt ist. Konkret hei\u00dft das f\u00fcr uns, die [&hellip;]\" \/>\n<meta property=\"og:url\" content=\"http:\/\/alternativer-wohngipfel.de\/2018\/aktionen\/demonstration-gegen-mietenwahnisnn-und-verdraengung-im-prenzlauer-berg\/\" \/>\n<meta property=\"og:site_name\" content=\"Zusammen gegen #Mietenwahnsinn\" \/>\n<meta property=\"article:modified_time\" content=\"2018-09-04T13:52:13+00:00\" \/>\n<meta property=\"og:image\" content=\"http:\/\/alternativer-wohngipfel.de\/2018\/wp-content\/uploads\/sites\/3\/2018\/09\/wir-bleiben-alle-flyer-a4.jpg\" \/>\n\t<meta property=\"og:image:width\" content=\"455\" \/>\n\t<meta property=\"og:image:height\" content=\"645\" \/>\n\t<meta property=\"og:image:type\" content=\"image\/jpeg\" \/>\n<meta name=\"twitter:card\" content=\"summary_large_image\" \/>\n<meta name=\"twitter:label1\" content=\"Gesch\u00e4tzte Lesezeit\" \/>\n\t<meta name=\"twitter:data1\" content=\"1\u00a0Minute\" \/>\n<script type=\"application\/ld+json\" class=\"yoast-schema-graph\">{\"@context\":\"https:\\\/\\\/schema.org\",\"@graph\":[{\"@type\":\"WebPage\",\"@id\":\"http:\\\/\\\/alternativer-wohngipfel.de\\\/2018\\\/aktionen\\\/demonstration-gegen-mietenwahnisnn-und-verdraengung-im-prenzlauer-berg\\\/\",\"url\":\"http:\\\/\\\/alternativer-wohngipfel.de\\\/2018\\\/aktionen\\\/demonstration-gegen-mietenwahnisnn-und-verdraengung-im-prenzlauer-berg\\\/\",\"name\":\"Demonstration gegen Mietenwahnisnn und Verdr\u00e4ngung im Prenzlauer Berg - Zusammen gegen #Mietenwahnsinn\",\"isPartOf\":{\"@id\":\"http:\\\/\\\/alternativer-wohngipfel.de\\\/2018\\\/#website\"},\"primaryImageOfPage\":{\"@id\":\"http:\\\/\\\/alternativer-wohngipfel.de\\\/2018\\\/aktionen\\\/demonstration-gegen-mietenwahnisnn-und-verdraengung-im-prenzlauer-berg\\\/#primaryimage\"},\"image\":{\"@id\":\"http:\\\/\\\/alternativer-wohngipfel.de\\\/2018\\\/aktionen\\\/demonstration-gegen-mietenwahnisnn-und-verdraengung-im-prenzlauer-berg\\\/#primaryimage\"},\"thumbnailUrl\":\"http:\\\/\\\/alternativer-wohngipfel.de\\\/2018\\\/wp-content\\\/uploads\\\/sites\\\/3\\\/2018\\\/09\\\/wir-bleiben-alle-flyer-a4.jpg\",\"datePublished\":\"2018-09-04T13:38:30+00:00\",\"dateModified\":\"2018-09-04T13:52:13+00:00\",\"breadcrumb\":{\"@id\":\"http:\\\/\\\/alternativer-wohngipfel.de\\\/2018\\\/aktionen\\\/demonstration-gegen-mietenwahnisnn-und-verdraengung-im-prenzlauer-berg\\\/#breadcrumb\"},\"inLanguage\":\"de\",\"potentialAction\":[{\"@type\":\"ReadAction\",\"target\":[\"http:\\\/\\\/alternativer-wohngipfel.de\\\/2018\\\/aktionen\\\/demonstration-gegen-mietenwahnisnn-und-verdraengung-im-prenzlauer-berg\\\/\"]}]},{\"@type\":\"ImageObject\",\"inLanguage\":\"de\",\"@id\":\"http:\\\/\\\/alternativer-wohngipfel.de\\\/2018\\\/aktionen\\\/demonstration-gegen-mietenwahnisnn-und-verdraengung-im-prenzlauer-berg\\\/#primaryimage\",\"url\":\"http:\\\/\\\/alternativer-wohngipfel.de\\\/2018\\\/wp-content\\\/uploads\\\/sites\\\/3\\\/2018\\\/09\\\/wir-bleiben-alle-flyer-a4.jpg\",\"contentUrl\":\"http:\\\/\\\/alternativer-wohngipfel.de\\\/2018\\\/wp-content\\\/uploads\\\/sites\\\/3\\\/2018\\\/09\\\/wir-bleiben-alle-flyer-a4.jpg\",\"width\":455,\"height\":645},{\"@type\":\"BreadcrumbList\",\"@id\":\"http:\\\/\\\/alternativer-wohngipfel.de\\\/2018\\\/aktionen\\\/demonstration-gegen-mietenwahnisnn-und-verdraengung-im-prenzlauer-berg\\\/#breadcrumb\",\"itemListElement\":[{\"@type\":\"ListItem\",\"position\":1,\"name\":\"Startseite\",\"item\":\"http:\\\/\\\/alternativer-wohngipfel.de\\\/2018\\\/\"},{\"@type\":\"ListItem\",\"position\":2,\"name\":\"Veranstaltungen\",\"item\":\"http:\\\/\\\/alternativer-wohngipfel.de\\\/2018\\\/aktionen\\\/\"},{\"@type\":\"ListItem\",\"position\":3,\"name\":\"Demonstration gegen Mietenwahnisnn und Verdr\u00e4ngung im Prenzlauer Berg\"}]},{\"@type\":\"WebSite\",\"@id\":\"http:\\\/\\\/alternativer-wohngipfel.de\\\/2018\\\/#website\",\"url\":\"http:\\\/\\\/alternativer-wohngipfel.de\\\/2018\\\/\",\"name\":\"Zusammen gegen #Mietenwahnsinn\",\"description\":\"F\u00fcr eine Politik, die Wohnraum f\u00fcr ALLE schafft.\",\"potentialAction\":[{\"@type\":\"SearchAction\",\"target\":{\"@type\":\"EntryPoint\",\"urlTemplate\":\"http:\\\/\\\/alternativer-wohngipfel.de\\\/2018\\\/?s={search_term_string}\"},\"query-input\":{\"@type\":\"PropertyValueSpecification\",\"valueRequired\":true,\"valueName\":\"search_term_string\"}}],\"inLanguage\":\"de\"}]}<\/script>\n<!-- \/ Yoast SEO plugin. -->","yoast_head_json":{"title":"Demonstration gegen Mietenwahnisnn und Verdr\u00e4ngung im Prenzlauer Berg - Zusammen gegen #Mietenwahnsinn","robots":{"index":"index","follow":"follow","max-snippet":"max-snippet:-1","max-image-preview":"max-image-preview:large","max-video-preview":"max-video-preview:-1"},"canonical":"http:\/\/alternativer-wohngipfel.de\/2018\/aktionen\/demonstration-gegen-mietenwahnisnn-und-verdraengung-im-prenzlauer-berg\/","og_locale":"de_DE","og_type":"article","og_title":"Demonstration gegen Mietenwahnisnn und Verdr\u00e4ngung im Prenzlauer Berg - Zusammen gegen #Mietenwahnsinn","og_description":"Der Prenzlauer Berg steht wie kaum ein anderer Sozialraum in Europa exemplarisch f\u00fcr einen Prozess, der mittlerweile unter dem Namen \u201eGentrifizierung\u201c allgemein bekannt ist. Konkret hei\u00dft das f\u00fcr uns, die [&hellip;]","og_url":"http:\/\/alternativer-wohngipfel.de\/2018\/aktionen\/demonstration-gegen-mietenwahnisnn-und-verdraengung-im-prenzlauer-berg\/","og_site_name":"Zusammen gegen #Mietenwahnsinn","article_modified_time":"2018-09-04T13:52:13+00:00","og_image":[{"width":455,"height":645,"url":"http:\/\/alternativer-wohngipfel.de\/2018\/wp-content\/uploads\/sites\/3\/2018\/09\/wir-bleiben-alle-flyer-a4.jpg","type":"image\/jpeg"}],"twitter_card":"summary_large_image","twitter_misc":{"Gesch\u00e4tzte Lesezeit":"1\u00a0Minute"},"schema":{"@context":"https:\/\/schema.org","@graph":[{"@type":"WebPage","@id":"http:\/\/alternativer-wohngipfel.de\/2018\/aktionen\/demonstration-gegen-mietenwahnisnn-und-verdraengung-im-prenzlauer-berg\/","url":"http:\/\/alternativer-wohngipfel.de\/2018\/aktionen\/demonstration-gegen-mietenwahnisnn-und-verdraengung-im-prenzlauer-berg\/","name":"Demonstration gegen Mietenwahnisnn und Verdr\u00e4ngung im Prenzlauer Berg - Zusammen gegen #Mietenwahnsinn","isPartOf":{"@id":"http:\/\/alternativer-wohngipfel.de\/2018\/#website"},"primaryImageOfPage":{"@id":"http:\/\/alternativer-wohngipfel.de\/2018\/aktionen\/demonstration-gegen-mietenwahnisnn-und-verdraengung-im-prenzlauer-berg\/#primaryimage"},"image":{"@id":"http:\/\/alternativer-wohngipfel.de\/2018\/aktionen\/demonstration-gegen-mietenwahnisnn-und-verdraengung-im-prenzlauer-berg\/#primaryimage"},"thumbnailUrl":"http:\/\/alternativer-wohngipfel.de\/2018\/wp-content\/uploads\/sites\/3\/2018\/09\/wir-bleiben-alle-flyer-a4.jpg","datePublished":"2018-09-04T13:38:30+00:00","dateModified":"2018-09-04T13:52:13+00:00","breadcrumb":{"@id":"http:\/\/alternativer-wohngipfel.de\/2018\/aktionen\/demonstration-gegen-mietenwahnisnn-und-verdraengung-im-prenzlauer-berg\/#breadcrumb"},"inLanguage":"de","potentialAction":[{"@type":"ReadAction","target":["http:\/\/alternativer-wohngipfel.de\/2018\/aktionen\/demonstration-gegen-mietenwahnisnn-und-verdraengung-im-prenzlauer-berg\/"]}]},{"@type":"ImageObject","inLanguage":"de","@id":"http:\/\/alternativer-wohngipfel.de\/2018\/aktionen\/demonstration-gegen-mietenwahnisnn-und-verdraengung-im-prenzlauer-berg\/#primaryimage","url":"http:\/\/alternativer-wohngipfel.de\/2018\/wp-content\/uploads\/sites\/3\/2018\/09\/wir-bleiben-alle-flyer-a4.jpg","contentUrl":"http:\/\/alternativer-wohngipfel.de\/2018\/wp-content\/uploads\/sites\/3\/2018\/09\/wir-bleiben-alle-flyer-a4.jpg","width":455,"height":645},{"@type":"BreadcrumbList","@id":"http:\/\/alternativer-wohngipfel.de\/2018\/aktionen\/demonstration-gegen-mietenwahnisnn-und-verdraengung-im-prenzlauer-berg\/#breadcrumb","itemListElement":[{"@type":"ListItem","position":1,"name":"Startseite","item":"http:\/\/alternativer-wohngipfel.de\/2018\/"},{"@type":"ListItem","position":2,"name":"Veranstaltungen","item":"http:\/\/alternativer-wohngipfel.de\/2018\/aktionen\/"},{"@type":"ListItem","position":3,"name":"Demonstration gegen Mietenwahnisnn und Verdr\u00e4ngung im Prenzlauer Berg"}]},{"@type":"WebSite","@id":"http:\/\/alternativer-wohngipfel.de\/2018\/#website","url":"http:\/\/alternativer-wohngipfel.de\/2018\/","name":"Zusammen gegen #Mietenwahnsinn","description":"F\u00fcr eine Politik, die Wohnraum f\u00fcr ALLE schafft.","potentialAction":[{"@type":"SearchAction","target":{"@type":"EntryPoint","urlTemplate":"http:\/\/alternativer-wohngipfel.de\/2018\/?s={search_term_string}"},"query-input":{"@type":"PropertyValueSpecification","valueRequired":true,"valueName":"search_term_string"}}],"inLanguage":"de"}]}},"_links":{"self":[{"href":"http:\/\/alternativer-wohngipfel.de\/2018\/wp-json\/wp\/v2\/tribe_events\/10039","targetHints":{"allow":["GET"]}}],"collection":[{"href":"http:\/\/alternativer-wohngipfel.de\/2018\/wp-json\/wp\/v2\/tribe_events"}],"about":[{"href":"http:\/\/alternativer-wohngipfel.de\/2018\/wp-json\/wp\/v2\/types\/tribe_events"}],"author":[{"embeddable":true,"href":"http:\/\/alternativer-wohngipfel.de\/2018\/wp-json\/wp\/v2\/users\/2"}],"version-history":[{"count":1,"href":"http:\/\/alternativer-wohngipfel.de\/2018\/wp-json\/wp\/v2\/tribe_events\/10039\/revisions"}],"predecessor-version":[{"id":10043,"href":"http:\/\/alternativer-wohngipfel.de\/2018\/wp-json\/wp\/v2\/tribe_events\/10039\/revisions\/10043"}],"wp:featuredmedia":[{"embeddable":true,"href":"http:\/\/alternativer-wohngipfel.de\/2018\/wp-json\/wp\/v2\/media\/10042"}],"wp:attachment":[{"href":"http:\/\/alternativer-wohngipfel.de\/2018\/wp-json\/wp\/v2\/media?parent=10039"}],"wp:term":[{"taxonomy":"post_tag","embeddable":true,"href":"http:\/\/alternativer-wohngipfel.de\/2018\/wp-json\/wp\/v2\/tags?post=10039"},{"taxonomy":"tribe_events_cat","embeddable":true,"href":"http:\/\/alternativer-wohngipfel.de\/2018\/wp-json\/wp\/v2\/tribe_events_cat?post=10039"}],"curies":[{"name":"wp","href":"https:\/\/api.w.org\/{rel}","templated":true}]}}